{"id":853,"date":"2026-01-17T12:57:11","date_gmt":"2026-01-17T11:57:11","guid":{"rendered":"https:\/\/defense-cyber.fr\/rdefensecyber2026\/?page_id=853"},"modified":"2026-03-24T18:26:26","modified_gmt":"2026-03-24T17:26:26","slug":"programme","status":"publish","type":"page","link":"https:\/\/defense-cyber.fr\/rdefensecyber2026\/programme\/","title":{"rendered":"Le Programme"},"content":{"rendered":"<p><div class=\"fusion-fullwidth fullwidth-box fusion-builder-row-1 fusion-flex-container has-pattern-background has-mask-background nonhundred-percent-fullwidth non-hundred-percent-height-scrolling\" style=\"--awb-border-radius-top-left:0px;--awb-border-radius-top-right:0px;--awb-border-radius-bottom-right:0px;--awb-border-radius-bottom-left:0px;--awb-padding-top:30px;--awb-padding-bottom:10px;--awb-margin-top:0px;--awb-background-color:var(--awb-color5);--awb-flex-wrap:wrap;\" ><div class=\"fusion-builder-row fusion-row fusion-flex-align-items-flex-start fusion-flex-content-wrap\" style=\"max-width:1248px;margin-left: calc(-4% \/ 2 );margin-right: calc(-4% \/ 2 );\"><div class=\"fusion-layout-column fusion_builder_column fusion-builder-column-0 fusion_builder_column_1_1 1_1 fusion-flex-column\" style=\"--awb-bg-size:cover;--awb-width-large:100%;--awb-margin-top-large:0px;--awb-spacing-right-large:1.92%;--awb-margin-bottom-large:20px;--awb-spacing-left-large:1.92%;--awb-width-medium:100%;--awb-order-medium:0;--awb-spacing-right-medium:1.92%;--awb-spacing-left-medium:1.92%;--awb-width-small:100%;--awb-order-small:0;--awb-spacing-right-small:1.92%;--awb-spacing-left-small:1.92%;\"><div class=\"fusion-column-wrapper fusion-column-has-shadow fusion-flex-justify-content-flex-start fusion-content-layout-column\"><div class=\"fusion-title title fusion-title-1 fusion-title-text fusion-title-size-two\" style=\"--awb-text-color:var(--awb-color1);--awb-margin-top-small:10px;--awb-margin-right-small:0px;--awb-margin-bottom-small:10px;--awb-margin-left-small:0px;--awb-font-size:20px;\"><div class=\"title-sep-container title-sep-container-left fusion-no-large-visibility fusion-no-medium-visibility fusion-no-small-visibility\"><div class=\"title-sep sep-single sep-solid\" style=\"border-color:var(--awb-color4);\"><\/div><\/div><span class=\"awb-title-spacer fusion-no-large-visibility fusion-no-medium-visibility fusion-no-small-visibility\"><\/span><h2 class=\"fusion-title-heading title-heading-left\" style=\"margin:0;font-size:1em;line-height:1.6em;\">Des travaux pour favoriser l&rsquo;\u00e9changes d&rsquo;expertises et un dialogue entre acteurs appel\u00e9s \u00e0 travailler ensemble face aux d\u00e9fis qui sont ceux de la D\u00e9fense aujourd&rsquo;hui dans l&rsquo;espace cyber.<\/h2><span class=\"awb-title-spacer\"><\/span><div class=\"title-sep-container title-sep-container-right\"><div class=\"title-sep sep-single sep-solid\" style=\"border-color:var(--awb-color4);\"><\/div><\/div><\/div><\/div><\/div><\/div><\/div><div class=\"fusion-fullwidth fullwidth-box fusion-builder-row-2 fusion-flex-container has-pattern-background has-mask-background nonhundred-percent-fullwidth non-hundred-percent-height-scrolling\" style=\"--awb-border-radius-top-left:0px;--awb-border-radius-top-right:0px;--awb-border-radius-bottom-right:0px;--awb-border-radius-bottom-left:0px;--awb-padding-top:40px;--awb-padding-bottom:10px;--awb-flex-wrap:wrap;\" ><div class=\"fusion-builder-row fusion-row fusion-flex-align-items-flex-start fusion-flex-content-wrap\" style=\"max-width:1248px;margin-left: calc(-4% \/ 2 );margin-right: calc(-4% \/ 2 );\"><div class=\"fusion-layout-column fusion_builder_column fusion-builder-column-1 fusion_builder_column_2_3 2_3 fusion-flex-column\" style=\"--awb-bg-size:cover;--awb-width-large:66.666666666667%;--awb-margin-top-large:0px;--awb-spacing-right-large:2.88%;--awb-margin-bottom-large:20px;--awb-spacing-left-large:2.88%;--awb-width-medium:66.666666666667%;--awb-order-medium:0;--awb-spacing-right-medium:2.88%;--awb-spacing-left-medium:2.88%;--awb-width-small:100%;--awb-order-small:0;--awb-spacing-right-small:1.92%;--awb-spacing-left-small:1.92%;\"><div class=\"fusion-column-wrapper fusion-column-has-shadow fusion-flex-justify-content-flex-start fusion-content-layout-column\"><div class=\"fusion-text fusion-text-1\"><p>La journ\u00e9e sera anim\u00e9e par <strong>Aude LEROY<\/strong>, journaliste ind\u00e9pendante sp\u00e9cialis\u00e9e d\u00e9fense &#8211; cybers\u00e9curit\u00e9 et auteur.<\/p>\n<\/div><div class=\"fusion-title title fusion-title-2 fusion-title-text fusion-title-size-two\" style=\"--awb-text-color:var(--awb-color6);--awb-margin-top-small:10px;--awb-margin-right-small:0px;--awb-margin-bottom-small:10px;--awb-margin-left-small:0px;--awb-font-size:24px;\"><div class=\"title-sep-container title-sep-container-left fusion-no-large-visibility fusion-no-medium-visibility fusion-no-small-visibility\"><div class=\"title-sep sep-single sep-solid\" style=\"border-color:var(--awb-color4);\"><\/div><\/div><span class=\"awb-title-spacer fusion-no-large-visibility fusion-no-medium-visibility fusion-no-small-visibility\"><\/span><h2 class=\"fusion-title-heading title-heading-left\" style=\"margin:0;font-size:1em;\">Les travaux de la matin\u00e9e<\/h2><span class=\"awb-title-spacer\"><\/span><div class=\"title-sep-container title-sep-container-right\"><div class=\"title-sep sep-single sep-solid\" style=\"border-color:var(--awb-color4);\"><\/div><\/div><\/div><ul style=\"--awb-line-height:27.2px;--awb-icon-width:27.2px;--awb-icon-height:27.2px;--awb-icon-margin:11.2px;--awb-content-margin:38.4px;\" class=\"fusion-checklist fusion-checklist-1 fusion-checklist-default type-icons\"><li class=\"fusion-li-item\" style=\"\"><span class=\"icon-wrapper circle-no\"><i class=\"fusion-li-icon fa-angle-double-right fas\" aria-hidden=\"true\"><\/i><\/span><div class=\"fusion-li-item-content\">\n<p><strong><span style=\"color: #ab9359;\">8 heures 30 : ouverture de l&rsquo;accueil caf\u00e9<\/span><\/strong><\/p>\n<\/div><\/li><li class=\"fusion-li-item\" style=\"\"><span class=\"icon-wrapper circle-no\"><i class=\"fusion-li-icon fa-angle-double-right fas\" aria-hidden=\"true\"><\/i><\/span><div class=\"fusion-li-item-content\">\n<p><span style=\"color: #ab9359;\"><strong>9 heures 00 : Ouverture des travaux<\/strong><\/span><br \/>\n<span style=\"color: #333333;\"><strong>G\u00e9n\u00e9ral de corps d\u2019arm\u00e9e Erwan ROLLAND<\/strong>, Commissaire au Num\u00e9rique de D\u00e9fense, repr\u00e9sentant <strong>Catherine VAUTRIN<\/strong>, ministre des Arm\u00e9es et des Anciens combattants\u00a0<\/span><br \/>\n<span style=\"color: #333333;\"><strong>B\u00e9n\u00e9dicte PILLIET<\/strong>, Pr\u00e9sidente du CyberCercle<\/span><\/p>\n<\/div><\/li><li class=\"fusion-li-item\" style=\"\"><span class=\"icon-wrapper circle-no\"><i class=\"fusion-li-icon fa-angle-double-right fas\" aria-hidden=\"true\"><\/i><\/span><div class=\"fusion-li-item-content\">\n<p><strong><span style=\"color: #ab9359;\">9 heures 30 : Table Ronde<br \/>\n\u00ab\u00a0Renforcer la protection et la r\u00e9silience cyber des entreprises de la BITD\u00a0\u00bb<\/span><\/strong><br \/>\n<span style=\"color: #333333;\">Animateur : <strong>Christian DAVIOT<\/strong>, senior advisor, CyberCercle &#8211; Pr\u00e9sident, cdstrat<\/span><\/p>\n<p><span style=\"color: #333333;\">Intervenants\u00a0:<\/span><\/p>\n<ul>\n<li><span style=\"color: #333333;\"><strong>Olivier CADIC<\/strong>, S\u00e9nateur repr\u00e9sentant les Fran\u00e7ais \u00e9tablis hors de France, Vice-pr\u00e9sident de la commission des Affaires \u00e9trang\u00e8res, de la D\u00e9fense et des Forces arm\u00e9es du S\u00e9nat<\/span><\/li>\n<li><span style=\"color: #333333;\"><strong>Pascale MONIER<\/strong>, Cheffe du bureau cybers\u00e9curisation et r\u00e9silience, DGA<\/span><\/li>\n<li><span style=\"color: #333333;\"><strong>Beno\u00eet MOREAU<\/strong>, Directeur cybers\u00e9curit\u00e9, ArianeGroup<\/span><\/li>\n<li><span style=\"color: #333333;\"><strong>Colonel Fabrice<\/strong>, Officier de Coh\u00e9rence Cyber, DRSD<\/span><\/li>\n<li><span style=\"color: #333333;\"><strong>Nicolas GUILLET<\/strong>, Product cybersecurity officer, MBDA<\/span><\/li>\n<\/ul>\n<\/div><\/li><li class=\"fusion-li-item\" style=\"\"><span class=\"icon-wrapper circle-no\"><i class=\"fusion-li-icon fa-angle-double-right fas\" aria-hidden=\"true\"><\/i><\/span><div class=\"fusion-li-item-content\">\n<p><strong><span style=\"color: #ab9359;\">10 heures 45 : Pause caf\u00e9 <\/span><\/strong><\/p>\n<\/div><\/li><li class=\"fusion-li-item\" style=\"\"><span class=\"icon-wrapper circle-no\"><i class=\"fusion-li-icon fa-angle-double-right fas\" aria-hidden=\"true\"><\/i><\/span><div class=\"fusion-li-item-content\">\n<p><strong><span style=\"color: #ab9359;\">11 heures 15 : Keynote<br \/>\n\u00ab\u00a0Le champ cyber dans le contexte g\u00e9opolitique mondial\u00a0\u00bb<br \/>\n<\/span>IGA HC Bertrand Le Meur<\/strong>, Directeur strat\u00e9gie de d\u00e9fense, prospective et contre-prolif\u00e9ration, DGRIS<\/p>\n<\/div><\/li><li class=\"fusion-li-item\" style=\"\"><span class=\"icon-wrapper circle-no\"><i class=\"fusion-li-icon fa-angle-double-right fas\" aria-hidden=\"true\"><\/i><\/span><div class=\"fusion-li-item-content\">\n<p><strong><span style=\"color: #ab9359;\">11 heures 30 : <\/span><span style=\"color: #ab9359;\">Table Ronde<br \/>\n\u00ab\u00a0Favoriser l&rsquo;\u00e9mergence d&rsquo;une fili\u00e8re de s\u00e9curit\u00e9 num\u00e9rique souveraine au service de la D\u00e9fense\u00a0\u00bb<\/span><\/strong><br \/>\n<span style=\"color: #333333;\">Animateur : <strong>Philippe LOUDENOT<\/strong>, senior advisor, CyberCercle &#8211; Cyber Security Strategist, BlueFiles \u00a0<\/span><br \/>\n<span style=\"color: #333333;\"><br \/>\nIntervenants\u00a0:<\/span><\/p>\n<ul>\n<li><span style=\"color: #333333;\"><strong>Olivier CADIC<\/strong>, s\u00e9nateur repr\u00e9sentant les Fran\u00e7ais \u00e9tablis hors de France, vice-pr\u00e9sident de la commission des Affaires \u00e9trang\u00e8res, de la D\u00e9fense et des Forces arm\u00e9es du S\u00e9nat<\/span><\/li>\n<li><span style=\"color: #333333;\"><strong>Marie RECALDE<\/strong>, d\u00e9put\u00e9e de Gironde, secr\u00e9taire de la commission de la D\u00e9fense nationale et des Forces arm\u00e9es de l\u2019Assembl\u00e9e nationale<\/span><\/li>\n<li><span style=\"color: #333333;\"><strong>G\u00e9n\u00e9ral de division Jean-Ren\u00e9 COUANAU<\/strong>, Commandant de l&rsquo;Appui terrestre num\u00e9rique et cyber, Forces op\u00e9rationnelles terrestres<\/span><\/li>\n<li><span style=\"color: #333333;\"><strong>Pierre-Yves HENTZEN<\/strong>, Pr\u00e9sident et CEO, Stormshield <\/span><\/li>\n<li><span style=\"color: #333333;\"><strong>Jean BOUVEROT<\/strong>, Chef du service logistiques et acquisitions, Commissariat au num\u00e9rique de d\u00e9fense<\/span><\/li>\n<\/ul>\n<\/div><\/li><\/ul><div class=\"fusion-title title fusion-title-3 fusion-title-text fusion-title-size-three\" style=\"--awb-text-color:var(--awb-color6);--awb-margin-top-small:10px;--awb-margin-right-small:0px;--awb-margin-bottom-small:10px;--awb-margin-left-small:0px;--awb-sep-color:var(--awb-color5);--awb-font-size:24px;\"><div class=\"title-sep-container title-sep-container-left fusion-no-large-visibility fusion-no-medium-visibility fusion-no-small-visibility\"><div class=\"title-sep sep-single sep-solid\" style=\"border-color:var(--awb-color5);\"><\/div><\/div><span class=\"awb-title-spacer fusion-no-large-visibility fusion-no-medium-visibility fusion-no-small-visibility\"><\/span><h3 class=\"fusion-title-heading title-heading-left\" style=\"margin:0;font-size:1em;\">13h &#8211; Fin des travaux de la matin\u00e9e<\/h3><span class=\"awb-title-spacer\"><\/span><div class=\"title-sep-container title-sep-container-right\"><div class=\"title-sep sep-single sep-solid\" style=\"border-color:var(--awb-color5);\"><\/div><\/div><\/div><\/div><\/div><div class=\"fusion-layout-column fusion_builder_column fusion-builder-column-2 fusion_builder_column_1_3 1_3 fusion-flex-column\" style=\"--awb-bg-size:cover;--awb-width-large:33.333333333333%;--awb-margin-top-large:0px;--awb-spacing-right-large:5.76%;--awb-margin-bottom-large:20px;--awb-spacing-left-large:5.76%;--awb-width-medium:33.333333333333%;--awb-order-medium:0;--awb-spacing-right-medium:5.76%;--awb-spacing-left-medium:5.76%;--awb-width-small:100%;--awb-order-small:0;--awb-spacing-right-small:1.92%;--awb-spacing-left-small:1.92%;\"><div class=\"fusion-column-wrapper fusion-column-has-shadow fusion-flex-justify-content-flex-start fusion-content-layout-column\"><div class=\"fusion-image-element \" style=\"--awb-margin-bottom:20px;--awb-caption-title-font-family:var(--h2_typography-font-family);--awb-caption-title-font-weight:var(--h2_typography-font-weight);--awb-caption-title-font-style:var(--h2_typography-font-style);--awb-caption-title-size:var(--h2_typography-font-size);--awb-caption-title-transform:var(--h2_typography-text-transform);--awb-caption-title-line-height:var(--h2_typography-line-height);--awb-caption-title-letter-spacing:var(--h2_typography-letter-spacing);--awb-filter:saturate(0%);--awb-filter-transition:filter 0.3s ease;--awb-filter-hover:saturate(100%);\"><span class=\" fusion-imageframe imageframe-dropshadow imageframe-1 hover-type-none\" style=\"border-radius:10px;-webkit-box-shadow: 3px 3px 7px rgba(67,67,67,0.65);box-shadow: 3px 3px 7px rgba(67,67,67,0.65);\"><img decoding=\"async\" width=\"300\" height=\"202\" alt=\"Rencontres D\u00e9fense &amp; Cyber\" title=\"Rencontres D\u00e9fense et Cyber 2024\" src=\"https:\/\/defense-cyber.fr\/rdefensecyber2026\/wp-content\/uploads\/sites\/5\/2024\/06\/IMG_20240611_084659-scaled-e1718205916298-300x202.jpg\" class=\"img-responsive wp-image-1588\" srcset=\"https:\/\/defense-cyber.fr\/rdefensecyber2026\/wp-content\/uploads\/sites\/5\/2024\/06\/IMG_20240611_084659-scaled-e1718205916298-200x135.jpg 200w, https:\/\/defense-cyber.fr\/rdefensecyber2026\/wp-content\/uploads\/sites\/5\/2024\/06\/IMG_20240611_084659-scaled-e1718205916298-400x269.jpg 400w, https:\/\/defense-cyber.fr\/rdefensecyber2026\/wp-content\/uploads\/sites\/5\/2024\/06\/IMG_20240611_084659-scaled-e1718205916298-600x404.jpg 600w, https:\/\/defense-cyber.fr\/rdefensecyber2026\/wp-content\/uploads\/sites\/5\/2024\/06\/IMG_20240611_084659-scaled-e1718205916298-800x538.jpg 800w, https:\/\/defense-cyber.fr\/rdefensecyber2026\/wp-content\/uploads\/sites\/5\/2024\/06\/IMG_20240611_084659-scaled-e1718205916298-1200x807.jpg 1200w\" sizes=\"(max-width: 640px) 100vw, 400px\" \/><\/span><\/div><div class=\"fusion-image-element \" style=\"--awb-margin-bottom:30px;--awb-caption-title-font-family:var(--h2_typography-font-family);--awb-caption-title-font-weight:var(--h2_typography-font-weight);--awb-caption-title-font-style:var(--h2_typography-font-style);--awb-caption-title-size:var(--h2_typography-font-size);--awb-caption-title-transform:var(--h2_typography-text-transform);--awb-caption-title-line-height:var(--h2_typography-line-height);--awb-caption-title-letter-spacing:var(--h2_typography-letter-spacing);--awb-filter:saturate(0%);--awb-filter-transition:filter 0.3s ease;--awb-filter-hover:saturate(100%);\"><span class=\" fusion-imageframe imageframe-dropshadow imageframe-2 hover-type-none\" style=\"border-radius:10px;-webkit-box-shadow: 3px 3px 7px rgba(67,67,67,0.65);box-shadow: 3px 3px 7px rgba(67,67,67,0.65);\"><img decoding=\"async\" width=\"300\" height=\"189\" alt=\"Christophe Guilloteau aux 1\u00e8res rencontres D\u00e9fense et Cyber\" title=\"Cycle d\u00e9fense &#038; Cyber 2022\" src=\"https:\/\/defense-cyber.fr\/rdefensecyber2026\/wp-content\/uploads\/sites\/5\/2026\/03\/photo_rdefensecyber2022-300x189.jpg\" class=\"img-responsive wp-image-1818\" srcset=\"https:\/\/defense-cyber.fr\/rdefensecyber2026\/wp-content\/uploads\/sites\/5\/2026\/03\/photo_rdefensecyber2022-200x126.jpg 200w, https:\/\/defense-cyber.fr\/rdefensecyber2026\/wp-content\/uploads\/sites\/5\/2026\/03\/photo_rdefensecyber2022.jpg 320w\" sizes=\"(max-width: 640px) 100vw, 300px\" \/><\/span><\/div><div class=\"fusion-image-element \" style=\"--awb-margin-bottom:30px;--awb-caption-title-font-family:var(--h2_typography-font-family);--awb-caption-title-font-weight:var(--h2_typography-font-weight);--awb-caption-title-font-style:var(--h2_typography-font-style);--awb-caption-title-size:var(--h2_typography-font-size);--awb-caption-title-transform:var(--h2_typography-text-transform);--awb-caption-title-line-height:var(--h2_typography-line-height);--awb-caption-title-letter-spacing:var(--h2_typography-letter-spacing);--awb-filter:saturate(0%);--awb-filter-transition:filter 0.3s ease;--awb-filter-hover:saturate(100%);\"><span class=\" fusion-imageframe imageframe-dropshadow imageframe-3 hover-type-none\" style=\"border-radius:10px;-webkit-box-shadow: 3px 3px 7px rgba(67,67,67,0.65);box-shadow: 3px 3px 7px rgba(67,67,67,0.65);\"><img decoding=\"async\" width=\"300\" height=\"225\" alt=\"Christophe Guilloteau aux 1\u00e8res rencontres D\u00e9fense et Cyber\" title=\"Cycle D\u00e9fense &#038; Cyber 2025\" src=\"https:\/\/defense-cyber.fr\/rdefensecyber2026\/wp-content\/uploads\/sites\/5\/2026\/03\/matineedefensecyber_20032025_coljoret_2-300x225.jpg\" class=\"img-responsive wp-image-1786\" srcset=\"https:\/\/defense-cyber.fr\/rdefensecyber2026\/wp-content\/uploads\/sites\/5\/2026\/03\/matineedefensecyber_20032025_coljoret_2-200x150.jpg 200w, https:\/\/defense-cyber.fr\/rdefensecyber2026\/wp-content\/uploads\/sites\/5\/2026\/03\/matineedefensecyber_20032025_coljoret_2-400x300.jpg 400w, https:\/\/defense-cyber.fr\/rdefensecyber2026\/wp-content\/uploads\/sites\/5\/2026\/03\/matineedefensecyber_20032025_coljoret_2-600x450.jpg 600w, https:\/\/defense-cyber.fr\/rdefensecyber2026\/wp-content\/uploads\/sites\/5\/2026\/03\/matineedefensecyber_20032025_coljoret_2-800x600.jpg 800w, https:\/\/defense-cyber.fr\/rdefensecyber2026\/wp-content\/uploads\/sites\/5\/2026\/03\/matineedefensecyber_20032025_coljoret_2-1200x900.jpg 1200w, https:\/\/defense-cyber.fr\/rdefensecyber2026\/wp-content\/uploads\/sites\/5\/2026\/03\/matineedefensecyber_20032025_coljoret_2.jpg 1600w\" sizes=\"(max-width: 640px) 100vw, 400px\" \/><\/span><\/div><div class=\"fusion-image-element \" style=\"--awb-margin-bottom:30px;--awb-caption-title-font-family:var(--h2_typography-font-family);--awb-caption-title-font-weight:var(--h2_typography-font-weight);--awb-caption-title-font-style:var(--h2_typography-font-style);--awb-caption-title-size:var(--h2_typography-font-size);--awb-caption-title-transform:var(--h2_typography-text-transform);--awb-caption-title-line-height:var(--h2_typography-line-height);--awb-caption-title-letter-spacing:var(--h2_typography-letter-spacing);--awb-filter:saturate(0%);--awb-filter-transition:filter 0.3s ease;--awb-filter-hover:saturate(100%);\"><span class=\" fusion-imageframe imageframe-dropshadow imageframe-4 hover-type-none\" style=\"border-radius:10px;-webkit-box-shadow: 3px 3px 7px rgba(67,67,67,0.65);box-shadow: 3px 3px 7px rgba(67,67,67,0.65);\"><img decoding=\"async\" width=\"300\" height=\"225\" alt=\"Christophe Guilloteau aux 1\u00e8res rencontres D\u00e9fense et Cyber\" title=\"Cycle D\u00e9fense &#038; Cyber 2025\" src=\"https:\/\/defense-cyber.fr\/rdefensecyber2026\/wp-content\/uploads\/sites\/5\/2026\/03\/IMG_9956-300x225.jpg\" class=\"img-responsive wp-image-1788\" srcset=\"https:\/\/defense-cyber.fr\/rdefensecyber2026\/wp-content\/uploads\/sites\/5\/2026\/03\/IMG_9956-200x150.jpg 200w, https:\/\/defense-cyber.fr\/rdefensecyber2026\/wp-content\/uploads\/sites\/5\/2026\/03\/IMG_9956-400x300.jpg 400w, https:\/\/defense-cyber.fr\/rdefensecyber2026\/wp-content\/uploads\/sites\/5\/2026\/03\/IMG_9956-600x450.jpg 600w, https:\/\/defense-cyber.fr\/rdefensecyber2026\/wp-content\/uploads\/sites\/5\/2026\/03\/IMG_9956.jpg 640w\" sizes=\"(max-width: 640px) 100vw, 400px\" \/><\/span><\/div><div ><a class=\"fusion-button button-flat button-large button-default fusion-button-default button-1 fusion-button-default-span fusion-button-default-type\" style=\"--awb-margin-top:20px;\" target=\"_self\" href=\"https:\/\/defense-cyber.fr\/rdefensecyber2026\/wp-content\/uploads\/sites\/5\/2026\/03\/PROGRAMME-2026-haute-def.pdf\"><i class=\"fa-download fas awb-button__icon awb-button__icon--default button-icon-left\" aria-hidden=\"true\"><\/i><span class=\"fusion-button-text awb-button__text awb-button__text--default\">T\u00e9l\u00e9charger le programme<\/span><\/a><\/div>\n<\/div><\/div><\/div><\/div><div class=\"fusion-fullwidth fullwidth-box fusion-builder-row-3 fusion-flex-container has-pattern-background has-mask-background nonhundred-percent-fullwidth non-hundred-percent-height-scrolling\" style=\"--awb-border-radius-top-left:0px;--awb-border-radius-top-right:0px;--awb-border-radius-bottom-right:0px;--awb-border-radius-bottom-left:0px;--awb-padding-top:30px;--awb-padding-bottom:20px;--awb-background-color:var(--awb-color7);--awb-flex-wrap:wrap;\" ><div class=\"fusion-builder-row fusion-row fusion-flex-align-items-flex-start fusion-flex-content-wrap\" style=\"max-width:1248px;margin-left: calc(-4% \/ 2 );margin-right: calc(-4% \/ 2 );\"><div class=\"fusion-layout-column fusion_builder_column fusion-builder-column-3 fusion_builder_column_1_3 1_3 fusion-flex-column\" style=\"--awb-bg-size:cover;--awb-width-large:33.333333333333%;--awb-margin-top-large:0px;--awb-spacing-right-large:5.76%;--awb-margin-bottom-large:20px;--awb-spacing-left-large:5.76%;--awb-width-medium:33.333333333333%;--awb-order-medium:0;--awb-spacing-right-medium:5.76%;--awb-spacing-left-medium:5.76%;--awb-width-small:100%;--awb-order-small:0;--awb-spacing-right-small:1.92%;--awb-spacing-left-small:1.92%;\"><div class=\"fusion-column-wrapper fusion-column-has-shadow fusion-flex-justify-content-flex-start fusion-content-layout-column\"><div class=\"fusion-image-element \" style=\"--awb-margin-bottom:20px;--awb-caption-title-font-family:var(--h2_typography-font-family);--awb-caption-title-font-weight:var(--h2_typography-font-weight);--awb-caption-title-font-style:var(--h2_typography-font-style);--awb-caption-title-size:var(--h2_typography-font-size);--awb-caption-title-transform:var(--h2_typography-text-transform);--awb-caption-title-line-height:var(--h2_typography-line-height);--awb-caption-title-letter-spacing:var(--h2_typography-letter-spacing);--awb-filter:saturate(0%);--awb-filter-transition:filter 0.3s ease;--awb-filter-hover:saturate(100%);\"><span class=\" fusion-imageframe imageframe-dropshadow imageframe-5 hover-type-none\" style=\"border-radius:10px;-webkit-box-shadow: 3px 3px 7px rgba(67,67,67,0.65);box-shadow: 3px 3px 7px rgba(67,67,67,0.65);\"><img decoding=\"async\" width=\"300\" height=\"225\" alt=\"Cycle D\u00e9fense &amp; Cyber 2024\" title=\"Cycle D\u00e9fense &#038; Cyber 2024\" src=\"https:\/\/defense-cyber.fr\/rdefensecyber2026\/wp-content\/uploads\/sites\/5\/2026\/03\/IMG_3058-300x225.jpg\" class=\"img-responsive wp-image-1812\" srcset=\"https:\/\/defense-cyber.fr\/rdefensecyber2026\/wp-content\/uploads\/sites\/5\/2026\/03\/IMG_3058-200x150.jpg 200w, https:\/\/defense-cyber.fr\/rdefensecyber2026\/wp-content\/uploads\/sites\/5\/2026\/03\/IMG_3058-400x300.jpg 400w, https:\/\/defense-cyber.fr\/rdefensecyber2026\/wp-content\/uploads\/sites\/5\/2026\/03\/IMG_3058-600x450.jpg 600w, https:\/\/defense-cyber.fr\/rdefensecyber2026\/wp-content\/uploads\/sites\/5\/2026\/03\/IMG_3058.jpg 640w\" sizes=\"(max-width: 640px) 100vw, 400px\" \/><\/span><\/div><div class=\"fusion-image-element \" style=\"--awb-margin-bottom:20px;--awb-caption-title-font-family:var(--h2_typography-font-family);--awb-caption-title-font-weight:var(--h2_typography-font-weight);--awb-caption-title-font-style:var(--h2_typography-font-style);--awb-caption-title-size:var(--h2_typography-font-size);--awb-caption-title-transform:var(--h2_typography-text-transform);--awb-caption-title-line-height:var(--h2_typography-line-height);--awb-caption-title-letter-spacing:var(--h2_typography-letter-spacing);--awb-filter:saturate(0%);--awb-filter-transition:filter 0.3s ease;--awb-filter-hover:saturate(100%);\"><span class=\" fusion-imageframe imageframe-dropshadow imageframe-6 hover-type-none\" style=\"border-radius:10px;-webkit-box-shadow: 3px 3px 7px rgba(67,67,67,0.65);box-shadow: 3px 3px 7px rgba(67,67,67,0.65);\"><img decoding=\"async\" width=\"300\" height=\"186\" alt=\"Rencontres D\u00e9fense &amp; Cyber 2024 - Atelier\" title=\"Rencontres D\u00e9fense et Cyber 2024 \u2014 Atelier Sant\u00e9\" src=\"https:\/\/defense-cyber.fr\/rdefensecyber2026\/wp-content\/uploads\/sites\/5\/2024\/06\/Sante-e1718205869290-300x186.jpg\" class=\"img-responsive wp-image-1582\" srcset=\"https:\/\/defense-cyber.fr\/rdefensecyber2026\/wp-content\/uploads\/sites\/5\/2024\/06\/Sante-e1718205869290-200x124.jpg 200w, https:\/\/defense-cyber.fr\/rdefensecyber2026\/wp-content\/uploads\/sites\/5\/2024\/06\/Sante-e1718205869290-400x249.jpg 400w, https:\/\/defense-cyber.fr\/rdefensecyber2026\/wp-content\/uploads\/sites\/5\/2024\/06\/Sante-e1718205869290-600x373.jpg 600w, https:\/\/defense-cyber.fr\/rdefensecyber2026\/wp-content\/uploads\/sites\/5\/2024\/06\/Sante-e1718205869290-800x497.jpg 800w, https:\/\/defense-cyber.fr\/rdefensecyber2026\/wp-content\/uploads\/sites\/5\/2024\/06\/Sante-e1718205869290.jpg 1125w\" sizes=\"(max-width: 640px) 100vw, 400px\" \/><\/span><\/div><div class=\"fusion-image-element \" style=\"--awb-margin-bottom:30px;--awb-caption-title-font-family:var(--h2_typography-font-family);--awb-caption-title-font-weight:var(--h2_typography-font-weight);--awb-caption-title-font-style:var(--h2_typography-font-style);--awb-caption-title-size:var(--h2_typography-font-size);--awb-caption-title-transform:var(--h2_typography-text-transform);--awb-caption-title-line-height:var(--h2_typography-line-height);--awb-caption-title-letter-spacing:var(--h2_typography-letter-spacing);--awb-filter:saturate(0%);--awb-filter-transition:filter 0.3s ease;--awb-filter-hover:saturate(100%);\"><span class=\" fusion-imageframe imageframe-dropshadow imageframe-7 hover-type-none\" style=\"border-radius:10px;-webkit-box-shadow: 3px 3px 7px rgba(67,67,67,0.65);box-shadow: 3px 3px 7px rgba(67,67,67,0.65);\"><img decoding=\"async\" width=\"300\" height=\"225\" alt=\"Les ateliers D\u00e9fense et Cyber\" title=\"Cycle D\u00e9fense &#038; Cyber 2024\" src=\"https:\/\/defense-cyber.fr\/rdefensecyber2026\/wp-content\/uploads\/sites\/5\/2026\/03\/rdefensecyber2024_dejeuner-300x225.jpg\" class=\"img-responsive wp-image-1811\" srcset=\"https:\/\/defense-cyber.fr\/rdefensecyber2026\/wp-content\/uploads\/sites\/5\/2026\/03\/rdefensecyber2024_dejeuner-200x150.jpg 200w, https:\/\/defense-cyber.fr\/rdefensecyber2026\/wp-content\/uploads\/sites\/5\/2026\/03\/rdefensecyber2024_dejeuner-400x300.jpg 400w, https:\/\/defense-cyber.fr\/rdefensecyber2026\/wp-content\/uploads\/sites\/5\/2026\/03\/rdefensecyber2024_dejeuner-600x450.jpg 600w, https:\/\/defense-cyber.fr\/rdefensecyber2026\/wp-content\/uploads\/sites\/5\/2026\/03\/rdefensecyber2024_dejeuner-800x600.jpg 800w, https:\/\/defense-cyber.fr\/rdefensecyber2026\/wp-content\/uploads\/sites\/5\/2026\/03\/rdefensecyber2024_dejeuner-1200x900.jpg 1200w\" sizes=\"(max-width: 640px) 100vw, 400px\" \/><\/span><\/div><div class=\"fusion-image-element \" style=\"--awb-margin-bottom:20px;--awb-caption-title-font-family:var(--h2_typography-font-family);--awb-caption-title-font-weight:var(--h2_typography-font-weight);--awb-caption-title-font-style:var(--h2_typography-font-style);--awb-caption-title-size:var(--h2_typography-font-size);--awb-caption-title-transform:var(--h2_typography-text-transform);--awb-caption-title-line-height:var(--h2_typography-line-height);--awb-caption-title-letter-spacing:var(--h2_typography-letter-spacing);--awb-filter:saturate(0%);--awb-filter-transition:filter 0.3s ease;--awb-filter-hover:saturate(100%);\"><span class=\" fusion-imageframe imageframe-dropshadow imageframe-8 hover-type-none\" style=\"border-radius:10px;-webkit-box-shadow: 3px 3px 7px rgba(67,67,67,0.65);box-shadow: 3px 3px 7px rgba(67,67,67,0.65);\"><img decoding=\"async\" width=\"300\" height=\"225\" alt=\"1\u00e8res rencontre D\u00e9fense et Cyber de Cybercercle\" title=\"Cycle D\u00e9fense &#038; Cyber 2022-4D8D-4861-9115-D564EA985A80\" src=\"https:\/\/defense-cyber.fr\/rdefensecyber2026\/wp-content\/uploads\/sites\/5\/2026\/03\/68786616622__504F4EA5-4D8D-4861-9115-D564EA985A80-300x225.jpg\" class=\"img-responsive wp-image-1820\" srcset=\"https:\/\/defense-cyber.fr\/rdefensecyber2026\/wp-content\/uploads\/sites\/5\/2026\/03\/68786616622__504F4EA5-4D8D-4861-9115-D564EA985A80-200x150.jpg 200w, https:\/\/defense-cyber.fr\/rdefensecyber2026\/wp-content\/uploads\/sites\/5\/2026\/03\/68786616622__504F4EA5-4D8D-4861-9115-D564EA985A80-400x300.jpg 400w, https:\/\/defense-cyber.fr\/rdefensecyber2026\/wp-content\/uploads\/sites\/5\/2026\/03\/68786616622__504F4EA5-4D8D-4861-9115-D564EA985A80-600x450.jpg 600w, https:\/\/defense-cyber.fr\/rdefensecyber2026\/wp-content\/uploads\/sites\/5\/2026\/03\/68786616622__504F4EA5-4D8D-4861-9115-D564EA985A80.jpg 640w\" sizes=\"(max-width: 640px) 100vw, 400px\" \/><\/span><\/div><\/div><\/div><div class=\"fusion-layout-column fusion_builder_column fusion-builder-column-4 fusion_builder_column_2_3 2_3 fusion-flex-column\" style=\"--awb-bg-size:cover;--awb-width-large:66.666666666667%;--awb-margin-top-large:0px;--awb-spacing-right-large:2.88%;--awb-margin-bottom-large:20px;--awb-spacing-left-large:2.88%;--awb-width-medium:66.666666666667%;--awb-order-medium:0;--awb-spacing-right-medium:2.88%;--awb-spacing-left-medium:2.88%;--awb-width-small:100%;--awb-order-small:0;--awb-spacing-right-small:1.92%;--awb-spacing-left-small:1.92%;\"><div class=\"fusion-column-wrapper fusion-column-has-shadow fusion-flex-justify-content-flex-start fusion-content-layout-column\"><div class=\"fusion-title title fusion-title-4 fusion-title-text fusion-title-size-three\" style=\"--awb-text-color:var(--awb-color5);--awb-margin-top-small:10px;--awb-margin-right-small:0px;--awb-margin-bottom-small:10px;--awb-margin-left-small:0px;--awb-sep-color:var(--awb-color5);--awb-font-size:24px;\"><div class=\"title-sep-container title-sep-container-left fusion-no-large-visibility fusion-no-medium-visibility fusion-no-small-visibility\"><div class=\"title-sep sep-single sep-solid\" style=\"border-color:var(--awb-color5);\"><\/div><\/div><span class=\"awb-title-spacer fusion-no-large-visibility fusion-no-medium-visibility fusion-no-small-visibility\"><\/span><h3 class=\"fusion-title-heading title-heading-left\" style=\"margin:0;font-size:1em;\"><strong><span style=\"color: #ab9359;\">Les travaux de l&rsquo;apr\u00e8s-midi<\/span><\/strong><\/h3><span class=\"awb-title-spacer\"><\/span><div class=\"title-sep-container title-sep-container-right\"><div class=\"title-sep sep-single sep-solid\" style=\"border-color:var(--awb-color5);\"><\/div><\/div><\/div><ul style=\"--awb-line-height:27.2px;--awb-icon-width:27.2px;--awb-icon-height:27.2px;--awb-icon-margin:11.2px;--awb-content-margin:38.4px;\" class=\"fusion-checklist fusion-checklist-2 fusion-checklist-default type-icons\"><li class=\"fusion-li-item\" style=\"\"><span class=\"icon-wrapper circle-no\"><i class=\"fusion-li-icon fa-angle-double-right fas\" aria-hidden=\"true\"><\/i><\/span><div class=\"fusion-li-item-content\">\n<p><strong><span style=\"color: #ab9359;\">14 heures 30 : Table Ronde<br \/>\n\u00ab\u00a0<\/span><span style=\"color: #ab9359;\">D\u00e9velopper une strat\u00e9gie d&rsquo;Intelligence artificielle au service de la D\u00e9fense\u00a0\u00bb<\/span><\/strong><br \/>\n<span style=\"color: #333333;\">Animateur : <\/span><strong>Yann MAGNAN,<\/strong> senior advisor, CyberCercle \u2013 Pr\u00e9sident, DeepTechLink<br \/>\n<span style=\"color: #333333;\"><br \/>\nIntervenants :<\/span><\/p>\n<ul>\n<li><span style=\"color: #333333;\"><strong>Ludovic HAYE<\/strong>, S\u00e9nateur du Haut-Rhin, membre de la commission des Affaires \u00e9trang\u00e8res, de la D\u00e9fense et des Forces arm\u00e9es du S\u00e9nat<\/span><\/li>\n<li><span style=\"color: #333333;\"><strong>G\u00e9n\u00e9ral de brigade Marc ESPITALIER<\/strong>, Officier g\u00e9n\u00e9ral num\u00e9rique et cyber, arm\u00e9e de Terre &#8211; ou son repr\u00e9sentant<\/span><\/li>\n<li><span style=\"color: #333333;\"><strong>Colonel Christophe PIUBENI<\/strong>, Sous-directeur Strat\u00e9gie, Agence minist\u00e9rielle pour l\u2019Intelligence artificielle de D\u00e9fense<\/span><\/li>\n<\/ul>\n<\/div><\/li><li class=\"fusion-li-item\" style=\"\"><span class=\"icon-wrapper circle-no\"><i class=\"fusion-li-icon fa-angle-double-right fas\" aria-hidden=\"true\"><\/i><\/span><div class=\"fusion-li-item-content\">\n<p><span style=\"color: #ab9359;\"><strong>15 heures 45 : Keynote<br \/>\nRenseignement &amp; Cybers\u00e9curit\u00e9<br \/>\n<\/strong><\/span><span style=\"color: #333333;\"><strong>Colonel Jean-Philippe MARTINON,<\/strong> Directeur technique, DRSD<\/span><\/p>\n<\/div><\/li><li class=\"fusion-li-item\" style=\"\"><span class=\"icon-wrapper circle-no\"><i class=\"fusion-li-icon fa-angle-double-right fas\" aria-hidden=\"true\"><\/i><\/span><div class=\"fusion-li-item-content\">\n<p><span style=\"color: #ab9359;\"><strong>16 heures 15 : Table Ronde<br \/>\n\u00ab\u00a0Se pr\u00e9parer \u00e0 la r\u00e9volution quantique\u00a0\u00bb<\/strong><\/span><br \/>\nAnimateur : <span style=\"color: #333333;\"><strong>Fran\u00e7ois COUPEZ<\/strong>, senior advisor, CyberCercle &#8211; avocat associ\u00e9, Level Up Legal<\/span><\/p>\n<p>Intervenants :<\/p>\n<ul>\n<li><span style=\"color: #333333;\"><strong>Lieutenant-colonel (Air) Marie-Elisabeth<\/strong>, stagiaire, Ecole de Guerre<\/span><\/li>\n<li><span style=\"color: #333333;\"><strong>Cl\u00e9ment ROUSSEL<\/strong>, service d\u2019architecture du syst\u00e8me de d\u00e9fense, Direction G\u00e9n\u00e9ral de l&rsquo;Armement<\/span><\/li>\n<li><span style=\"color: #333333;\"><strong>Philippe MAZABRAUD<\/strong>, Directeur programme transversal \u00ab s\u00e9curit\u00e9 globale \u00bb, Direction des Applications militaires, CEA<\/span><\/li>\n<li><span style=\"color: #333333;\">Laboratoire Quantique D\u00e9fense, Agence de l&rsquo;innovation de d\u00e9fense<\/span><\/li>\n<\/ul>\n<\/div><\/li><li class=\"fusion-li-item\" style=\"\"><span class=\"icon-wrapper circle-no\"><i class=\"fusion-li-icon fa-angle-double-right fas\" aria-hidden=\"true\"><\/i><\/span><div class=\"fusion-li-item-content\">\n<p><strong><span style=\"color: #ab9359;\">17 heures 30 : Intervention de cl\u00f4ture<\/span><\/strong><\/p>\n<ul>\n<li><span style=\"color: #333333;\"><strong>G\u00e9n\u00e9ral de division a\u00e9rienne Emmanuel NAEGELEN<\/strong>, Commandant de la Cyberd\u00e9fense<\/span><\/li>\n<\/ul>\n<\/div><\/li><\/ul><div class=\"fusion-title title fusion-title-5 fusion-title-text fusion-title-size-three\" style=\"--awb-text-color:var(--awb-color5);--awb-margin-top-small:10px;--awb-margin-right-small:0px;--awb-margin-bottom-small:10px;--awb-margin-left-small:0px;--awb-sep-color:var(--awb-color5);--awb-font-size:24px;\"><div class=\"title-sep-container title-sep-container-left fusion-no-large-visibility fusion-no-medium-visibility fusion-no-small-visibility\"><div class=\"title-sep sep-single sep-solid\" style=\"border-color:var(--awb-color5);\"><\/div><\/div><span class=\"awb-title-spacer fusion-no-large-visibility fusion-no-medium-visibility fusion-no-small-visibility\"><\/span><h3 class=\"fusion-title-heading title-heading-left\" style=\"margin:0;font-size:1em;\">18 heures &#8211; Fin des travaux<\/h3><span class=\"awb-title-spacer\"><\/span><div class=\"title-sep-container title-sep-container-right\"><div class=\"title-sep sep-single sep-solid\" style=\"border-color:var(--awb-color5);\"><\/div><\/div><\/div><\/div><\/div><\/div><\/div><div class=\"fusion-fullwidth fullwidth-box fusion-builder-row-4 fusion-flex-container has-pattern-background has-mask-background nonhundred-percent-fullwidth non-hundred-percent-height-scrolling\" style=\"--awb-border-radius-top-left:0px;--awb-border-radius-top-right:0px;--awb-border-radius-bottom-right:0px;--awb-border-radius-bottom-left:0px;--awb-padding-top:30px;--awb-padding-bottom:20px;--awb-background-color:var(--awb-color4);--awb-flex-wrap:wrap;\" ><div class=\"fusion-builder-row fusion-row fusion-flex-align-items-flex-start fusion-flex-content-wrap\" style=\"max-width:1248px;margin-left: calc(-4% \/ 2 );margin-right: calc(-4% \/ 2 );\"><div class=\"fusion-layout-column fusion_builder_column fusion-builder-column-5 fusion_builder_column_1_1 1_1 fusion-flex-column\" style=\"--awb-bg-size:cover;--awb-width-large:100%;--awb-margin-top-large:0px;--awb-spacing-right-large:1.92%;--awb-margin-bottom-large:20px;--awb-spacing-left-large:1.92%;--awb-width-medium:100%;--awb-order-medium:0;--awb-spacing-right-medium:1.92%;--awb-spacing-left-medium:1.92%;--awb-width-small:100%;--awb-order-small:0;--awb-spacing-right-small:1.92%;--awb-spacing-left-small:1.92%;\"><div class=\"fusion-column-wrapper fusion-column-has-shadow fusion-flex-justify-content-flex-start fusion-content-layout-column\"><div class=\"fusion-title title fusion-title-6 fusion-sep-none fusion-title-center fusion-title-text fusion-title-size-three\" style=\"--awb-text-color:var(--awb-color1);--awb-margin-top-small:10px;--awb-margin-right-small:0px;--awb-margin-bottom-small:10px;--awb-margin-left-small:0px;--awb-font-size:24px;\"><h3 class=\"fusion-title-heading title-heading-center\" style=\"margin:0;text-transform:none;font-size:1em;\"><p>Vous avez besoin de plus d\u2019informations ?<br \/>\nVous souhaitez devenir partenaire du Cycle D\u00e9fense &amp; Cyber ?<\/p><\/h3><\/div><div style=\"text-align:center;\"><a class=\"fusion-button button-flat button-xlarge button-custom fusion-button-default button-2 fusion-button-default-span fusion-button-default-type\" style=\"--button_accent_color:var(--awb-color4);--button_accent_hover_color:var(--awb-color6);--button_border_hover_color:var(--awb-color1);--button_gradient_top_color:var(--awb-color1);--button_gradient_bottom_color:var(--awb-color1);--button_gradient_top_color_hover:var(--awb-color7);--button_gradient_bottom_color_hover:var(--awb-color7);\" target=\"_blank\" rel=\"noopener noreferrer\" href=\"https:\/\/defense-cyber.fr\/contact-defense-cyber\/\"><span class=\"fusion-button-text awb-button__text awb-button__text--default\">Contactez-nous<\/span><\/a><\/div><\/div><\/div><\/div><\/div>\n<div class=\"fusion-fullwidth fullwidth-box fusion-builder-row-5 fusion-flex-container has-pattern-background has-mask-background nonhundred-percent-fullwidth non-hundred-percent-height-scrolling\" style=\"--awb-border-radius-top-left:0px;--awb-border-radius-top-right:0px;--awb-border-radius-bottom-right:0px;--awb-border-radius-bottom-left:0px;--awb-padding-top:40px;--awb-padding-bottom:0px;--awb-flex-wrap:wrap;\" ><div class=\"fusion-builder-row fusion-row fusion-flex-align-items-flex-start fusion-flex-content-wrap\" style=\"max-width:1248px;margin-left: calc(-4% \/ 2 );margin-right: calc(-4% \/ 2 );\"><div class=\"fusion-layout-column fusion_builder_column fusion-builder-column-6 fusion_builder_column_1_1 1_1 fusion-flex-column\" style=\"--awb-bg-size:cover;--awb-width-large:100%;--awb-margin-top-large:0px;--awb-spacing-right-large:1.92%;--awb-margin-bottom-large:20px;--awb-spacing-left-large:1.92%;--awb-width-medium:100%;--awb-order-medium:0;--awb-spacing-right-medium:1.92%;--awb-spacing-left-medium:1.92%;--awb-width-small:100%;--awb-order-small:0;--awb-spacing-right-small:1.92%;--awb-spacing-left-small:1.92%;\"><div class=\"fusion-column-wrapper fusion-column-has-shadow fusion-flex-justify-content-flex-start fusion-content-layout-column\"><div class=\"fusion-title title fusion-title-7 fusion-sep-none fusion-title-text fusion-title-size-four\" style=\"--awb-text-color:var(--awb-color6);--awb-margin-bottom:10px;--awb-margin-top-small:10px;--awb-margin-right-small:0px;--awb-margin-bottom-small:10px;--awb-margin-left-small:0px;--awb-font-size:24px;\"><h4 class=\"fusion-title-heading title-heading-left\" style=\"margin:0;font-size:1em;\">Nos partenaires<\/h4><\/div><div class=\"fusion-image-carousel fusion-image-carousel-fixed fusion-image-carousel-1 fusion-carousel-border\"><div class=\"awb-carousel awb-swiper awb-swiper-carousel awb-carousel--carousel awb-swiper-dots-position-bottom\" data-layout=\"carousel\" data-autoplay=\"yes\" data-autoplayspeed=\"2500\" data-autoplaypause=\"no\" data-loop=\"yes\" data-columns=\"5\" data-columnsmedium=\"1\" data-columnssmall=\"1\" data-itemmargin=\"13\" data-itemwidth=\"180\" data-touchscroll=\"no\" data-freemode=\"no\" data-imagesize=\"fixed\" data-scrollitems=\"0\" data-centeredslides=\"no\" data-rotationangle=\"50\" data-depth=\"100\" data-speed=\"500\" data-shadow=\"no\" data-pagination=\"bullets\" style=\"--awb-border-width:1px;--awb-border-color:#e9eaee;--awb-dots-align:center;\"><div class=\"swiper-wrapper awb-image-carousel-wrapper fusion-flex-align-items-center\"><div class=\"swiper-slide\"><div class=\"fusion-carousel-item-wrapper\"><div class=\"fusion-image-wrapper hover-type-zoomin\"><a href=\" https:\/\/defense-cyber.fr\/partenaires-defense-cyber\/ministere-des-armees\/\" target=\"_blank\" rel=\"noopener noreferrer\"><img decoding=\"async\" width=\"250\" height=\"200\" src=\"https:\/\/defense-cyber.fr\/rdefensecyber2026\/wp-content\/uploads\/sites\/5\/2026\/04\/MinistereDesArmees-1.png\" class=\"attachment-blog-medium size-blog-medium\" alt=\"Minist\u00e8re des arm\u00e9es, partenaire du cycle D\u00e9fense &amp; Cyber\" srcset=\"https:\/\/defense-cyber.fr\/rdefensecyber2026\/wp-content\/uploads\/sites\/5\/2026\/04\/MinistereDesArmees-1-200x160.png 200w, https:\/\/defense-cyber.fr\/rdefensecyber2026\/wp-content\/uploads\/sites\/5\/2026\/04\/MinistereDesArmees-1.png 250w\" sizes=\"(min-width: 2200px) 100vw, (min-width: 928px) 230px, (min-width: 856px) 287px, (min-width: 784px) 383px, (min-width: 712px) 574px, (min-width: 640px) 712px, \" \/><\/a><\/div><\/div><\/div><div class=\"swiper-slide\"><div class=\"fusion-carousel-item-wrapper\"><div class=\"fusion-image-wrapper hover-type-zoomin\"><a href=\"https:\/\/defense-cyber.fr\/partenaires-defense-cyber\/etat-major-des-armees\/\" target=\"_blank\" rel=\"noopener noreferrer\"><img decoding=\"async\" width=\"180\" height=\"180\" src=\"https:\/\/defense-cyber.fr\/rdefensecyber2026\/wp-content\/uploads\/sites\/5\/2023\/03\/Logo_EMA_Small.png\" class=\"attachment-blog-medium size-blog-medium\" alt=\"Etat major des arm\u00e9es, partenaire du cycle D\u00e9fense &amp; Cyber\" \/><\/a><\/div><\/div><\/div><div class=\"swiper-slide\"><div class=\"fusion-carousel-item-wrapper\"><div class=\"fusion-image-wrapper hover-type-zoomin\"><a href=\"https:\/\/defense-cyber.fr\/partenaires-defense-cyber\/cnd\/\" target=\"_blank\" rel=\"noopener noreferrer\"><img decoding=\"async\" width=\"250\" height=\"100\" src=\"https:\/\/defense-cyber.fr\/rdefensecyber2026\/wp-content\/uploads\/sites\/5\/2026\/03\/CND_Long_250.jpg\" class=\"attachment-blog-medium size-blog-medium\" alt=\"Commissariat au num\u00e9rique des arm\u00e9es, partenaire des Rencontres D\u00e9fense &amp; Cyber\" srcset=\"https:\/\/defense-cyber.fr\/rdefensecyber2026\/wp-content\/uploads\/sites\/5\/2026\/03\/CND_Long_250-200x80.jpg 200w, https:\/\/defense-cyber.fr\/rdefensecyber2026\/wp-content\/uploads\/sites\/5\/2026\/03\/CND_Long_250.jpg 250w\" sizes=\"(min-width: 2200px) 100vw, (min-width: 928px) 230px, (min-width: 856px) 287px, (min-width: 784px) 383px, (min-width: 712px) 574px, (min-width: 640px) 712px, \" \/><\/a><\/div><\/div><\/div><div class=\"swiper-slide\"><div class=\"fusion-carousel-item-wrapper\"><div class=\"fusion-image-wrapper hover-type-zoomin\"><a href=\"https:\/\/defense-cyber.fr\/partenaires-defense-cyber\/avant-de-cliquer\/\" target=\"_blank\" rel=\"noopener noreferrer\"><img decoding=\"async\" width=\"250\" height=\"91\" src=\"https:\/\/defense-cyber.fr\/rdefensecyber2026\/wp-content\/uploads\/sites\/5\/2026\/01\/HUCENCY_250_100.jpg\" class=\"attachment-blog-medium size-blog-medium\" alt=\"Avant de cliquer, partenaire du cycle D\u00e9fense &amp; Cyber\" srcset=\"https:\/\/defense-cyber.fr\/rdefensecyber2026\/wp-content\/uploads\/sites\/5\/2026\/01\/HUCENCY_250_100-200x73.jpg 200w, https:\/\/defense-cyber.fr\/rdefensecyber2026\/wp-content\/uploads\/sites\/5\/2026\/01\/HUCENCY_250_100.jpg 250w\" sizes=\"(min-width: 2200px) 100vw, (min-width: 928px) 230px, (min-width: 856px) 287px, (min-width: 784px) 383px, (min-width: 712px) 574px, (min-width: 640px) 712px, \" \/><\/a><\/div><\/div><\/div><div class=\"swiper-slide\"><div class=\"fusion-carousel-item-wrapper\"><div class=\"fusion-image-wrapper hover-type-zoomin\"><a href=\"https:\/\/defense-cyber.fr\/partenaires-defense-cyber\/groupelaposte\/\" target=\"_blank\" rel=\"noopener noreferrer\"><img decoding=\"async\" width=\"250\" height=\"100\" src=\"https:\/\/defense-cyber.fr\/rdefensecyber2026\/wp-content\/uploads\/sites\/5\/2022\/12\/GROUPE-LA-POSTE-Logo.png\" class=\"attachment-blog-medium size-blog-medium\" alt=\"Groupe La Poste, partenaire du Cycle D\u00e9fense &amp; Cyber\" srcset=\"https:\/\/defense-cyber.fr\/rdefensecyber2026\/wp-content\/uploads\/sites\/5\/2022\/12\/GROUPE-LA-POSTE-Logo-200x80.png 200w, https:\/\/defense-cyber.fr\/rdefensecyber2026\/wp-content\/uploads\/sites\/5\/2022\/12\/GROUPE-LA-POSTE-Logo.png 250w\" sizes=\"(min-width: 2200px) 100vw, (min-width: 928px) 230px, (min-width: 856px) 287px, (min-width: 784px) 383px, (min-width: 712px) 574px, (min-width: 640px) 712px, \" \/><\/a><\/div><\/div><\/div><div class=\"swiper-slide\"><div class=\"fusion-carousel-item-wrapper\"><div class=\"fusion-image-wrapper hover-type-zoomin\"><a href=\"https:\/\/defense-cyber.fr\/partenaires-defense-cyber\/bluefiles\/\" target=\"_blank\" rel=\"noopener noreferrer\"><img decoding=\"async\" width=\"250\" height=\"100\" src=\"https:\/\/defense-cyber.fr\/rdefensecyber2026\/wp-content\/uploads\/sites\/5\/2023\/03\/Logo_BlueFiles.png\" class=\"attachment-blog-medium size-blog-medium\" alt=\"BlueFiles, partenaire du Cycle D\u00e9fense &amp; Cyber\" srcset=\"https:\/\/defense-cyber.fr\/rdefensecyber2026\/wp-content\/uploads\/sites\/5\/2023\/03\/Logo_BlueFiles-200x80.png 200w, https:\/\/defense-cyber.fr\/rdefensecyber2026\/wp-content\/uploads\/sites\/5\/2023\/03\/Logo_BlueFiles.png 250w\" sizes=\"(min-width: 2200px) 100vw, (min-width: 928px) 230px, (min-width: 856px) 287px, (min-width: 784px) 383px, (min-width: 712px) 574px, (min-width: 640px) 712px, \" \/><\/a><\/div><\/div><\/div><div class=\"swiper-slide\"><div class=\"fusion-carousel-item-wrapper\"><div class=\"fusion-image-wrapper hover-type-zoomin\"><a href=\"https:\/\/defense-cyber.fr\/partenaires-defense-cyber\/certitude-numerique\/\" target=\"_blank\" rel=\"noopener noreferrer\"><img decoding=\"async\" width=\"250\" height=\"100\" src=\"https:\/\/defense-cyber.fr\/rdefensecyber2026\/wp-content\/uploads\/sites\/5\/2022\/12\/CERTITUDE-NUMERIQUE-Logo2.png\" class=\"attachment-blog-medium size-blog-medium\" alt=\"CERTitude NUMERIQUE, partenaire du Cycle D\u00e9fense &amp; Cyber\" srcset=\"https:\/\/defense-cyber.fr\/rdefensecyber2026\/wp-content\/uploads\/sites\/5\/2022\/12\/CERTITUDE-NUMERIQUE-Logo2-200x80.png 200w, https:\/\/defense-cyber.fr\/rdefensecyber2026\/wp-content\/uploads\/sites\/5\/2022\/12\/CERTITUDE-NUMERIQUE-Logo2.png 250w\" sizes=\"(min-width: 2200px) 100vw, (min-width: 928px) 230px, (min-width: 856px) 287px, (min-width: 784px) 383px, (min-width: 712px) 574px, (min-width: 640px) 712px, \" \/><\/a><\/div><\/div><\/div><div class=\"swiper-slide\"><div class=\"fusion-carousel-item-wrapper\"><div class=\"fusion-image-wrapper hover-type-zoomin\"><a href=\"https:\/\/defense-cyber.fr\/partenaires-defense-cyber\/stormshield\/\" target=\"_blank\" rel=\"noopener noreferrer\"><img decoding=\"async\" width=\"250\" height=\"100\" src=\"https:\/\/defense-cyber.fr\/rdefensecyber2026\/wp-content\/uploads\/sites\/5\/2026\/01\/STORMSHIELD-Logo.jpg\" class=\"attachment-blog-medium size-blog-medium\" alt=\"Stormshield, partenaire des Rencontres D\u00e9fense &amp; Cyber\" srcset=\"https:\/\/defense-cyber.fr\/rdefensecyber2026\/wp-content\/uploads\/sites\/5\/2026\/01\/STORMSHIELD-Logo-200x80.jpg 200w, https:\/\/defense-cyber.fr\/rdefensecyber2026\/wp-content\/uploads\/sites\/5\/2026\/01\/STORMSHIELD-Logo.jpg 250w\" sizes=\"(min-width: 2200px) 100vw, (min-width: 928px) 230px, (min-width: 856px) 287px, (min-width: 784px) 383px, (min-width: 712px) 574px, (min-width: 640px) 712px, \" \/><\/a><\/div><\/div><\/div><div class=\"swiper-slide\"><div class=\"fusion-carousel-item-wrapper\"><div class=\"fusion-image-wrapper hover-type-zoomin\"><a href=\"https:\/\/defense-cyber.fr\/partenaires-defense-cyber\/cea\/\" target=\"_blank\" rel=\"noopener noreferrer\"><img decoding=\"async\" width=\"200\" height=\"100\" src=\"https:\/\/defense-cyber.fr\/rdefensecyber2026\/wp-content\/uploads\/sites\/5\/2026\/04\/cea_200.jpg\" class=\"attachment-blog-medium size-blog-medium\" alt=\"CERTitude NUMERIQUE, partenaire du Cycle D\u00e9fense &amp; Cyber\" \/><\/a><\/div><\/div><\/div><div class=\"swiper-slide\"><div class=\"fusion-carousel-item-wrapper\"><div class=\"fusion-image-wrapper hover-type-zoomin\"><a href=\"https:\/\/defense-cyber.fr\/partenaires-defense-cyber\/enedis\/\" target=\"_blank\" rel=\"noopener noreferrer\"><img decoding=\"async\" width=\"250\" height=\"100\" src=\"https:\/\/defense-cyber.fr\/rdefensecyber2026\/wp-content\/uploads\/sites\/5\/2023\/09\/Logo_Enedis.png\" class=\"attachment-blog-medium size-blog-medium\" alt=\"ENEDIS, partenaire du Cycle D\u00e9fense &amp; Cyber\" srcset=\"https:\/\/defense-cyber.fr\/rdefensecyber2026\/wp-content\/uploads\/sites\/5\/2023\/09\/Logo_Enedis-200x80.png 200w, https:\/\/defense-cyber.fr\/rdefensecyber2026\/wp-content\/uploads\/sites\/5\/2023\/09\/Logo_Enedis.png 250w\" sizes=\"(min-width: 2200px) 100vw, (min-width: 928px) 230px, (min-width: 856px) 287px, (min-width: 784px) 383px, (min-width: 712px) 574px, (min-width: 640px) 712px, \" \/><\/a><\/div><\/div><\/div><div class=\"swiper-slide\"><div class=\"fusion-carousel-item-wrapper\"><div class=\"fusion-image-wrapper hover-type-zoomin\"><a href=\" https:\/\/defense-cyber.fr\/partenaires-defense-cyber\/ihedn-region-lyonnaise\/\" target=\"_blank\" rel=\"noopener noreferrer\"><img decoding=\"async\" width=\"180\" height=\"180\" src=\"https:\/\/defense-cyber.fr\/rdefensecyber2026\/wp-content\/uploads\/sites\/5\/2026\/03\/Logo_IHEDN_Lyon.png\" class=\"attachment-blog-medium size-blog-medium\" alt=\"IHEDN Lyon, partenaire du Cycle D\u00e9fense &amp; Cyber\" \/><\/a><\/div><\/div><\/div><div class=\"swiper-slide\"><div class=\"fusion-carousel-item-wrapper\"><div class=\"fusion-image-wrapper hover-type-zoomin\"><a href=\"https:\/\/www.protection-civile.org\/\" target=\"_blank\" rel=\"noopener noreferrer\"><img decoding=\"async\" width=\"250\" height=\"100\" src=\"https:\/\/defense-cyber.fr\/rdefensecyber2026\/wp-content\/uploads\/sites\/5\/2026\/03\/FNPC_Logo_250_100.jpg\" class=\"attachment-blog-medium size-blog-medium\" alt=\"La Protection Civile, partenaire du Cycle D\u00e9fense &amp; Cyber\" srcset=\"https:\/\/defense-cyber.fr\/rdefensecyber2026\/wp-content\/uploads\/sites\/5\/2026\/03\/FNPC_Logo_250_100-200x80.jpg 200w, https:\/\/defense-cyber.fr\/rdefensecyber2026\/wp-content\/uploads\/sites\/5\/2026\/03\/FNPC_Logo_250_100.jpg 250w\" sizes=\"(min-width: 2200px) 100vw, (min-width: 928px) 230px, (min-width: 856px) 287px, (min-width: 784px) 383px, (min-width: 712px) 574px, (min-width: 640px) 712px, \" \/><\/a><\/div><\/div><\/div><\/div><div class=\"awb-swiper-button awb-swiper-button-prev\"><i class=\"awb-icon-angle-left\" aria-hidden=\"true\"><\/i><\/div><div class=\"awb-swiper-button awb-swiper-button-next\"><i class=\"awb-icon-angle-right\" aria-hidden=\"true\"><\/i><\/div><\/div><\/div><\/div><\/div><\/div><\/div>\n<\/p>\n","protected":false},"excerpt":{"rendered":"","protected":false},"author":4,"featured_media":0,"parent":0,"menu_order":0,"comment_status":"closed","ping_status":"closed","template":"100-width.php","meta":{"footnotes":""},"class_list":["post-853","page","type-page","status-publish","hentry"],"yoast_head":"<!-- This site is optimized with the Yoast SEO plugin v27.4 - https:\/\/yoast.com\/product\/yoast-seo-wordpress\/ -->\n<title>Le Programme des Rencontres D\u00e9fense &amp; Cyber 2026 by Cybercercle<\/title>\n<meta name=\"description\" content=\"Le programme des Rencontres D\u00e9fense &amp; Cyber 2026. Des travaux pour favoriser l\u2019\u00e9changes d\u2019expertises et un dialogue entre acteurs appel\u00e9s \u00e0 travailler ensemble face aux d\u00e9fis cyber\" \/>\n<meta name=\"robots\" content=\"index, follow, max-snippet:-1, max-image-preview:large, max-video-preview:-1\" \/>\n<link rel=\"canonical\" href=\"https:\/\/defense-cyber.fr\/rdefensecyber2026\/programme\/\" \/>\n<meta property=\"og:locale\" content=\"fr_FR\" \/>\n<meta property=\"og:type\" content=\"article\" \/>\n<meta property=\"og:title\" content=\"1\u00e8res Rencontres D\u00e9fense et Cyber by CyberCercle\" \/>\n<meta property=\"og:description\" content=\"D\u00e9couvrez le programme de cette 1\u00e8re journ\u00e9e D\u00e9fense et Cyber qui a lieu le 19 octobre 2022 \u00e0 Lyon\" \/>\n<meta property=\"og:url\" content=\"https:\/\/defense-cyber.fr\/rdefensecyber2026\/programme\/\" \/>\n<meta property=\"og:site_name\" content=\"Rencontres D\u00e9fense &amp; Cyber 2026\" \/>\n<meta property=\"article:modified_time\" content=\"2026-03-24T17:26:26+00:00\" \/>\n<meta name=\"twitter:card\" content=\"summary_large_image\" \/>\n<meta name=\"twitter:title\" content=\"1\u00e8res Rencontres D\u00e9fense et Cyber by CyberCercle\" \/>\n<meta name=\"twitter:description\" content=\"D\u00e9couvrez le programme de cette 1\u00e8re journ\u00e9e D\u00e9fense et Cyber qui a lieu le 19 octobre 2022 \u00e0 Lyon\" \/>\n<meta name=\"twitter:label1\" content=\"Dur\u00e9e de lecture estim\u00e9e\" \/>\n\t<meta name=\"twitter:data1\" content=\"7 minutes\" \/>\n<script type=\"application\/ld+json\" class=\"yoast-schema-graph\">{\"@context\":\"https:\\\/\\\/schema.org\",\"@graph\":[{\"@type\":\"WebPage\",\"@id\":\"https:\\\/\\\/defense-cyber.fr\\\/rdefensecyber2026\\\/programme\\\/\",\"url\":\"https:\\\/\\\/defense-cyber.fr\\\/rdefensecyber2026\\\/programme\\\/\",\"name\":\"Le Programme des Rencontres D\u00e9fense & Cyber 2026 by Cybercercle\",\"isPartOf\":{\"@id\":\"https:\\\/\\\/defense-cyber.fr\\\/rdefensecyber2026\\\/#website\"},\"datePublished\":\"2026-01-17T11:57:11+00:00\",\"dateModified\":\"2026-03-24T17:26:26+00:00\",\"description\":\"Le programme des Rencontres D\u00e9fense & Cyber 2026. Des travaux pour favoriser l\u2019\u00e9changes d\u2019expertises et un dialogue entre acteurs appel\u00e9s \u00e0 travailler ensemble face aux d\u00e9fis cyber\",\"breadcrumb\":{\"@id\":\"https:\\\/\\\/defense-cyber.fr\\\/rdefensecyber2026\\\/programme\\\/#breadcrumb\"},\"inLanguage\":\"fr-FR\",\"potentialAction\":[{\"@type\":\"ReadAction\",\"target\":[\"https:\\\/\\\/defense-cyber.fr\\\/rdefensecyber2026\\\/programme\\\/\"]}]},{\"@type\":\"BreadcrumbList\",\"@id\":\"https:\\\/\\\/defense-cyber.fr\\\/rdefensecyber2026\\\/programme\\\/#breadcrumb\",\"itemListElement\":[{\"@type\":\"ListItem\",\"position\":1,\"name\":\"Accueil\",\"item\":\"https:\\\/\\\/defense-cyber.fr\\\/rdefensecyber2026\\\/\"},{\"@type\":\"ListItem\",\"position\":2,\"name\":\"Le Programme\"}]},{\"@type\":\"WebSite\",\"@id\":\"https:\\\/\\\/defense-cyber.fr\\\/rdefensecyber2026\\\/#website\",\"url\":\"https:\\\/\\\/defense-cyber.fr\\\/rdefensecyber2026\\\/\",\"name\":\"Rencontres D\u00e9fense & Cyber 2026\",\"description\":\"La Cyber au coeur de la D\u00e9fense\",\"potentialAction\":[{\"@type\":\"SearchAction\",\"target\":{\"@type\":\"EntryPoint\",\"urlTemplate\":\"https:\\\/\\\/defense-cyber.fr\\\/rdefensecyber2026\\\/?s={search_term_string}\"},\"query-input\":{\"@type\":\"PropertyValueSpecification\",\"valueRequired\":true,\"valueName\":\"search_term_string\"}}],\"inLanguage\":\"fr-FR\"}]}<\/script>\n<!-- \/ Yoast SEO plugin. -->","yoast_head_json":{"title":"Le Programme des Rencontres D\u00e9fense & Cyber 2026 by Cybercercle","description":"Le programme des Rencontres D\u00e9fense & Cyber 2026. Des travaux pour favoriser l\u2019\u00e9changes d\u2019expertises et un dialogue entre acteurs appel\u00e9s \u00e0 travailler ensemble face aux d\u00e9fis cyber","robots":{"index":"index","follow":"follow","max-snippet":"max-snippet:-1","max-image-preview":"max-image-preview:large","max-video-preview":"max-video-preview:-1"},"canonical":"https:\/\/defense-cyber.fr\/rdefensecyber2026\/programme\/","og_locale":"fr_FR","og_type":"article","og_title":"1\u00e8res Rencontres D\u00e9fense et Cyber by CyberCercle","og_description":"D\u00e9couvrez le programme de cette 1\u00e8re journ\u00e9e D\u00e9fense et Cyber qui a lieu le 19 octobre 2022 \u00e0 Lyon","og_url":"https:\/\/defense-cyber.fr\/rdefensecyber2026\/programme\/","og_site_name":"Rencontres D\u00e9fense & Cyber 2026","article_modified_time":"2026-03-24T17:26:26+00:00","twitter_card":"summary_large_image","twitter_title":"1\u00e8res Rencontres D\u00e9fense et Cyber by CyberCercle","twitter_description":"D\u00e9couvrez le programme de cette 1\u00e8re journ\u00e9e D\u00e9fense et Cyber qui a lieu le 19 octobre 2022 \u00e0 Lyon","twitter_misc":{"Dur\u00e9e de lecture estim\u00e9e":"7 minutes"},"schema":{"@context":"https:\/\/schema.org","@graph":[{"@type":"WebPage","@id":"https:\/\/defense-cyber.fr\/rdefensecyber2026\/programme\/","url":"https:\/\/defense-cyber.fr\/rdefensecyber2026\/programme\/","name":"Le Programme des Rencontres D\u00e9fense & Cyber 2026 by Cybercercle","isPartOf":{"@id":"https:\/\/defense-cyber.fr\/rdefensecyber2026\/#website"},"datePublished":"2026-01-17T11:57:11+00:00","dateModified":"2026-03-24T17:26:26+00:00","description":"Le programme des Rencontres D\u00e9fense & Cyber 2026. Des travaux pour favoriser l\u2019\u00e9changes d\u2019expertises et un dialogue entre acteurs appel\u00e9s \u00e0 travailler ensemble face aux d\u00e9fis cyber","breadcrumb":{"@id":"https:\/\/defense-cyber.fr\/rdefensecyber2026\/programme\/#breadcrumb"},"inLanguage":"fr-FR","potentialAction":[{"@type":"ReadAction","target":["https:\/\/defense-cyber.fr\/rdefensecyber2026\/programme\/"]}]},{"@type":"BreadcrumbList","@id":"https:\/\/defense-cyber.fr\/rdefensecyber2026\/programme\/#breadcrumb","itemListElement":[{"@type":"ListItem","position":1,"name":"Accueil","item":"https:\/\/defense-cyber.fr\/rdefensecyber2026\/"},{"@type":"ListItem","position":2,"name":"Le Programme"}]},{"@type":"WebSite","@id":"https:\/\/defense-cyber.fr\/rdefensecyber2026\/#website","url":"https:\/\/defense-cyber.fr\/rdefensecyber2026\/","name":"Rencontres D\u00e9fense & Cyber 2026","description":"La Cyber au coeur de la D\u00e9fense","potentialAction":[{"@type":"SearchAction","target":{"@type":"EntryPoint","urlTemplate":"https:\/\/defense-cyber.fr\/rdefensecyber2026\/?s={search_term_string}"},"query-input":{"@type":"PropertyValueSpecification","valueRequired":true,"valueName":"search_term_string"}}],"inLanguage":"fr-FR"}]}},"_links":{"self":[{"href":"https:\/\/defense-cyber.fr\/rdefensecyber2026\/wp-json\/wp\/v2\/pages\/853","targetHints":{"allow":["GET"]}}],"collection":[{"href":"https:\/\/defense-cyber.fr\/rdefensecyber2026\/wp-json\/wp\/v2\/pages"}],"about":[{"href":"https:\/\/defense-cyber.fr\/rdefensecyber2026\/wp-json\/wp\/v2\/types\/page"}],"author":[{"embeddable":true,"href":"https:\/\/defense-cyber.fr\/rdefensecyber2026\/wp-json\/wp\/v2\/users\/4"}],"replies":[{"embeddable":true,"href":"https:\/\/defense-cyber.fr\/rdefensecyber2026\/wp-json\/wp\/v2\/comments?post=853"}],"version-history":[{"count":8,"href":"https:\/\/defense-cyber.fr\/rdefensecyber2026\/wp-json\/wp\/v2\/pages\/853\/revisions"}],"predecessor-version":[{"id":1888,"href":"https:\/\/defense-cyber.fr\/rdefensecyber2026\/wp-json\/wp\/v2\/pages\/853\/revisions\/1888"}],"wp:attachment":[{"href":"https:\/\/defense-cyber.fr\/rdefensecyber2026\/wp-json\/wp\/v2\/media?parent=853"}],"curies":[{"name":"wp","href":"https:\/\/api.w.org\/{rel}","templated":true}]}}