{"id":1145,"date":"2026-01-17T12:00:40","date_gmt":"2026-01-17T11:00:40","guid":{"rendered":"https:\/\/defense-cyber.fr\/rdefensecyber2026\/?page_id=1145"},"modified":"2026-04-03T17:34:01","modified_gmt":"2026-04-03T15:34:01","slug":"intervenants","status":"publish","type":"page","link":"https:\/\/defense-cyber.fr\/rdefensecyber2026\/intervenants\/","title":{"rendered":"Les Intervenants"},"content":{"rendered":"<p><div class=\"fusion-fullwidth fullwidth-box fusion-builder-row-1 fusion-flex-container has-pattern-background has-mask-background nonhundred-percent-fullwidth non-hundred-percent-height-scrolling\" style=\"--awb-border-radius-top-left:0px;--awb-border-radius-top-right:0px;--awb-border-radius-bottom-right:0px;--awb-border-radius-bottom-left:0px;--awb-padding-top:40px;--awb-background-color:var(--awb-color5);--awb-flex-wrap:wrap;\" ><div class=\"fusion-builder-row fusion-row fusion-flex-align-items-flex-start fusion-flex-content-wrap\" style=\"max-width:1248px;margin-left: calc(-4% \/ 2 );margin-right: calc(-4% \/ 2 );\"><div class=\"fusion-layout-column fusion_builder_column fusion-builder-column-0 fusion_builder_column_1_1 1_1 fusion-flex-column\" style=\"--awb-bg-size:cover;--awb-width-large:100%;--awb-margin-top-large:0px;--awb-spacing-right-large:1.92%;--awb-margin-bottom-large:20px;--awb-spacing-left-large:1.92%;--awb-width-medium:100%;--awb-order-medium:0;--awb-spacing-right-medium:1.92%;--awb-spacing-left-medium:1.92%;--awb-width-small:100%;--awb-order-small:0;--awb-spacing-right-small:1.92%;--awb-spacing-left-small:1.92%;\"><div class=\"fusion-column-wrapper fusion-column-has-shadow fusion-flex-justify-content-flex-start fusion-content-layout-column\"><div class=\"fusion-title title fusion-title-1 fusion-sep-none fusion-title-text fusion-title-size-three\" style=\"--awb-text-color:var(--awb-color1);--awb-margin-top-small:10px;--awb-margin-right-small:0px;--awb-margin-bottom-small:10px;--awb-margin-left-small:0px;--awb-font-size:18px;\"><h3 class=\"fusion-title-heading title-heading-left\" style=\"margin:0;text-transform:none;font-size:1em;\">Les Rencontres D\u00e9fense &amp; Cyber permettent aux participants d&rsquo;avoir acc\u00e8s \u00e0 l&rsquo;expertise de personnalit\u00e9s et d&rsquo;\u00e9changer avec eux dans un cadre de confiance.<\/h3><\/div><\/div><\/div><\/div><\/div><div class=\"fusion-fullwidth fullwidth-box fusion-builder-row-2 fusion-flex-container has-pattern-background has-mask-background nonhundred-percent-fullwidth non-hundred-percent-height-scrolling\" style=\"--awb-border-radius-top-left:0px;--awb-border-radius-top-right:0px;--awb-border-radius-bottom-right:0px;--awb-border-radius-bottom-left:0px;--awb-padding-top:40px;--awb-flex-wrap:wrap;\" ><div class=\"fusion-builder-row fusion-row fusion-flex-align-items-flex-start fusion-flex-justify-content-center fusion-flex-content-wrap\" style=\"max-width:1248px;margin-left: calc(-4% \/ 2 );margin-right: calc(-4% \/ 2 );\"><div class=\"fusion-layout-column fusion_builder_column fusion-builder-column-1 fusion_builder_column_1_4 1_4 fusion-flex-column\" style=\"--awb-bg-size:cover;--awb-width-large:25%;--awb-margin-top-large:0px;--awb-spacing-right-large:7.68%;--awb-margin-bottom-large:30px;--awb-spacing-left-large:7.68%;--awb-width-medium:25%;--awb-order-medium:0;--awb-spacing-right-medium:7.68%;--awb-spacing-left-medium:7.68%;--awb-width-small:100%;--awb-order-small:0;--awb-spacing-right-small:1.92%;--awb-spacing-left-small:1.92%;\" data-scroll-devices=\"small-visibility,medium-visibility,large-visibility\"><div class=\"fusion-column-wrapper fusion-column-has-shadow fusion-flex-justify-content-center fusion-content-layout-column\"><div class=\"fusion-image-element \" style=\"text-align:center;--awb-margin-bottom:10px;--awb-max-width:200px;--awb-caption-title-font-family:var(--h2_typography-font-family);--awb-caption-title-font-weight:var(--h2_typography-font-weight);--awb-caption-title-font-style:var(--h2_typography-font-style);--awb-caption-title-size:var(--h2_typography-font-size);--awb-caption-title-transform:var(--h2_typography-text-transform);--awb-caption-title-line-height:var(--h2_typography-line-height);--awb-caption-title-letter-spacing:var(--h2_typography-letter-spacing);--awb-filter:saturate(0%);--awb-filter-transition:filter 0.3s ease;--awb-filter-hover:saturate(100%);\"><span class=\" fusion-imageframe imageframe-dropshadow imageframe-1 hover-type-zoomin\" style=\"border-radius:50%;-webkit-box-shadow: 3px 3px 7px rgba(67,67,67,0.65);box-shadow: 3px 3px 7px rgba(67,67,67,0.65);\"><a class=\"fusion-no-lightbox\" href=\"https:\/\/defense-cyber.fr\/intervenants-defense-cyber\/erwan-rolland\/\" target=\"_blank\" aria-label=\"GCA ROLLAND\" rel=\"noopener noreferrer\"><img decoding=\"async\" width=\"200\" height=\"200\" alt=\"GCA ROLLAND - Rencontres D\u00e9fense &amp; Cyber\" src=\"https:\/\/defense-cyber.fr\/rdefensecyber2026\/wp-content\/uploads\/sites\/5\/2026\/03\/photo_gca-rolland-200x200-1.png\" class=\"img-responsive wp-image-1761\" srcset=\"https:\/\/defense-cyber.fr\/rdefensecyber2026\/wp-content\/uploads\/sites\/5\/2026\/03\/photo_gca-rolland-200x200-1-66x66.png 66w, https:\/\/defense-cyber.fr\/rdefensecyber2026\/wp-content\/uploads\/sites\/5\/2026\/03\/photo_gca-rolland-200x200-1-150x150.png 150w, https:\/\/defense-cyber.fr\/rdefensecyber2026\/wp-content\/uploads\/sites\/5\/2026\/03\/photo_gca-rolland-200x200-1.png 200w\" sizes=\"(max-width: 200px) 100vw, 200px\" \/><\/a><\/span><\/div><div class=\"fusion-title title fusion-title-2 fusion-sep-none fusion-title-center fusion-title-text fusion-title-size-five\" style=\"--awb-text-color:var(--awb-color6);--awb-margin-bottom:0px;--awb-margin-top-small:10px;--awb-margin-right-small:0px;--awb-margin-bottom-small:10px;--awb-margin-left-small:0px;\"><h5 class=\"fusion-title-heading title-heading-center\" style=\"margin:0;\"><strong>GCA Erwan ROLLAND<\/strong><\/h5><\/div><div class=\"fusion-text fusion-text-1 fusion-text-no-margin\" style=\"--awb-content-alignment:center;--awb-margin-top:5px;--awb-margin-bottom:5px;\"><p><strong>Commissaire au Num\u00e9rique de D\u00e9fense<\/strong><br \/>\nCND<\/p>\n<\/div><\/div><\/div><div class=\"fusion-layout-column fusion_builder_column fusion-builder-column-2 fusion_builder_column_1_4 1_4 fusion-flex-column\" style=\"--awb-bg-size:cover;--awb-width-large:25%;--awb-margin-top-large:0px;--awb-spacing-right-large:7.68%;--awb-margin-bottom-large:30px;--awb-spacing-left-large:7.68%;--awb-width-medium:25%;--awb-order-medium:0;--awb-spacing-right-medium:7.68%;--awb-spacing-left-medium:7.68%;--awb-width-small:100%;--awb-order-small:0;--awb-spacing-right-small:1.92%;--awb-spacing-left-small:1.92%;\"><div class=\"fusion-column-wrapper fusion-column-has-shadow fusion-flex-justify-content-center fusion-content-layout-column\"><div class=\"fusion-image-element \" style=\"text-align:center;--awb-margin-bottom:10px;--awb-max-width:200px;--awb-caption-title-font-family:var(--h2_typography-font-family);--awb-caption-title-font-weight:var(--h2_typography-font-weight);--awb-caption-title-font-style:var(--h2_typography-font-style);--awb-caption-title-size:var(--h2_typography-font-size);--awb-caption-title-transform:var(--h2_typography-text-transform);--awb-caption-title-line-height:var(--h2_typography-line-height);--awb-caption-title-letter-spacing:var(--h2_typography-letter-spacing);--awb-filter:saturate(0%);--awb-filter-transition:filter 0.3s ease;--awb-filter-hover:saturate(100%);\"><span class=\" fusion-imageframe imageframe-dropshadow imageframe-2 hover-type-zoomin\" style=\"border-radius:50%;-webkit-box-shadow: 3px 3px 7px rgba(67,67,67,0.65);box-shadow: 3px 3px 7px rgba(67,67,67,0.65);\"><a class=\"fusion-no-lightbox\" href=\"https:\/\/defense-cyber.fr\/intervenants-defense-cyber\/benedicte-pilliet\/\" target=\"_blank\" aria-label=\"Benedicte PILLIET\" rel=\"noopener noreferrer\"><img decoding=\"async\" width=\"200\" height=\"200\" alt=\"Benedicte PILLIET, pr\u00e9sidente du CyberCercle - Cycle D\u00e9fense &amp; Cyber\" src=\"https:\/\/defense-cyber.fr\/rdefensecyber2026\/wp-content\/uploads\/sites\/5\/2022\/12\/Benedicte-PILLIET.jpg\" class=\"img-responsive wp-image-293\" srcset=\"https:\/\/defense-cyber.fr\/rdefensecyber2026\/wp-content\/uploads\/sites\/5\/2022\/12\/Benedicte-PILLIET-66x66.jpg 66w, https:\/\/defense-cyber.fr\/rdefensecyber2026\/wp-content\/uploads\/sites\/5\/2022\/12\/Benedicte-PILLIET-150x150.jpg 150w, https:\/\/defense-cyber.fr\/rdefensecyber2026\/wp-content\/uploads\/sites\/5\/2022\/12\/Benedicte-PILLIET.jpg 200w\" sizes=\"(max-width: 200px) 100vw, 200px\" \/><\/a><\/span><\/div><div class=\"fusion-title title fusion-title-3 fusion-sep-none fusion-title-center fusion-title-text fusion-title-size-five\" style=\"--awb-text-color:var(--awb-color6);--awb-margin-bottom:0px;--awb-margin-top-small:10px;--awb-margin-right-small:0px;--awb-margin-bottom-small:10px;--awb-margin-left-small:0px;\"><h5 class=\"fusion-title-heading title-heading-center\" style=\"margin:0;\"><strong>B\u00e9n\u00e9dicte PILLIET<\/strong><\/h5><\/div><div class=\"fusion-text fusion-text-2 fusion-text-no-margin\" style=\"--awb-content-alignment:center;--awb-margin-top:5px;--awb-margin-bottom:5px;\"><p><strong>Pr\u00e9sidente<\/strong><br \/>\nCyberCercle<\/p>\n<\/div><\/div><\/div><div class=\"fusion-layout-column fusion_builder_column fusion-builder-column-3 fusion_builder_column_1_4 1_4 fusion-flex-column\" style=\"--awb-bg-size:cover;--awb-width-large:25%;--awb-margin-top-large:0px;--awb-spacing-right-large:7.68%;--awb-margin-bottom-large:30px;--awb-spacing-left-large:7.68%;--awb-width-medium:25%;--awb-order-medium:0;--awb-spacing-right-medium:7.68%;--awb-spacing-left-medium:7.68%;--awb-width-small:100%;--awb-order-small:0;--awb-spacing-right-small:1.92%;--awb-spacing-left-small:1.92%;\"><div class=\"fusion-column-wrapper fusion-column-has-shadow fusion-flex-justify-content-center fusion-content-layout-column\"><div class=\"fusion-image-element \" style=\"text-align:center;--awb-margin-bottom:10px;--awb-max-width:200px;--awb-caption-title-font-family:var(--h2_typography-font-family);--awb-caption-title-font-weight:var(--h2_typography-font-weight);--awb-caption-title-font-style:var(--h2_typography-font-style);--awb-caption-title-size:var(--h2_typography-font-size);--awb-caption-title-transform:var(--h2_typography-text-transform);--awb-caption-title-line-height:var(--h2_typography-line-height);--awb-caption-title-letter-spacing:var(--h2_typography-letter-spacing);--awb-filter:saturate(0%);--awb-filter-transition:filter 0.3s ease;--awb-filter-hover:saturate(100%);\"><span class=\" fusion-imageframe imageframe-dropshadow imageframe-3 hover-type-zoomin\" style=\"border-radius:50%;-webkit-box-shadow: 3px 3px 7px rgba(67,67,67,0.65);box-shadow: 3px 3px 7px rgba(67,67,67,0.65);\"><img decoding=\"async\" width=\"187\" height=\"187\" alt=\"Marie RECALDE, intervenant au Cycle D\u00e9fense &amp; Cyber\" title=\"Marie RECALDE\" src=\"https:\/\/defense-cyber.fr\/rdefensecyber2026\/wp-content\/uploads\/sites\/5\/2026\/03\/photo_recalde_2025_carre.jpg\" class=\"img-responsive wp-image-1762\" srcset=\"https:\/\/defense-cyber.fr\/rdefensecyber2026\/wp-content\/uploads\/sites\/5\/2026\/03\/photo_recalde_2025_carre-66x66.jpg 66w, https:\/\/defense-cyber.fr\/rdefensecyber2026\/wp-content\/uploads\/sites\/5\/2026\/03\/photo_recalde_2025_carre-150x150.jpg 150w, https:\/\/defense-cyber.fr\/rdefensecyber2026\/wp-content\/uploads\/sites\/5\/2026\/03\/photo_recalde_2025_carre.jpg 187w\" sizes=\"(max-width: 187px) 100vw, 187px\" \/><\/span><\/div><div class=\"fusion-title title fusion-title-4 fusion-sep-none fusion-title-center fusion-title-text fusion-title-size-five\" style=\"--awb-text-color:var(--awb-color6);--awb-margin-bottom:0px;--awb-margin-top-small:10px;--awb-margin-right-small:0px;--awb-margin-bottom-small:10px;--awb-margin-left-small:0px;\"><h5 class=\"fusion-title-heading title-heading-center\" style=\"margin:0;\"><strong>Marie RECALDE<\/strong><\/h5><\/div><div class=\"fusion-text fusion-text-3 fusion-text-no-margin\" style=\"--awb-content-alignment:center;--awb-margin-top:5px;--awb-margin-bottom:5px;\"><p><strong>D\u00e9put\u00e9e de la Gironde<\/strong><br \/>\nSecr\u00e9taire de la commission de la D\u00e9fense nationale et des Forces arm\u00e9es de l\u2019Assembl\u00e9e nationale<\/p>\n<\/div><\/div><\/div><div class=\"fusion-layout-column fusion_builder_column fusion-builder-column-4 fusion_builder_column_1_4 1_4 fusion-flex-column\" style=\"--awb-bg-size:cover;--awb-width-large:25%;--awb-margin-top-large:0px;--awb-spacing-right-large:7.68%;--awb-margin-bottom-large:30px;--awb-spacing-left-large:7.68%;--awb-width-medium:25%;--awb-order-medium:0;--awb-spacing-right-medium:7.68%;--awb-spacing-left-medium:7.68%;--awb-width-small:100%;--awb-order-small:0;--awb-spacing-right-small:1.92%;--awb-spacing-left-small:1.92%;\"><div class=\"fusion-column-wrapper fusion-column-has-shadow fusion-flex-justify-content-center fusion-content-layout-column\"><div class=\"fusion-image-element \" style=\"text-align:center;--awb-margin-bottom:10px;--awb-max-width:200px;--awb-caption-title-font-family:var(--h2_typography-font-family);--awb-caption-title-font-weight:var(--h2_typography-font-weight);--awb-caption-title-font-style:var(--h2_typography-font-style);--awb-caption-title-size:var(--h2_typography-font-size);--awb-caption-title-transform:var(--h2_typography-text-transform);--awb-caption-title-line-height:var(--h2_typography-line-height);--awb-caption-title-letter-spacing:var(--h2_typography-letter-spacing);--awb-filter:saturate(0%);--awb-filter-transition:filter 0.3s ease;--awb-filter-hover:saturate(100%);\"><span class=\" fusion-imageframe imageframe-dropshadow imageframe-4 hover-type-zoomin\" style=\"border-radius:50%;-webkit-box-shadow: 3px 3px 7px rgba(67,67,67,0.65);box-shadow: 3px 3px 7px rgba(67,67,67,0.65);\"><a class=\"fusion-no-lightbox\" href=\"https:\/\/defense-cyber.fr\/intervenants-defense-cyber\/olivier-cadic\/\" target=\"_blank\" aria-label=\"Olivier CADIC\" rel=\"noopener noreferrer\"><img decoding=\"async\" width=\"250\" height=\"250\" alt=\"Olivier CADIC, s\u00e9nateur\" src=\"https:\/\/defense-cyber.fr\/rdefensecyber2026\/wp-content\/uploads\/sites\/5\/2026\/03\/Banniere-Cycle-Defense-Cyber_2026.jpg\" class=\"img-responsive wp-image-1754\" srcset=\"https:\/\/defense-cyber.fr\/rdefensecyber2026\/wp-content\/uploads\/sites\/5\/2026\/03\/Banniere-Cycle-Defense-Cyber_2026-200x200.jpg 200w, https:\/\/defense-cyber.fr\/rdefensecyber2026\/wp-content\/uploads\/sites\/5\/2026\/03\/Banniere-Cycle-Defense-Cyber_2026.jpg 250w\" sizes=\"(max-width: 640px) 100vw, 250px\" \/><\/a><\/span><\/div><div class=\"fusion-title title fusion-title-5 fusion-sep-none fusion-title-center fusion-title-text fusion-title-size-five\" style=\"--awb-text-color:var(--awb-color6);--awb-margin-bottom:0px;--awb-margin-top-small:10px;--awb-margin-right-small:0px;--awb-margin-bottom-small:10px;--awb-margin-left-small:0px;\"><h5 class=\"fusion-title-heading title-heading-center\" style=\"margin:0;\"><strong>Olivier CADIC<\/strong><\/h5><\/div><div class=\"fusion-text fusion-text-4 fusion-text-no-margin\" style=\"--awb-content-alignment:center;--awb-margin-top:5px;--awb-margin-bottom:5px;\"><p><strong>S\u00e9nateur repr\u00e9sentant les Fran\u00e7ais \u00e9tablis hors de France<\/strong><br \/>\nVice-pr\u00e9sident de la commission des Affaires \u00e9trang\u00e8res, de la D\u00e9fense et des Forces arm\u00e9es du S\u00e9nat<\/p>\n<\/div><\/div><\/div><div class=\"fusion-layout-column fusion_builder_column fusion-builder-column-5 fusion_builder_column_1_4 1_4 fusion-flex-column\" style=\"--awb-bg-size:cover;--awb-width-large:25%;--awb-margin-top-large:0px;--awb-spacing-right-large:7.68%;--awb-margin-bottom-large:30px;--awb-spacing-left-large:7.68%;--awb-width-medium:25%;--awb-order-medium:0;--awb-spacing-right-medium:7.68%;--awb-spacing-left-medium:7.68%;--awb-width-small:100%;--awb-order-small:0;--awb-spacing-right-small:1.92%;--awb-spacing-left-small:1.92%;\"><div class=\"fusion-column-wrapper fusion-column-has-shadow fusion-flex-justify-content-center fusion-content-layout-column\"><div class=\"fusion-image-element \" style=\"text-align:center;--awb-margin-bottom:10px;--awb-max-width:200px;--awb-caption-title-font-family:var(--h2_typography-font-family);--awb-caption-title-font-weight:var(--h2_typography-font-weight);--awb-caption-title-font-style:var(--h2_typography-font-style);--awb-caption-title-size:var(--h2_typography-font-size);--awb-caption-title-transform:var(--h2_typography-text-transform);--awb-caption-title-line-height:var(--h2_typography-line-height);--awb-caption-title-letter-spacing:var(--h2_typography-letter-spacing);--awb-filter:saturate(0%);--awb-filter-transition:filter 0.3s ease;--awb-filter-hover:saturate(100%);\"><span class=\" fusion-imageframe imageframe-dropshadow imageframe-5 hover-type-zoomin\" style=\"border-radius:50%;-webkit-box-shadow: 3px 3px 7px rgba(67,67,67,0.65);box-shadow: 3px 3px 7px rgba(67,67,67,0.65);\"><a class=\"fusion-no-lightbox\" href=\"https:\/\/defense-cyber.fr\/intervenants-defense-cyber\/ludovic-haye\/\" target=\"_blank\" aria-label=\"Ludovic HAYE\" rel=\"noopener noreferrer\"><img decoding=\"async\" width=\"200\" height=\"200\" alt=\"Ludovic HAYE, s\u00e9nateur\" src=\"https:\/\/defense-cyber.fr\/rdefensecyber2026\/wp-content\/uploads\/sites\/5\/2026\/03\/Photo_carre_senateurhaye-200x200-1.jpg\" class=\"img-responsive wp-image-1755\" srcset=\"https:\/\/defense-cyber.fr\/rdefensecyber2026\/wp-content\/uploads\/sites\/5\/2026\/03\/Photo_carre_senateurhaye-200x200-1-66x66.jpg 66w, https:\/\/defense-cyber.fr\/rdefensecyber2026\/wp-content\/uploads\/sites\/5\/2026\/03\/Photo_carre_senateurhaye-200x200-1-150x150.jpg 150w, https:\/\/defense-cyber.fr\/rdefensecyber2026\/wp-content\/uploads\/sites\/5\/2026\/03\/Photo_carre_senateurhaye-200x200-1.jpg 200w\" sizes=\"(max-width: 200px) 100vw, 200px\" \/><\/a><\/span><\/div><div class=\"fusion-title title fusion-title-6 fusion-sep-none fusion-title-center fusion-title-text fusion-title-size-five\" style=\"--awb-text-color:var(--awb-color6);--awb-margin-bottom:0px;--awb-margin-top-small:10px;--awb-margin-right-small:0px;--awb-margin-bottom-small:10px;--awb-margin-left-small:0px;\"><h5 class=\"fusion-title-heading title-heading-center\" style=\"margin:0;\"><strong>Ludovic HAYE<\/strong><\/h5><\/div><div class=\"fusion-text fusion-text-5 fusion-text-no-margin\" style=\"--awb-content-alignment:center;--awb-margin-top:5px;--awb-margin-bottom:5px;\"><p><strong>S\u00e9nateur du Haut-Rhin<\/strong><br \/>\nMembre de la commission des Affaires \u00e9trang\u00e8res, de la D\u00e9fense et des Forces arm\u00e9es du S\u00e9nat<\/p>\n<\/div><\/div><\/div><div class=\"fusion-layout-column fusion_builder_column fusion-builder-column-6 fusion_builder_column_1_4 1_4 fusion-flex-column\" style=\"--awb-bg-size:cover;--awb-width-large:25%;--awb-margin-top-large:0px;--awb-spacing-right-large:7.68%;--awb-margin-bottom-large:30px;--awb-spacing-left-large:7.68%;--awb-width-medium:25%;--awb-order-medium:0;--awb-spacing-right-medium:7.68%;--awb-spacing-left-medium:7.68%;--awb-width-small:100%;--awb-order-small:0;--awb-spacing-right-small:1.92%;--awb-spacing-left-small:1.92%;\" data-scroll-devices=\"small-visibility,medium-visibility,large-visibility\"><div class=\"fusion-column-wrapper fusion-column-has-shadow fusion-flex-justify-content-center fusion-content-layout-column\"><div class=\"fusion-image-element \" style=\"text-align:center;--awb-margin-bottom:10px;--awb-max-width:200px;--awb-caption-title-font-family:var(--h2_typography-font-family);--awb-caption-title-font-weight:var(--h2_typography-font-weight);--awb-caption-title-font-style:var(--h2_typography-font-style);--awb-caption-title-size:var(--h2_typography-font-size);--awb-caption-title-transform:var(--h2_typography-text-transform);--awb-caption-title-line-height:var(--h2_typography-line-height);--awb-caption-title-letter-spacing:var(--h2_typography-letter-spacing);--awb-filter:saturate(0%);--awb-filter-transition:filter 0.3s ease;--awb-filter-hover:saturate(100%);\"><span class=\" fusion-imageframe imageframe-dropshadow imageframe-6 hover-type-zoomin\" style=\"border-radius:50%;-webkit-box-shadow: 3px 3px 7px rgba(67,67,67,0.65);box-shadow: 3px 3px 7px rgba(67,67,67,0.65);\"><a class=\"fusion-no-lightbox\" href=\"https:\/\/defense-cyber.fr\/intervenants-defense-cyber\/gbr-jean-rene-couanau\/\" target=\"_blank\" aria-label=\"GBR Jean-Ren\u00e9 COUANAU\" rel=\"noopener noreferrer\"><img decoding=\"async\" width=\"550\" height=\"550\" alt=\"GBR Jean-Ren\u00e9 COUANAU - Rencontres D\u00e9fense &amp; Cyber\" src=\"https:\/\/defense-cyber.fr\/rdefensecyber2026\/wp-content\/uploads\/sites\/5\/2024\/05\/photo_couanau_carre.jpg\" class=\"img-responsive wp-image-1507\" srcset=\"https:\/\/defense-cyber.fr\/rdefensecyber2026\/wp-content\/uploads\/sites\/5\/2024\/05\/photo_couanau_carre-200x200.jpg 200w, https:\/\/defense-cyber.fr\/rdefensecyber2026\/wp-content\/uploads\/sites\/5\/2024\/05\/photo_couanau_carre-400x400.jpg 400w, https:\/\/defense-cyber.fr\/rdefensecyber2026\/wp-content\/uploads\/sites\/5\/2024\/05\/photo_couanau_carre.jpg 550w\" sizes=\"(max-width: 640px) 100vw, 400px\" \/><\/a><\/span><\/div><div class=\"fusion-title title fusion-title-7 fusion-sep-none fusion-title-center fusion-title-text fusion-title-size-five\" style=\"--awb-text-color:var(--awb-color6);--awb-margin-bottom:0px;--awb-margin-top-small:10px;--awb-margin-right-small:0px;--awb-margin-bottom-small:10px;--awb-margin-left-small:0px;\"><h5 class=\"fusion-title-heading title-heading-center\" style=\"margin:0;\"><strong>GDI Jean-Ren\u00e9 COUANAU<\/strong><\/h5><\/div><div class=\"fusion-text fusion-text-6 fusion-text-no-margin\" style=\"--awb-content-alignment:center;--awb-margin-top:5px;--awb-margin-bottom:5px;\"><p><strong>Commandant de l&rsquo;Appui terrestre num\u00e9rique et cyber<br \/>\n<\/strong>Forces op\u00e9rationnelles terrestres<\/p>\n<\/div><\/div><\/div><div class=\"fusion-layout-column fusion_builder_column fusion-builder-column-7 fusion_builder_column_1_4 1_4 fusion-flex-column\" style=\"--awb-bg-size:cover;--awb-width-large:25%;--awb-margin-top-large:0px;--awb-spacing-right-large:7.68%;--awb-margin-bottom-large:30px;--awb-spacing-left-large:7.68%;--awb-width-medium:25%;--awb-order-medium:0;--awb-spacing-right-medium:7.68%;--awb-spacing-left-medium:7.68%;--awb-width-small:100%;--awb-order-small:0;--awb-spacing-right-small:1.92%;--awb-spacing-left-small:1.92%;\"><div class=\"fusion-column-wrapper fusion-column-has-shadow fusion-flex-justify-content-center fusion-content-layout-column\"><div class=\"fusion-image-element \" style=\"text-align:center;--awb-margin-bottom:10px;--awb-max-width:200px;--awb-caption-title-font-family:var(--h2_typography-font-family);--awb-caption-title-font-weight:var(--h2_typography-font-weight);--awb-caption-title-font-style:var(--h2_typography-font-style);--awb-caption-title-size:var(--h2_typography-font-size);--awb-caption-title-transform:var(--h2_typography-text-transform);--awb-caption-title-line-height:var(--h2_typography-line-height);--awb-caption-title-letter-spacing:var(--h2_typography-letter-spacing);--awb-filter:saturate(0%);--awb-filter-transition:filter 0.3s ease;--awb-filter-hover:saturate(100%);\"><span class=\" fusion-imageframe imageframe-dropshadow imageframe-7 hover-type-zoomin\" style=\"border-radius:50%;-webkit-box-shadow: 3px 3px 7px rgba(67,67,67,0.65);box-shadow: 3px 3px 7px rgba(67,67,67,0.65);\"><a class=\"fusion-no-lightbox\" href=\"https:\/\/defense-cyber.fr\/intervenants-defense-cyber\/pierre-yves-hentzen\/\" target=\"_blank\" aria-label=\"Pierre-Yves HENTZEN\" rel=\"noopener noreferrer\"><img decoding=\"async\" width=\"200\" height=\"200\" alt=\"Pierre-Yves HENTZEN\" src=\"https:\/\/defense-cyber.fr\/rdefensecyber2026\/wp-content\/uploads\/sites\/5\/2026\/03\/photo_hentzen_carre_200.jpg\" class=\"img-responsive wp-image-1807\" srcset=\"https:\/\/defense-cyber.fr\/rdefensecyber2026\/wp-content\/uploads\/sites\/5\/2026\/03\/photo_hentzen_carre_200-66x66.jpg 66w, https:\/\/defense-cyber.fr\/rdefensecyber2026\/wp-content\/uploads\/sites\/5\/2026\/03\/photo_hentzen_carre_200-150x150.jpg 150w, https:\/\/defense-cyber.fr\/rdefensecyber2026\/wp-content\/uploads\/sites\/5\/2026\/03\/photo_hentzen_carre_200.jpg 200w\" sizes=\"(max-width: 200px) 100vw, 200px\" \/><\/a><\/span><\/div><div class=\"fusion-title title fusion-title-8 fusion-sep-none fusion-title-center fusion-title-text fusion-title-size-five\" style=\"--awb-text-color:var(--awb-color6);--awb-margin-bottom:0px;--awb-margin-top-small:10px;--awb-margin-right-small:0px;--awb-margin-bottom-small:10px;--awb-margin-left-small:0px;\"><h5 class=\"fusion-title-heading title-heading-center\" style=\"margin:0;\"><strong>Pierre-Yves HENTZEN<\/strong><\/h5><\/div><div class=\"fusion-text fusion-text-7 fusion-text-no-margin\" style=\"--awb-content-alignment:center;--awb-margin-top:5px;--awb-margin-bottom:5px;\"><p><strong>Pr\u00e9sident &amp; CEO<\/strong><br \/>\nSTORMSHIELD<\/p>\n<\/div><\/div><\/div><div class=\"fusion-layout-column fusion_builder_column fusion-builder-column-8 fusion_builder_column_1_4 1_4 fusion-flex-column\" style=\"--awb-bg-size:cover;--awb-width-large:25%;--awb-margin-top-large:0px;--awb-spacing-right-large:7.68%;--awb-margin-bottom-large:30px;--awb-spacing-left-large:7.68%;--awb-width-medium:25%;--awb-order-medium:0;--awb-spacing-right-medium:7.68%;--awb-spacing-left-medium:7.68%;--awb-width-small:100%;--awb-order-small:0;--awb-spacing-right-small:1.92%;--awb-spacing-left-small:1.92%;\" data-scroll-devices=\"small-visibility,medium-visibility,large-visibility\"><div class=\"fusion-column-wrapper fusion-column-has-shadow fusion-flex-justify-content-center fusion-content-layout-column\"><div class=\"fusion-image-element \" style=\"text-align:center;--awb-margin-bottom:10px;--awb-max-width:200px;--awb-caption-title-font-family:var(--h2_typography-font-family);--awb-caption-title-font-weight:var(--h2_typography-font-weight);--awb-caption-title-font-style:var(--h2_typography-font-style);--awb-caption-title-size:var(--h2_typography-font-size);--awb-caption-title-transform:var(--h2_typography-text-transform);--awb-caption-title-line-height:var(--h2_typography-line-height);--awb-caption-title-letter-spacing:var(--h2_typography-letter-spacing);--awb-filter:saturate(0%);--awb-filter-transition:filter 0.3s ease;--awb-filter-hover:saturate(100%);\"><span class=\" fusion-imageframe imageframe-dropshadow imageframe-8 hover-type-zoomin\" style=\"border-radius:50%;-webkit-box-shadow: 3px 3px 7px rgba(67,67,67,0.65);box-shadow: 3px 3px 7px rgba(67,67,67,0.65);\"><a class=\"fusion-no-lightbox\" href=\"https:\/\/defense-cyber.fr\/intervenants-defense-cyber\/christophe-piubeni\/\" target=\"_blank\" aria-label=\"Colonel Christophe PIUBENI\" rel=\"noopener noreferrer\"><img decoding=\"async\" width=\"300\" height=\"300\" alt=\"Colonel Christophe PIUBENI, internenant au Cycle d\u00e9fense &amp; Cyber\" src=\"https:\/\/defense-cyber.fr\/rdefensecyber2026\/wp-content\/uploads\/sites\/5\/2026\/03\/photo_colonel_piubeni-300x300.jpg\" class=\"img-responsive wp-image-1825\" srcset=\"https:\/\/defense-cyber.fr\/rdefensecyber2026\/wp-content\/uploads\/sites\/5\/2026\/03\/photo_colonel_piubeni-200x200.jpg 200w, https:\/\/defense-cyber.fr\/rdefensecyber2026\/wp-content\/uploads\/sites\/5\/2026\/03\/photo_colonel_piubeni.jpg 400w\" sizes=\"(max-width: 640px) 100vw, 300px\" \/><\/a><\/span><\/div><div class=\"fusion-title title fusion-title-9 fusion-sep-none fusion-title-center fusion-title-text fusion-title-size-five\" style=\"--awb-text-color:var(--awb-color6);--awb-margin-bottom:0px;--awb-margin-top-small:10px;--awb-margin-right-small:0px;--awb-margin-bottom-small:10px;--awb-margin-left-small:0px;\"><h5 class=\"fusion-title-heading title-heading-center\" style=\"margin:0;\"><strong>Colonel Christophe PIUBENI<\/strong><\/h5><\/div><div class=\"fusion-text fusion-text-8 fusion-text-no-margin\" style=\"--awb-content-alignment:center;--awb-margin-top:5px;--awb-margin-bottom:5px;\"><p><strong>Sous-directeur Strat\u00e9gie<\/strong><br \/>\nAgence minist\u00e9rielle pour l\u2019Intelligence artificielle de D\u00e9fense<\/p>\n<\/div><\/div><\/div><div class=\"fusion-layout-column fusion_builder_column fusion-builder-column-9 fusion_builder_column_1_4 1_4 fusion-flex-column\" style=\"--awb-bg-size:cover;--awb-width-large:25%;--awb-margin-top-large:0px;--awb-spacing-right-large:7.68%;--awb-margin-bottom-large:30px;--awb-spacing-left-large:7.68%;--awb-width-medium:25%;--awb-order-medium:0;--awb-spacing-right-medium:7.68%;--awb-spacing-left-medium:7.68%;--awb-width-small:100%;--awb-order-small:0;--awb-spacing-right-small:1.92%;--awb-spacing-left-small:1.92%;\" data-scroll-devices=\"small-visibility,medium-visibility,large-visibility\"><div class=\"fusion-column-wrapper fusion-column-has-shadow fusion-flex-justify-content-center fusion-content-layout-column\"><div class=\"fusion-image-element \" style=\"text-align:center;--awb-margin-bottom:10px;--awb-max-width:200px;--awb-caption-title-font-family:var(--h2_typography-font-family);--awb-caption-title-font-weight:var(--h2_typography-font-weight);--awb-caption-title-font-style:var(--h2_typography-font-style);--awb-caption-title-size:var(--h2_typography-font-size);--awb-caption-title-transform:var(--h2_typography-text-transform);--awb-caption-title-line-height:var(--h2_typography-line-height);--awb-caption-title-letter-spacing:var(--h2_typography-letter-spacing);--awb-filter:saturate(0%);--awb-filter-transition:filter 0.3s ease;--awb-filter-hover:saturate(100%);\"><span class=\" fusion-imageframe imageframe-dropshadow imageframe-9 hover-type-zoomin\" style=\"border-radius:50%;-webkit-box-shadow: 3px 3px 7px rgba(67,67,67,0.65);box-shadow: 3px 3px 7px rgba(67,67,67,0.65);\"><a class=\"fusion-no-lightbox\" href=\"https:\/\/defense-cyber.fr\/intervenants-defense-cyber\/pascale-monier\/\" target=\"_blank\" aria-label=\"Pascale Monier\" rel=\"noopener noreferrer\"><img decoding=\"async\" width=\"300\" height=\"300\" alt=\"Pascale MONIER\" src=\"https:\/\/defense-cyber.fr\/rdefensecyber2026\/wp-content\/uploads\/sites\/5\/2026\/03\/photo_monier_carre-300x300.jpg\" class=\"img-responsive wp-image-1824\" srcset=\"https:\/\/defense-cyber.fr\/rdefensecyber2026\/wp-content\/uploads\/sites\/5\/2026\/03\/photo_monier_carre-200x200.jpg 200w, https:\/\/defense-cyber.fr\/rdefensecyber2026\/wp-content\/uploads\/sites\/5\/2026\/03\/photo_monier_carre-400x400.jpg 400w, https:\/\/defense-cyber.fr\/rdefensecyber2026\/wp-content\/uploads\/sites\/5\/2026\/03\/photo_monier_carre-600x600.jpg 600w, https:\/\/defense-cyber.fr\/rdefensecyber2026\/wp-content\/uploads\/sites\/5\/2026\/03\/photo_monier_carre-800x800.jpg 800w, https:\/\/defense-cyber.fr\/rdefensecyber2026\/wp-content\/uploads\/sites\/5\/2026\/03\/photo_monier_carre-1200x1200.jpg 1200w\" sizes=\"(max-width: 640px) 100vw, 400px\" \/><\/a><\/span><\/div><div class=\"fusion-title title fusion-title-10 fusion-sep-none fusion-title-center fusion-title-text fusion-title-size-five\" style=\"--awb-text-color:var(--awb-color6);--awb-margin-bottom:0px;--awb-margin-top-small:10px;--awb-margin-right-small:0px;--awb-margin-bottom-small:10px;--awb-margin-left-small:0px;\"><h5 class=\"fusion-title-heading title-heading-center\" style=\"margin:0;\"><strong>Pascale MONIER<\/strong><\/h5><\/div><div class=\"fusion-text fusion-text-9 fusion-text-no-margin\" style=\"--awb-content-alignment:center;--awb-margin-top:5px;--awb-margin-bottom:5px;\"><p><strong>Cheffe du bureau cybers\u00e9curisation et r\u00e9silience<\/strong><br \/>\nDGA<\/p>\n<\/div><\/div><\/div><div class=\"fusion-layout-column fusion_builder_column fusion-builder-column-10 fusion_builder_column_1_4 1_4 fusion-flex-column\" style=\"--awb-bg-size:cover;--awb-width-large:25%;--awb-margin-top-large:0px;--awb-spacing-right-large:7.68%;--awb-margin-bottom-large:30px;--awb-spacing-left-large:7.68%;--awb-width-medium:25%;--awb-order-medium:0;--awb-spacing-right-medium:7.68%;--awb-spacing-left-medium:7.68%;--awb-width-small:100%;--awb-order-small:0;--awb-spacing-right-small:1.92%;--awb-spacing-left-small:1.92%;\"><div class=\"fusion-column-wrapper fusion-column-has-shadow fusion-flex-justify-content-center fusion-content-layout-column\"><div class=\"fusion-image-element \" style=\"text-align:center;--awb-margin-bottom:10px;--awb-max-width:200px;--awb-caption-title-font-family:var(--h2_typography-font-family);--awb-caption-title-font-weight:var(--h2_typography-font-weight);--awb-caption-title-font-style:var(--h2_typography-font-style);--awb-caption-title-size:var(--h2_typography-font-size);--awb-caption-title-transform:var(--h2_typography-text-transform);--awb-caption-title-line-height:var(--h2_typography-line-height);--awb-caption-title-letter-spacing:var(--h2_typography-letter-spacing);--awb-filter:saturate(0%);--awb-filter-transition:filter 0.3s ease;--awb-filter-hover:saturate(100%);\"><span class=\" fusion-imageframe imageframe-dropshadow imageframe-10 hover-type-zoomin\" style=\"border-radius:50%;-webkit-box-shadow: 3px 3px 7px rgba(67,67,67,0.65);box-shadow: 3px 3px 7px rgba(67,67,67,0.65);\"><a class=\"fusion-no-lightbox\" href=\"https:\/\/defense-cyber.fr\/intervenants-defense-cyber\/benoit-moreau\/\" target=\"_blank\" aria-label=\"Benoit MOREAU\" rel=\"noopener noreferrer\"><img decoding=\"async\" width=\"250\" height=\"250\" alt=\"Benoit MOREAU, intervenant du Cycle D\u00e9fense &amp; Cyber\" src=\"https:\/\/defense-cyber.fr\/rdefensecyber2026\/wp-content\/uploads\/sites\/5\/2026\/03\/Benoit-MOREAU.jpg\" class=\"img-responsive wp-image-1756\" srcset=\"https:\/\/defense-cyber.fr\/rdefensecyber2026\/wp-content\/uploads\/sites\/5\/2026\/03\/Benoit-MOREAU-200x200.jpg 200w, https:\/\/defense-cyber.fr\/rdefensecyber2026\/wp-content\/uploads\/sites\/5\/2026\/03\/Benoit-MOREAU.jpg 250w\" sizes=\"(max-width: 640px) 100vw, 250px\" \/><\/a><\/span><\/div><div class=\"fusion-title title fusion-title-11 fusion-sep-none fusion-title-center fusion-title-text fusion-title-size-five\" style=\"--awb-text-color:var(--awb-color6);--awb-margin-bottom:0px;--awb-margin-top-small:10px;--awb-margin-right-small:0px;--awb-margin-bottom-small:10px;--awb-margin-left-small:0px;\"><h5 class=\"fusion-title-heading title-heading-center\" style=\"margin:0;\"><strong>Benoit MOREAU<\/strong><\/h5><\/div><div class=\"fusion-text fusion-text-10 fusion-text-no-margin\" style=\"--awb-content-alignment:center;--awb-margin-top:5px;--awb-margin-bottom:5px;\"><p><strong>Head of Cyberdefense<\/strong><br \/>\nArianeGroup<\/p>\n<\/div><\/div><\/div><div class=\"fusion-layout-column fusion_builder_column fusion-builder-column-11 fusion_builder_column_1_4 1_4 fusion-flex-column\" style=\"--awb-bg-size:cover;--awb-width-large:25%;--awb-margin-top-large:0px;--awb-spacing-right-large:7.68%;--awb-margin-bottom-large:30px;--awb-spacing-left-large:7.68%;--awb-width-medium:25%;--awb-order-medium:0;--awb-spacing-right-medium:7.68%;--awb-spacing-left-medium:7.68%;--awb-width-small:100%;--awb-order-small:0;--awb-spacing-right-small:1.92%;--awb-spacing-left-small:1.92%;\"><div class=\"fusion-column-wrapper fusion-column-has-shadow fusion-flex-justify-content-center fusion-content-layout-column\"><div class=\"fusion-image-element \" style=\"text-align:center;--awb-margin-bottom:10px;--awb-max-width:200px;--awb-caption-title-font-family:var(--h2_typography-font-family);--awb-caption-title-font-weight:var(--h2_typography-font-weight);--awb-caption-title-font-style:var(--h2_typography-font-style);--awb-caption-title-size:var(--h2_typography-font-size);--awb-caption-title-transform:var(--h2_typography-text-transform);--awb-caption-title-line-height:var(--h2_typography-line-height);--awb-caption-title-letter-spacing:var(--h2_typography-letter-spacing);--awb-filter:saturate(0%);--awb-filter-transition:filter 0.3s ease;--awb-filter-hover:saturate(100%);\"><span class=\" fusion-imageframe imageframe-dropshadow imageframe-11 hover-type-zoomin\" style=\"border-radius:50%;-webkit-box-shadow: 3px 3px 7px rgba(67,67,67,0.65);box-shadow: 3px 3px 7px rgba(67,67,67,0.65);\"><a class=\"fusion-no-lightbox\" href=\"https:\/\/defense-cyber.fr\/intervenants-defense-cyber\/nicolas-guillet\" target=\"_blank\" aria-label=\"Nicolas Guillet\" rel=\"noopener noreferrer\"><img decoding=\"async\" width=\"200\" height=\"200\" alt=\"Nicolas GUILLET, intervenant du Cycle D\u00e9fense &amp; Cyber\" src=\"https:\/\/defense-cyber.fr\/rdefensecyber2026\/wp-content\/uploads\/sites\/5\/2026\/03\/Nicolas_Guillet_200.jpg\" class=\"img-responsive wp-image-1891\" srcset=\"https:\/\/defense-cyber.fr\/rdefensecyber2026\/wp-content\/uploads\/sites\/5\/2026\/03\/Nicolas_Guillet_200-66x66.jpg 66w, https:\/\/defense-cyber.fr\/rdefensecyber2026\/wp-content\/uploads\/sites\/5\/2026\/03\/Nicolas_Guillet_200-150x150.jpg 150w, https:\/\/defense-cyber.fr\/rdefensecyber2026\/wp-content\/uploads\/sites\/5\/2026\/03\/Nicolas_Guillet_200.jpg 200w\" sizes=\"(max-width: 200px) 100vw, 200px\" \/><\/a><\/span><\/div><div class=\"fusion-title title fusion-title-12 fusion-sep-none fusion-title-center fusion-title-text fusion-title-size-five\" style=\"--awb-text-color:var(--awb-color6);--awb-margin-bottom:0px;--awb-margin-top-small:10px;--awb-margin-right-small:0px;--awb-margin-bottom-small:10px;--awb-margin-left-small:0px;\"><h5 class=\"fusion-title-heading title-heading-center\" style=\"margin:0;\"><strong>Nicolas GUILLET<\/strong><\/h5><\/div><div class=\"fusion-text fusion-text-11 fusion-text-no-margin\" style=\"--awb-content-alignment:center;--awb-margin-top:5px;--awb-margin-bottom:5px;\"><p><strong>Product Cyber Security Officer<\/strong><br \/>\nMBDA France<\/p>\n<\/div><\/div><\/div><div class=\"fusion-layout-column fusion_builder_column fusion-builder-column-12 fusion_builder_column_1_4 1_4 fusion-flex-column\" style=\"--awb-bg-size:cover;--awb-width-large:25%;--awb-margin-top-large:0px;--awb-spacing-right-large:7.68%;--awb-margin-bottom-large:30px;--awb-spacing-left-large:7.68%;--awb-width-medium:25%;--awb-order-medium:0;--awb-spacing-right-medium:7.68%;--awb-spacing-left-medium:7.68%;--awb-width-small:100%;--awb-order-small:0;--awb-spacing-right-small:1.92%;--awb-spacing-left-small:1.92%;\"><div class=\"fusion-column-wrapper fusion-column-has-shadow fusion-flex-justify-content-center fusion-content-layout-column\"><div class=\"fusion-image-element \" style=\"text-align:center;--awb-margin-bottom:10px;--awb-max-width:200px;--awb-caption-title-font-family:var(--h2_typography-font-family);--awb-caption-title-font-weight:var(--h2_typography-font-weight);--awb-caption-title-font-style:var(--h2_typography-font-style);--awb-caption-title-size:var(--h2_typography-font-size);--awb-caption-title-transform:var(--h2_typography-text-transform);--awb-caption-title-line-height:var(--h2_typography-line-height);--awb-caption-title-letter-spacing:var(--h2_typography-letter-spacing);--awb-filter:saturate(0%);--awb-filter-transition:filter 0.3s ease;--awb-filter-hover:saturate(100%);\"><span class=\" fusion-imageframe imageframe-dropshadow imageframe-12 hover-type-zoomin\" style=\"border-radius:50%;-webkit-box-shadow: 3px 3px 7px rgba(67,67,67,0.65);box-shadow: 3px 3px 7px rgba(67,67,67,0.65);\"><a class=\"fusion-no-lightbox\" href=\"https:\/\/defense-cyber.fr\/intervenants-defense-cyber\/philippe-loudenot\/\" target=\"_blank\" aria-label=\"Philippe LOUDENOT\" rel=\"noopener noreferrer\"><img decoding=\"async\" width=\"200\" height=\"200\" alt=\"Philippe LOUDENOT - Rencontres D\u00e9fense &amp; Cyber\" src=\"https:\/\/defense-cyber.fr\/rdefensecyber2026\/wp-content\/uploads\/sites\/5\/2026\/03\/photo_loudenot_2023_carre-200x200-1.jpg\" class=\"img-responsive wp-image-1758\" srcset=\"https:\/\/defense-cyber.fr\/rdefensecyber2026\/wp-content\/uploads\/sites\/5\/2026\/03\/photo_loudenot_2023_carre-200x200-1-66x66.jpg 66w, https:\/\/defense-cyber.fr\/rdefensecyber2026\/wp-content\/uploads\/sites\/5\/2026\/03\/photo_loudenot_2023_carre-200x200-1-150x150.jpg 150w, https:\/\/defense-cyber.fr\/rdefensecyber2026\/wp-content\/uploads\/sites\/5\/2026\/03\/photo_loudenot_2023_carre-200x200-1.jpg 200w\" sizes=\"(max-width: 200px) 100vw, 200px\" \/><\/a><\/span><\/div><div class=\"fusion-title title fusion-title-13 fusion-sep-none fusion-title-center fusion-title-text fusion-title-size-five\" style=\"--awb-text-color:var(--awb-color6);--awb-margin-bottom:0px;--awb-margin-top-small:10px;--awb-margin-right-small:0px;--awb-margin-bottom-small:10px;--awb-margin-left-small:0px;\"><h5 class=\"fusion-title-heading title-heading-center\" style=\"margin:0;\"><strong>Philippe LOUDENOT<\/strong><\/h5><\/div><div class=\"fusion-text fusion-text-12 fusion-text-no-margin\" style=\"--awb-content-alignment:center;--awb-margin-top:5px;--awb-margin-bottom:5px;\"><p><strong>Senior advisor<\/strong><br \/>\nCyberCercle<\/p>\n<\/div><\/div><\/div><div class=\"fusion-layout-column fusion_builder_column fusion-builder-column-13 fusion_builder_column_1_4 1_4 fusion-flex-column\" style=\"--awb-bg-size:cover;--awb-width-large:25%;--awb-margin-top-large:0px;--awb-spacing-right-large:7.68%;--awb-margin-bottom-large:30px;--awb-spacing-left-large:7.68%;--awb-width-medium:25%;--awb-order-medium:0;--awb-spacing-right-medium:7.68%;--awb-spacing-left-medium:7.68%;--awb-width-small:100%;--awb-order-small:0;--awb-spacing-right-small:1.92%;--awb-spacing-left-small:1.92%;\"><div class=\"fusion-column-wrapper fusion-column-has-shadow fusion-flex-justify-content-center fusion-content-layout-column\"><div class=\"fusion-image-element \" style=\"text-align:center;--awb-margin-bottom:10px;--awb-max-width:200px;--awb-caption-title-font-family:var(--h2_typography-font-family);--awb-caption-title-font-weight:var(--h2_typography-font-weight);--awb-caption-title-font-style:var(--h2_typography-font-style);--awb-caption-title-size:var(--h2_typography-font-size);--awb-caption-title-transform:var(--h2_typography-text-transform);--awb-caption-title-line-height:var(--h2_typography-line-height);--awb-caption-title-letter-spacing:var(--h2_typography-letter-spacing);--awb-filter:saturate(0%);--awb-filter-transition:filter 0.3s ease;--awb-filter-hover:saturate(100%);\"><span class=\" fusion-imageframe imageframe-dropshadow imageframe-13 hover-type-zoomin\" style=\"border-radius:50%;-webkit-box-shadow: 3px 3px 7px rgba(67,67,67,0.65);box-shadow: 3px 3px 7px rgba(67,67,67,0.65);\"><a class=\"fusion-no-lightbox\" href=\"https:\/\/defense-cyber.fr\/intervenants-defense-cyber\/francois-coupez\/\" target=\"_blank\" aria-label=\"Fran\u00e7ois COUPEZ\" rel=\"noopener noreferrer\"><img decoding=\"async\" width=\"200\" height=\"200\" alt=\"Fran\u00e7ois COUPEZ - Rencontres D\u00e9fense &amp; Cyber\" src=\"https:\/\/defense-cyber.fr\/rdefensecyber2026\/wp-content\/uploads\/sites\/5\/2026\/03\/photo_coupez-200x200-1.jpg\" class=\"img-responsive wp-image-1780\" srcset=\"https:\/\/defense-cyber.fr\/rdefensecyber2026\/wp-content\/uploads\/sites\/5\/2026\/03\/photo_coupez-200x200-1-66x66.jpg 66w, https:\/\/defense-cyber.fr\/rdefensecyber2026\/wp-content\/uploads\/sites\/5\/2026\/03\/photo_coupez-200x200-1-150x150.jpg 150w, https:\/\/defense-cyber.fr\/rdefensecyber2026\/wp-content\/uploads\/sites\/5\/2026\/03\/photo_coupez-200x200-1.jpg 200w\" sizes=\"(max-width: 200px) 100vw, 200px\" \/><\/a><\/span><\/div><div class=\"fusion-title title fusion-title-14 fusion-sep-none fusion-title-center fusion-title-text fusion-title-size-five\" style=\"--awb-text-color:var(--awb-color6);--awb-margin-bottom:0px;--awb-margin-top-small:10px;--awb-margin-right-small:0px;--awb-margin-bottom-small:10px;--awb-margin-left-small:0px;\"><h5 class=\"fusion-title-heading title-heading-center\" style=\"margin:0;\"><strong>Fran\u00e7ois COUPEZ<\/strong><\/h5><\/div><div class=\"fusion-text fusion-text-13 fusion-text-no-margin\" style=\"--awb-content-alignment:center;--awb-margin-top:5px;--awb-margin-bottom:5px;\"><p><strong>Senior advisor<\/strong><br \/>\nCyberCercle<\/p>\n<\/div><\/div><\/div><div class=\"fusion-layout-column fusion_builder_column fusion-builder-column-14 fusion_builder_column_1_4 1_4 fusion-flex-column\" style=\"--awb-bg-size:cover;--awb-width-large:25%;--awb-margin-top-large:0px;--awb-spacing-right-large:7.68%;--awb-margin-bottom-large:30px;--awb-spacing-left-large:7.68%;--awb-width-medium:25%;--awb-order-medium:0;--awb-spacing-right-medium:7.68%;--awb-spacing-left-medium:7.68%;--awb-width-small:100%;--awb-order-small:0;--awb-spacing-right-small:1.92%;--awb-spacing-left-small:1.92%;\"><div class=\"fusion-column-wrapper fusion-column-has-shadow fusion-flex-justify-content-center fusion-content-layout-column\"><div class=\"fusion-image-element \" style=\"text-align:center;--awb-margin-bottom:10px;--awb-max-width:200px;--awb-caption-title-font-family:var(--h2_typography-font-family);--awb-caption-title-font-weight:var(--h2_typography-font-weight);--awb-caption-title-font-style:var(--h2_typography-font-style);--awb-caption-title-size:var(--h2_typography-font-size);--awb-caption-title-transform:var(--h2_typography-text-transform);--awb-caption-title-line-height:var(--h2_typography-line-height);--awb-caption-title-letter-spacing:var(--h2_typography-letter-spacing);--awb-filter:saturate(0%);--awb-filter-transition:filter 0.3s ease;--awb-filter-hover:saturate(100%);\"><span class=\" fusion-imageframe imageframe-dropshadow imageframe-14 hover-type-zoomin\" style=\"border-radius:50%;-webkit-box-shadow: 3px 3px 7px rgba(67,67,67,0.65);box-shadow: 3px 3px 7px rgba(67,67,67,0.65);\"><a class=\"fusion-no-lightbox\" href=\"https:\/\/defense-cyber.fr\/intervenants-defense-cyber\/christian-daviot\/\" target=\"_blank\" aria-label=\"Christian DAVIOT\" rel=\"noopener noreferrer\"><img decoding=\"async\" width=\"200\" height=\"200\" alt=\"Christian DAVIOT - Rencontres D\u00e9fense &amp; Cyber\" src=\"https:\/\/defense-cyber.fr\/rdefensecyber2026\/wp-content\/uploads\/sites\/5\/2026\/03\/photo_daviot_200x200.jpg\" class=\"img-responsive wp-image-1757\" srcset=\"https:\/\/defense-cyber.fr\/rdefensecyber2026\/wp-content\/uploads\/sites\/5\/2026\/03\/photo_daviot_200x200-66x66.jpg 66w, https:\/\/defense-cyber.fr\/rdefensecyber2026\/wp-content\/uploads\/sites\/5\/2026\/03\/photo_daviot_200x200-150x150.jpg 150w, https:\/\/defense-cyber.fr\/rdefensecyber2026\/wp-content\/uploads\/sites\/5\/2026\/03\/photo_daviot_200x200.jpg 200w\" sizes=\"(max-width: 200px) 100vw, 200px\" \/><\/a><\/span><\/div><div class=\"fusion-title title fusion-title-15 fusion-sep-none fusion-title-center fusion-title-text fusion-title-size-five\" style=\"--awb-text-color:var(--awb-color6);--awb-margin-bottom:0px;--awb-margin-top-small:10px;--awb-margin-right-small:0px;--awb-margin-bottom-small:10px;--awb-margin-left-small:0px;\"><h5 class=\"fusion-title-heading title-heading-center\" style=\"margin:0;\"><strong>Christian DAVIOT<\/strong><\/h5><\/div><div class=\"fusion-text fusion-text-14 fusion-text-no-margin\" style=\"--awb-content-alignment:center;--awb-margin-top:5px;--awb-margin-bottom:5px;\"><p><strong>Senior advisor<\/strong><br \/>\nCyberCercle<\/p>\n<\/div><\/div><\/div><div class=\"fusion-layout-column fusion_builder_column fusion-builder-column-15 fusion_builder_column_1_4 1_4 fusion-flex-column\" style=\"--awb-bg-size:cover;--awb-width-large:25%;--awb-margin-top-large:0px;--awb-spacing-right-large:7.68%;--awb-margin-bottom-large:30px;--awb-spacing-left-large:7.68%;--awb-width-medium:25%;--awb-order-medium:0;--awb-spacing-right-medium:7.68%;--awb-spacing-left-medium:7.68%;--awb-width-small:100%;--awb-order-small:0;--awb-spacing-right-small:1.92%;--awb-spacing-left-small:1.92%;\"><div class=\"fusion-column-wrapper fusion-column-has-shadow fusion-flex-justify-content-center fusion-content-layout-column\"><div class=\"fusion-image-element \" style=\"text-align:center;--awb-margin-bottom:10px;--awb-max-width:200px;--awb-caption-title-font-family:var(--h2_typography-font-family);--awb-caption-title-font-weight:var(--h2_typography-font-weight);--awb-caption-title-font-style:var(--h2_typography-font-style);--awb-caption-title-size:var(--h2_typography-font-size);--awb-caption-title-transform:var(--h2_typography-text-transform);--awb-caption-title-line-height:var(--h2_typography-line-height);--awb-caption-title-letter-spacing:var(--h2_typography-letter-spacing);--awb-filter:saturate(0%);--awb-filter-transition:filter 0.3s ease;--awb-filter-hover:saturate(100%);\"><span class=\" fusion-imageframe imageframe-dropshadow imageframe-15 hover-type-zoomin\" style=\"border-radius:50%;-webkit-box-shadow: 3px 3px 7px rgba(67,67,67,0.65);box-shadow: 3px 3px 7px rgba(67,67,67,0.65);\"><a class=\"fusion-no-lightbox\" href=\"https:\/\/defense-cyber.fr\/intervenants-defense-cyber\/yann-magnan\/\" target=\"_blank\" aria-label=\"Yann MAGNAN\" rel=\"noopener noreferrer\"><img decoding=\"async\" width=\"200\" height=\"200\" alt=\"Yann MAGNAN - Rencontres D\u00e9fense &amp; Cyber\" src=\"https:\/\/defense-cyber.fr\/rdefensecyber2026\/wp-content\/uploads\/sites\/5\/2026\/03\/photo_magnan-200x200-1.jpg\" class=\"img-responsive wp-image-1759\" srcset=\"https:\/\/defense-cyber.fr\/rdefensecyber2026\/wp-content\/uploads\/sites\/5\/2026\/03\/photo_magnan-200x200-1-66x66.jpg 66w, https:\/\/defense-cyber.fr\/rdefensecyber2026\/wp-content\/uploads\/sites\/5\/2026\/03\/photo_magnan-200x200-1-150x150.jpg 150w, https:\/\/defense-cyber.fr\/rdefensecyber2026\/wp-content\/uploads\/sites\/5\/2026\/03\/photo_magnan-200x200-1.jpg 200w\" sizes=\"(max-width: 200px) 100vw, 200px\" \/><\/a><\/span><\/div><div class=\"fusion-title title fusion-title-16 fusion-sep-none fusion-title-center fusion-title-text fusion-title-size-five\" style=\"--awb-text-color:var(--awb-color6);--awb-margin-bottom:0px;--awb-margin-top-small:10px;--awb-margin-right-small:0px;--awb-margin-bottom-small:10px;--awb-margin-left-small:0px;\"><h5 class=\"fusion-title-heading title-heading-center\" style=\"margin:0;\"><strong>Yann MAGNAN<\/strong><\/h5><\/div><div class=\"fusion-text fusion-text-15 fusion-text-no-margin\" style=\"--awb-content-alignment:center;--awb-margin-top:5px;--awb-margin-bottom:5px;\"><p><strong>Senior advisor<\/strong><br \/>\nCyberCercle<\/p>\n<\/div><\/div><\/div><div class=\"fusion-layout-column fusion_builder_column fusion-builder-column-16 fusion_builder_column_1_4 1_4 fusion-flex-column\" style=\"--awb-bg-size:cover;--awb-width-large:25%;--awb-margin-top-large:0px;--awb-spacing-right-large:7.68%;--awb-margin-bottom-large:30px;--awb-spacing-left-large:7.68%;--awb-width-medium:25%;--awb-order-medium:0;--awb-spacing-right-medium:7.68%;--awb-spacing-left-medium:7.68%;--awb-width-small:100%;--awb-order-small:0;--awb-spacing-right-small:1.92%;--awb-spacing-left-small:1.92%;\" data-scroll-devices=\"small-visibility,medium-visibility,large-visibility\"><div class=\"fusion-column-wrapper fusion-column-has-shadow fusion-flex-justify-content-center fusion-content-layout-column\"><div class=\"fusion-image-element \" style=\"text-align:center;--awb-margin-bottom:10px;--awb-max-width:200px;--awb-caption-title-font-family:var(--h2_typography-font-family);--awb-caption-title-font-weight:var(--h2_typography-font-weight);--awb-caption-title-font-style:var(--h2_typography-font-style);--awb-caption-title-size:var(--h2_typography-font-size);--awb-caption-title-transform:var(--h2_typography-text-transform);--awb-caption-title-line-height:var(--h2_typography-line-height);--awb-caption-title-letter-spacing:var(--h2_typography-letter-spacing);--awb-filter:saturate(0%);--awb-filter-transition:filter 0.3s ease;--awb-filter-hover:saturate(100%);\"><span class=\" fusion-imageframe imageframe-dropshadow imageframe-16 hover-type-zoomin\" style=\"border-radius:50%;-webkit-box-shadow: 3px 3px 7px rgba(67,67,67,0.65);box-shadow: 3px 3px 7px rgba(67,67,67,0.65);\"><a class=\"fusion-no-lightbox\" href=\"https:\/\/defense-cyber.fr\/intervenants-defense-cyber\/marc-espitalier\/\" target=\"_blank\" aria-label=\"GBR Marc ESPITALIER\" rel=\"noopener noreferrer\"><img decoding=\"async\" width=\"200\" height=\"205\" alt=\"Marc ESPITALIER\" src=\"https:\/\/defense-cyber.fr\/rdefensecyber2026\/wp-content\/uploads\/sites\/5\/2026\/03\/GBR_Marc_ESPITALIER_200-1.jpg\" class=\"img-responsive wp-image-1875\" srcset=\"https:\/\/defense-cyber.fr\/rdefensecyber2026\/wp-content\/uploads\/sites\/5\/2026\/03\/GBR_Marc_ESPITALIER_200-1-146x150.jpg 146w, https:\/\/defense-cyber.fr\/rdefensecyber2026\/wp-content\/uploads\/sites\/5\/2026\/03\/GBR_Marc_ESPITALIER_200-1.jpg 200w\" sizes=\"(max-width: 200px) 100vw, 200px\" \/><\/a><\/span><\/div><div class=\"fusion-title title fusion-title-17 fusion-sep-none fusion-title-center fusion-title-text fusion-title-size-five\" style=\"--awb-text-color:var(--awb-color6);--awb-margin-bottom:0px;--awb-margin-top-small:10px;--awb-margin-right-small:0px;--awb-margin-bottom-small:10px;--awb-margin-left-small:0px;\"><h5 class=\"fusion-title-heading title-heading-center\" style=\"margin:0;\"><strong>GBR Marc ESPITALIER<\/strong><\/h5><\/div><div class=\"fusion-text fusion-text-16 fusion-text-no-margin\" style=\"--awb-content-alignment:center;--awb-margin-top:5px;--awb-margin-bottom:5px;\"><p><strong>Officier g\u00e9n\u00e9ral num\u00e9rique et cyber<\/strong><br \/>\nArm\u00e9e de Terre<\/p>\n<\/div><\/div><\/div><div class=\"fusion-layout-column fusion_builder_column fusion-builder-column-17 fusion_builder_column_1_4 1_4 fusion-flex-column\" style=\"--awb-bg-size:cover;--awb-width-large:25%;--awb-margin-top-large:0px;--awb-spacing-right-large:7.68%;--awb-margin-bottom-large:30px;--awb-spacing-left-large:7.68%;--awb-width-medium:25%;--awb-order-medium:0;--awb-spacing-right-medium:7.68%;--awb-spacing-left-medium:7.68%;--awb-width-small:100%;--awb-order-small:0;--awb-spacing-right-small:1.92%;--awb-spacing-left-small:1.92%;\" data-scroll-devices=\"small-visibility,medium-visibility,large-visibility\"><div class=\"fusion-column-wrapper fusion-column-has-shadow fusion-flex-justify-content-center fusion-content-layout-column\"><div class=\"fusion-image-element \" style=\"text-align:center;--awb-margin-bottom:10px;--awb-max-width:200px;--awb-caption-title-font-family:var(--h2_typography-font-family);--awb-caption-title-font-weight:var(--h2_typography-font-weight);--awb-caption-title-font-style:var(--h2_typography-font-style);--awb-caption-title-size:var(--h2_typography-font-size);--awb-caption-title-transform:var(--h2_typography-text-transform);--awb-caption-title-line-height:var(--h2_typography-line-height);--awb-caption-title-letter-spacing:var(--h2_typography-letter-spacing);--awb-filter:saturate(0%);--awb-filter-transition:filter 0.3s ease;--awb-filter-hover:saturate(100%);\"><span class=\" fusion-imageframe imageframe-dropshadow imageframe-17 hover-type-zoomin\" style=\"border-radius:50%;-webkit-box-shadow: 3px 3px 7px rgba(67,67,67,0.65);box-shadow: 3px 3px 7px rgba(67,67,67,0.65);\"><a class=\"fusion-no-lightbox\" href=\"https:\/\/defense-cyber.fr\/intervenants-defense-cyber\/clement-roussel\/\" target=\"_blank\" aria-label=\"Clement Roussel\" rel=\"noopener noreferrer\"><img decoding=\"async\" width=\"266\" height=\"271\" alt=\"Clement ROUSSEL, intervenant au Cycle D\u00e9fense &amp; Cyber\" src=\"https:\/\/defense-cyber.fr\/rdefensecyber2026\/wp-content\/uploads\/sites\/5\/2026\/03\/Clement_Roussel_Carre.jpg\" class=\"img-responsive wp-image-1869\" srcset=\"https:\/\/defense-cyber.fr\/rdefensecyber2026\/wp-content\/uploads\/sites\/5\/2026\/03\/Clement_Roussel_Carre-200x204.jpg 200w, https:\/\/defense-cyber.fr\/rdefensecyber2026\/wp-content\/uploads\/sites\/5\/2026\/03\/Clement_Roussel_Carre.jpg 266w\" sizes=\"(max-width: 640px) 100vw, 266px\" \/><\/a><\/span><\/div><div class=\"fusion-title title fusion-title-18 fusion-sep-none fusion-title-center fusion-title-text fusion-title-size-five\" style=\"--awb-text-color:var(--awb-color6);--awb-margin-bottom:0px;--awb-margin-top-small:10px;--awb-margin-right-small:0px;--awb-margin-bottom-small:10px;--awb-margin-left-small:0px;\"><h5 class=\"fusion-title-heading title-heading-center\" style=\"margin:0;\"><strong>Cl\u00e9ment ROUSSEL<\/strong><\/h5><\/div><div class=\"fusion-text fusion-text-17 fusion-text-no-margin\" style=\"--awb-content-alignment:center;--awb-margin-top:5px;--awb-margin-bottom:5px;\"><p><strong>Service d\u2019architecture du syst\u00e8me de d\u00e9fense<\/strong><br \/>\nDGA<\/p>\n<\/div><\/div><\/div><div class=\"fusion-layout-column fusion_builder_column fusion-builder-column-18 fusion_builder_column_1_4 1_4 fusion-flex-column\" style=\"--awb-bg-size:cover;--awb-width-large:25%;--awb-margin-top-large:0px;--awb-spacing-right-large:7.68%;--awb-margin-bottom-large:30px;--awb-spacing-left-large:7.68%;--awb-width-medium:25%;--awb-order-medium:0;--awb-spacing-right-medium:7.68%;--awb-spacing-left-medium:7.68%;--awb-width-small:100%;--awb-order-small:0;--awb-spacing-right-small:1.92%;--awb-spacing-left-small:1.92%;\" data-scroll-devices=\"small-visibility,medium-visibility,large-visibility\"><div class=\"fusion-column-wrapper fusion-column-has-shadow fusion-flex-justify-content-center fusion-content-layout-column\"><div class=\"fusion-image-element \" style=\"text-align:center;--awb-margin-bottom:10px;--awb-max-width:200px;--awb-caption-title-font-family:var(--h2_typography-font-family);--awb-caption-title-font-weight:var(--h2_typography-font-weight);--awb-caption-title-font-style:var(--h2_typography-font-style);--awb-caption-title-size:var(--h2_typography-font-size);--awb-caption-title-transform:var(--h2_typography-text-transform);--awb-caption-title-line-height:var(--h2_typography-line-height);--awb-caption-title-letter-spacing:var(--h2_typography-letter-spacing);--awb-filter:saturate(0%);--awb-filter-transition:filter 0.3s ease;--awb-filter-hover:saturate(100%);\"><span class=\" fusion-imageframe imageframe-dropshadow imageframe-18 hover-type-zoomin\" style=\"border-radius:50%;-webkit-box-shadow: 3px 3px 7px rgba(67,67,67,0.65);box-shadow: 3px 3px 7px rgba(67,67,67,0.65);\"><a class=\"fusion-no-lightbox\" href=\"https:\/\/defense-cyber.fr\/intervenants-defense-cyber\/colonel-fabrice\/\" target=\"_blank\" rel=\"noopener noreferrer\"><img decoding=\"async\" width=\"180\" height=\"180\" alt=\"Colonel Fabrice\" src=\"https:\/\/defense-cyber.fr\/rdefensecyber2026\/wp-content\/uploads\/sites\/5\/2026\/02\/DRSD-Logo2.jpg\" class=\"img-responsive wp-image-1703\" srcset=\"https:\/\/defense-cyber.fr\/rdefensecyber2026\/wp-content\/uploads\/sites\/5\/2026\/02\/DRSD-Logo2-66x66.jpg 66w, https:\/\/defense-cyber.fr\/rdefensecyber2026\/wp-content\/uploads\/sites\/5\/2026\/02\/DRSD-Logo2-150x150.jpg 150w, https:\/\/defense-cyber.fr\/rdefensecyber2026\/wp-content\/uploads\/sites\/5\/2026\/02\/DRSD-Logo2.jpg 180w\" sizes=\"(max-width: 180px) 100vw, 180px\" \/><\/a><\/span><\/div><div class=\"fusion-title title fusion-title-19 fusion-sep-none fusion-title-center fusion-title-text fusion-title-size-five\" style=\"--awb-text-color:var(--awb-color6);--awb-margin-bottom:0px;--awb-margin-top-small:10px;--awb-margin-right-small:0px;--awb-margin-bottom-small:10px;--awb-margin-left-small:0px;\"><h5 class=\"fusion-title-heading title-heading-center\" style=\"margin:0;\"><strong>Colonel Fabrice<\/strong><\/h5><\/div><div class=\"fusion-text fusion-text-18 fusion-text-no-margin\" style=\"--awb-content-alignment:center;--awb-margin-top:5px;--awb-margin-bottom:5px;\"><p><strong>Officier de Coh\u00e9rence Cyber<\/strong><br \/>\nDRSD<\/p>\n<\/div><\/div><\/div><div class=\"fusion-layout-column fusion_builder_column fusion-builder-column-19 fusion_builder_column_1_4 1_4 fusion-flex-column\" style=\"--awb-bg-size:cover;--awb-width-large:25%;--awb-margin-top-large:0px;--awb-spacing-right-large:7.68%;--awb-margin-bottom-large:30px;--awb-spacing-left-large:7.68%;--awb-width-medium:25%;--awb-order-medium:0;--awb-spacing-right-medium:7.68%;--awb-spacing-left-medium:7.68%;--awb-width-small:100%;--awb-order-small:0;--awb-spacing-right-small:1.92%;--awb-spacing-left-small:1.92%;\" data-scroll-devices=\"small-visibility,medium-visibility,large-visibility\"><div class=\"fusion-column-wrapper fusion-column-has-shadow fusion-flex-justify-content-center fusion-content-layout-column\"><div class=\"fusion-image-element \" style=\"text-align:center;--awb-margin-bottom:10px;--awb-max-width:200px;--awb-caption-title-font-family:var(--h2_typography-font-family);--awb-caption-title-font-weight:var(--h2_typography-font-weight);--awb-caption-title-font-style:var(--h2_typography-font-style);--awb-caption-title-size:var(--h2_typography-font-size);--awb-caption-title-transform:var(--h2_typography-text-transform);--awb-caption-title-line-height:var(--h2_typography-line-height);--awb-caption-title-letter-spacing:var(--h2_typography-letter-spacing);--awb-filter:saturate(0%);--awb-filter-transition:filter 0.3s ease;--awb-filter-hover:saturate(100%);\"><span class=\" fusion-imageframe imageframe-dropshadow imageframe-19 hover-type-zoomin\" style=\"border-radius:50%;-webkit-box-shadow: 3px 3px 7px rgba(67,67,67,0.65);box-shadow: 3px 3px 7px rgba(67,67,67,0.65);\"><a class=\"fusion-no-lightbox\" href=\"https:\/\/defense-cyber.fr\/intervenants-defense-cyber\/bertrand-le-meur\/\" target=\"_blank\" aria-label=\"Bertrand LeMeur\" rel=\"noopener noreferrer\"><img decoding=\"async\" width=\"200\" height=\"200\" alt=\"Bertrand_LeMeur\" src=\"https:\/\/defense-cyber.fr\/rdefensecyber2026\/wp-content\/uploads\/sites\/5\/2026\/03\/Bertrand_LeMeur.jpg\" class=\"img-responsive wp-image-1876\" srcset=\"https:\/\/defense-cyber.fr\/rdefensecyber2026\/wp-content\/uploads\/sites\/5\/2026\/03\/Bertrand_LeMeur-66x66.jpg 66w, https:\/\/defense-cyber.fr\/rdefensecyber2026\/wp-content\/uploads\/sites\/5\/2026\/03\/Bertrand_LeMeur-150x150.jpg 150w, https:\/\/defense-cyber.fr\/rdefensecyber2026\/wp-content\/uploads\/sites\/5\/2026\/03\/Bertrand_LeMeur.jpg 200w\" sizes=\"(max-width: 200px) 100vw, 200px\" \/><\/a><\/span><\/div><div class=\"fusion-title title fusion-title-20 fusion-sep-none fusion-title-center fusion-title-text fusion-title-size-five\" style=\"--awb-text-color:var(--awb-color6);--awb-margin-bottom:0px;--awb-margin-top-small:10px;--awb-margin-right-small:0px;--awb-margin-bottom-small:10px;--awb-margin-left-small:0px;\"><h5 class=\"fusion-title-heading title-heading-center\" style=\"margin:0;\"><strong>IGA HC Bertrand Le Meur<\/strong><\/h5><\/div><div class=\"fusion-text fusion-text-19 fusion-text-no-margin\" style=\"--awb-content-alignment:center;--awb-margin-top:5px;--awb-margin-bottom:5px;\"><p><strong>Directeur strat\u00e9gie de d\u00e9fense, prospective et contre-prolif\u00e9ration<\/strong><br \/>\nDGRIS<\/p>\n<\/div><\/div><\/div><div class=\"fusion-layout-column fusion_builder_column fusion-builder-column-20 fusion_builder_column_1_4 1_4 fusion-flex-column\" style=\"--awb-bg-size:cover;--awb-width-large:25%;--awb-margin-top-large:0px;--awb-spacing-right-large:7.68%;--awb-margin-bottom-large:30px;--awb-spacing-left-large:7.68%;--awb-width-medium:25%;--awb-order-medium:0;--awb-spacing-right-medium:7.68%;--awb-spacing-left-medium:7.68%;--awb-width-small:100%;--awb-order-small:0;--awb-spacing-right-small:1.92%;--awb-spacing-left-small:1.92%;\" data-scroll-devices=\"small-visibility,medium-visibility,large-visibility\"><div class=\"fusion-column-wrapper fusion-column-has-shadow fusion-flex-justify-content-center fusion-content-layout-column\"><div class=\"fusion-image-element \" style=\"text-align:center;--awb-margin-bottom:10px;--awb-max-width:200px;--awb-caption-title-font-family:var(--h2_typography-font-family);--awb-caption-title-font-weight:var(--h2_typography-font-weight);--awb-caption-title-font-style:var(--h2_typography-font-style);--awb-caption-title-size:var(--h2_typography-font-size);--awb-caption-title-transform:var(--h2_typography-text-transform);--awb-caption-title-line-height:var(--h2_typography-line-height);--awb-caption-title-letter-spacing:var(--h2_typography-letter-spacing);--awb-filter:saturate(0%);--awb-filter-transition:filter 0.3s ease;--awb-filter-hover:saturate(100%);\"><span class=\" fusion-imageframe imageframe-dropshadow imageframe-20 hover-type-zoomin\" style=\"border-radius:50%;-webkit-box-shadow: 3px 3px 7px rgba(67,67,67,0.65);box-shadow: 3px 3px 7px rgba(67,67,67,0.65);\"><a class=\"fusion-no-lightbox\" href=\"https:\/\/defense-cyber.fr\/intervenants-defense-cyber\/emmanuel-naegelen\/\" target=\"_blank\" aria-label=\"GDA Emmanuel NAEGELEN\" rel=\"noopener noreferrer\"><img decoding=\"async\" width=\"200\" height=\"200\" alt=\"GDA Emmanuel NAEGELEN, intervenant aux Rencontres D\u00e9fense &amp; Cyber\" src=\"https:\/\/defense-cyber.fr\/rdefensecyber2026\/wp-content\/uploads\/sites\/5\/2026\/03\/GDA-NAEGELEN_200.png\" class=\"img-responsive wp-image-1882\" srcset=\"https:\/\/defense-cyber.fr\/rdefensecyber2026\/wp-content\/uploads\/sites\/5\/2026\/03\/GDA-NAEGELEN_200-66x66.png 66w, https:\/\/defense-cyber.fr\/rdefensecyber2026\/wp-content\/uploads\/sites\/5\/2026\/03\/GDA-NAEGELEN_200-150x150.png 150w, https:\/\/defense-cyber.fr\/rdefensecyber2026\/wp-content\/uploads\/sites\/5\/2026\/03\/GDA-NAEGELEN_200.png 200w\" sizes=\"(max-width: 200px) 100vw, 200px\" \/><\/a><\/span><\/div><div class=\"fusion-title title fusion-title-21 fusion-sep-none fusion-title-center fusion-title-text fusion-title-size-five\" style=\"--awb-text-color:var(--awb-color6);--awb-margin-bottom:0px;--awb-margin-top-small:10px;--awb-margin-right-small:0px;--awb-margin-bottom-small:10px;--awb-margin-left-small:0px;\"><h5 class=\"fusion-title-heading title-heading-center\" style=\"margin:0;\"><strong>G\u00e9n\u00e9ral de division a\u00e9rienne Emmanuel NAEGELEN<\/strong><\/h5><\/div><div class=\"fusion-text fusion-text-20 fusion-text-no-margin\" style=\"--awb-content-alignment:center;--awb-margin-top:5px;--awb-margin-bottom:5px;\"><p><strong>Commandant de la Cyberd\u00e9fense<\/strong><br \/>\nCOMCYBER<\/p>\n<\/div><\/div><\/div><div class=\"fusion-layout-column fusion_builder_column fusion-builder-column-21 fusion_builder_column_1_4 1_4 fusion-flex-column\" style=\"--awb-bg-size:cover;--awb-width-large:25%;--awb-margin-top-large:0px;--awb-spacing-right-large:7.68%;--awb-margin-bottom-large:30px;--awb-spacing-left-large:7.68%;--awb-width-medium:25%;--awb-order-medium:0;--awb-spacing-right-medium:7.68%;--awb-spacing-left-medium:7.68%;--awb-width-small:100%;--awb-order-small:0;--awb-spacing-right-small:1.92%;--awb-spacing-left-small:1.92%;\" data-scroll-devices=\"small-visibility,medium-visibility,large-visibility\"><div class=\"fusion-column-wrapper fusion-column-has-shadow fusion-flex-justify-content-center fusion-content-layout-column\"><div class=\"fusion-image-element \" style=\"text-align:center;--awb-margin-bottom:10px;--awb-max-width:200px;--awb-caption-title-font-family:var(--h2_typography-font-family);--awb-caption-title-font-weight:var(--h2_typography-font-weight);--awb-caption-title-font-style:var(--h2_typography-font-style);--awb-caption-title-size:var(--h2_typography-font-size);--awb-caption-title-transform:var(--h2_typography-text-transform);--awb-caption-title-line-height:var(--h2_typography-line-height);--awb-caption-title-letter-spacing:var(--h2_typography-letter-spacing);--awb-filter:saturate(0%);--awb-filter-transition:filter 0.3s ease;--awb-filter-hover:saturate(100%);\"><span class=\" fusion-imageframe imageframe-dropshadow imageframe-21 hover-type-zoomin\" style=\"border-radius:50%;-webkit-box-shadow: 3px 3px 7px rgba(67,67,67,0.65);box-shadow: 3px 3px 7px rgba(67,67,67,0.65);\"><a class=\"fusion-no-lightbox\" href=\"https:\/\/defense-cyber.fr\/intervenants-defense-cyber\/jean-bouverot\/\" target=\"_blank\" rel=\"noopener noreferrer\"><img decoding=\"async\" width=\"300\" height=\"300\" alt=\"Jean BOUVEROT, intervenant aux Rencontres D\u00e9fense &amp; Cyber\" src=\"https:\/\/defense-cyber.fr\/rdefensecyber2026\/wp-content\/uploads\/sites\/5\/2026\/04\/Jean_BOUVEROT_200-300x300.jpg\" class=\"img-responsive wp-image-1897\" srcset=\"https:\/\/defense-cyber.fr\/rdefensecyber2026\/wp-content\/uploads\/sites\/5\/2026\/04\/Jean_BOUVEROT_200-200x200.jpg 200w, https:\/\/defense-cyber.fr\/rdefensecyber2026\/wp-content\/uploads\/sites\/5\/2026\/04\/Jean_BOUVEROT_200.jpg 332w\" sizes=\"(max-width: 640px) 100vw, 300px\" \/><\/a><\/span><\/div><div class=\"fusion-title title fusion-title-22 fusion-sep-none fusion-title-center fusion-title-text fusion-title-size-five\" style=\"--awb-text-color:var(--awb-color6);--awb-margin-bottom:0px;--awb-margin-top-small:10px;--awb-margin-right-small:0px;--awb-margin-bottom-small:10px;--awb-margin-left-small:0px;\"><h5 class=\"fusion-title-heading title-heading-center\" style=\"margin:0;\"><strong>Jean BOUVEROT<\/strong><\/h5><\/div><div class=\"fusion-text fusion-text-21 fusion-text-no-margin\" style=\"--awb-content-alignment:center;--awb-margin-top:5px;--awb-margin-bottom:5px;\"><p><strong>Chef du service logistiques et acquisitions<\/strong><br \/>\nCommissariat au num\u00e9rique de d\u00e9fense<\/p>\n<\/div><\/div><\/div><div class=\"fusion-layout-column fusion_builder_column fusion-builder-column-22 fusion_builder_column_1_4 1_4 fusion-flex-column\" style=\"--awb-bg-size:cover;--awb-width-large:25%;--awb-margin-top-large:0px;--awb-spacing-right-large:7.68%;--awb-margin-bottom-large:30px;--awb-spacing-left-large:7.68%;--awb-width-medium:25%;--awb-order-medium:0;--awb-spacing-right-medium:7.68%;--awb-spacing-left-medium:7.68%;--awb-width-small:100%;--awb-order-small:0;--awb-spacing-right-small:1.92%;--awb-spacing-left-small:1.92%;\" data-scroll-devices=\"small-visibility,medium-visibility,large-visibility\"><div class=\"fusion-column-wrapper fusion-column-has-shadow fusion-flex-justify-content-center fusion-content-layout-column\"><div class=\"fusion-image-element \" style=\"text-align:center;--awb-margin-bottom:10px;--awb-max-width:200px;--awb-caption-title-font-family:var(--h2_typography-font-family);--awb-caption-title-font-weight:var(--h2_typography-font-weight);--awb-caption-title-font-style:var(--h2_typography-font-style);--awb-caption-title-size:var(--h2_typography-font-size);--awb-caption-title-transform:var(--h2_typography-text-transform);--awb-caption-title-line-height:var(--h2_typography-line-height);--awb-caption-title-letter-spacing:var(--h2_typography-letter-spacing);--awb-filter:saturate(0%);--awb-filter-transition:filter 0.3s ease;--awb-filter-hover:saturate(100%);\"><span class=\" fusion-imageframe imageframe-dropshadow imageframe-22 hover-type-zoomin\" style=\"border-radius:50%;-webkit-box-shadow: 3px 3px 7px rgba(67,67,67,0.65);box-shadow: 3px 3px 7px rgba(67,67,67,0.65);\"><img decoding=\"async\" width=\"250\" height=\"250\" alt=\"Ecole de Guerre\" title=\"Ecole de Guerre\" src=\"https:\/\/defense-cyber.fr\/rdefensecyber2026\/wp-content\/uploads\/sites\/5\/2026\/03\/logo_Ecole_de_guerre_carre_site.png\" class=\"img-responsive wp-image-1828\" srcset=\"https:\/\/defense-cyber.fr\/rdefensecyber2026\/wp-content\/uploads\/sites\/5\/2026\/03\/logo_Ecole_de_guerre_carre_site-200x200.png 200w, https:\/\/defense-cyber.fr\/rdefensecyber2026\/wp-content\/uploads\/sites\/5\/2026\/03\/logo_Ecole_de_guerre_carre_site.png 250w\" sizes=\"(max-width: 640px) 100vw, 250px\" \/><\/span><\/div><div class=\"fusion-title title fusion-title-23 fusion-sep-none fusion-title-center fusion-title-text fusion-title-size-five\" style=\"--awb-text-color:var(--awb-color6);--awb-margin-bottom:0px;--awb-margin-top-small:10px;--awb-margin-right-small:0px;--awb-margin-bottom-small:10px;--awb-margin-left-small:0px;\"><h5 class=\"fusion-title-heading title-heading-center\" style=\"margin:0;\"><strong>LCOL (Air) Marie-Elisabeth<\/strong><\/h5><\/div><div class=\"fusion-text fusion-text-22 fusion-text-no-margin\" style=\"--awb-content-alignment:center;--awb-margin-top:5px;--awb-margin-bottom:5px;\"><p><strong>Stagiaire<\/strong><br \/>\nEcole de Guerre<\/p>\n<\/div><\/div><\/div><\/div><\/div><div class=\"fusion-fullwidth fullwidth-box fusion-builder-row-3 fusion-flex-container has-pattern-background has-mask-background nonhundred-percent-fullwidth non-hundred-percent-height-scrolling\" style=\"--awb-border-radius-top-left:0px;--awb-border-radius-top-right:0px;--awb-border-radius-bottom-right:0px;--awb-border-radius-bottom-left:0px;--awb-padding-top:30px;--awb-padding-bottom:20px;--awb-background-color:var(--awb-color4);--awb-flex-wrap:wrap;\" ><div class=\"fusion-builder-row fusion-row fusion-flex-align-items-flex-start fusion-flex-content-wrap\" style=\"max-width:1248px;margin-left: calc(-4% \/ 2 );margin-right: calc(-4% \/ 2 );\"><div class=\"fusion-layout-column fusion_builder_column fusion-builder-column-23 fusion_builder_column_1_1 1_1 fusion-flex-column\" style=\"--awb-bg-size:cover;--awb-width-large:100%;--awb-margin-top-large:0px;--awb-spacing-right-large:1.92%;--awb-margin-bottom-large:20px;--awb-spacing-left-large:1.92%;--awb-width-medium:100%;--awb-order-medium:0;--awb-spacing-right-medium:1.92%;--awb-spacing-left-medium:1.92%;--awb-width-small:100%;--awb-order-small:0;--awb-spacing-right-small:1.92%;--awb-spacing-left-small:1.92%;\"><div class=\"fusion-column-wrapper fusion-column-has-shadow fusion-flex-justify-content-flex-start fusion-content-layout-column\"><div class=\"fusion-title title fusion-title-24 fusion-sep-none fusion-title-center fusion-title-text fusion-title-size-three\" style=\"--awb-text-color:var(--awb-color1);--awb-margin-top-small:10px;--awb-margin-right-small:0px;--awb-margin-bottom-small:10px;--awb-margin-left-small:0px;--awb-font-size:24px;\"><h3 class=\"fusion-title-heading title-heading-center\" style=\"margin:0;text-transform:none;font-size:1em;\"><p>Vous avez besoin de plus d\u2019informations ?<br \/>\nVous souhaitez devenir partenaire du Cycle D\u00e9fense &amp; Cyber ?<\/p><\/h3><\/div><div style=\"text-align:center;\"><a class=\"fusion-button button-flat button-xlarge button-custom fusion-button-default button-1 fusion-button-default-span fusion-button-default-type\" style=\"--button_accent_color:var(--awb-color4);--button_accent_hover_color:var(--awb-color6);--button_border_hover_color:var(--awb-color1);--button_gradient_top_color:var(--awb-color1);--button_gradient_bottom_color:var(--awb-color1);--button_gradient_top_color_hover:var(--awb-color7);--button_gradient_bottom_color_hover:var(--awb-color7);\" target=\"_blank\" rel=\"noopener noreferrer\" href=\"https:\/\/defense-cyber.fr\/contact-defense-cyber\/\"><span class=\"fusion-button-text awb-button__text awb-button__text--default\">Contactez-nous<\/span><\/a><\/div><\/div><\/div><\/div><\/div>\n<div class=\"fusion-fullwidth fullwidth-box fusion-builder-row-4 fusion-flex-container has-pattern-background has-mask-background nonhundred-percent-fullwidth non-hundred-percent-height-scrolling\" style=\"--awb-border-radius-top-left:0px;--awb-border-radius-top-right:0px;--awb-border-radius-bottom-right:0px;--awb-border-radius-bottom-left:0px;--awb-padding-top:40px;--awb-padding-bottom:0px;--awb-flex-wrap:wrap;\" ><div class=\"fusion-builder-row fusion-row fusion-flex-align-items-flex-start fusion-flex-content-wrap\" style=\"max-width:1248px;margin-left: calc(-4% \/ 2 );margin-right: calc(-4% \/ 2 );\"><div class=\"fusion-layout-column fusion_builder_column fusion-builder-column-24 fusion_builder_column_1_1 1_1 fusion-flex-column\" style=\"--awb-bg-size:cover;--awb-width-large:100%;--awb-margin-top-large:0px;--awb-spacing-right-large:1.92%;--awb-margin-bottom-large:20px;--awb-spacing-left-large:1.92%;--awb-width-medium:100%;--awb-order-medium:0;--awb-spacing-right-medium:1.92%;--awb-spacing-left-medium:1.92%;--awb-width-small:100%;--awb-order-small:0;--awb-spacing-right-small:1.92%;--awb-spacing-left-small:1.92%;\"><div class=\"fusion-column-wrapper fusion-column-has-shadow fusion-flex-justify-content-flex-start fusion-content-layout-column\"><div class=\"fusion-title title fusion-title-25 fusion-sep-none fusion-title-text fusion-title-size-four\" style=\"--awb-text-color:var(--awb-color6);--awb-margin-bottom:10px;--awb-margin-top-small:10px;--awb-margin-right-small:0px;--awb-margin-bottom-small:10px;--awb-margin-left-small:0px;--awb-font-size:24px;\"><h4 class=\"fusion-title-heading title-heading-left\" style=\"margin:0;font-size:1em;\">Nos partenaires<\/h4><\/div><div class=\"fusion-image-carousel fusion-image-carousel-fixed fusion-image-carousel-1 fusion-carousel-border\"><div class=\"awb-carousel awb-swiper awb-swiper-carousel awb-carousel--carousel awb-swiper-dots-position-bottom\" data-layout=\"carousel\" data-autoplay=\"yes\" data-autoplayspeed=\"2500\" data-autoplaypause=\"no\" data-loop=\"yes\" data-columns=\"5\" data-columnsmedium=\"1\" data-columnssmall=\"1\" data-itemmargin=\"13\" data-itemwidth=\"180\" data-touchscroll=\"no\" data-freemode=\"no\" data-imagesize=\"fixed\" data-scrollitems=\"0\" data-centeredslides=\"no\" data-rotationangle=\"50\" data-depth=\"100\" data-speed=\"500\" data-shadow=\"no\" data-pagination=\"bullets\" style=\"--awb-border-width:1px;--awb-border-color:#e9eaee;--awb-dots-align:center;\"><div class=\"swiper-wrapper awb-image-carousel-wrapper fusion-flex-align-items-center\"><div class=\"swiper-slide\"><div class=\"fusion-carousel-item-wrapper\"><div class=\"fusion-image-wrapper hover-type-zoomin\"><a href=\" https:\/\/defense-cyber.fr\/partenaires-defense-cyber\/ministere-des-armees\/\" target=\"_blank\" rel=\"noopener noreferrer\"><img decoding=\"async\" width=\"250\" height=\"200\" src=\"https:\/\/defense-cyber.fr\/rdefensecyber2026\/wp-content\/uploads\/sites\/5\/2026\/04\/MinistereDesArmees-1.png\" class=\"attachment-blog-medium size-blog-medium\" alt=\"Minist\u00e8re des arm\u00e9es, partenaire du cycle D\u00e9fense &amp; Cyber\" srcset=\"https:\/\/defense-cyber.fr\/rdefensecyber2026\/wp-content\/uploads\/sites\/5\/2026\/04\/MinistereDesArmees-1-200x160.png 200w, https:\/\/defense-cyber.fr\/rdefensecyber2026\/wp-content\/uploads\/sites\/5\/2026\/04\/MinistereDesArmees-1.png 250w\" sizes=\"(min-width: 2200px) 100vw, (min-width: 928px) 230px, (min-width: 856px) 287px, (min-width: 784px) 383px, (min-width: 712px) 574px, (min-width: 640px) 712px, \" \/><\/a><\/div><\/div><\/div><div class=\"swiper-slide\"><div class=\"fusion-carousel-item-wrapper\"><div class=\"fusion-image-wrapper hover-type-zoomin\"><a href=\"https:\/\/defense-cyber.fr\/partenaires-defense-cyber\/etat-major-des-armees\/\" target=\"_blank\" rel=\"noopener noreferrer\"><img decoding=\"async\" width=\"180\" height=\"180\" src=\"https:\/\/defense-cyber.fr\/rdefensecyber2026\/wp-content\/uploads\/sites\/5\/2023\/03\/Logo_EMA_Small.png\" class=\"attachment-blog-medium size-blog-medium\" alt=\"Etat major des arm\u00e9es, partenaire du cycle D\u00e9fense &amp; Cyber\" \/><\/a><\/div><\/div><\/div><div class=\"swiper-slide\"><div class=\"fusion-carousel-item-wrapper\"><div class=\"fusion-image-wrapper hover-type-zoomin\"><a href=\"https:\/\/defense-cyber.fr\/partenaires-defense-cyber\/cnd\/\" target=\"_blank\" rel=\"noopener noreferrer\"><img decoding=\"async\" width=\"250\" height=\"100\" src=\"https:\/\/defense-cyber.fr\/rdefensecyber2026\/wp-content\/uploads\/sites\/5\/2026\/03\/CND_Long_250.jpg\" class=\"attachment-blog-medium size-blog-medium\" alt=\"Commissariat au num\u00e9rique des arm\u00e9es, partenaire des Rencontres D\u00e9fense &amp; Cyber\" srcset=\"https:\/\/defense-cyber.fr\/rdefensecyber2026\/wp-content\/uploads\/sites\/5\/2026\/03\/CND_Long_250-200x80.jpg 200w, https:\/\/defense-cyber.fr\/rdefensecyber2026\/wp-content\/uploads\/sites\/5\/2026\/03\/CND_Long_250.jpg 250w\" sizes=\"(min-width: 2200px) 100vw, (min-width: 928px) 230px, (min-width: 856px) 287px, (min-width: 784px) 383px, (min-width: 712px) 574px, (min-width: 640px) 712px, \" \/><\/a><\/div><\/div><\/div><div class=\"swiper-slide\"><div class=\"fusion-carousel-item-wrapper\"><div class=\"fusion-image-wrapper hover-type-zoomin\"><a href=\"https:\/\/defense-cyber.fr\/partenaires-defense-cyber\/avant-de-cliquer\/\" target=\"_blank\" rel=\"noopener noreferrer\"><img decoding=\"async\" width=\"250\" height=\"91\" src=\"https:\/\/defense-cyber.fr\/rdefensecyber2026\/wp-content\/uploads\/sites\/5\/2026\/01\/HUCENCY_250_100.jpg\" class=\"attachment-blog-medium size-blog-medium\" alt=\"Avant de cliquer, partenaire du cycle D\u00e9fense &amp; Cyber\" srcset=\"https:\/\/defense-cyber.fr\/rdefensecyber2026\/wp-content\/uploads\/sites\/5\/2026\/01\/HUCENCY_250_100-200x73.jpg 200w, https:\/\/defense-cyber.fr\/rdefensecyber2026\/wp-content\/uploads\/sites\/5\/2026\/01\/HUCENCY_250_100.jpg 250w\" sizes=\"(min-width: 2200px) 100vw, (min-width: 928px) 230px, (min-width: 856px) 287px, (min-width: 784px) 383px, (min-width: 712px) 574px, (min-width: 640px) 712px, \" \/><\/a><\/div><\/div><\/div><div class=\"swiper-slide\"><div class=\"fusion-carousel-item-wrapper\"><div class=\"fusion-image-wrapper hover-type-zoomin\"><a href=\"https:\/\/defense-cyber.fr\/partenaires-defense-cyber\/groupelaposte\/\" target=\"_blank\" rel=\"noopener noreferrer\"><img decoding=\"async\" width=\"250\" height=\"100\" src=\"https:\/\/defense-cyber.fr\/rdefensecyber2026\/wp-content\/uploads\/sites\/5\/2022\/12\/GROUPE-LA-POSTE-Logo.png\" class=\"attachment-blog-medium size-blog-medium\" alt=\"Groupe La Poste, partenaire du Cycle D\u00e9fense &amp; Cyber\" srcset=\"https:\/\/defense-cyber.fr\/rdefensecyber2026\/wp-content\/uploads\/sites\/5\/2022\/12\/GROUPE-LA-POSTE-Logo-200x80.png 200w, https:\/\/defense-cyber.fr\/rdefensecyber2026\/wp-content\/uploads\/sites\/5\/2022\/12\/GROUPE-LA-POSTE-Logo.png 250w\" sizes=\"(min-width: 2200px) 100vw, (min-width: 928px) 230px, (min-width: 856px) 287px, (min-width: 784px) 383px, (min-width: 712px) 574px, (min-width: 640px) 712px, \" \/><\/a><\/div><\/div><\/div><div class=\"swiper-slide\"><div class=\"fusion-carousel-item-wrapper\"><div class=\"fusion-image-wrapper hover-type-zoomin\"><a href=\"https:\/\/defense-cyber.fr\/partenaires-defense-cyber\/bluefiles\/\" target=\"_blank\" rel=\"noopener noreferrer\"><img decoding=\"async\" width=\"250\" height=\"100\" src=\"https:\/\/defense-cyber.fr\/rdefensecyber2026\/wp-content\/uploads\/sites\/5\/2023\/03\/Logo_BlueFiles.png\" class=\"attachment-blog-medium size-blog-medium\" alt=\"BlueFiles, partenaire du Cycle D\u00e9fense &amp; Cyber\" srcset=\"https:\/\/defense-cyber.fr\/rdefensecyber2026\/wp-content\/uploads\/sites\/5\/2023\/03\/Logo_BlueFiles-200x80.png 200w, https:\/\/defense-cyber.fr\/rdefensecyber2026\/wp-content\/uploads\/sites\/5\/2023\/03\/Logo_BlueFiles.png 250w\" sizes=\"(min-width: 2200px) 100vw, (min-width: 928px) 230px, (min-width: 856px) 287px, (min-width: 784px) 383px, (min-width: 712px) 574px, (min-width: 640px) 712px, \" \/><\/a><\/div><\/div><\/div><div class=\"swiper-slide\"><div class=\"fusion-carousel-item-wrapper\"><div class=\"fusion-image-wrapper hover-type-zoomin\"><a href=\"https:\/\/defense-cyber.fr\/partenaires-defense-cyber\/certitude-numerique\/\" target=\"_blank\" rel=\"noopener noreferrer\"><img decoding=\"async\" width=\"250\" height=\"100\" src=\"https:\/\/defense-cyber.fr\/rdefensecyber2026\/wp-content\/uploads\/sites\/5\/2022\/12\/CERTITUDE-NUMERIQUE-Logo2.png\" class=\"attachment-blog-medium size-blog-medium\" alt=\"CERTitude NUMERIQUE, partenaire du Cycle D\u00e9fense &amp; Cyber\" srcset=\"https:\/\/defense-cyber.fr\/rdefensecyber2026\/wp-content\/uploads\/sites\/5\/2022\/12\/CERTITUDE-NUMERIQUE-Logo2-200x80.png 200w, https:\/\/defense-cyber.fr\/rdefensecyber2026\/wp-content\/uploads\/sites\/5\/2022\/12\/CERTITUDE-NUMERIQUE-Logo2.png 250w\" sizes=\"(min-width: 2200px) 100vw, (min-width: 928px) 230px, (min-width: 856px) 287px, (min-width: 784px) 383px, (min-width: 712px) 574px, (min-width: 640px) 712px, \" \/><\/a><\/div><\/div><\/div><div class=\"swiper-slide\"><div class=\"fusion-carousel-item-wrapper\"><div class=\"fusion-image-wrapper hover-type-zoomin\"><a href=\"https:\/\/defense-cyber.fr\/partenaires-defense-cyber\/stormshield\/\" target=\"_blank\" rel=\"noopener noreferrer\"><img decoding=\"async\" width=\"250\" height=\"100\" src=\"https:\/\/defense-cyber.fr\/rdefensecyber2026\/wp-content\/uploads\/sites\/5\/2026\/01\/STORMSHIELD-Logo.jpg\" class=\"attachment-blog-medium size-blog-medium\" alt=\"Stormshield, partenaire des Rencontres D\u00e9fense &amp; Cyber\" srcset=\"https:\/\/defense-cyber.fr\/rdefensecyber2026\/wp-content\/uploads\/sites\/5\/2026\/01\/STORMSHIELD-Logo-200x80.jpg 200w, https:\/\/defense-cyber.fr\/rdefensecyber2026\/wp-content\/uploads\/sites\/5\/2026\/01\/STORMSHIELD-Logo.jpg 250w\" sizes=\"(min-width: 2200px) 100vw, (min-width: 928px) 230px, (min-width: 856px) 287px, (min-width: 784px) 383px, (min-width: 712px) 574px, (min-width: 640px) 712px, \" \/><\/a><\/div><\/div><\/div><div class=\"swiper-slide\"><div class=\"fusion-carousel-item-wrapper\"><div class=\"fusion-image-wrapper hover-type-zoomin\"><a href=\"https:\/\/defense-cyber.fr\/partenaires-defense-cyber\/cea\/\" target=\"_blank\" rel=\"noopener noreferrer\"><img decoding=\"async\" width=\"200\" height=\"100\" src=\"https:\/\/defense-cyber.fr\/rdefensecyber2026\/wp-content\/uploads\/sites\/5\/2026\/04\/cea_200.jpg\" class=\"attachment-blog-medium size-blog-medium\" alt=\"CERTitude NUMERIQUE, partenaire du Cycle D\u00e9fense &amp; Cyber\" \/><\/a><\/div><\/div><\/div><div class=\"swiper-slide\"><div class=\"fusion-carousel-item-wrapper\"><div class=\"fusion-image-wrapper hover-type-zoomin\"><a href=\"https:\/\/defense-cyber.fr\/partenaires-defense-cyber\/enedis\/\" target=\"_blank\" rel=\"noopener noreferrer\"><img decoding=\"async\" width=\"250\" height=\"100\" src=\"https:\/\/defense-cyber.fr\/rdefensecyber2026\/wp-content\/uploads\/sites\/5\/2023\/09\/Logo_Enedis.png\" class=\"attachment-blog-medium size-blog-medium\" alt=\"ENEDIS, partenaire du Cycle D\u00e9fense &amp; Cyber\" srcset=\"https:\/\/defense-cyber.fr\/rdefensecyber2026\/wp-content\/uploads\/sites\/5\/2023\/09\/Logo_Enedis-200x80.png 200w, https:\/\/defense-cyber.fr\/rdefensecyber2026\/wp-content\/uploads\/sites\/5\/2023\/09\/Logo_Enedis.png 250w\" sizes=\"(min-width: 2200px) 100vw, (min-width: 928px) 230px, (min-width: 856px) 287px, (min-width: 784px) 383px, (min-width: 712px) 574px, (min-width: 640px) 712px, \" \/><\/a><\/div><\/div><\/div><div class=\"swiper-slide\"><div class=\"fusion-carousel-item-wrapper\"><div class=\"fusion-image-wrapper hover-type-zoomin\"><a href=\" https:\/\/defense-cyber.fr\/partenaires-defense-cyber\/ihedn-region-lyonnaise\/\" target=\"_blank\" rel=\"noopener noreferrer\"><img decoding=\"async\" width=\"180\" height=\"180\" src=\"https:\/\/defense-cyber.fr\/rdefensecyber2026\/wp-content\/uploads\/sites\/5\/2026\/03\/Logo_IHEDN_Lyon.png\" class=\"attachment-blog-medium size-blog-medium\" alt=\"IHEDN Lyon, partenaire du Cycle D\u00e9fense &amp; Cyber\" \/><\/a><\/div><\/div><\/div><div class=\"swiper-slide\"><div class=\"fusion-carousel-item-wrapper\"><div class=\"fusion-image-wrapper hover-type-zoomin\"><a href=\"https:\/\/www.protection-civile.org\/\" target=\"_blank\" rel=\"noopener noreferrer\"><img decoding=\"async\" width=\"250\" height=\"100\" src=\"https:\/\/defense-cyber.fr\/rdefensecyber2026\/wp-content\/uploads\/sites\/5\/2026\/03\/FNPC_Logo_250_100.jpg\" class=\"attachment-blog-medium size-blog-medium\" alt=\"La Protection Civile, partenaire du Cycle D\u00e9fense &amp; Cyber\" srcset=\"https:\/\/defense-cyber.fr\/rdefensecyber2026\/wp-content\/uploads\/sites\/5\/2026\/03\/FNPC_Logo_250_100-200x80.jpg 200w, https:\/\/defense-cyber.fr\/rdefensecyber2026\/wp-content\/uploads\/sites\/5\/2026\/03\/FNPC_Logo_250_100.jpg 250w\" sizes=\"(min-width: 2200px) 100vw, (min-width: 928px) 230px, (min-width: 856px) 287px, (min-width: 784px) 383px, (min-width: 712px) 574px, (min-width: 640px) 712px, \" \/><\/a><\/div><\/div><\/div><\/div><div class=\"awb-swiper-button awb-swiper-button-prev\"><i class=\"awb-icon-angle-left\" aria-hidden=\"true\"><\/i><\/div><div class=\"awb-swiper-button awb-swiper-button-next\"><i class=\"awb-icon-angle-right\" aria-hidden=\"true\"><\/i><\/div><\/div><\/div><\/div><\/div><\/div><\/div>\n<\/p>\n","protected":false},"excerpt":{"rendered":"","protected":false},"author":4,"featured_media":0,"parent":0,"menu_order":0,"comment_status":"closed","ping_status":"closed","template":"100-width.php","meta":{"footnotes":""},"class_list":["post-1145","page","type-page","status-publish","hentry"],"yoast_head":"<!-- This site is optimized with the Yoast SEO plugin v27.4 - https:\/\/yoast.com\/product\/yoast-seo-wordpress\/ -->\n<title>Les Intervenants des Rencontres D\u00e9fense &amp; Cyber 2026 by CyberCercle<\/title>\n<meta name=\"description\" content=\"Des intervenants experts des questions de cybers\u00e9curit\u00e9 et de D\u00e9fense pour des \u00e9changes de qualit\u00e9 et conviviaux\" \/>\n<meta name=\"robots\" content=\"index, follow, max-snippet:-1, max-image-preview:large, max-video-preview:-1\" \/>\n<link rel=\"canonical\" href=\"https:\/\/defense-cyber.fr\/rdefensecyber2026\/intervenants\/\" \/>\n<meta property=\"og:locale\" content=\"fr_FR\" \/>\n<meta property=\"og:type\" content=\"article\" \/>\n<meta property=\"og:title\" content=\"Les Intervenants des Rencontres D\u00e9fense &amp; Cyber 2026 by CyberCercle\" \/>\n<meta property=\"og:description\" content=\"Des intervenants experts des questions de cybers\u00e9curit\u00e9 et de D\u00e9fense pour des \u00e9changes de qualit\u00e9 et conviviaux\" \/>\n<meta property=\"og:url\" content=\"https:\/\/defense-cyber.fr\/rdefensecyber2026\/intervenants\/\" \/>\n<meta property=\"og:site_name\" content=\"Rencontres D\u00e9fense &amp; Cyber 2026\" \/>\n<meta property=\"article:modified_time\" content=\"2026-04-03T15:34:01+00:00\" \/>\n<meta name=\"twitter:card\" content=\"summary_large_image\" \/>\n<meta name=\"twitter:label1\" content=\"Dur\u00e9e de lecture estim\u00e9e\" \/>\n\t<meta name=\"twitter:data1\" content=\"9 minutes\" \/>\n<script type=\"application\/ld+json\" class=\"yoast-schema-graph\">{\"@context\":\"https:\\\/\\\/schema.org\",\"@graph\":[{\"@type\":\"WebPage\",\"@id\":\"https:\\\/\\\/defense-cyber.fr\\\/rdefensecyber2026\\\/intervenants\\\/\",\"url\":\"https:\\\/\\\/defense-cyber.fr\\\/rdefensecyber2026\\\/intervenants\\\/\",\"name\":\"Les Intervenants des Rencontres D\u00e9fense & Cyber 2026 by CyberCercle\",\"isPartOf\":{\"@id\":\"https:\\\/\\\/defense-cyber.fr\\\/rdefensecyber2026\\\/#website\"},\"datePublished\":\"2026-01-17T11:00:40+00:00\",\"dateModified\":\"2026-04-03T15:34:01+00:00\",\"description\":\"Des intervenants experts des questions de cybers\u00e9curit\u00e9 et de D\u00e9fense pour des \u00e9changes de qualit\u00e9 et conviviaux\",\"breadcrumb\":{\"@id\":\"https:\\\/\\\/defense-cyber.fr\\\/rdefensecyber2026\\\/intervenants\\\/#breadcrumb\"},\"inLanguage\":\"fr-FR\",\"potentialAction\":[{\"@type\":\"ReadAction\",\"target\":[\"https:\\\/\\\/defense-cyber.fr\\\/rdefensecyber2026\\\/intervenants\\\/\"]}]},{\"@type\":\"BreadcrumbList\",\"@id\":\"https:\\\/\\\/defense-cyber.fr\\\/rdefensecyber2026\\\/intervenants\\\/#breadcrumb\",\"itemListElement\":[{\"@type\":\"ListItem\",\"position\":1,\"name\":\"Accueil\",\"item\":\"https:\\\/\\\/defense-cyber.fr\\\/rdefensecyber2026\\\/\"},{\"@type\":\"ListItem\",\"position\":2,\"name\":\"Les Intervenants\"}]},{\"@type\":\"WebSite\",\"@id\":\"https:\\\/\\\/defense-cyber.fr\\\/rdefensecyber2026\\\/#website\",\"url\":\"https:\\\/\\\/defense-cyber.fr\\\/rdefensecyber2026\\\/\",\"name\":\"Rencontres D\u00e9fense & Cyber 2026\",\"description\":\"La Cyber au coeur de la D\u00e9fense\",\"potentialAction\":[{\"@type\":\"SearchAction\",\"target\":{\"@type\":\"EntryPoint\",\"urlTemplate\":\"https:\\\/\\\/defense-cyber.fr\\\/rdefensecyber2026\\\/?s={search_term_string}\"},\"query-input\":{\"@type\":\"PropertyValueSpecification\",\"valueRequired\":true,\"valueName\":\"search_term_string\"}}],\"inLanguage\":\"fr-FR\"}]}<\/script>\n<!-- \/ Yoast SEO plugin. -->","yoast_head_json":{"title":"Les Intervenants des Rencontres D\u00e9fense & Cyber 2026 by CyberCercle","description":"Des intervenants experts des questions de cybers\u00e9curit\u00e9 et de D\u00e9fense pour des \u00e9changes de qualit\u00e9 et conviviaux","robots":{"index":"index","follow":"follow","max-snippet":"max-snippet:-1","max-image-preview":"max-image-preview:large","max-video-preview":"max-video-preview:-1"},"canonical":"https:\/\/defense-cyber.fr\/rdefensecyber2026\/intervenants\/","og_locale":"fr_FR","og_type":"article","og_title":"Les Intervenants des Rencontres D\u00e9fense & Cyber 2026 by CyberCercle","og_description":"Des intervenants experts des questions de cybers\u00e9curit\u00e9 et de D\u00e9fense pour des \u00e9changes de qualit\u00e9 et conviviaux","og_url":"https:\/\/defense-cyber.fr\/rdefensecyber2026\/intervenants\/","og_site_name":"Rencontres D\u00e9fense & Cyber 2026","article_modified_time":"2026-04-03T15:34:01+00:00","twitter_card":"summary_large_image","twitter_misc":{"Dur\u00e9e de lecture estim\u00e9e":"9 minutes"},"schema":{"@context":"https:\/\/schema.org","@graph":[{"@type":"WebPage","@id":"https:\/\/defense-cyber.fr\/rdefensecyber2026\/intervenants\/","url":"https:\/\/defense-cyber.fr\/rdefensecyber2026\/intervenants\/","name":"Les Intervenants des Rencontres D\u00e9fense & Cyber 2026 by CyberCercle","isPartOf":{"@id":"https:\/\/defense-cyber.fr\/rdefensecyber2026\/#website"},"datePublished":"2026-01-17T11:00:40+00:00","dateModified":"2026-04-03T15:34:01+00:00","description":"Des intervenants experts des questions de cybers\u00e9curit\u00e9 et de D\u00e9fense pour des \u00e9changes de qualit\u00e9 et conviviaux","breadcrumb":{"@id":"https:\/\/defense-cyber.fr\/rdefensecyber2026\/intervenants\/#breadcrumb"},"inLanguage":"fr-FR","potentialAction":[{"@type":"ReadAction","target":["https:\/\/defense-cyber.fr\/rdefensecyber2026\/intervenants\/"]}]},{"@type":"BreadcrumbList","@id":"https:\/\/defense-cyber.fr\/rdefensecyber2026\/intervenants\/#breadcrumb","itemListElement":[{"@type":"ListItem","position":1,"name":"Accueil","item":"https:\/\/defense-cyber.fr\/rdefensecyber2026\/"},{"@type":"ListItem","position":2,"name":"Les Intervenants"}]},{"@type":"WebSite","@id":"https:\/\/defense-cyber.fr\/rdefensecyber2026\/#website","url":"https:\/\/defense-cyber.fr\/rdefensecyber2026\/","name":"Rencontres D\u00e9fense & Cyber 2026","description":"La Cyber au coeur de la D\u00e9fense","potentialAction":[{"@type":"SearchAction","target":{"@type":"EntryPoint","urlTemplate":"https:\/\/defense-cyber.fr\/rdefensecyber2026\/?s={search_term_string}"},"query-input":{"@type":"PropertyValueSpecification","valueRequired":true,"valueName":"search_term_string"}}],"inLanguage":"fr-FR"}]}},"_links":{"self":[{"href":"https:\/\/defense-cyber.fr\/rdefensecyber2026\/wp-json\/wp\/v2\/pages\/1145","targetHints":{"allow":["GET"]}}],"collection":[{"href":"https:\/\/defense-cyber.fr\/rdefensecyber2026\/wp-json\/wp\/v2\/pages"}],"about":[{"href":"https:\/\/defense-cyber.fr\/rdefensecyber2026\/wp-json\/wp\/v2\/types\/page"}],"author":[{"embeddable":true,"href":"https:\/\/defense-cyber.fr\/rdefensecyber2026\/wp-json\/wp\/v2\/users\/4"}],"replies":[{"embeddable":true,"href":"https:\/\/defense-cyber.fr\/rdefensecyber2026\/wp-json\/wp\/v2\/comments?post=1145"}],"version-history":[{"count":7,"href":"https:\/\/defense-cyber.fr\/rdefensecyber2026\/wp-json\/wp\/v2\/pages\/1145\/revisions"}],"predecessor-version":[{"id":1899,"href":"https:\/\/defense-cyber.fr\/rdefensecyber2026\/wp-json\/wp\/v2\/pages\/1145\/revisions\/1899"}],"wp:attachment":[{"href":"https:\/\/defense-cyber.fr\/rdefensecyber2026\/wp-json\/wp\/v2\/media?parent=1145"}],"curies":[{"name":"wp","href":"https:\/\/api.w.org\/{rel}","templated":true}]}}