{"id":936,"date":"2023-01-11T11:59:12","date_gmt":"2023-01-11T10:59:12","guid":{"rendered":"https:\/\/defense-cyber.fr\/rdefensecyber2024\/?page_id=936"},"modified":"2024-06-17T15:45:32","modified_gmt":"2024-06-17T13:45:32","slug":"rencontres-defense-cyber-galerie","status":"publish","type":"page","link":"https:\/\/defense-cyber.fr\/rdefensecyber2024\/rencontres-defense-cyber-galerie\/","title":{"rendered":"En images"},"content":{"rendered":"<p><div class=\"fusion-fullwidth fullwidth-box fusion-builder-row-1 fusion-flex-container has-pattern-background has-mask-background nonhundred-percent-fullwidth non-hundred-percent-height-scrolling\" style=\"--awb-border-radius-top-left:0px;--awb-border-radius-top-right:0px;--awb-border-radius-bottom-right:0px;--awb-border-radius-bottom-left:0px;--awb-padding-top:30px;--awb-padding-bottom:10px;--awb-margin-top:0px;--awb-background-color:var(--awb-color5);--awb-flex-wrap:wrap;\" ><div class=\"fusion-builder-row fusion-row fusion-flex-align-items-flex-start fusion-flex-content-wrap\" style=\"max-width:1248px;margin-left: calc(-4% \/ 2 );margin-right: calc(-4% \/ 2 );\"><div class=\"fusion-layout-column fusion_builder_column fusion-builder-column-0 fusion_builder_column_1_1 1_1 fusion-flex-column\" style=\"--awb-bg-size:cover;--awb-width-large:100%;--awb-margin-top-large:0px;--awb-spacing-right-large:1.92%;--awb-margin-bottom-large:20px;--awb-spacing-left-large:1.92%;--awb-width-medium:100%;--awb-order-medium:0;--awb-spacing-right-medium:1.92%;--awb-spacing-left-medium:1.92%;--awb-width-small:100%;--awb-order-small:0;--awb-spacing-right-small:1.92%;--awb-spacing-left-small:1.92%;\"><div class=\"fusion-column-wrapper fusion-column-has-shadow fusion-flex-justify-content-flex-start fusion-content-layout-column\"><div class=\"fusion-title title fusion-title-1 fusion-title-text fusion-title-size-two\" style=\"--awb-text-color:var(--awb-color1);--awb-margin-top-small:10px;--awb-margin-right-small:0px;--awb-margin-bottom-small:10px;--awb-margin-left-small:0px;--awb-font-size:20px;\"><div class=\"title-sep-container title-sep-container-left fusion-no-large-visibility fusion-no-medium-visibility fusion-no-small-visibility\"><div class=\"title-sep sep-single sep-solid\" style=\"border-color:var(--awb-color4);\"><\/div><\/div><span class=\"awb-title-spacer fusion-no-large-visibility fusion-no-medium-visibility fusion-no-small-visibility\"><\/span><h2 class=\"fusion-title-heading title-heading-left\" style=\"margin:0;font-size:1em;line-height:1.6em;\"><p>Retour en images sur les 3\u00e8mes Rencontres D\u00e9fense et Cyber qui se sont d\u00e9roul\u00e9es en juin 2024.<br \/>\n(Re)\u00e9couvrez les vid\u00e9os des questions pos\u00e9es \u00e0 nos experts en cyberd\u00e9fense en 2023 et d\u00e9couvrez en exclusivit\u00e9 les photos de l&rsquo;\u00e9dition 2024.<\/p><\/h2><span class=\"awb-title-spacer\"><\/span><div class=\"title-sep-container title-sep-container-right\"><div class=\"title-sep sep-single sep-solid\" style=\"border-color:var(--awb-color4);\"><\/div><\/div><\/div><\/div><\/div><\/div><\/div><div class=\"fusion-fullwidth fullwidth-box fusion-builder-row-2 fusion-flex-container has-pattern-background has-mask-background nonhundred-percent-fullwidth non-hundred-percent-height-scrolling\" style=\"--awb-border-radius-top-left:0px;--awb-border-radius-top-right:0px;--awb-border-radius-bottom-right:0px;--awb-border-radius-bottom-left:0px;--awb-padding-top:40px;--awb-padding-bottom:10px;--awb-flex-wrap:wrap;\" id=\"videos\" ><div class=\"fusion-builder-row fusion-row fusion-flex-align-items-flex-start fusion-flex-content-wrap\" style=\"max-width:1248px;margin-left: calc(-4% \/ 2 );margin-right: calc(-4% \/ 2 );\"><div class=\"fusion-layout-column fusion_builder_column fusion-builder-column-1 fusion_builder_column_1_1 1_1 fusion-flex-column\" style=\"--awb-bg-size:cover;--awb-width-large:100%;--awb-margin-top-large:0px;--awb-spacing-right-large:1.92%;--awb-margin-bottom-large:20px;--awb-spacing-left-large:1.92%;--awb-width-medium:100%;--awb-order-medium:0;--awb-spacing-right-medium:1.92%;--awb-spacing-left-medium:1.92%;--awb-width-small:100%;--awb-order-small:0;--awb-spacing-right-small:1.92%;--awb-spacing-left-small:1.92%;\"><div class=\"fusion-column-wrapper fusion-column-has-shadow fusion-flex-justify-content-flex-start fusion-content-layout-column\"><div class=\"fusion-title title fusion-title-2 fusion-title-text fusion-title-size-three\" style=\"--awb-text-color:var(--awb-color6);--awb-margin-bottom:30px;--awb-margin-top-small:10px;--awb-margin-right-small:0px;--awb-margin-bottom-small:10px;--awb-margin-left-small:0px;--awb-font-size:24px;\"><div class=\"title-sep-container title-sep-container-left fusion-no-large-visibility fusion-no-medium-visibility fusion-no-small-visibility\"><div class=\"title-sep sep-single sep-solid\" style=\"border-color:var(--awb-color4);\"><\/div><\/div><span class=\"awb-title-spacer fusion-no-large-visibility fusion-no-medium-visibility fusion-no-small-visibility\"><\/span><h3 class=\"fusion-title-heading title-heading-left\" style=\"margin:0;font-size:1em;\">En 2023, les experts en cyberd\u00e9fense r\u00e9pondaient \u00e0 nos questions<\/h3><span class=\"awb-title-spacer\"><\/span><div class=\"title-sep-container title-sep-container-right\"><div class=\"title-sep sep-single sep-solid\" style=\"border-color:var(--awb-color4);\"><\/div><\/div><\/div><\/div><\/div><div class=\"fusion-layout-column fusion_builder_column fusion-builder-column-2 fusion_builder_column_1_3 1_3 fusion-flex-column\" style=\"--awb-bg-size:cover;--awb-width-large:33.333333333333%;--awb-margin-top-large:0px;--awb-spacing-right-large:5.76%;--awb-margin-bottom-large:20px;--awb-spacing-left-large:5.76%;--awb-width-medium:33.333333333333%;--awb-order-medium:0;--awb-spacing-right-medium:5.76%;--awb-spacing-left-medium:5.76%;--awb-width-small:100%;--awb-order-small:0;--awb-spacing-right-small:1.92%;--awb-spacing-left-small:1.92%;\"><div class=\"fusion-column-wrapper fusion-column-has-shadow fusion-flex-justify-content-flex-start fusion-content-layout-column\"><div class=\"fusion-video fusion-youtube\" style=\"--awb-max-width:600px;--awb-max-height:360px;--awb-align-self:center;--awb-width:100%;\"><div class=\"video-shortcode\"><div class=\"fluid-width-video-wrapper\" style=\"padding-top:60%;\" ><iframe title=\"YouTube video player 1\" src=\"https:\/\/www.youtube.com\/embed\/weK1gpETBEU?wmode=transparent&autoplay=0\" width=\"600\" height=\"360\" allowfullscreen allow=\"autoplay; clipboard-write; encrypted-media; gyroscope; picture-in-picture;\"><\/iframe><\/div><\/div><\/div><div class=\"fusion-title title fusion-title-3 fusion-sep-none fusion-title-center fusion-title-text fusion-title-size-five\" style=\"--awb-text-color:var(--awb-color6);--awb-margin-bottom:0px;--awb-margin-top-small:10px;--awb-margin-right-small:0px;--awb-margin-bottom-small:10px;--awb-margin-left-small:0px;\"><h5 class=\"fusion-title-heading title-heading-center\" style=\"margin:0;\"><strong>Christophe GUILLOTEAU<\/strong><\/h5><\/div><div class=\"fusion-text fusion-text-1\" style=\"--awb-content-alignment:center;\"><p><strong>Pr\u00e9sident du D\u00e9partement du Rh\u00f4ne<\/strong><\/p>\n<\/div><div class=\"fusion-text fusion-text-2\"><p><strong>\u00ab Pourquoi selon vous la cybers\u00e9curit\u00e9 est-elle fondamentale aujourd\u2019hui en r\u00e9gion ? \u00bb<\/strong><\/p>\n<\/div><\/div><\/div><div class=\"fusion-layout-column fusion_builder_column fusion-builder-column-3 fusion_builder_column_1_3 1_3 fusion-flex-column\" style=\"--awb-bg-size:cover;--awb-width-large:33.333333333333%;--awb-margin-top-large:0px;--awb-spacing-right-large:5.76%;--awb-margin-bottom-large:20px;--awb-spacing-left-large:5.76%;--awb-width-medium:33.333333333333%;--awb-order-medium:0;--awb-spacing-right-medium:5.76%;--awb-spacing-left-medium:5.76%;--awb-width-small:100%;--awb-order-small:0;--awb-spacing-right-small:1.92%;--awb-spacing-left-small:1.92%;\"><div class=\"fusion-column-wrapper fusion-column-has-shadow fusion-flex-justify-content-flex-start fusion-content-layout-column\"><div class=\"fusion-video fusion-youtube\" style=\"--awb-max-width:600px;--awb-max-height:360px;--awb-align-self:center;--awb-width:100%;\"><div class=\"video-shortcode\"><div class=\"fluid-width-video-wrapper\" style=\"padding-top:60%;\" ><iframe title=\"YouTube video player 2\" src=\"https:\/\/www.youtube.com\/embed\/PnQb1xDid_I?wmode=transparent&autoplay=0\" width=\"600\" height=\"360\" allowfullscreen allow=\"autoplay; clipboard-write; encrypted-media; gyroscope; picture-in-picture;\"><\/iframe><\/div><\/div><\/div><div class=\"fusion-title title fusion-title-4 fusion-sep-none fusion-title-center fusion-title-text fusion-title-size-five\" style=\"--awb-text-color:var(--awb-color6);--awb-margin-bottom:0px;--awb-margin-top-small:10px;--awb-margin-right-small:0px;--awb-margin-bottom-small:10px;--awb-margin-left-small:0px;\"><h5 class=\"fusion-title-heading title-heading-center\" style=\"margin:0;\"><strong>Lieutenant-colonel Fabrice MARIA<\/strong><\/h5><\/div><div class=\"fusion-text fusion-text-3\" style=\"--awb-content-alignment:center;\"><p><strong>Chef du CERT Entreprises de d\u00e9fense<br \/>\n<\/strong><strong>Minist\u00e8re des Arm\u00e9es<\/strong><\/p>\n<\/div><div class=\"fusion-text fusion-text-4\"><p><strong>\u00ab Qu\u2019est-ce que le CERT Entreprises de D\u00e9fense ? \u00bb<\/strong><\/p>\n<\/div><\/div><\/div><div class=\"fusion-layout-column fusion_builder_column fusion-builder-column-4 fusion_builder_column_1_3 1_3 fusion-flex-column\" style=\"--awb-bg-size:cover;--awb-width-large:33.333333333333%;--awb-margin-top-large:0px;--awb-spacing-right-large:5.76%;--awb-margin-bottom-large:20px;--awb-spacing-left-large:5.76%;--awb-width-medium:33.333333333333%;--awb-order-medium:0;--awb-spacing-right-medium:5.76%;--awb-spacing-left-medium:5.76%;--awb-width-small:100%;--awb-order-small:0;--awb-spacing-right-small:1.92%;--awb-spacing-left-small:1.92%;\"><div class=\"fusion-column-wrapper fusion-column-has-shadow fusion-flex-justify-content-flex-start fusion-content-layout-column\"><div class=\"fusion-video fusion-youtube\" style=\"--awb-max-width:600px;--awb-max-height:360px;--awb-align-self:center;--awb-width:100%;\"><div class=\"video-shortcode\"><div class=\"fluid-width-video-wrapper\" style=\"padding-top:60%;\" ><iframe title=\"YouTube video player 3\" src=\"https:\/\/www.youtube.com\/embed\/wXJoMbFb7eU?wmode=transparent&autoplay=0\" width=\"600\" height=\"360\" allowfullscreen allow=\"autoplay; clipboard-write; encrypted-media; gyroscope; picture-in-picture;\"><\/iframe><\/div><\/div><\/div><div class=\"fusion-title title fusion-title-5 fusion-sep-none fusion-title-center fusion-title-text fusion-title-size-five\" style=\"--awb-text-color:var(--awb-color6);--awb-margin-bottom:0px;--awb-margin-top-small:10px;--awb-margin-right-small:0px;--awb-margin-bottom-small:10px;--awb-margin-left-small:0px;\"><h5 class=\"fusion-title-heading title-heading-center\" style=\"margin:0;\"><strong>Jacques ROUSSEAU<\/strong><\/h5><\/div><div class=\"fusion-text fusion-text-5\" style=\"--awb-content-alignment:center;\"><p><strong> Charg\u00e9 de mission PME\/ETI A\u00e9ronautique et D\u00e9fense<br \/>\nMinist\u00e8re des Arm\u00e9es<\/strong><\/p>\n<\/div><div class=\"fusion-text fusion-text-6\"><p><strong>\u00ab Quel est votre r\u00f4le sur le territoire ? \u00bb<\/strong><\/p>\n<\/div><\/div><\/div><div class=\"fusion-layout-column fusion_builder_column fusion-builder-column-5 fusion_builder_column_1_3 1_3 fusion-flex-column\" style=\"--awb-bg-size:cover;--awb-width-large:33.333333333333%;--awb-margin-top-large:0px;--awb-spacing-right-large:5.76%;--awb-margin-bottom-large:20px;--awb-spacing-left-large:5.76%;--awb-width-medium:33.333333333333%;--awb-order-medium:0;--awb-spacing-right-medium:5.76%;--awb-spacing-left-medium:5.76%;--awb-width-small:100%;--awb-order-small:0;--awb-spacing-right-small:1.92%;--awb-spacing-left-small:1.92%;\"><div class=\"fusion-column-wrapper fusion-column-has-shadow fusion-flex-justify-content-flex-start fusion-content-layout-column\"><div class=\"fusion-video fusion-youtube\" style=\"--awb-max-width:600px;--awb-max-height:360px;--awb-align-self:center;--awb-width:100%;\"><div class=\"video-shortcode\"><div class=\"fluid-width-video-wrapper\" style=\"padding-top:60%;\" ><iframe title=\"YouTube video player 4\" src=\"https:\/\/www.youtube.com\/embed\/6CSWnWe8kUY?wmode=transparent&autoplay=0\" width=\"600\" height=\"360\" allowfullscreen allow=\"autoplay; clipboard-write; encrypted-media; gyroscope; picture-in-picture;\"><\/iframe><\/div><\/div><\/div><div class=\"fusion-title title fusion-title-6 fusion-sep-none fusion-title-center fusion-title-text fusion-title-size-five\" style=\"--awb-text-color:var(--awb-color6);--awb-margin-bottom:0px;--awb-margin-top-small:10px;--awb-margin-right-small:0px;--awb-margin-bottom-small:10px;--awb-margin-left-small:0px;\"><h5 class=\"fusion-title-heading title-heading-center\" style=\"margin:0;\"><strong>Jean-Baptiste KERVEILLANT<\/strong><\/h5><\/div><div class=\"fusion-text fusion-text-7\" style=\"--awb-content-alignment:center;\"><p><strong>Protection et R\u00e9silience des entreprises<br \/>\nMinist\u00e8re des arm\u00e9es<\/strong><\/p>\n<\/div><div class=\"fusion-text fusion-text-8\" style=\"--awb-content-alignment:justify;\"><p><strong>\u00ab Pourquoi un r\u00e9f\u00e9rentiel d\u2019exigences de cybers\u00e9curit\u00e9pour les acteurs de la D\u00e9fense ? \u00bb<\/strong><\/p>\n<\/div><\/div><\/div><div class=\"fusion-layout-column fusion_builder_column fusion-builder-column-6 fusion_builder_column_1_3 1_3 fusion-flex-column\" style=\"--awb-bg-size:cover;--awb-width-large:33.333333333333%;--awb-margin-top-large:0px;--awb-spacing-right-large:5.76%;--awb-margin-bottom-large:20px;--awb-spacing-left-large:5.76%;--awb-width-medium:33.333333333333%;--awb-order-medium:0;--awb-spacing-right-medium:5.76%;--awb-spacing-left-medium:5.76%;--awb-width-small:100%;--awb-order-small:0;--awb-spacing-right-small:1.92%;--awb-spacing-left-small:1.92%;\"><div class=\"fusion-column-wrapper fusion-column-has-shadow fusion-flex-justify-content-flex-start fusion-content-layout-column\"><div class=\"fusion-video fusion-youtube\" style=\"--awb-max-width:600px;--awb-max-height:360px;--awb-align-self:center;--awb-width:100%;\"><div class=\"video-shortcode\"><div class=\"fluid-width-video-wrapper\" style=\"padding-top:60%;\" ><iframe title=\"YouTube video player 5\" src=\"https:\/\/www.youtube.com\/embed\/cqpnabGlRQU?wmode=transparent&autoplay=0\" width=\"600\" height=\"360\" allowfullscreen allow=\"autoplay; clipboard-write; encrypted-media; gyroscope; picture-in-picture;\"><\/iframe><\/div><\/div><\/div><div class=\"fusion-title title fusion-title-7 fusion-sep-none fusion-title-center fusion-title-text fusion-title-size-five\" style=\"--awb-text-color:var(--awb-color6);--awb-margin-bottom:0px;--awb-margin-top-small:10px;--awb-margin-right-small:0px;--awb-margin-bottom-small:10px;--awb-margin-left-small:0px;\"><h5 class=\"fusion-title-heading title-heading-center\" style=\"margin:0;\"><strong>Capitaine OLIVIER<\/strong><\/h5><\/div><div class=\"fusion-text fusion-text-9\" style=\"--awb-content-alignment:center;\"><p><strong>Repr\u00e9sentant du COMCYBER en Auvergne-Rh\u00f4ne-Alpes<\/strong><\/p>\n<\/div><div class=\"fusion-text fusion-text-10\" style=\"--awb-content-alignment:justify;\"><p><strong>\u00ab Comment devient-on r\u00e9serviste pour le COMCYBER ? \u00bb<\/strong><\/p>\n<\/div><\/div><\/div><div class=\"fusion-layout-column fusion_builder_column fusion-builder-column-7 fusion_builder_column_1_3 1_3 fusion-flex-column\" style=\"--awb-bg-size:cover;--awb-width-large:33.333333333333%;--awb-margin-top-large:0px;--awb-spacing-right-large:5.76%;--awb-margin-bottom-large:20px;--awb-spacing-left-large:5.76%;--awb-width-medium:33.333333333333%;--awb-order-medium:0;--awb-spacing-right-medium:5.76%;--awb-spacing-left-medium:5.76%;--awb-width-small:100%;--awb-order-small:0;--awb-spacing-right-small:1.92%;--awb-spacing-left-small:1.92%;\"><div class=\"fusion-column-wrapper fusion-column-has-shadow fusion-flex-justify-content-flex-start fusion-content-layout-column\"><div class=\"fusion-video fusion-youtube\" style=\"--awb-max-width:600px;--awb-max-height:360px;--awb-align-self:center;--awb-width:100%;\"><div class=\"video-shortcode\"><div class=\"fluid-width-video-wrapper\" style=\"padding-top:60%;\" ><iframe title=\"YouTube video player 6\" src=\"https:\/\/www.youtube.com\/embed\/Li-yxUXFLqg?wmode=transparent&autoplay=0\" width=\"600\" height=\"360\" allowfullscreen allow=\"autoplay; clipboard-write; encrypted-media; gyroscope; picture-in-picture;\"><\/iframe><\/div><\/div><\/div><div class=\"fusion-title title fusion-title-8 fusion-sep-none fusion-title-center fusion-title-text fusion-title-size-five\" style=\"--awb-text-color:var(--awb-color6);--awb-margin-bottom:0px;--awb-margin-top-small:10px;--awb-margin-right-small:0px;--awb-margin-bottom-small:10px;--awb-margin-left-small:0px;\"><h5 class=\"fusion-title-heading title-heading-center\" style=\"margin:0;\"><strong>Beno\u00eet MOREAU<\/strong><\/h5><\/div><div class=\"fusion-text fusion-text-11\" style=\"--awb-content-alignment:center;\"><p><strong>Directeur Cybers\u00e9curit\u00e9<br \/>\nNexter<\/strong><\/p>\n<\/div><div class=\"fusion-text fusion-text-12\" style=\"--awb-content-alignment:justify;\"><p><strong>\u00ab Comment un grand donneur d\u2019ordre peut-il accompagnerses prestataires vers plus de maturit\u00e9 en cybers\u00e9curit\u00e9 ? \u00bb<\/strong><\/p>\n<\/div><\/div><\/div><div class=\"fusion-layout-column fusion_builder_column fusion-builder-column-8 fusion_builder_column_1_3 1_3 fusion-flex-column\" style=\"--awb-bg-size:cover;--awb-width-large:33.333333333333%;--awb-margin-top-large:0px;--awb-spacing-right-large:5.76%;--awb-margin-bottom-large:20px;--awb-spacing-left-large:5.76%;--awb-width-medium:33.333333333333%;--awb-order-medium:0;--awb-spacing-right-medium:5.76%;--awb-spacing-left-medium:5.76%;--awb-width-small:100%;--awb-order-small:0;--awb-spacing-right-small:1.92%;--awb-spacing-left-small:1.92%;\"><div class=\"fusion-column-wrapper fusion-column-has-shadow fusion-flex-justify-content-flex-start fusion-content-layout-column\"><div class=\"fusion-video fusion-youtube\" style=\"--awb-max-width:600px;--awb-max-height:360px;--awb-align-self:center;--awb-width:100%;\"><div class=\"video-shortcode\"><div class=\"fluid-width-video-wrapper\" style=\"padding-top:60%;\" ><iframe title=\"YouTube video player 7\" src=\"https:\/\/www.youtube.com\/embed\/5JoYTGLjuA0?wmode=transparent&autoplay=0\" width=\"600\" height=\"360\" allowfullscreen allow=\"autoplay; clipboard-write; encrypted-media; gyroscope; picture-in-picture;\"><\/iframe><\/div><\/div><\/div><div class=\"fusion-title title fusion-title-9 fusion-sep-none fusion-title-center fusion-title-text fusion-title-size-five\" style=\"--awb-text-color:var(--awb-color6);--awb-margin-bottom:0px;--awb-margin-top-small:10px;--awb-margin-right-small:0px;--awb-margin-bottom-small:10px;--awb-margin-left-small:0px;\"><h5 class=\"fusion-title-heading title-heading-center\" style=\"margin:0;\"><strong>Thibault RENARD<\/strong><\/h5><\/div><div class=\"fusion-text fusion-text-13\" style=\"--awb-content-alignment:center;\"><p><strong>Senior Advisor du CyberCercle\/strong&gt;<\/p>\n<\/div><div class=\"fusion-text fusion-text-14\" style=\"--awb-content-alignment:justify;\"><p><\/strong><\/p>\n<p><strong>\u00ab Pourquoi parler de captologie et de technologies persuasives dans le cadre de l&rsquo;\u00e9conomie de l&rsquo;attention ? \u00bb<\/strong><\/p>\n<\/div><\/div><\/div><div class=\"fusion-layout-column fusion_builder_column fusion-builder-column-9 fusion_builder_column_1_3 1_3 fusion-flex-column\" style=\"--awb-bg-size:cover;--awb-width-large:33.333333333333%;--awb-margin-top-large:0px;--awb-spacing-right-large:5.76%;--awb-margin-bottom-large:20px;--awb-spacing-left-large:5.76%;--awb-width-medium:33.333333333333%;--awb-order-medium:0;--awb-spacing-right-medium:5.76%;--awb-spacing-left-medium:5.76%;--awb-width-small:100%;--awb-order-small:0;--awb-spacing-right-small:1.92%;--awb-spacing-left-small:1.92%;\"><div class=\"fusion-column-wrapper fusion-column-has-shadow fusion-flex-justify-content-flex-start fusion-content-layout-column\"><div class=\"fusion-video fusion-youtube\" style=\"--awb-max-width:600px;--awb-max-height:360px;--awb-align-self:center;--awb-width:100%;\"><div class=\"video-shortcode\"><div class=\"fluid-width-video-wrapper\" style=\"padding-top:60%;\" ><iframe title=\"YouTube video player 8\" src=\"https:\/\/www.youtube.com\/embed\/gzM53dvS0Ok?wmode=transparent&autoplay=0\" width=\"600\" height=\"360\" allowfullscreen allow=\"autoplay; clipboard-write; encrypted-media; gyroscope; picture-in-picture;\"><\/iframe><\/div><\/div><\/div><div class=\"fusion-title title fusion-title-10 fusion-sep-none fusion-title-center fusion-title-text fusion-title-size-five\" style=\"--awb-text-color:var(--awb-color6);--awb-margin-bottom:0px;--awb-margin-top-small:10px;--awb-margin-right-small:0px;--awb-margin-bottom-small:10px;--awb-margin-left-small:0px;\"><h5 class=\"fusion-title-heading title-heading-center\" style=\"margin:0;\"><strong>ADC (TA) Hakim MERZOUGUI et Major Georges MOUY<\/strong><\/h5><\/div><div class=\"fusion-text fusion-text-15\" style=\"--awb-content-alignment:center;\"><p><strong>27\u00e8me Bataillon de Chasseurs Alpins<\/strong><\/p>\n<\/div><div class=\"fusion-text fusion-text-16\" style=\"--awb-content-alignment:justify;\"><p><strong>\u00ab Pouvez-vous nous pr\u00e9senter le TIGER RAID CORSICA qui se d\u00e9roulera en 2024 ? \u00bb<\/strong><\/p>\n<\/div><\/div><\/div><div class=\"fusion-layout-column fusion_builder_column fusion-builder-column-10 fusion_builder_column_1_3 1_3 fusion-flex-column\" style=\"--awb-bg-size:cover;--awb-width-large:33.333333333333%;--awb-margin-top-large:0px;--awb-spacing-right-large:5.76%;--awb-margin-bottom-large:20px;--awb-spacing-left-large:5.76%;--awb-width-medium:33.333333333333%;--awb-order-medium:0;--awb-spacing-right-medium:5.76%;--awb-spacing-left-medium:5.76%;--awb-width-small:100%;--awb-order-small:0;--awb-spacing-right-small:1.92%;--awb-spacing-left-small:1.92%;\"><div class=\"fusion-column-wrapper fusion-column-has-shadow fusion-flex-justify-content-flex-start fusion-content-layout-column\"><div class=\"fusion-video fusion-youtube\" style=\"--awb-max-width:600px;--awb-max-height:360px;--awb-align-self:center;--awb-width:100%;\"><div class=\"video-shortcode\"><div class=\"fluid-width-video-wrapper\" style=\"padding-top:60%;\" ><iframe title=\"YouTube video player 9\" src=\"https:\/\/www.youtube.com\/embed\/dwPsvRnZV6A?wmode=transparent&autoplay=0\" width=\"600\" height=\"360\" allowfullscreen allow=\"autoplay; clipboard-write; encrypted-media; gyroscope; picture-in-picture;\"><\/iframe><\/div><\/div><\/div><div class=\"fusion-title title fusion-title-11 fusion-sep-none fusion-title-center fusion-title-text fusion-title-size-five\" style=\"--awb-text-color:var(--awb-color6);--awb-margin-bottom:0px;--awb-margin-top-small:10px;--awb-margin-right-small:0px;--awb-margin-bottom-small:10px;--awb-margin-left-small:0px;\"><h5 class=\"fusion-title-heading title-heading-center\" style=\"margin:0;\"><strong>Sylvain CAVALIER<\/strong><\/h5><\/div><div class=\"fusion-text fusion-text-17\" style=\"--awb-content-alignment:center;\"><p><strong>Qu\u2019est-ce que la captologie ?<\/strong><\/p>\n<\/div><div class=\"fusion-text fusion-text-18\" style=\"--awb-content-alignment:justify;\"><p><strong>\u00ab Qu\u2019est-ce que la captologie ? \u00bb<\/strong><\/p>\n<\/div><\/div><\/div><\/div><\/div><div class=\"fusion-fullwidth fullwidth-box fusion-builder-row-3 fusion-flex-container has-pattern-background has-mask-background nonhundred-percent-fullwidth non-hundred-percent-height-scrolling\" style=\"--awb-border-radius-top-left:0px;--awb-border-radius-top-right:0px;--awb-border-radius-bottom-right:0px;--awb-border-radius-bottom-left:0px;--awb-padding-top:30px;--awb-padding-bottom:20px;--awb-margin-bottom:1px;--awb-background-color:var(--awb-color7);--awb-flex-wrap:wrap;\" id=\"photos\" ><div class=\"fusion-builder-row fusion-row fusion-flex-align-items-flex-start fusion-flex-content-wrap\" style=\"max-width:1248px;margin-left: calc(-4% \/ 2 );margin-right: calc(-4% \/ 2 );\"><div class=\"fusion-layout-column fusion_builder_column fusion-builder-column-11 fusion_builder_column_1_1 1_1 fusion-flex-column\" style=\"--awb-bg-size:cover;--awb-width-large:100%;--awb-margin-top-large:0px;--awb-spacing-right-large:1.92%;--awb-margin-bottom-large:20px;--awb-spacing-left-large:1.92%;--awb-width-medium:100%;--awb-order-medium:0;--awb-spacing-right-medium:1.92%;--awb-spacing-left-medium:1.92%;--awb-width-small:100%;--awb-order-small:0;--awb-spacing-right-small:1.92%;--awb-spacing-left-small:1.92%;\"><div class=\"fusion-column-wrapper fusion-column-has-shadow fusion-flex-justify-content-flex-start fusion-content-layout-column\"><div class=\"awb-gallery-wrapper awb-gallery-wrapper-1 button-span-no\" style=\"--more-btn-alignment:center;\"><div style=\"margin:-5px;--awb-bordersize:0px;--awb-caption-title-size:16px;\" class=\"fusion-gallery fusion-gallery-container fusion-grid-4 fusion-columns-total-25 fusion-gallery-layout-masonry fusion-gallery-1\"><div class=\"fusion-grid-column fusion-gallery-column fusion-gallery-column-4 hover-type-zoomin fusion-grid-sizer\"><\/div><div style=\"padding:5px;\" class=\"fusion-grid-column fusion-gallery-column fusion-gallery-column-4 hover-type-zoomin fusion-element-grid\"><div class=\"fusion-gallery-image\"><a href=\"https:\/\/defense-cyber.fr\/rdefensecyber2024\/wp-content\/uploads\/sites\/4\/2024\/06\/IMG_9149.jpg\" data-title=\"Rencontres D\u00e9fense et Cyber 2024\" title=\"Rencontres D\u00e9fense et Cyber 2024\" rel=\"noreferrer\" data-rel=\"iLightbox[gallery_image_1]\" class=\"fusion-lightbox\" target=\"_self\"><div style=\"background-image:url(https:\/\/defense-cyber.fr\/rdefensecyber2024\/wp-content\/uploads\/sites\/4\/2024\/06\/IMG_9149.jpg);padding-top:calc((100% + 10px) * 0.8 - 5px);background-position:;\" class=\"fusion-masonry-element-container\"><img decoding=\"async\" src=\"https:\/\/defense-cyber.fr\/rdefensecyber2024\/wp-content\/uploads\/sites\/4\/2024\/06\/IMG_9149.jpg\" width=\"1200\" height=\"1600\" alt=\"Rencontres D\u00e9fense et Cyber 2024\" title=\"Rencontres D\u00e9fense et Cyber 2024\" aria-label=\"Rencontres D\u00e9fense et Cyber 2024\" class=\"img-responsive wp-image-1622\" srcset=\"https:\/\/defense-cyber.fr\/rdefensecyber2024\/wp-content\/uploads\/sites\/4\/2024\/06\/IMG_9149-200x267.jpg 200w, https:\/\/defense-cyber.fr\/rdefensecyber2024\/wp-content\/uploads\/sites\/4\/2024\/06\/IMG_9149-400x533.jpg 400w, https:\/\/defense-cyber.fr\/rdefensecyber2024\/wp-content\/uploads\/sites\/4\/2024\/06\/IMG_9149-600x800.jpg 600w, https:\/\/defense-cyber.fr\/rdefensecyber2024\/wp-content\/uploads\/sites\/4\/2024\/06\/IMG_9149-800x1067.jpg 800w, https:\/\/defense-cyber.fr\/rdefensecyber2024\/wp-content\/uploads\/sites\/4\/2024\/06\/IMG_9149.jpg 1200w\" sizes=\"(min-width: 2200px) 100vw, (min-width: 856px) 296px, (min-width: 784px) 395px, (min-width: 712px) 593px, (min-width: 640px) 712px, \" \/><\/div><\/a><\/div><\/div><div style=\"padding:5px;\" class=\"fusion-grid-column fusion-gallery-column fusion-gallery-column-4 hover-type-zoomin fusion-element-grid\"><div class=\"fusion-gallery-image\"><a href=\"https:\/\/defense-cyber.fr\/rdefensecyber2024\/wp-content\/uploads\/sites\/4\/2024\/06\/IMG_9148.jpg\" data-title=\"Rencontres D\u00e9fense et Cyber 2024\" title=\"Rencontres D\u00e9fense et Cyber 2024\" rel=\"noreferrer\" data-rel=\"iLightbox[gallery_image_1]\" class=\"fusion-lightbox\" target=\"_self\"><div style=\"background-image:url(https:\/\/defense-cyber.fr\/rdefensecyber2024\/wp-content\/uploads\/sites\/4\/2024\/06\/IMG_9148.jpg);padding-top:calc((100% + 10px) * 0.8 - 5px);background-position:;\" class=\"fusion-masonry-element-container\"><img decoding=\"async\" src=\"https:\/\/defense-cyber.fr\/rdefensecyber2024\/wp-content\/uploads\/sites\/4\/2024\/06\/IMG_9148.jpg\" width=\"1200\" height=\"1600\" alt=\"Rencontres D\u00e9fense et Cyber 2024\" title=\"Rencontres D\u00e9fense et Cyber 2024\" aria-label=\"Rencontres D\u00e9fense et Cyber 2024\" class=\"img-responsive wp-image-1623\" srcset=\"https:\/\/defense-cyber.fr\/rdefensecyber2024\/wp-content\/uploads\/sites\/4\/2024\/06\/IMG_9148-200x267.jpg 200w, https:\/\/defense-cyber.fr\/rdefensecyber2024\/wp-content\/uploads\/sites\/4\/2024\/06\/IMG_9148-400x533.jpg 400w, https:\/\/defense-cyber.fr\/rdefensecyber2024\/wp-content\/uploads\/sites\/4\/2024\/06\/IMG_9148-600x800.jpg 600w, https:\/\/defense-cyber.fr\/rdefensecyber2024\/wp-content\/uploads\/sites\/4\/2024\/06\/IMG_9148-800x1067.jpg 800w, https:\/\/defense-cyber.fr\/rdefensecyber2024\/wp-content\/uploads\/sites\/4\/2024\/06\/IMG_9148.jpg 1200w\" sizes=\"(min-width: 2200px) 100vw, (min-width: 856px) 296px, (min-width: 784px) 395px, (min-width: 712px) 593px, (min-width: 640px) 712px, \" \/><\/div><\/a><\/div><\/div><div style=\"padding:5px;\" class=\"fusion-grid-column fusion-gallery-column fusion-gallery-column-4 hover-type-zoomin fusion-element-landscape\"><div class=\"fusion-gallery-image\"><a href=\"https:\/\/defense-cyber.fr\/rdefensecyber2024\/wp-content\/uploads\/sites\/4\/2024\/06\/image0000001-3.jpg\" data-title=\"Rencontres D\u00e9fense et Cyber 2024\" title=\"Rencontres D\u00e9fense et Cyber 2024\" rel=\"noreferrer\" data-rel=\"iLightbox[gallery_image_1]\" class=\"fusion-lightbox\" target=\"_self\"><div style=\"background-image:url(https:\/\/defense-cyber.fr\/rdefensecyber2024\/wp-content\/uploads\/sites\/4\/2024\/06\/image0000001-3.jpg);padding-top:calc((100% + 10px) * 0.4 - 5px);background-position:;\" class=\"fusion-masonry-element-container\"><img decoding=\"async\" src=\"https:\/\/defense-cyber.fr\/rdefensecyber2024\/wp-content\/uploads\/sites\/4\/2024\/06\/image0000001-3.jpg\" width=\"1600\" height=\"747\" alt=\"Rencontres D\u00e9fense et Cyber 2024\" title=\"Rencontres D\u00e9fense et Cyber 2024\" aria-label=\"Rencontres D\u00e9fense et Cyber 2024\" class=\"img-responsive wp-image-1624\" srcset=\"https:\/\/defense-cyber.fr\/rdefensecyber2024\/wp-content\/uploads\/sites\/4\/2024\/06\/image0000001-3-200x93.jpg 200w, https:\/\/defense-cyber.fr\/rdefensecyber2024\/wp-content\/uploads\/sites\/4\/2024\/06\/image0000001-3-400x187.jpg 400w, https:\/\/defense-cyber.fr\/rdefensecyber2024\/wp-content\/uploads\/sites\/4\/2024\/06\/image0000001-3-600x280.jpg 600w, https:\/\/defense-cyber.fr\/rdefensecyber2024\/wp-content\/uploads\/sites\/4\/2024\/06\/image0000001-3-800x374.jpg 800w, https:\/\/defense-cyber.fr\/rdefensecyber2024\/wp-content\/uploads\/sites\/4\/2024\/06\/image0000001-3-1200x560.jpg 1200w, https:\/\/defense-cyber.fr\/rdefensecyber2024\/wp-content\/uploads\/sites\/4\/2024\/06\/image0000001-3.jpg 1600w\" sizes=\"(min-width: 2200px) 100vw, (min-width: 712px) 598px, (min-width: 640px) 712px, \" \/><\/div><\/a><\/div><\/div><div style=\"padding:5px;\" class=\"fusion-grid-column fusion-gallery-column fusion-gallery-column-4 hover-type-zoomin fusion-element-grid\"><div class=\"fusion-gallery-image\"><a href=\"https:\/\/defense-cyber.fr\/rdefensecyber2024\/wp-content\/uploads\/sites\/4\/2024\/06\/IMG_1426.jpg\" data-title=\"Rencontres D\u00e9fense et Cyber 2024\" title=\"Rencontres D\u00e9fense et Cyber 2024\" rel=\"noreferrer\" data-rel=\"iLightbox[gallery_image_1]\" class=\"fusion-lightbox\" target=\"_self\"><div style=\"background-image:url(https:\/\/defense-cyber.fr\/rdefensecyber2024\/wp-content\/uploads\/sites\/4\/2024\/06\/IMG_1426.jpg);padding-top:calc((100% + 10px) * 0.8 - 5px);background-position:;\" class=\"fusion-masonry-element-container\"><img decoding=\"async\" src=\"https:\/\/defense-cyber.fr\/rdefensecyber2024\/wp-content\/uploads\/sites\/4\/2024\/06\/IMG_1426.jpg\" width=\"480\" height=\"640\" alt=\"Rencontres D\u00e9fense et Cyber 2024\" title=\"Rencontres D\u00e9fense et Cyber 2024\" aria-label=\"Rencontres D\u00e9fense et Cyber 2024\" class=\"img-responsive wp-image-1625\" srcset=\"https:\/\/defense-cyber.fr\/rdefensecyber2024\/wp-content\/uploads\/sites\/4\/2024\/06\/IMG_1426-200x267.jpg 200w, https:\/\/defense-cyber.fr\/rdefensecyber2024\/wp-content\/uploads\/sites\/4\/2024\/06\/IMG_1426-400x533.jpg 400w, https:\/\/defense-cyber.fr\/rdefensecyber2024\/wp-content\/uploads\/sites\/4\/2024\/06\/IMG_1426.jpg 480w\" sizes=\"(min-width: 2200px) 100vw, (min-width: 856px) 296px, (min-width: 784px) 395px, (min-width: 712px) 593px, (min-width: 640px) 712px, \" \/><\/div><\/a><\/div><\/div><div style=\"padding:5px;\" class=\"fusion-grid-column fusion-gallery-column fusion-gallery-column-4 hover-type-zoomin fusion-element-grid\"><div class=\"fusion-gallery-image\"><a href=\"https:\/\/defense-cyber.fr\/rdefensecyber2024\/wp-content\/uploads\/sites\/4\/2024\/06\/IMG_1422.jpg\" data-title=\"Rencontres D\u00e9fense et Cyber 2024\" title=\"Rencontres D\u00e9fense et Cyber 2024\" rel=\"noreferrer\" data-rel=\"iLightbox[gallery_image_1]\" class=\"fusion-lightbox\" target=\"_self\"><div style=\"background-image:url(https:\/\/defense-cyber.fr\/rdefensecyber2024\/wp-content\/uploads\/sites\/4\/2024\/06\/IMG_1422.jpg);padding-top:calc((100% + 10px) * 0.8 - 5px);background-position:;\" class=\"fusion-masonry-element-container\"><img decoding=\"async\" src=\"https:\/\/defense-cyber.fr\/rdefensecyber2024\/wp-content\/uploads\/sites\/4\/2024\/06\/IMG_1422.jpg\" width=\"640\" height=\"480\" alt=\"Rencontres D\u00e9fense et Cyber 2024\" title=\"Rencontres D\u00e9fense et Cyber 2024\" aria-label=\"Rencontres D\u00e9fense et Cyber 2024\" class=\"img-responsive wp-image-1626\" srcset=\"https:\/\/defense-cyber.fr\/rdefensecyber2024\/wp-content\/uploads\/sites\/4\/2024\/06\/IMG_1422-200x150.jpg 200w, https:\/\/defense-cyber.fr\/rdefensecyber2024\/wp-content\/uploads\/sites\/4\/2024\/06\/IMG_1422-400x300.jpg 400w, https:\/\/defense-cyber.fr\/rdefensecyber2024\/wp-content\/uploads\/sites\/4\/2024\/06\/IMG_1422-600x450.jpg 600w, https:\/\/defense-cyber.fr\/rdefensecyber2024\/wp-content\/uploads\/sites\/4\/2024\/06\/IMG_1422.jpg 640w\" sizes=\"(min-width: 2200px) 100vw, (min-width: 856px) 296px, (min-width: 784px) 395px, (min-width: 712px) 593px, (min-width: 640px) 712px, \" \/><\/div><\/a><\/div><\/div><div style=\"padding:5px;\" class=\"fusion-grid-column fusion-gallery-column fusion-gallery-column-4 hover-type-zoomin fusion-element-landscape\"><div class=\"fusion-gallery-image\"><a href=\"https:\/\/defense-cyber.fr\/rdefensecyber2024\/wp-content\/uploads\/sites\/4\/2024\/06\/image0000001-5.jpg\" data-title=\"Rencontres D\u00e9fense et Cyber 2024\" title=\"Rencontres D\u00e9fense et Cyber 2024\" rel=\"noreferrer\" data-rel=\"iLightbox[gallery_image_1]\" class=\"fusion-lightbox\" target=\"_self\"><div style=\"background-image:url(https:\/\/defense-cyber.fr\/rdefensecyber2024\/wp-content\/uploads\/sites\/4\/2024\/06\/image0000001-5.jpg);padding-top:calc((100% + 10px) * 0.4 - 5px);background-position:;\" class=\"fusion-masonry-element-container\"><img decoding=\"async\" src=\"https:\/\/defense-cyber.fr\/rdefensecyber2024\/wp-content\/uploads\/sites\/4\/2024\/06\/image0000001-5.jpg\" width=\"1598\" height=\"832\" alt=\"Rencontres D\u00e9fense et Cyber 2024\" title=\"Rencontres D\u00e9fense et Cyber 2024\" aria-label=\"Rencontres D\u00e9fense et Cyber 2024\" class=\"img-responsive wp-image-1628\" srcset=\"https:\/\/defense-cyber.fr\/rdefensecyber2024\/wp-content\/uploads\/sites\/4\/2024\/06\/image0000001-5-200x104.jpg 200w, https:\/\/defense-cyber.fr\/rdefensecyber2024\/wp-content\/uploads\/sites\/4\/2024\/06\/image0000001-5-400x208.jpg 400w, https:\/\/defense-cyber.fr\/rdefensecyber2024\/wp-content\/uploads\/sites\/4\/2024\/06\/image0000001-5-600x312.jpg 600w, https:\/\/defense-cyber.fr\/rdefensecyber2024\/wp-content\/uploads\/sites\/4\/2024\/06\/image0000001-5-800x417.jpg 800w, https:\/\/defense-cyber.fr\/rdefensecyber2024\/wp-content\/uploads\/sites\/4\/2024\/06\/image0000001-5-1200x625.jpg 1200w, https:\/\/defense-cyber.fr\/rdefensecyber2024\/wp-content\/uploads\/sites\/4\/2024\/06\/image0000001-5.jpg 1598w\" sizes=\"(min-width: 2200px) 100vw, (min-width: 712px) 598px, (min-width: 640px) 712px, \" \/><\/div><\/a><\/div><\/div><div style=\"padding:5px;\" class=\"fusion-grid-column fusion-gallery-column fusion-gallery-column-4 hover-type-zoomin fusion-element-landscape\"><div class=\"fusion-gallery-image\"><a href=\"https:\/\/defense-cyber.fr\/rdefensecyber2024\/wp-content\/uploads\/sites\/4\/2024\/06\/IMG-20240611-WA0038.jpg\" data-title=\"Rencontres D\u00e9fense et Cyber 2024\" title=\"Rencontres D\u00e9fense et Cyber 2024\" rel=\"noreferrer\" data-rel=\"iLightbox[gallery_image_1]\" class=\"fusion-lightbox\" target=\"_self\"><div style=\"background-image:url(https:\/\/defense-cyber.fr\/rdefensecyber2024\/wp-content\/uploads\/sites\/4\/2024\/06\/IMG-20240611-WA0038.jpg);padding-top:calc((100% + 10px) * 0.4 - 5px);background-position:;\" class=\"fusion-masonry-element-container\"><img decoding=\"async\" src=\"https:\/\/defense-cyber.fr\/rdefensecyber2024\/wp-content\/uploads\/sites\/4\/2024\/06\/IMG-20240611-WA0038.jpg\" width=\"1600\" height=\"900\" alt=\"Rencontres D\u00e9fense et Cyber 2024\" title=\"Rencontres D\u00e9fense et Cyber 2024\" aria-label=\"Rencontres D\u00e9fense et Cyber 2024\" class=\"img-responsive wp-image-1594\" srcset=\"https:\/\/defense-cyber.fr\/rdefensecyber2024\/wp-content\/uploads\/sites\/4\/2024\/06\/IMG-20240611-WA0038-200x113.jpg 200w, https:\/\/defense-cyber.fr\/rdefensecyber2024\/wp-content\/uploads\/sites\/4\/2024\/06\/IMG-20240611-WA0038-400x225.jpg 400w, https:\/\/defense-cyber.fr\/rdefensecyber2024\/wp-content\/uploads\/sites\/4\/2024\/06\/IMG-20240611-WA0038-600x338.jpg 600w, https:\/\/defense-cyber.fr\/rdefensecyber2024\/wp-content\/uploads\/sites\/4\/2024\/06\/IMG-20240611-WA0038-800x450.jpg 800w, https:\/\/defense-cyber.fr\/rdefensecyber2024\/wp-content\/uploads\/sites\/4\/2024\/06\/IMG-20240611-WA0038-1200x675.jpg 1200w, https:\/\/defense-cyber.fr\/rdefensecyber2024\/wp-content\/uploads\/sites\/4\/2024\/06\/IMG-20240611-WA0038.jpg 1600w\" sizes=\"(min-width: 2200px) 100vw, (min-width: 712px) 598px, (min-width: 640px) 712px, \" \/><\/div><\/a><\/div><\/div><div style=\"padding:5px;\" class=\"fusion-grid-column fusion-gallery-column fusion-gallery-column-4 hover-type-zoomin fusion-element-grid\"><div class=\"fusion-gallery-image\"><a href=\"https:\/\/defense-cyber.fr\/rdefensecyber2024\/wp-content\/uploads\/sites\/4\/2024\/06\/IMG_9122.jpg\" data-title=\"Rencontres D\u00e9fense et Cyber 2024\" title=\"Rencontres D\u00e9fense et Cyber 2024\" rel=\"noreferrer\" data-rel=\"iLightbox[gallery_image_1]\" class=\"fusion-lightbox\" target=\"_self\"><div style=\"background-image:url(https:\/\/defense-cyber.fr\/rdefensecyber2024\/wp-content\/uploads\/sites\/4\/2024\/06\/IMG_9122.jpg);padding-top:calc((100% + 10px) * 0.8 - 5px);background-position:;\" class=\"fusion-masonry-element-container\"><img decoding=\"async\" src=\"https:\/\/defense-cyber.fr\/rdefensecyber2024\/wp-content\/uploads\/sites\/4\/2024\/06\/IMG_9122.jpg\" width=\"640\" height=\"480\" alt=\"Rencontres D\u00e9fense et Cyber 2024\" title=\"Rencontres D\u00e9fense et Cyber 2024\" aria-label=\"Rencontres D\u00e9fense et Cyber 2024\" class=\"img-responsive wp-image-1629\" srcset=\"https:\/\/defense-cyber.fr\/rdefensecyber2024\/wp-content\/uploads\/sites\/4\/2024\/06\/IMG_9122-200x150.jpg 200w, https:\/\/defense-cyber.fr\/rdefensecyber2024\/wp-content\/uploads\/sites\/4\/2024\/06\/IMG_9122-400x300.jpg 400w, https:\/\/defense-cyber.fr\/rdefensecyber2024\/wp-content\/uploads\/sites\/4\/2024\/06\/IMG_9122-600x450.jpg 600w, https:\/\/defense-cyber.fr\/rdefensecyber2024\/wp-content\/uploads\/sites\/4\/2024\/06\/IMG_9122.jpg 640w\" sizes=\"(min-width: 2200px) 100vw, (min-width: 856px) 296px, (min-width: 784px) 395px, (min-width: 712px) 593px, (min-width: 640px) 712px, \" \/><\/div><\/a><\/div><\/div><div style=\"padding:5px;\" class=\"fusion-grid-column fusion-gallery-column fusion-gallery-column-4 hover-type-zoomin fusion-element-grid\"><div class=\"fusion-gallery-image\"><a href=\"https:\/\/defense-cyber.fr\/rdefensecyber2024\/wp-content\/uploads\/sites\/4\/2024\/06\/image0000001-2.jpg\" data-title=\"Rencontres D\u00e9fense et Cyber 2024\" title=\"Rencontres D\u00e9fense et Cyber 2024\" rel=\"noreferrer\" data-rel=\"iLightbox[gallery_image_1]\" class=\"fusion-lightbox\" target=\"_self\"><div style=\"background-image:url(https:\/\/defense-cyber.fr\/rdefensecyber2024\/wp-content\/uploads\/sites\/4\/2024\/06\/image0000001-2.jpg);padding-top:calc((100% + 10px) * 0.8 - 5px);background-position:;\" class=\"fusion-masonry-element-container\"><img decoding=\"async\" src=\"https:\/\/defense-cyber.fr\/rdefensecyber2024\/wp-content\/uploads\/sites\/4\/2024\/06\/image0000001-2.jpg\" width=\"1599\" height=\"1188\" alt=\"Rencontres D\u00e9fense et Cyber 2024\" title=\"Rencontres D\u00e9fense et Cyber 2024\" aria-label=\"Rencontres D\u00e9fense et Cyber 2024\" class=\"img-responsive wp-image-1630\" srcset=\"https:\/\/defense-cyber.fr\/rdefensecyber2024\/wp-content\/uploads\/sites\/4\/2024\/06\/image0000001-2-200x149.jpg 200w, https:\/\/defense-cyber.fr\/rdefensecyber2024\/wp-content\/uploads\/sites\/4\/2024\/06\/image0000001-2-400x297.jpg 400w, https:\/\/defense-cyber.fr\/rdefensecyber2024\/wp-content\/uploads\/sites\/4\/2024\/06\/image0000001-2-600x446.jpg 600w, https:\/\/defense-cyber.fr\/rdefensecyber2024\/wp-content\/uploads\/sites\/4\/2024\/06\/image0000001-2-800x594.jpg 800w, https:\/\/defense-cyber.fr\/rdefensecyber2024\/wp-content\/uploads\/sites\/4\/2024\/06\/image0000001-2-1200x892.jpg 1200w, https:\/\/defense-cyber.fr\/rdefensecyber2024\/wp-content\/uploads\/sites\/4\/2024\/06\/image0000001-2.jpg 1599w\" sizes=\"(min-width: 2200px) 100vw, (min-width: 856px) 296px, (min-width: 784px) 395px, (min-width: 712px) 593px, (min-width: 640px) 712px, \" \/><\/div><\/a><\/div><\/div><div style=\"padding:5px;\" class=\"fusion-grid-column fusion-gallery-column fusion-gallery-column-4 hover-type-zoomin fusion-element-landscape\"><div class=\"fusion-gallery-image\"><a href=\"https:\/\/defense-cyber.fr\/rdefensecyber2024\/wp-content\/uploads\/sites\/4\/2024\/06\/IMG_9155-scaled.jpg\" data-title=\"Rencontres D\u00e9fense et Cyber 2024\" title=\"Rencontres D\u00e9fense et Cyber 2024\" rel=\"noreferrer\" data-rel=\"iLightbox[gallery_image_1]\" class=\"fusion-lightbox\" target=\"_self\"><div style=\"background-image:url(https:\/\/defense-cyber.fr\/rdefensecyber2024\/wp-content\/uploads\/sites\/4\/2024\/06\/IMG_9155-scaled.jpg);padding-top:calc((100% + 10px) * 0.4 - 5px);background-position:;\" class=\"fusion-masonry-element-container\"><img decoding=\"async\" src=\"https:\/\/defense-cyber.fr\/rdefensecyber2024\/wp-content\/uploads\/sites\/4\/2024\/06\/IMG_9155-scaled.jpg\" width=\"2560\" height=\"1444\" alt=\"Rencontres D\u00e9fense et Cyber 2024\" title=\"Rencontres D\u00e9fense et Cyber 2024\" aria-label=\"Rencontres D\u00e9fense et Cyber 2024\" class=\"img-responsive wp-image-1632\" srcset=\"https:\/\/defense-cyber.fr\/rdefensecyber2024\/wp-content\/uploads\/sites\/4\/2024\/06\/IMG_9155-200x113.jpg 200w, https:\/\/defense-cyber.fr\/rdefensecyber2024\/wp-content\/uploads\/sites\/4\/2024\/06\/IMG_9155-400x226.jpg 400w, https:\/\/defense-cyber.fr\/rdefensecyber2024\/wp-content\/uploads\/sites\/4\/2024\/06\/IMG_9155-600x339.jpg 600w, https:\/\/defense-cyber.fr\/rdefensecyber2024\/wp-content\/uploads\/sites\/4\/2024\/06\/IMG_9155-800x451.jpg 800w, https:\/\/defense-cyber.fr\/rdefensecyber2024\/wp-content\/uploads\/sites\/4\/2024\/06\/IMG_9155-1200x677.jpg 1200w, https:\/\/defense-cyber.fr\/rdefensecyber2024\/wp-content\/uploads\/sites\/4\/2024\/06\/IMG_9155-scaled.jpg 2560w\" sizes=\"(min-width: 2200px) 100vw, (min-width: 712px) 598px, (min-width: 640px) 712px, \" \/><\/div><\/a><\/div><\/div><div style=\"padding:5px;\" class=\"fusion-grid-column fusion-gallery-column fusion-gallery-column-4 hover-type-zoomin fusion-element-grid\"><div class=\"fusion-gallery-image\"><a href=\"https:\/\/defense-cyber.fr\/rdefensecyber2024\/wp-content\/uploads\/sites\/4\/2024\/06\/IMG_9144.jpg\" data-title=\"Rencontres D\u00e9fense et Cyber 2024\" title=\"Rencontres D\u00e9fense et Cyber 2024\" rel=\"noreferrer\" data-rel=\"iLightbox[gallery_image_1]\" class=\"fusion-lightbox\" target=\"_self\"><div style=\"background-image:url(https:\/\/defense-cyber.fr\/rdefensecyber2024\/wp-content\/uploads\/sites\/4\/2024\/06\/IMG_9144.jpg);padding-top:calc((100% + 10px) * 0.8 - 5px);background-position:;\" class=\"fusion-masonry-element-container\"><img decoding=\"async\" src=\"https:\/\/defense-cyber.fr\/rdefensecyber2024\/wp-content\/uploads\/sites\/4\/2024\/06\/IMG_9144.jpg\" width=\"1125\" height=\"1191\" alt=\"Rencontres D\u00e9fense et Cyber 2024\" title=\"Rencontres D\u00e9fense et Cyber 2024\" aria-label=\"Rencontres D\u00e9fense et Cyber 2024\" class=\"img-responsive wp-image-1633\" srcset=\"https:\/\/defense-cyber.fr\/rdefensecyber2024\/wp-content\/uploads\/sites\/4\/2024\/06\/IMG_9144-200x212.jpg 200w, https:\/\/defense-cyber.fr\/rdefensecyber2024\/wp-content\/uploads\/sites\/4\/2024\/06\/IMG_9144-400x423.jpg 400w, https:\/\/defense-cyber.fr\/rdefensecyber2024\/wp-content\/uploads\/sites\/4\/2024\/06\/IMG_9144-600x635.jpg 600w, https:\/\/defense-cyber.fr\/rdefensecyber2024\/wp-content\/uploads\/sites\/4\/2024\/06\/IMG_9144-800x847.jpg 800w, https:\/\/defense-cyber.fr\/rdefensecyber2024\/wp-content\/uploads\/sites\/4\/2024\/06\/IMG_9144.jpg 1125w\" sizes=\"(min-width: 2200px) 100vw, (min-width: 856px) 296px, (min-width: 784px) 395px, (min-width: 712px) 593px, (min-width: 640px) 712px, \" \/><\/div><\/a><\/div><\/div><div style=\"padding:5px;\" class=\"fusion-grid-column fusion-gallery-column fusion-gallery-column-4 hover-type-zoomin fusion-element-portrait\"><div class=\"fusion-gallery-image\"><a href=\"https:\/\/defense-cyber.fr\/rdefensecyber2024\/wp-content\/uploads\/sites\/4\/2024\/06\/image0000001.jpg\" data-title=\"Rencontres D\u00e9fense et Cyber 2024\" title=\"Rencontres D\u00e9fense et Cyber 2024\" rel=\"noreferrer\" data-rel=\"iLightbox[gallery_image_1]\" class=\"fusion-lightbox\" target=\"_self\"><div style=\"background-image:url(https:\/\/defense-cyber.fr\/rdefensecyber2024\/wp-content\/uploads\/sites\/4\/2024\/06\/image0000001.jpg);padding-top:calc((100% + 10px) * 1.6);background-position:;\" class=\"fusion-masonry-element-container\"><img decoding=\"async\" src=\"https:\/\/defense-cyber.fr\/rdefensecyber2024\/wp-content\/uploads\/sites\/4\/2024\/06\/image0000001.jpg\" width=\"747\" height=\"1600\" alt=\"Rencontres D\u00e9fense et Cyber 2024\" title=\"Rencontres D\u00e9fense et Cyber 2024\" aria-label=\"Rencontres D\u00e9fense et Cyber 2024\" class=\"img-responsive wp-image-1627\" srcset=\"https:\/\/defense-cyber.fr\/rdefensecyber2024\/wp-content\/uploads\/sites\/4\/2024\/06\/image0000001-200x428.jpg 200w, https:\/\/defense-cyber.fr\/rdefensecyber2024\/wp-content\/uploads\/sites\/4\/2024\/06\/image0000001-400x857.jpg 400w, https:\/\/defense-cyber.fr\/rdefensecyber2024\/wp-content\/uploads\/sites\/4\/2024\/06\/image0000001-600x1285.jpg 600w, https:\/\/defense-cyber.fr\/rdefensecyber2024\/wp-content\/uploads\/sites\/4\/2024\/06\/image0000001.jpg 747w\" sizes=\"(min-width: 2200px) 100vw, (min-width: 856px) 296px, (min-width: 784px) 395px, (min-width: 712px) 593px, (min-width: 640px) 712px, \" \/><\/div><\/a><\/div><\/div><div style=\"padding:5px;\" class=\"fusion-grid-column fusion-gallery-column fusion-gallery-column-4 hover-type-zoomin fusion-element-grid\"><div class=\"fusion-gallery-image\"><a href=\"https:\/\/defense-cyber.fr\/rdefensecyber2024\/wp-content\/uploads\/sites\/4\/2024\/06\/IMG_9132.jpg\" data-title=\"Rencontres D\u00e9fense et Cyber 2024\" title=\"Rencontres D\u00e9fense et Cyber 2024\" rel=\"noreferrer\" data-rel=\"iLightbox[gallery_image_1]\" class=\"fusion-lightbox\" target=\"_self\"><div style=\"background-image:url(https:\/\/defense-cyber.fr\/rdefensecyber2024\/wp-content\/uploads\/sites\/4\/2024\/06\/IMG_9132.jpg);padding-top:calc((100% + 10px) * 0.8 - 5px);background-position:;\" class=\"fusion-masonry-element-container\"><img decoding=\"async\" src=\"https:\/\/defense-cyber.fr\/rdefensecyber2024\/wp-content\/uploads\/sites\/4\/2024\/06\/IMG_9132.jpg\" width=\"640\" height=\"480\" alt=\"Rencontres D\u00e9fense et Cyber 2024\" title=\"Rencontres D\u00e9fense et Cyber 2024\" aria-label=\"Rencontres D\u00e9fense et Cyber 2024\" class=\"img-responsive wp-image-1635\" srcset=\"https:\/\/defense-cyber.fr\/rdefensecyber2024\/wp-content\/uploads\/sites\/4\/2024\/06\/IMG_9132-200x150.jpg 200w, https:\/\/defense-cyber.fr\/rdefensecyber2024\/wp-content\/uploads\/sites\/4\/2024\/06\/IMG_9132-400x300.jpg 400w, https:\/\/defense-cyber.fr\/rdefensecyber2024\/wp-content\/uploads\/sites\/4\/2024\/06\/IMG_9132-600x450.jpg 600w, https:\/\/defense-cyber.fr\/rdefensecyber2024\/wp-content\/uploads\/sites\/4\/2024\/06\/IMG_9132.jpg 640w\" sizes=\"(min-width: 2200px) 100vw, (min-width: 856px) 296px, (min-width: 784px) 395px, (min-width: 712px) 593px, (min-width: 640px) 712px, \" \/><\/div><\/a><\/div><\/div><div style=\"padding:5px;\" class=\"fusion-grid-column fusion-gallery-column fusion-gallery-column-4 hover-type-zoomin fusion-element-grid\"><div class=\"fusion-gallery-image\"><a href=\"https:\/\/defense-cyber.fr\/rdefensecyber2024\/wp-content\/uploads\/sites\/4\/2024\/06\/IMG_9141.jpg\" data-title=\"Rencontres D\u00e9fense et Cyber 2024\" title=\"Rencontres D\u00e9fense et Cyber 2024\" rel=\"noreferrer\" data-rel=\"iLightbox[gallery_image_1]\" class=\"fusion-lightbox\" target=\"_self\"><div style=\"background-image:url(https:\/\/defense-cyber.fr\/rdefensecyber2024\/wp-content\/uploads\/sites\/4\/2024\/06\/IMG_9141.jpg);padding-top:calc((100% + 10px) * 0.8 - 5px);background-position:;\" class=\"fusion-masonry-element-container\"><img decoding=\"async\" src=\"https:\/\/defense-cyber.fr\/rdefensecyber2024\/wp-content\/uploads\/sites\/4\/2024\/06\/IMG_9141.jpg\" width=\"1125\" height=\"1517\" alt=\"Rencontres D\u00e9fense et Cyber 2024\" title=\"Rencontres D\u00e9fense et Cyber 2024\" aria-label=\"Rencontres D\u00e9fense et Cyber 2024\" class=\"img-responsive wp-image-1636\" srcset=\"https:\/\/defense-cyber.fr\/rdefensecyber2024\/wp-content\/uploads\/sites\/4\/2024\/06\/IMG_9141-200x270.jpg 200w, https:\/\/defense-cyber.fr\/rdefensecyber2024\/wp-content\/uploads\/sites\/4\/2024\/06\/IMG_9141-400x539.jpg 400w, https:\/\/defense-cyber.fr\/rdefensecyber2024\/wp-content\/uploads\/sites\/4\/2024\/06\/IMG_9141-600x809.jpg 600w, https:\/\/defense-cyber.fr\/rdefensecyber2024\/wp-content\/uploads\/sites\/4\/2024\/06\/IMG_9141-800x1079.jpg 800w, https:\/\/defense-cyber.fr\/rdefensecyber2024\/wp-content\/uploads\/sites\/4\/2024\/06\/IMG_9141.jpg 1125w\" sizes=\"(min-width: 2200px) 100vw, (min-width: 856px) 296px, (min-width: 784px) 395px, (min-width: 712px) 593px, (min-width: 640px) 712px, \" \/><\/div><\/a><\/div><\/div><div style=\"padding:5px;\" class=\"fusion-grid-column fusion-gallery-column fusion-gallery-column-4 hover-type-zoomin fusion-element-landscape\"><div class=\"fusion-gallery-image\"><a href=\"https:\/\/defense-cyber.fr\/rdefensecyber2024\/wp-content\/uploads\/sites\/4\/2024\/06\/IMG_9143.jpg\" data-title=\"Rencontres D\u00e9fense et Cyber 2024\" title=\"Rencontres D\u00e9fense et Cyber 2024\" rel=\"noreferrer\" data-rel=\"iLightbox[gallery_image_1]\" class=\"fusion-lightbox\" target=\"_self\"><div style=\"background-image:url(https:\/\/defense-cyber.fr\/rdefensecyber2024\/wp-content\/uploads\/sites\/4\/2024\/06\/IMG_9143.jpg);padding-top:calc((100% + 10px) * 0.4 - 5px);background-position:;\" class=\"fusion-masonry-element-container\"><img decoding=\"async\" src=\"https:\/\/defense-cyber.fr\/rdefensecyber2024\/wp-content\/uploads\/sites\/4\/2024\/06\/IMG_9143.jpg\" width=\"1125\" height=\"745\" alt=\"Rencontres D\u00e9fense et Cyber 2024\" title=\"Rencontres D\u00e9fense et Cyber 2024\" aria-label=\"Rencontres D\u00e9fense et Cyber 2024\" class=\"img-responsive wp-image-1637\" srcset=\"https:\/\/defense-cyber.fr\/rdefensecyber2024\/wp-content\/uploads\/sites\/4\/2024\/06\/IMG_9143-200x132.jpg 200w, https:\/\/defense-cyber.fr\/rdefensecyber2024\/wp-content\/uploads\/sites\/4\/2024\/06\/IMG_9143-400x265.jpg 400w, https:\/\/defense-cyber.fr\/rdefensecyber2024\/wp-content\/uploads\/sites\/4\/2024\/06\/IMG_9143-600x397.jpg 600w, https:\/\/defense-cyber.fr\/rdefensecyber2024\/wp-content\/uploads\/sites\/4\/2024\/06\/IMG_9143-800x530.jpg 800w, https:\/\/defense-cyber.fr\/rdefensecyber2024\/wp-content\/uploads\/sites\/4\/2024\/06\/IMG_9143.jpg 1125w\" sizes=\"(min-width: 2200px) 100vw, (min-width: 712px) 598px, (min-width: 640px) 712px, \" \/><\/div><\/a><\/div><\/div><div style=\"padding:5px;\" class=\"fusion-grid-column fusion-gallery-column fusion-gallery-column-4 hover-type-zoomin fusion-element-grid\"><div class=\"fusion-gallery-image\"><a href=\"https:\/\/defense-cyber.fr\/rdefensecyber2024\/wp-content\/uploads\/sites\/4\/2024\/06\/IMG_1399.jpg\" data-title=\"Rencontres D\u00e9fense et Cyber 2024\" title=\"Rencontres D\u00e9fense et Cyber 2024\" rel=\"noreferrer\" data-rel=\"iLightbox[gallery_image_1]\" class=\"fusion-lightbox\" target=\"_self\"><div style=\"background-image:url(https:\/\/defense-cyber.fr\/rdefensecyber2024\/wp-content\/uploads\/sites\/4\/2024\/06\/IMG_1399.jpg);padding-top:calc((100% + 10px) * 0.8 - 5px);background-position:;\" class=\"fusion-masonry-element-container\"><img decoding=\"async\" src=\"https:\/\/defense-cyber.fr\/rdefensecyber2024\/wp-content\/uploads\/sites\/4\/2024\/06\/IMG_1399.jpg\" width=\"640\" height=\"480\" alt=\"Rencontres D\u00e9fense et Cyber 2024\" title=\"Rencontres D\u00e9fense et Cyber 2024\" aria-label=\"Rencontres D\u00e9fense et Cyber 2024\" class=\"img-responsive wp-image-1638\" srcset=\"https:\/\/defense-cyber.fr\/rdefensecyber2024\/wp-content\/uploads\/sites\/4\/2024\/06\/IMG_1399-200x150.jpg 200w, https:\/\/defense-cyber.fr\/rdefensecyber2024\/wp-content\/uploads\/sites\/4\/2024\/06\/IMG_1399-400x300.jpg 400w, https:\/\/defense-cyber.fr\/rdefensecyber2024\/wp-content\/uploads\/sites\/4\/2024\/06\/IMG_1399-600x450.jpg 600w, https:\/\/defense-cyber.fr\/rdefensecyber2024\/wp-content\/uploads\/sites\/4\/2024\/06\/IMG_1399.jpg 640w\" sizes=\"(min-width: 2200px) 100vw, (min-width: 856px) 296px, (min-width: 784px) 395px, (min-width: 712px) 593px, (min-width: 640px) 712px, \" \/><\/div><\/a><\/div><\/div><div style=\"padding:5px;\" class=\"fusion-grid-column fusion-gallery-column fusion-gallery-column-4 hover-type-zoomin fusion-element-grid\"><div class=\"fusion-gallery-image\"><a href=\"https:\/\/defense-cyber.fr\/rdefensecyber2024\/wp-content\/uploads\/sites\/4\/2024\/06\/IMG_1433.jpg\" data-title=\"Rencontres D\u00e9fense et Cyber 2024\" title=\"Rencontres D\u00e9fense et Cyber 2024\" rel=\"noreferrer\" data-rel=\"iLightbox[gallery_image_1]\" class=\"fusion-lightbox\" target=\"_self\"><div style=\"background-image:url(https:\/\/defense-cyber.fr\/rdefensecyber2024\/wp-content\/uploads\/sites\/4\/2024\/06\/IMG_1433.jpg);padding-top:calc((100% + 10px) * 0.8 - 5px);background-position:;\" class=\"fusion-masonry-element-container\"><img decoding=\"async\" src=\"https:\/\/defense-cyber.fr\/rdefensecyber2024\/wp-content\/uploads\/sites\/4\/2024\/06\/IMG_1433.jpg\" width=\"640\" height=\"480\" alt=\"Rencontres D\u00e9fense et Cyber 2024\" title=\"Rencontres D\u00e9fense et Cyber 2024\" aria-label=\"Rencontres D\u00e9fense et Cyber 2024\" class=\"img-responsive wp-image-1639\" srcset=\"https:\/\/defense-cyber.fr\/rdefensecyber2024\/wp-content\/uploads\/sites\/4\/2024\/06\/IMG_1433-200x150.jpg 200w, https:\/\/defense-cyber.fr\/rdefensecyber2024\/wp-content\/uploads\/sites\/4\/2024\/06\/IMG_1433-400x300.jpg 400w, https:\/\/defense-cyber.fr\/rdefensecyber2024\/wp-content\/uploads\/sites\/4\/2024\/06\/IMG_1433-600x450.jpg 600w, https:\/\/defense-cyber.fr\/rdefensecyber2024\/wp-content\/uploads\/sites\/4\/2024\/06\/IMG_1433.jpg 640w\" sizes=\"(min-width: 2200px) 100vw, (min-width: 856px) 296px, (min-width: 784px) 395px, (min-width: 712px) 593px, (min-width: 640px) 712px, \" \/><\/div><\/a><\/div><\/div><div style=\"padding:5px;\" class=\"fusion-grid-column fusion-gallery-column fusion-gallery-column-4 hover-type-zoomin fusion-element-portrait\"><div class=\"fusion-gallery-image\"><a href=\"https:\/\/defense-cyber.fr\/rdefensecyber2024\/wp-content\/uploads\/sites\/4\/2024\/06\/IMG_9150-scaled.jpg\" data-title=\"Rencontres D\u00e9fense et Cyber 2024\" title=\"Rencontres D\u00e9fense et Cyber 2024\" rel=\"noreferrer\" data-rel=\"iLightbox[gallery_image_1]\" class=\"fusion-lightbox\" target=\"_self\"><div style=\"background-image:url(https:\/\/defense-cyber.fr\/rdefensecyber2024\/wp-content\/uploads\/sites\/4\/2024\/06\/IMG_9150-scaled.jpg);padding-top:calc((100% + 10px) * 1.6);background-position:;\" class=\"fusion-masonry-element-container\"><img decoding=\"async\" src=\"https:\/\/defense-cyber.fr\/rdefensecyber2024\/wp-content\/uploads\/sites\/4\/2024\/06\/IMG_9150-scaled.jpg\" width=\"1440\" height=\"2560\" alt=\"Rencontres D\u00e9fense et Cyber 2024\" title=\"Rencontres D\u00e9fense et Cyber 2024\" aria-label=\"Rencontres D\u00e9fense et Cyber 2024\" class=\"img-responsive wp-image-1640\" srcset=\"https:\/\/defense-cyber.fr\/rdefensecyber2024\/wp-content\/uploads\/sites\/4\/2024\/06\/IMG_9150-200x356.jpg 200w, https:\/\/defense-cyber.fr\/rdefensecyber2024\/wp-content\/uploads\/sites\/4\/2024\/06\/IMG_9150-400x711.jpg 400w, https:\/\/defense-cyber.fr\/rdefensecyber2024\/wp-content\/uploads\/sites\/4\/2024\/06\/IMG_9150-600x1067.jpg 600w, https:\/\/defense-cyber.fr\/rdefensecyber2024\/wp-content\/uploads\/sites\/4\/2024\/06\/IMG_9150-800x1422.jpg 800w, https:\/\/defense-cyber.fr\/rdefensecyber2024\/wp-content\/uploads\/sites\/4\/2024\/06\/IMG_9150-1200x2133.jpg 1200w, https:\/\/defense-cyber.fr\/rdefensecyber2024\/wp-content\/uploads\/sites\/4\/2024\/06\/IMG_9150-scaled.jpg 1440w\" sizes=\"(min-width: 2200px) 100vw, (min-width: 856px) 296px, (min-width: 784px) 395px, (min-width: 712px) 593px, (min-width: 640px) 712px, \" \/><\/div><\/a><\/div><\/div><div style=\"padding:5px;\" class=\"fusion-grid-column fusion-gallery-column fusion-gallery-column-4 hover-type-zoomin fusion-element-grid\"><div class=\"fusion-gallery-image\"><a href=\"https:\/\/defense-cyber.fr\/rdefensecyber2024\/wp-content\/uploads\/sites\/4\/2024\/06\/IMG_9154.jpg\" data-title=\"Rencontres D\u00e9fense et Cyber 2024\" title=\"Rencontres D\u00e9fense et Cyber 2024\" rel=\"noreferrer\" data-rel=\"iLightbox[gallery_image_1]\" class=\"fusion-lightbox\" target=\"_self\"><div style=\"background-image:url(https:\/\/defense-cyber.fr\/rdefensecyber2024\/wp-content\/uploads\/sites\/4\/2024\/06\/IMG_9154.jpg);padding-top:calc((100% + 10px) * 0.8 - 5px);background-position:;\" class=\"fusion-masonry-element-container\"><img decoding=\"async\" src=\"https:\/\/defense-cyber.fr\/rdefensecyber2024\/wp-content\/uploads\/sites\/4\/2024\/06\/IMG_9154.jpg\" width=\"480\" height=\"480\" alt=\"Rencontres D\u00e9fense et Cyber 2024\" title=\"Rencontres D\u00e9fense et Cyber 2024\" aria-label=\"Rencontres D\u00e9fense et Cyber 2024\" class=\"img-responsive wp-image-1641\" srcset=\"https:\/\/defense-cyber.fr\/rdefensecyber2024\/wp-content\/uploads\/sites\/4\/2024\/06\/IMG_9154-200x200.jpg 200w, https:\/\/defense-cyber.fr\/rdefensecyber2024\/wp-content\/uploads\/sites\/4\/2024\/06\/IMG_9154-400x400.jpg 400w, https:\/\/defense-cyber.fr\/rdefensecyber2024\/wp-content\/uploads\/sites\/4\/2024\/06\/IMG_9154.jpg 480w\" sizes=\"(min-width: 2200px) 100vw, (min-width: 856px) 296px, (min-width: 784px) 395px, (min-width: 712px) 593px, (min-width: 640px) 712px, \" \/><\/div><\/a><\/div><\/div><div style=\"padding:5px;\" class=\"fusion-grid-column fusion-gallery-column fusion-gallery-column-4 hover-type-zoomin fusion-element-grid\"><div class=\"fusion-gallery-image\"><a href=\"https:\/\/defense-cyber.fr\/rdefensecyber2024\/wp-content\/uploads\/sites\/4\/2024\/06\/IMG_9153.jpg\" data-title=\"Rencontres D\u00e9fense et Cyber 2024\" title=\"Rencontres D\u00e9fense et Cyber 2024\" rel=\"noreferrer\" data-rel=\"iLightbox[gallery_image_1]\" class=\"fusion-lightbox\" target=\"_self\"><div style=\"background-image:url(https:\/\/defense-cyber.fr\/rdefensecyber2024\/wp-content\/uploads\/sites\/4\/2024\/06\/IMG_9153.jpg);padding-top:calc((100% + 10px) * 0.8 - 5px);background-position:;\" class=\"fusion-masonry-element-container\"><img decoding=\"async\" src=\"https:\/\/defense-cyber.fr\/rdefensecyber2024\/wp-content\/uploads\/sites\/4\/2024\/06\/IMG_9153.jpg\" width=\"640\" height=\"480\" alt=\"Rencontres D\u00e9fense et Cyber 2024\" title=\"Rencontres D\u00e9fense et Cyber 2024\" aria-label=\"Rencontres D\u00e9fense et Cyber 2024\" class=\"img-responsive wp-image-1642\" srcset=\"https:\/\/defense-cyber.fr\/rdefensecyber2024\/wp-content\/uploads\/sites\/4\/2024\/06\/IMG_9153-200x150.jpg 200w, https:\/\/defense-cyber.fr\/rdefensecyber2024\/wp-content\/uploads\/sites\/4\/2024\/06\/IMG_9153-400x300.jpg 400w, https:\/\/defense-cyber.fr\/rdefensecyber2024\/wp-content\/uploads\/sites\/4\/2024\/06\/IMG_9153-600x450.jpg 600w, https:\/\/defense-cyber.fr\/rdefensecyber2024\/wp-content\/uploads\/sites\/4\/2024\/06\/IMG_9153.jpg 640w\" sizes=\"(min-width: 2200px) 100vw, (min-width: 856px) 296px, (min-width: 784px) 395px, (min-width: 712px) 593px, (min-width: 640px) 712px, \" \/><\/div><\/a><\/div><\/div><div style=\"padding:5px;\" class=\"fusion-grid-column fusion-gallery-column fusion-gallery-column-4 hover-type-zoomin fusion-element-grid\"><div class=\"fusion-gallery-image\"><a href=\"https:\/\/defense-cyber.fr\/rdefensecyber2024\/wp-content\/uploads\/sites\/4\/2024\/06\/IMG_9139-1.jpg\" data-title=\"Rencontres D\u00e9fense et Cyber 2024\" title=\"Rencontres D\u00e9fense et Cyber 2024\" rel=\"noreferrer\" data-rel=\"iLightbox[gallery_image_1]\" class=\"fusion-lightbox\" target=\"_self\"><div style=\"background-image:url(https:\/\/defense-cyber.fr\/rdefensecyber2024\/wp-content\/uploads\/sites\/4\/2024\/06\/IMG_9139-1.jpg);padding-top:calc((100% + 10px) * 0.8 - 5px);background-position:;\" class=\"fusion-masonry-element-container\"><img decoding=\"async\" src=\"https:\/\/defense-cyber.fr\/rdefensecyber2024\/wp-content\/uploads\/sites\/4\/2024\/06\/IMG_9139-1.jpg\" width=\"640\" height=\"480\" alt=\"Rencontres D\u00e9fense et Cyber 2024\" title=\"Rencontres D\u00e9fense et Cyber 2024\" aria-label=\"Rencontres D\u00e9fense et Cyber 2024\" class=\"img-responsive wp-image-1643\" srcset=\"https:\/\/defense-cyber.fr\/rdefensecyber2024\/wp-content\/uploads\/sites\/4\/2024\/06\/IMG_9139-1-200x150.jpg 200w, https:\/\/defense-cyber.fr\/rdefensecyber2024\/wp-content\/uploads\/sites\/4\/2024\/06\/IMG_9139-1-400x300.jpg 400w, https:\/\/defense-cyber.fr\/rdefensecyber2024\/wp-content\/uploads\/sites\/4\/2024\/06\/IMG_9139-1-600x450.jpg 600w, https:\/\/defense-cyber.fr\/rdefensecyber2024\/wp-content\/uploads\/sites\/4\/2024\/06\/IMG_9139-1.jpg 640w\" sizes=\"(min-width: 2200px) 100vw, (min-width: 856px) 296px, (min-width: 784px) 395px, (min-width: 712px) 593px, (min-width: 640px) 712px, \" \/><\/div><\/a><\/div><\/div><div style=\"padding:5px;\" class=\"fusion-grid-column fusion-gallery-column fusion-gallery-column-4 hover-type-zoomin fusion-element-grid\"><div class=\"fusion-gallery-image\"><a href=\"https:\/\/defense-cyber.fr\/rdefensecyber2024\/wp-content\/uploads\/sites\/4\/2024\/06\/IMG_9136.jpg\" data-title=\"Rencontres D\u00e9fense et Cyber 2024\" title=\"Rencontres D\u00e9fense et Cyber 2024\" rel=\"noreferrer\" data-rel=\"iLightbox[gallery_image_1]\" class=\"fusion-lightbox\" target=\"_self\"><div style=\"background-image:url(https:\/\/defense-cyber.fr\/rdefensecyber2024\/wp-content\/uploads\/sites\/4\/2024\/06\/IMG_9136.jpg);padding-top:calc((100% + 10px) * 0.8 - 5px);background-position:;\" class=\"fusion-masonry-element-container\"><img decoding=\"async\" src=\"https:\/\/defense-cyber.fr\/rdefensecyber2024\/wp-content\/uploads\/sites\/4\/2024\/06\/IMG_9136.jpg\" width=\"640\" height=\"480\" alt=\"Rencontres D\u00e9fense et Cyber 2024\" title=\"Rencontres D\u00e9fense et Cyber 2024\" aria-label=\"Rencontres D\u00e9fense et Cyber 2024\" class=\"img-responsive wp-image-1644\" srcset=\"https:\/\/defense-cyber.fr\/rdefensecyber2024\/wp-content\/uploads\/sites\/4\/2024\/06\/IMG_9136-200x150.jpg 200w, https:\/\/defense-cyber.fr\/rdefensecyber2024\/wp-content\/uploads\/sites\/4\/2024\/06\/IMG_9136-400x300.jpg 400w, https:\/\/defense-cyber.fr\/rdefensecyber2024\/wp-content\/uploads\/sites\/4\/2024\/06\/IMG_9136-600x450.jpg 600w, https:\/\/defense-cyber.fr\/rdefensecyber2024\/wp-content\/uploads\/sites\/4\/2024\/06\/IMG_9136.jpg 640w\" sizes=\"(min-width: 2200px) 100vw, (min-width: 856px) 296px, (min-width: 784px) 395px, (min-width: 712px) 593px, (min-width: 640px) 712px, \" \/><\/div><\/a><\/div><\/div><div style=\"padding:5px;\" class=\"fusion-grid-column fusion-gallery-column fusion-gallery-column-4 hover-type-zoomin fusion-element-grid\"><div class=\"fusion-gallery-image\"><a href=\"https:\/\/defense-cyber.fr\/rdefensecyber2024\/wp-content\/uploads\/sites\/4\/2024\/06\/IMG_9134.jpg\" data-title=\"Rencontres D\u00e9fense et Cyber 2024\" title=\"Rencontres D\u00e9fense et Cyber 2024\" rel=\"noreferrer\" data-rel=\"iLightbox[gallery_image_1]\" class=\"fusion-lightbox\" target=\"_self\"><div style=\"background-image:url(https:\/\/defense-cyber.fr\/rdefensecyber2024\/wp-content\/uploads\/sites\/4\/2024\/06\/IMG_9134.jpg);padding-top:calc((100% + 10px) * 0.8 - 5px);background-position:;\" class=\"fusion-masonry-element-container\"><img decoding=\"async\" src=\"https:\/\/defense-cyber.fr\/rdefensecyber2024\/wp-content\/uploads\/sites\/4\/2024\/06\/IMG_9134.jpg\" width=\"640\" height=\"480\" alt=\"Rencontres D\u00e9fense et Cyber 2024\" title=\"Rencontres D\u00e9fense et Cyber 2024\" aria-label=\"Rencontres D\u00e9fense et Cyber 2024\" class=\"img-responsive wp-image-1645\" srcset=\"https:\/\/defense-cyber.fr\/rdefensecyber2024\/wp-content\/uploads\/sites\/4\/2024\/06\/IMG_9134-200x150.jpg 200w, https:\/\/defense-cyber.fr\/rdefensecyber2024\/wp-content\/uploads\/sites\/4\/2024\/06\/IMG_9134-400x300.jpg 400w, https:\/\/defense-cyber.fr\/rdefensecyber2024\/wp-content\/uploads\/sites\/4\/2024\/06\/IMG_9134-600x450.jpg 600w, https:\/\/defense-cyber.fr\/rdefensecyber2024\/wp-content\/uploads\/sites\/4\/2024\/06\/IMG_9134.jpg 640w\" sizes=\"(min-width: 2200px) 100vw, (min-width: 856px) 296px, (min-width: 784px) 395px, (min-width: 712px) 593px, (min-width: 640px) 712px, \" \/><\/div><\/a><\/div><\/div><div style=\"padding:5px;\" class=\"fusion-grid-column fusion-gallery-column fusion-gallery-column-4 hover-type-zoomin fusion-element-grid\"><div class=\"fusion-gallery-image\"><a href=\"https:\/\/defense-cyber.fr\/rdefensecyber2024\/wp-content\/uploads\/sites\/4\/2024\/06\/IMG_9125.jpg\" data-title=\"Rencontres D\u00e9fense et Cyber 2024\" title=\"Rencontres D\u00e9fense et Cyber 2024\" rel=\"noreferrer\" data-rel=\"iLightbox[gallery_image_1]\" class=\"fusion-lightbox\" target=\"_self\"><div style=\"background-image:url(https:\/\/defense-cyber.fr\/rdefensecyber2024\/wp-content\/uploads\/sites\/4\/2024\/06\/IMG_9125.jpg);padding-top:calc((100% + 10px) * 0.8 - 5px);background-position:;\" class=\"fusion-masonry-element-container\"><img decoding=\"async\" src=\"https:\/\/defense-cyber.fr\/rdefensecyber2024\/wp-content\/uploads\/sites\/4\/2024\/06\/IMG_9125.jpg\" width=\"640\" height=\"480\" alt=\"Rencontres D\u00e9fense et Cyber 2024\" title=\"Rencontres D\u00e9fense et Cyber 2024\" aria-label=\"Rencontres D\u00e9fense et Cyber 2024\" class=\"img-responsive wp-image-1647\" srcset=\"https:\/\/defense-cyber.fr\/rdefensecyber2024\/wp-content\/uploads\/sites\/4\/2024\/06\/IMG_9125-200x150.jpg 200w, https:\/\/defense-cyber.fr\/rdefensecyber2024\/wp-content\/uploads\/sites\/4\/2024\/06\/IMG_9125-400x300.jpg 400w, https:\/\/defense-cyber.fr\/rdefensecyber2024\/wp-content\/uploads\/sites\/4\/2024\/06\/IMG_9125-600x450.jpg 600w, https:\/\/defense-cyber.fr\/rdefensecyber2024\/wp-content\/uploads\/sites\/4\/2024\/06\/IMG_9125.jpg 640w\" sizes=\"(min-width: 2200px) 100vw, (min-width: 856px) 296px, (min-width: 784px) 395px, (min-width: 712px) 593px, (min-width: 640px) 712px, \" \/><\/div><\/a><\/div><\/div><div style=\"padding:5px;\" class=\"fusion-grid-column fusion-gallery-column fusion-gallery-column-4 hover-type-zoomin fusion-element-grid\"><div class=\"fusion-gallery-image\"><a href=\"https:\/\/defense-cyber.fr\/rdefensecyber2024\/wp-content\/uploads\/sites\/4\/2024\/06\/IMG_9130-e1718610174503.jpg\" data-title=\"Rencontres D\u00e9fense et Cyber 2024\" title=\"Rencontres D\u00e9fense et Cyber 2024\" rel=\"noreferrer\" data-rel=\"iLightbox[gallery_image_1]\" class=\"fusion-lightbox\" target=\"_self\"><div style=\"background-image:url(https:\/\/defense-cyber.fr\/rdefensecyber2024\/wp-content\/uploads\/sites\/4\/2024\/06\/IMG_9130-e1718610174503.jpg);padding-top:calc((100% + 10px) * 0.8 - 5px);background-position:;\" class=\"fusion-masonry-element-container\"><img decoding=\"async\" src=\"https:\/\/defense-cyber.fr\/rdefensecyber2024\/wp-content\/uploads\/sites\/4\/2024\/06\/IMG_9130-e1718610174503.jpg\" width=\"469\" height=\"629\" alt=\"Rencontres D\u00e9fense et Cyber 2024\" title=\"Rencontres D\u00e9fense et Cyber 2024\" aria-label=\"Rencontres D\u00e9fense et Cyber 2024\" class=\"img-responsive wp-image-1631\" srcset=\"https:\/\/defense-cyber.fr\/rdefensecyber2024\/wp-content\/uploads\/sites\/4\/2024\/06\/IMG_9130-e1718610174503-200x268.jpg 200w, https:\/\/defense-cyber.fr\/rdefensecyber2024\/wp-content\/uploads\/sites\/4\/2024\/06\/IMG_9130-e1718610174503-400x536.jpg 400w, https:\/\/defense-cyber.fr\/rdefensecyber2024\/wp-content\/uploads\/sites\/4\/2024\/06\/IMG_9130-e1718610174503.jpg 469w\" sizes=\"(min-width: 2200px) 100vw, (min-width: 856px) 296px, (min-width: 784px) 395px, (min-width: 712px) 593px, (min-width: 640px) 712px, \" \/><\/div><\/a><\/div><\/div><\/div><\/div><\/div><\/div><\/div><\/div><div class=\"fusion-fullwidth fullwidth-box fusion-builder-row-4 fusion-flex-container has-pattern-background has-mask-background nonhundred-percent-fullwidth non-hundred-percent-height-scrolling\" style=\"--awb-border-radius-top-left:0px;--awb-border-radius-top-right:0px;--awb-border-radius-bottom-right:0px;--awb-border-radius-bottom-left:0px;--awb-padding-top:30px;--awb-padding-bottom:20px;--awb-background-color:var(--awb-color4);--awb-flex-wrap:wrap;\" ><div class=\"fusion-builder-row fusion-row fusion-flex-align-items-flex-start fusion-flex-content-wrap\" style=\"max-width:1248px;margin-left: calc(-4% \/ 2 );margin-right: calc(-4% \/ 2 );\"><div class=\"fusion-layout-column fusion_builder_column fusion-builder-column-12 fusion_builder_column_1_1 1_1 fusion-flex-column\" style=\"--awb-bg-size:cover;--awb-width-large:100%;--awb-margin-top-large:0px;--awb-spacing-right-large:1.92%;--awb-margin-bottom-large:20px;--awb-spacing-left-large:1.92%;--awb-width-medium:100%;--awb-order-medium:0;--awb-spacing-right-medium:1.92%;--awb-spacing-left-medium:1.92%;--awb-width-small:100%;--awb-order-small:0;--awb-spacing-right-small:1.92%;--awb-spacing-left-small:1.92%;\"><div class=\"fusion-column-wrapper fusion-column-has-shadow fusion-flex-justify-content-flex-start fusion-content-layout-column\"><div class=\"fusion-title title fusion-title-12 fusion-sep-none fusion-title-center fusion-title-text fusion-title-size-three\" style=\"--awb-text-color:var(--awb-color1);--awb-margin-top-small:10px;--awb-margin-right-small:0px;--awb-margin-bottom-small:10px;--awb-margin-left-small:0px;--awb-font-size:24px;\"><h3 class=\"fusion-title-heading title-heading-center\" style=\"margin:0;text-transform:none;font-size:1em;\"><p>Vous avez besoin de plus d\u2019informations ?<br \/>\nVous souhaitez devenir partenaire du Cycle D\u00e9fense &amp; Cyber 2025 ?<\/p><\/h3><\/div><div style=\"text-align:center;\"><a class=\"fusion-button button-flat button-xlarge button-custom fusion-button-default button-1 fusion-button-default-span fusion-button-default-type\" style=\"--button_accent_color:var(--awb-color4);--button_accent_hover_color:var(--awb-color6);--button_border_hover_color:var(--awb-color1);--button_gradient_top_color:var(--awb-color1);--button_gradient_bottom_color:var(--awb-color1);--button_gradient_top_color_hover:var(--awb-color7);--button_gradient_bottom_color_hover:var(--awb-color7);\" target=\"_blank\" rel=\"noopener noreferrer\" href=\"https:\/\/defense-cyber.fr\/contact-defense-cyber\/\"><span class=\"fusion-button-text awb-button__text awb-button__text--default\">Contactez-nous<\/span><\/a><\/div><\/div><\/div><\/div><\/div>\n<div class=\"fusion-fullwidth fullwidth-box fusion-builder-row-5 fusion-flex-container has-pattern-background has-mask-background nonhundred-percent-fullwidth non-hundred-percent-height-scrolling\" style=\"--awb-border-radius-top-left:0px;--awb-border-radius-top-right:0px;--awb-border-radius-bottom-right:0px;--awb-border-radius-bottom-left:0px;--awb-padding-top:40px;--awb-padding-bottom:0px;--awb-flex-wrap:wrap;\" ><div class=\"fusion-builder-row fusion-row fusion-flex-align-items-flex-start fusion-flex-content-wrap\" style=\"max-width:1248px;margin-left: calc(-4% \/ 2 );margin-right: calc(-4% \/ 2 );\"><div class=\"fusion-layout-column fusion_builder_column fusion-builder-column-13 fusion_builder_column_1_1 1_1 fusion-flex-column\" style=\"--awb-bg-size:cover;--awb-width-large:100%;--awb-margin-top-large:0px;--awb-spacing-right-large:1.92%;--awb-margin-bottom-large:20px;--awb-spacing-left-large:1.92%;--awb-width-medium:100%;--awb-order-medium:0;--awb-spacing-right-medium:1.92%;--awb-spacing-left-medium:1.92%;--awb-width-small:100%;--awb-order-small:0;--awb-spacing-right-small:1.92%;--awb-spacing-left-small:1.92%;\"><div class=\"fusion-column-wrapper fusion-column-has-shadow fusion-flex-justify-content-flex-start fusion-content-layout-column\"><div class=\"fusion-title title fusion-title-13 fusion-title-text fusion-title-size-three\" style=\"--awb-margin-bottom:30px;--awb-margin-top-small:10px;--awb-margin-right-small:0px;--awb-margin-bottom-small:10px;--awb-margin-left-small:0px;--awb-font-size:24px;\"><div class=\"title-sep-container title-sep-container-left fusion-no-large-visibility fusion-no-medium-visibility fusion-no-small-visibility\"><div class=\"title-sep sep-single sep-solid\" style=\"border-color:var(--awb-color4);\"><\/div><\/div><span class=\"awb-title-spacer fusion-no-large-visibility fusion-no-medium-visibility fusion-no-small-visibility\"><\/span><h3 class=\"fusion-title-heading title-heading-left\" style=\"margin:0;font-size:1em;\"><\/h3><span class=\"awb-title-spacer\"><\/span><div class=\"title-sep-container title-sep-container-right\"><div class=\"title-sep sep-single sep-solid\" style=\"border-color:var(--awb-color4);\"><\/div><\/div><\/div><div class=\"fusion-title title fusion-title-14 fusion-sep-none fusion-title-text fusion-title-size-four\" style=\"--awb-text-color:var(--awb-color6);--awb-margin-bottom:10px;--awb-margin-top-small:10px;--awb-margin-right-small:0px;--awb-margin-bottom-small:10px;--awb-margin-left-small:0px;--awb-font-size:24px;\"><h4 class=\"fusion-title-heading title-heading-left\" style=\"margin:0;font-size:1em;\">Nos partenaires<\/h4><\/div><div class=\"fusion-image-carousel fusion-image-carousel-fixed fusion-image-carousel-1 fusion-carousel-border\"><div class=\"awb-carousel awb-swiper awb-swiper-carousel awb-carousel--carousel awb-swiper-dots-position-bottom\" data-layout=\"carousel\" data-autoplay=\"yes\" data-autoplayspeed=\"2500\" data-autoplaypause=\"no\" data-loop=\"yes\" data-columns=\"5\" data-columnsmedium=\"1\" data-columnssmall=\"1\" data-itemmargin=\"13\" data-itemwidth=\"180\" data-touchscroll=\"no\" data-freemode=\"no\" data-imagesize=\"fixed\" data-scrollitems=\"0\" data-centeredslides=\"no\" data-rotationangle=\"50\" data-depth=\"100\" data-speed=\"500\" data-shadow=\"no\" data-pagination=\"bullets\" style=\"--awb-border-width:1px;--awb-border-color:#e9eaee;\"><div class=\"swiper-wrapper awb-image-carousel-wrapper fusion-flex-align-items-center\"><div class=\"swiper-slide\"><div class=\"fusion-carousel-item-wrapper\"><div class=\"fusion-image-wrapper hover-type-zoomin\"><a href=\"https:\/\/defense-cyber.fr\/partenaires-defense-cyber\/avant-de-cliquer\/\" target=\"_blank\" rel=\"noopener noreferrer\"><img decoding=\"async\" width=\"250\" height=\"100\" src=\"https:\/\/defense-cyber.fr\/rdefensecyber2024\/wp-content\/uploads\/sites\/4\/2022\/12\/AVANT-DE-CLIQUER-Logo.png\" class=\"attachment-blog-medium size-blog-medium\" alt=\"Avant de cliquer, partenaire du cycle D\u00e9fense &amp; Cyber\" srcset=\"https:\/\/defense-cyber.fr\/rdefensecyber2024\/wp-content\/uploads\/sites\/4\/2022\/12\/AVANT-DE-CLIQUER-Logo-200x80.png 200w, https:\/\/defense-cyber.fr\/rdefensecyber2024\/wp-content\/uploads\/sites\/4\/2022\/12\/AVANT-DE-CLIQUER-Logo.png 250w\" sizes=\"(min-width: 2200px) 100vw, (min-width: 928px) 230px, (min-width: 856px) 287px, (min-width: 784px) 383px, (min-width: 712px) 574px, (min-width: 640px) 712px, \" \/><\/a><\/div><\/div><\/div><div class=\"swiper-slide\"><div class=\"fusion-carousel-item-wrapper\"><div class=\"fusion-image-wrapper hover-type-zoomin\"><a href=\"https:\/\/defense-cyber.fr\/partenaires-defense-cyber\/groupelaposte\/\" target=\"_blank\" rel=\"noopener noreferrer\"><img decoding=\"async\" width=\"250\" height=\"100\" src=\"https:\/\/defense-cyber.fr\/rdefensecyber2024\/wp-content\/uploads\/sites\/4\/2022\/12\/GROUPE-LA-POSTE-Logo.png\" class=\"attachment-blog-medium size-blog-medium\" alt=\"Groupe La Poste, partenaire du Cycle D\u00e9fense &amp; Cyber\" srcset=\"https:\/\/defense-cyber.fr\/rdefensecyber2024\/wp-content\/uploads\/sites\/4\/2022\/12\/GROUPE-LA-POSTE-Logo-200x80.png 200w, https:\/\/defense-cyber.fr\/rdefensecyber2024\/wp-content\/uploads\/sites\/4\/2022\/12\/GROUPE-LA-POSTE-Logo.png 250w\" sizes=\"(min-width: 2200px) 100vw, (min-width: 928px) 230px, (min-width: 856px) 287px, (min-width: 784px) 383px, (min-width: 712px) 574px, (min-width: 640px) 712px, \" \/><\/a><\/div><\/div><\/div><div class=\"swiper-slide\"><div class=\"fusion-carousel-item-wrapper\"><div class=\"fusion-image-wrapper hover-type-zoomin\"><a href=\"https:\/\/defense-cyber.fr\/partenaires-defense-cyber\/bluefiles\/\" target=\"_blank\" rel=\"noopener noreferrer\"><img decoding=\"async\" width=\"250\" height=\"100\" src=\"https:\/\/defense-cyber.fr\/rdefensecyber2024\/wp-content\/uploads\/sites\/4\/2023\/03\/Logo_BlueFiles.png\" class=\"attachment-blog-medium size-blog-medium\" alt=\"BlueFiles, partenaire du Cycle D\u00e9fense &amp; Cyber\" srcset=\"https:\/\/defense-cyber.fr\/rdefensecyber2024\/wp-content\/uploads\/sites\/4\/2023\/03\/Logo_BlueFiles-200x80.png 200w, https:\/\/defense-cyber.fr\/rdefensecyber2024\/wp-content\/uploads\/sites\/4\/2023\/03\/Logo_BlueFiles.png 250w\" sizes=\"(min-width: 2200px) 100vw, (min-width: 928px) 230px, (min-width: 856px) 287px, (min-width: 784px) 383px, (min-width: 712px) 574px, (min-width: 640px) 712px, \" \/><\/a><\/div><\/div><\/div><div class=\"swiper-slide\"><div class=\"fusion-carousel-item-wrapper\"><div class=\"fusion-image-wrapper hover-type-zoomin\"><a href=\"https:\/\/defense-cyber.fr\/partenaires-defense-cyber\/certitude-numerique\/\" target=\"_blank\" rel=\"noopener noreferrer\"><img decoding=\"async\" width=\"250\" height=\"100\" src=\"https:\/\/defense-cyber.fr\/rdefensecyber2024\/wp-content\/uploads\/sites\/4\/2022\/12\/CERTITUDE-NUMERIQUE-Logo2.png\" class=\"attachment-blog-medium size-blog-medium\" alt=\"CERTitude NUMERIQUE, partenaire du Cycle D\u00e9fense &amp; Cyber\" srcset=\"https:\/\/defense-cyber.fr\/rdefensecyber2024\/wp-content\/uploads\/sites\/4\/2022\/12\/CERTITUDE-NUMERIQUE-Logo2-200x80.png 200w, https:\/\/defense-cyber.fr\/rdefensecyber2024\/wp-content\/uploads\/sites\/4\/2022\/12\/CERTITUDE-NUMERIQUE-Logo2.png 250w\" sizes=\"(min-width: 2200px) 100vw, (min-width: 928px) 230px, (min-width: 856px) 287px, (min-width: 784px) 383px, (min-width: 712px) 574px, (min-width: 640px) 712px, \" \/><\/a><\/div><\/div><\/div><div class=\"swiper-slide\"><div class=\"fusion-carousel-item-wrapper\"><div class=\"fusion-image-wrapper hover-type-zoomin\"><a href=\"https:\/\/defense-cyber.fr\/partenaires-defense-cyber\/enedis\/\" target=\"_blank\" rel=\"noopener noreferrer\"><img decoding=\"async\" width=\"250\" height=\"100\" src=\"https:\/\/defense-cyber.fr\/rdefensecyber2024\/wp-content\/uploads\/sites\/4\/2023\/09\/Logo_Enedis.png\" class=\"attachment-blog-medium size-blog-medium\" alt=\"ENEDIS, partenaire du Cycle D\u00e9fense &amp; Cyber\" srcset=\"https:\/\/defense-cyber.fr\/rdefensecyber2024\/wp-content\/uploads\/sites\/4\/2023\/09\/Logo_Enedis-200x80.png 200w, https:\/\/defense-cyber.fr\/rdefensecyber2024\/wp-content\/uploads\/sites\/4\/2023\/09\/Logo_Enedis.png 250w\" sizes=\"(min-width: 2200px) 100vw, (min-width: 928px) 230px, (min-width: 856px) 287px, (min-width: 784px) 383px, (min-width: 712px) 574px, (min-width: 640px) 712px, \" \/><\/a><\/div><\/div><\/div><div class=\"swiper-slide\"><div class=\"fusion-carousel-item-wrapper\"><div class=\"fusion-image-wrapper hover-type-zoomin\"><a href=\"https:\/\/defense-cyber.fr\/partenaires-defense-cyber\/nexter\/\" target=\"_blank\" rel=\"noopener noreferrer\"><img decoding=\"async\" width=\"250\" height=\"100\" src=\"https:\/\/defense-cyber.fr\/rdefensecyber2024\/wp-content\/uploads\/sites\/4\/2024\/05\/logo_KNDS.png\" class=\"attachment-blog-medium size-blog-medium\" alt=\"Nexter, partenaire du Cycle D\u00e9fense &amp; Cyber\" srcset=\"https:\/\/defense-cyber.fr\/rdefensecyber2024\/wp-content\/uploads\/sites\/4\/2024\/05\/logo_KNDS-200x80.png 200w, https:\/\/defense-cyber.fr\/rdefensecyber2024\/wp-content\/uploads\/sites\/4\/2024\/05\/logo_KNDS.png 250w\" sizes=\"(min-width: 2200px) 100vw, (min-width: 928px) 230px, (min-width: 856px) 287px, (min-width: 784px) 383px, (min-width: 712px) 574px, (min-width: 640px) 712px, \" \/><\/a><\/div><\/div><\/div><\/div><div class=\"awb-swiper-button awb-swiper-button-prev\"><i class=\"awb-icon-angle-left\" aria-hidden=\"true\"><\/i><\/div><div class=\"awb-swiper-button awb-swiper-button-next\"><i class=\"awb-icon-angle-right\" aria-hidden=\"true\"><\/i><\/div><\/div><\/div><div class=\"fusion-title title fusion-title-15 fusion-sep-none fusion-title-text fusion-title-size-four\" style=\"--awb-text-color:var(--awb-color6);--awb-margin-bottom:10px;--awb-margin-top-small:10px;--awb-margin-right-small:0px;--awb-margin-bottom-small:10px;--awb-margin-left-small:0px;--awb-font-size:24px;\"><h4 class=\"fusion-title-heading title-heading-left\" style=\"margin:0;font-size:1em;\">Nos soutiens<\/h4><\/div><div class=\"fusion-image-carousel fusion-image-carousel-fixed fusion-image-carousel-2 fusion-carousel-border\"><div class=\"awb-carousel awb-swiper awb-swiper-carousel awb-carousel--carousel awb-swiper-dots-position-bottom\" data-layout=\"carousel\" data-autoplay=\"yes\" data-autoplayspeed=\"2500\" data-autoplaypause=\"no\" data-loop=\"yes\" data-columns=\"5\" data-columnsmedium=\"1\" data-columnssmall=\"1\" data-itemmargin=\"13\" data-itemwidth=\"180\" data-touchscroll=\"no\" data-freemode=\"no\" data-imagesize=\"fixed\" data-scrollitems=\"0\" data-centeredslides=\"no\" data-rotationangle=\"50\" data-depth=\"100\" data-speed=\"500\" data-shadow=\"no\" data-pagination=\"bullets\" style=\"--awb-border-width:1px;--awb-border-color:#e9eaee;--awb-dots-align:center;\"><div class=\"swiper-wrapper awb-image-carousel-wrapper fusion-flex-align-items-center\"><div class=\"swiper-slide\"><div class=\"fusion-carousel-item-wrapper\"><div class=\"fusion-image-wrapper hover-type-zoomin\"><a href=\"https:\/\/defense-cyber.fr\/partenaires-defense-cyber\/ministere-des-armees\/\" target=\"_blank\" rel=\"noopener noreferrer\"><img decoding=\"async\" width=\"180\" height=\"180\" src=\"https:\/\/defense-cyber.fr\/rdefensecyber2024\/wp-content\/uploads\/sites\/4\/2023\/01\/MINISTERE-DES-ARMEES-Logo3.png\" class=\"attachment-blog-medium size-blog-medium\" alt=\"Minist\u00e8re des arm\u00e9es, soutien du Cycle D\u00e9fense &amp; Cyber\" \/><\/a><\/div><\/div><\/div><div class=\"swiper-slide\"><div class=\"fusion-carousel-item-wrapper\"><div class=\"fusion-image-wrapper hover-type-zoomin\"><a href=\"https:\/\/defense-cyber.fr\/partenaires-defense-cyber\/etat-major-des-armees\/\" target=\"_blank\" rel=\"noopener noreferrer\"><img decoding=\"async\" width=\"180\" height=\"180\" src=\"https:\/\/defense-cyber.fr\/rdefensecyber2024\/wp-content\/uploads\/sites\/4\/2023\/03\/Logo_EMA_Small.png\" class=\"attachment-blog-medium size-blog-medium\" alt=\"Etat-major des arm\u00e9es, soutien du Cycle D\u00e9fense &amp; Cyber\" \/><\/a><\/div><\/div><\/div><div class=\"swiper-slide\"><div class=\"fusion-carousel-item-wrapper\"><div class=\"fusion-image-wrapper hover-type-zoomin\"><a href=\"https:\/\/defense-cyber.fr\/partenaires-defense-cyber\/ZoneDefSudEst\/\" target=\"_blank\" rel=\"noopener noreferrer\"><img decoding=\"async\" width=\"180\" height=\"190\" src=\"https:\/\/defense-cyber.fr\/rdefensecyber2024\/wp-content\/uploads\/sites\/4\/2023\/03\/Logo_zoneDefenseSudEst_small.png\" class=\"attachment-blog-medium size-blog-medium\" alt=\"La Zone de D\u00e9fense Sud-Est, soutien du Cycle D\u00e9fense &amp; Cyber\" \/><\/a><\/div><\/div><\/div><div class=\"swiper-slide\"><div class=\"fusion-carousel-item-wrapper\"><div class=\"fusion-image-wrapper hover-type-zoomin\"><a href=\"https:\/\/defense-cyber.fr\/partenaires-defense-cyber\/comcyber\/\" target=\"_blank\" rel=\"noopener noreferrer\"><img decoding=\"async\" width=\"180\" height=\"180\" src=\"https:\/\/defense-cyber.fr\/rdefensecyber2024\/wp-content\/uploads\/sites\/4\/2023\/01\/COM-CYBER-Logo2.jpg\" class=\"attachment-blog-medium size-blog-medium\" alt=\"COMCYBER, soutien du Cycle D\u00e9fense &amp; Cyber\" \/><\/a><\/div><\/div><\/div><div class=\"swiper-slide\"><div class=\"fusion-carousel-item-wrapper\"><div class=\"fusion-image-wrapper hover-type-zoomin\"><a href=\"https:\/\/defense-cyber.fr\/partenaires-defense-cyber\/drsd\/\" target=\"_blank\" rel=\"noopener noreferrer\"><img decoding=\"async\" width=\"180\" height=\"180\" src=\"https:\/\/defense-cyber.fr\/rdefensecyber2024\/wp-content\/uploads\/sites\/4\/2023\/01\/DRSD-Logo2.jpg\" class=\"attachment-blog-medium size-blog-medium\" alt=\"La DRSD, soutien du Cycle D\u00e9fense &amp; Cyber\" \/><\/a><\/div><\/div><\/div><div class=\"swiper-slide\"><div class=\"fusion-carousel-item-wrapper\"><div class=\"fusion-image-wrapper hover-type-zoomin\"><a href=\"https:\/\/defense-cyber.fr\/partenaires-defense-cyber\/dga\/\" target=\"_blank\" rel=\"noopener noreferrer\"><img decoding=\"async\" width=\"320\" height=\"202\" src=\"https:\/\/defense-cyber.fr\/rdefensecyber2024\/wp-content\/uploads\/sites\/4\/2023\/07\/Logo_DGA_medaillon-320x202.jpg\" class=\"attachment-blog-medium size-blog-medium\" alt=\"La DGA, soutien du Cycle D\u00e9fense &amp; Cyber\" \/><\/a><\/div><\/div><\/div><div class=\"swiper-slide\"><div class=\"fusion-carousel-item-wrapper\"><div class=\"fusion-image-wrapper hover-type-zoomin\"><a href=\"https:\/\/defense-cyber.fr\/partenaires-defense-cyber\/ihedn-region-lyonnaise\/\" target=\"_blank\" rel=\"noopener noreferrer\"><img decoding=\"async\" width=\"180\" height=\"180\" src=\"https:\/\/defense-cyber.fr\/rdefensecyber2024\/wp-content\/uploads\/sites\/4\/2023\/01\/AUDITEURS-IHEDN-Logo2.png\" class=\"attachment-blog-medium size-blog-medium\" alt=\"Association des auditeurs de l&#039;IHEDN, soutien du Cycle D\u00e9fense &amp; Cyber\" \/><\/a><\/div><\/div><\/div><div class=\"swiper-slide\"><div class=\"fusion-carousel-item-wrapper\"><div class=\"fusion-image-wrapper hover-type-zoomin\"><a href=\"https:\/\/defense-cyber.fr\/partenaires-defense-cyber\/les-jeunes-de-lihedn\/\" target=\"_blank\" rel=\"noopener noreferrer\"><img decoding=\"async\" width=\"250\" height=\"100\" src=\"https:\/\/defense-cyber.fr\/rdefensecyber2024\/wp-content\/uploads\/sites\/4\/2026\/03\/Logo_JEUNES-IHEDN.png\" class=\"attachment-blog-medium size-blog-medium\" alt=\"Les jeunes de l&#039;IHEDN, soutien du Cycle D\u00e9fense &amp; Cyber\" srcset=\"https:\/\/defense-cyber.fr\/rdefensecyber2024\/wp-content\/uploads\/sites\/4\/2026\/03\/Logo_JEUNES-IHEDN-200x80.png 200w, https:\/\/defense-cyber.fr\/rdefensecyber2024\/wp-content\/uploads\/sites\/4\/2026\/03\/Logo_JEUNES-IHEDN.png 250w\" sizes=\"(min-width: 2200px) 100vw, (min-width: 928px) 230px, (min-width: 856px) 287px, (min-width: 784px) 383px, (min-width: 712px) 574px, (min-width: 640px) 712px, \" \/><\/a><\/div><\/div><\/div><div class=\"swiper-slide\"><div class=\"fusion-carousel-item-wrapper\"><div class=\"fusion-image-wrapper hover-type-zoomin\"><a href=\"https:\/\/defense-cyber.fr\/partenaires-defense-cyber\/onacvg-bleuet-de-france\/\" target=\"_blank\" rel=\"noopener noreferrer\"><img decoding=\"async\" width=\"250\" height=\"100\" src=\"https:\/\/defense-cyber.fr\/rdefensecyber2024\/wp-content\/uploads\/sites\/4\/2022\/12\/ONAC-VG-Logo.png\" class=\"attachment-blog-medium size-blog-medium\" alt=\"ONAC VG et le Bleuet de France, soutiens du Cycle D\u00e9fense &amp; Cyber\" srcset=\"https:\/\/defense-cyber.fr\/rdefensecyber2024\/wp-content\/uploads\/sites\/4\/2022\/12\/ONAC-VG-Logo-200x80.png 200w, https:\/\/defense-cyber.fr\/rdefensecyber2024\/wp-content\/uploads\/sites\/4\/2022\/12\/ONAC-VG-Logo.png 250w\" sizes=\"(min-width: 2200px) 100vw, (min-width: 928px) 230px, (min-width: 856px) 287px, (min-width: 784px) 383px, (min-width: 712px) 574px, (min-width: 640px) 712px, \" \/><\/a><\/div><\/div><\/div><div class=\"swiper-slide\"><div class=\"fusion-carousel-item-wrapper\"><div class=\"fusion-image-wrapper hover-type-zoomin\"><a href=\"https:\/\/defense-cyber.fr\/partenaires-defense-cyber\/trinome-academique-de-lyon\/\" target=\"_blank\" rel=\"noopener noreferrer\"><img decoding=\"async\" width=\"250\" height=\"100\" src=\"https:\/\/defense-cyber.fr\/rdefensecyber2024\/wp-content\/uploads\/sites\/4\/2023\/03\/Logo_Trinome.png\" class=\"attachment-blog-medium size-blog-medium\" alt=\"Le trin\u00f4me acad\u00e9mique, soutien du Cycle D\u00e9fense &amp; Cyber\" srcset=\"https:\/\/defense-cyber.fr\/rdefensecyber2024\/wp-content\/uploads\/sites\/4\/2023\/03\/Logo_Trinome-200x80.png 200w, https:\/\/defense-cyber.fr\/rdefensecyber2024\/wp-content\/uploads\/sites\/4\/2023\/03\/Logo_Trinome.png 250w\" sizes=\"(min-width: 2200px) 100vw, (min-width: 928px) 230px, (min-width: 856px) 287px, (min-width: 784px) 383px, (min-width: 712px) 574px, (min-width: 640px) 712px, \" \/><\/a><\/div><\/div><\/div><\/div><div class=\"awb-swiper-button awb-swiper-button-prev\"><i class=\"awb-icon-angle-left\" aria-hidden=\"true\"><\/i><\/div><div class=\"awb-swiper-button awb-swiper-button-next\"><i class=\"awb-icon-angle-right\" aria-hidden=\"true\"><\/i><\/div><\/div><\/div><\/div><\/div><\/div><\/div>\n<\/p>\n","protected":false},"excerpt":{"rendered":"","protected":false},"author":1,"featured_media":0,"parent":0,"menu_order":0,"comment_status":"closed","ping_status":"closed","template":"100-width.php","meta":{"footnotes":""},"class_list":["post-936","page","type-page","status-publish","hentry"],"yoast_head":"<!-- This site is optimized with the Yoast SEO plugin v27.5 - https:\/\/yoast.com\/product\/yoast-seo-wordpress\/ -->\n<title>Rencontres D\u00e9fense et Cyber 2024 by Cybercercle, galerie photo<\/title>\n<meta name=\"description\" content=\"Retour sur les Rencontres D\u00e9fense &amp; Cyber 2024 en images : interviews de nos experts en d\u00e9fense et cybers\u00e9curit\u00e9 galerie photo ...\" \/>\n<meta name=\"robots\" content=\"index, follow, max-snippet:-1, max-image-preview:large, max-video-preview:-1\" \/>\n<link rel=\"canonical\" href=\"https:\/\/defense-cyber.fr\/rdefensecyber2024\/rencontres-defense-cyber-galerie\/\" \/>\n<meta property=\"og:locale\" content=\"fr_FR\" \/>\n<meta property=\"og:type\" content=\"article\" \/>\n<meta property=\"og:title\" content=\"1\u00e8res Rencontres D\u00e9fense &amp; Cyber\" \/>\n<meta property=\"og:description\" content=\"Retrouvez toutes les photos et vid\u00e9os de cette journ\u00e9e D\u00e9fense et Cyber du 19 octobre 2022\" \/>\n<meta property=\"og:url\" content=\"https:\/\/defense-cyber.fr\/rdefensecyber2024\/rencontres-defense-cyber-galerie\/\" \/>\n<meta property=\"og:site_name\" content=\"Rencontres D\u00e9fense et Cyber 2024\" \/>\n<meta property=\"article:modified_time\" content=\"2024-06-17T13:45:32+00:00\" \/>\n<meta property=\"og:image\" content=\"https:\/\/defense-cyber.fr\/rdefensecyber2024\/wp-content\/uploads\/sites\/4\/2023\/01\/OP-RC-19102022.jpg\" \/>\n\t<meta property=\"og:image:width\" content=\"1200\" \/>\n\t<meta property=\"og:image:height\" content=\"600\" \/>\n\t<meta property=\"og:image:type\" content=\"image\/jpeg\" \/>\n<meta name=\"twitter:card\" content=\"summary_large_image\" \/>\n<meta name=\"twitter:title\" content=\"1\u00e8res Rencontres D\u00e9fense &amp; Cyber\" \/>\n<meta name=\"twitter:description\" content=\"Retrouvez toutes les photos et vid\u00e9os de cette journ\u00e9e D\u00e9fense et Cyber du 19 octobre 2022\" \/>\n<meta name=\"twitter:image\" content=\"https:\/\/defense-cyber.fr\/rdefensecyber2024\/wp-content\/uploads\/sites\/4\/2023\/01\/OP-RC-19102022.jpg\" \/>\n<meta name=\"twitter:label1\" content=\"Dur\u00e9e de lecture estim\u00e9e\" \/>\n\t<meta name=\"twitter:data1\" content=\"10 minutes\" \/>\n<script type=\"application\/ld+json\" class=\"yoast-schema-graph\">{\"@context\":\"https:\\\/\\\/schema.org\",\"@graph\":[{\"@type\":\"WebPage\",\"@id\":\"https:\\\/\\\/defense-cyber.fr\\\/rdefensecyber2024\\\/rencontres-defense-cyber-galerie\\\/\",\"url\":\"https:\\\/\\\/defense-cyber.fr\\\/rdefensecyber2024\\\/rencontres-defense-cyber-galerie\\\/\",\"name\":\"Rencontres D\u00e9fense et Cyber 2024 by Cybercercle, galerie photo\",\"isPartOf\":{\"@id\":\"https:\\\/\\\/defense-cyber.fr\\\/rdefensecyber2024\\\/#website\"},\"datePublished\":\"2023-01-11T10:59:12+00:00\",\"dateModified\":\"2024-06-17T13:45:32+00:00\",\"description\":\"Retour sur les Rencontres D\u00e9fense & Cyber 2024 en images : interviews de nos experts en d\u00e9fense et cybers\u00e9curit\u00e9 galerie photo ...\",\"breadcrumb\":{\"@id\":\"https:\\\/\\\/defense-cyber.fr\\\/rdefensecyber2024\\\/rencontres-defense-cyber-galerie\\\/#breadcrumb\"},\"inLanguage\":\"fr-FR\",\"potentialAction\":[{\"@type\":\"ReadAction\",\"target\":[\"https:\\\/\\\/defense-cyber.fr\\\/rdefensecyber2024\\\/rencontres-defense-cyber-galerie\\\/\"]}]},{\"@type\":\"BreadcrumbList\",\"@id\":\"https:\\\/\\\/defense-cyber.fr\\\/rdefensecyber2024\\\/rencontres-defense-cyber-galerie\\\/#breadcrumb\",\"itemListElement\":[{\"@type\":\"ListItem\",\"position\":1,\"name\":\"Accueil\",\"item\":\"https:\\\/\\\/defense-cyber.fr\\\/rdefensecyber2024\\\/\"},{\"@type\":\"ListItem\",\"position\":2,\"name\":\"En images\"}]},{\"@type\":\"WebSite\",\"@id\":\"https:\\\/\\\/defense-cyber.fr\\\/rdefensecyber2024\\\/#website\",\"url\":\"https:\\\/\\\/defense-cyber.fr\\\/rdefensecyber2024\\\/\",\"name\":\"Rencontres D\u00e9fense et Cyber 2024\",\"description\":\"La Cyber au coeur de la D\u00e9fense\",\"potentialAction\":[{\"@type\":\"SearchAction\",\"target\":{\"@type\":\"EntryPoint\",\"urlTemplate\":\"https:\\\/\\\/defense-cyber.fr\\\/rdefensecyber2024\\\/?s={search_term_string}\"},\"query-input\":{\"@type\":\"PropertyValueSpecification\",\"valueRequired\":true,\"valueName\":\"search_term_string\"}}],\"inLanguage\":\"fr-FR\"}]}<\/script>\n<!-- \/ Yoast SEO plugin. -->","yoast_head_json":{"title":"Rencontres D\u00e9fense et Cyber 2024 by Cybercercle, galerie photo","description":"Retour sur les Rencontres D\u00e9fense & Cyber 2024 en images : interviews de nos experts en d\u00e9fense et cybers\u00e9curit\u00e9 galerie photo ...","robots":{"index":"index","follow":"follow","max-snippet":"max-snippet:-1","max-image-preview":"max-image-preview:large","max-video-preview":"max-video-preview:-1"},"canonical":"https:\/\/defense-cyber.fr\/rdefensecyber2024\/rencontres-defense-cyber-galerie\/","og_locale":"fr_FR","og_type":"article","og_title":"1\u00e8res Rencontres D\u00e9fense & Cyber","og_description":"Retrouvez toutes les photos et vid\u00e9os de cette journ\u00e9e D\u00e9fense et Cyber du 19 octobre 2022","og_url":"https:\/\/defense-cyber.fr\/rdefensecyber2024\/rencontres-defense-cyber-galerie\/","og_site_name":"Rencontres D\u00e9fense et Cyber 2024","article_modified_time":"2024-06-17T13:45:32+00:00","og_image":[{"width":1200,"height":600,"url":"https:\/\/defense-cyber.fr\/rdefensecyber2024\/wp-content\/uploads\/sites\/4\/2023\/01\/OP-RC-19102022.jpg","type":"image\/jpeg"}],"twitter_card":"summary_large_image","twitter_title":"1\u00e8res Rencontres D\u00e9fense & Cyber","twitter_description":"Retrouvez toutes les photos et vid\u00e9os de cette journ\u00e9e D\u00e9fense et Cyber du 19 octobre 2022","twitter_image":"https:\/\/defense-cyber.fr\/rdefensecyber2024\/wp-content\/uploads\/sites\/4\/2023\/01\/OP-RC-19102022.jpg","twitter_misc":{"Dur\u00e9e de lecture estim\u00e9e":"10 minutes"},"schema":{"@context":"https:\/\/schema.org","@graph":[{"@type":"WebPage","@id":"https:\/\/defense-cyber.fr\/rdefensecyber2024\/rencontres-defense-cyber-galerie\/","url":"https:\/\/defense-cyber.fr\/rdefensecyber2024\/rencontres-defense-cyber-galerie\/","name":"Rencontres D\u00e9fense et Cyber 2024 by Cybercercle, galerie photo","isPartOf":{"@id":"https:\/\/defense-cyber.fr\/rdefensecyber2024\/#website"},"datePublished":"2023-01-11T10:59:12+00:00","dateModified":"2024-06-17T13:45:32+00:00","description":"Retour sur les Rencontres D\u00e9fense & Cyber 2024 en images : interviews de nos experts en d\u00e9fense et cybers\u00e9curit\u00e9 galerie photo ...","breadcrumb":{"@id":"https:\/\/defense-cyber.fr\/rdefensecyber2024\/rencontres-defense-cyber-galerie\/#breadcrumb"},"inLanguage":"fr-FR","potentialAction":[{"@type":"ReadAction","target":["https:\/\/defense-cyber.fr\/rdefensecyber2024\/rencontres-defense-cyber-galerie\/"]}]},{"@type":"BreadcrumbList","@id":"https:\/\/defense-cyber.fr\/rdefensecyber2024\/rencontres-defense-cyber-galerie\/#breadcrumb","itemListElement":[{"@type":"ListItem","position":1,"name":"Accueil","item":"https:\/\/defense-cyber.fr\/rdefensecyber2024\/"},{"@type":"ListItem","position":2,"name":"En images"}]},{"@type":"WebSite","@id":"https:\/\/defense-cyber.fr\/rdefensecyber2024\/#website","url":"https:\/\/defense-cyber.fr\/rdefensecyber2024\/","name":"Rencontres D\u00e9fense et Cyber 2024","description":"La Cyber au coeur de la D\u00e9fense","potentialAction":[{"@type":"SearchAction","target":{"@type":"EntryPoint","urlTemplate":"https:\/\/defense-cyber.fr\/rdefensecyber2024\/?s={search_term_string}"},"query-input":{"@type":"PropertyValueSpecification","valueRequired":true,"valueName":"search_term_string"}}],"inLanguage":"fr-FR"}]}},"_links":{"self":[{"href":"https:\/\/defense-cyber.fr\/rdefensecyber2024\/wp-json\/wp\/v2\/pages\/936","targetHints":{"allow":["GET"]}}],"collection":[{"href":"https:\/\/defense-cyber.fr\/rdefensecyber2024\/wp-json\/wp\/v2\/pages"}],"about":[{"href":"https:\/\/defense-cyber.fr\/rdefensecyber2024\/wp-json\/wp\/v2\/types\/page"}],"author":[{"embeddable":true,"href":"https:\/\/defense-cyber.fr\/rdefensecyber2024\/wp-json\/wp\/v2\/users\/1"}],"replies":[{"embeddable":true,"href":"https:\/\/defense-cyber.fr\/rdefensecyber2024\/wp-json\/wp\/v2\/comments?post=936"}],"version-history":[{"count":31,"href":"https:\/\/defense-cyber.fr\/rdefensecyber2024\/wp-json\/wp\/v2\/pages\/936\/revisions"}],"predecessor-version":[{"id":1649,"href":"https:\/\/defense-cyber.fr\/rdefensecyber2024\/wp-json\/wp\/v2\/pages\/936\/revisions\/1649"}],"wp:attachment":[{"href":"https:\/\/defense-cyber.fr\/rdefensecyber2024\/wp-json\/wp\/v2\/media?parent=936"}],"curies":[{"name":"wp","href":"https:\/\/api.w.org\/{rel}","templated":true}]}}