{"id":1145,"date":"2023-08-16T18:00:40","date_gmt":"2023-08-16T16:00:40","guid":{"rendered":"https:\/\/defense-cyber.fr\/rdefensecyber2024\/?page_id=1145"},"modified":"2024-05-13T23:14:48","modified_gmt":"2024-05-13T21:14:48","slug":"les-intervenants","status":"publish","type":"page","link":"https:\/\/defense-cyber.fr\/rdefensecyber2024\/les-intervenants\/","title":{"rendered":"Les intervenants"},"content":{"rendered":"<p><div class=\"fusion-fullwidth fullwidth-box fusion-builder-row-1 fusion-flex-container has-pattern-background has-mask-background nonhundred-percent-fullwidth non-hundred-percent-height-scrolling\" style=\"--awb-border-radius-top-left:0px;--awb-border-radius-top-right:0px;--awb-border-radius-bottom-right:0px;--awb-border-radius-bottom-left:0px;--awb-padding-top:40px;--awb-background-color:var(--awb-color5);--awb-flex-wrap:wrap;\" ><div class=\"fusion-builder-row fusion-row fusion-flex-align-items-flex-start fusion-flex-content-wrap\" style=\"max-width:1248px;margin-left: calc(-4% \/ 2 );margin-right: calc(-4% \/ 2 );\"><div class=\"fusion-layout-column fusion_builder_column fusion-builder-column-0 fusion_builder_column_1_1 1_1 fusion-flex-column\" style=\"--awb-bg-size:cover;--awb-width-large:100%;--awb-margin-top-large:0px;--awb-spacing-right-large:1.92%;--awb-margin-bottom-large:20px;--awb-spacing-left-large:1.92%;--awb-width-medium:100%;--awb-order-medium:0;--awb-spacing-right-medium:1.92%;--awb-spacing-left-medium:1.92%;--awb-width-small:100%;--awb-order-small:0;--awb-spacing-right-small:1.92%;--awb-spacing-left-small:1.92%;\"><div class=\"fusion-column-wrapper fusion-column-has-shadow fusion-flex-justify-content-flex-start fusion-content-layout-column\"><div class=\"fusion-title title fusion-title-1 fusion-sep-none fusion-title-text fusion-title-size-three\" style=\"--awb-text-color:var(--awb-color1);--awb-margin-top-small:10px;--awb-margin-right-small:0px;--awb-margin-bottom-small:10px;--awb-margin-left-small:0px;--awb-font-size:18px;\"><h3 class=\"fusion-title-heading title-heading-left\" style=\"margin:0;text-transform:none;font-size:1em;\">Les Rencontres D\u00e9fense &amp; Cyber permettent aux participants d&rsquo;avoir acc\u00e8s \u00e0 l&rsquo;expertise de personnalit\u00e9s et d&rsquo;\u00e9changer avec eux dans un cadre de confiance.<\/h3><\/div><\/div><\/div><\/div><\/div><div class=\"fusion-fullwidth fullwidth-box fusion-builder-row-2 fusion-flex-container has-pattern-background has-mask-background nonhundred-percent-fullwidth non-hundred-percent-height-scrolling\" style=\"--awb-border-radius-top-left:0px;--awb-border-radius-top-right:0px;--awb-border-radius-bottom-right:0px;--awb-border-radius-bottom-left:0px;--awb-padding-top:40px;--awb-flex-wrap:wrap;\" ><div class=\"fusion-builder-row fusion-row fusion-flex-align-items-flex-start fusion-flex-justify-content-center fusion-flex-content-wrap\" style=\"max-width:1248px;margin-left: calc(-4% \/ 2 );margin-right: calc(-4% \/ 2 );\"><div class=\"fusion-layout-column fusion_builder_column fusion-builder-column-1 fusion_builder_column_1_4 1_4 fusion-flex-column\" style=\"--awb-bg-size:cover;--awb-width-large:25%;--awb-margin-top-large:0px;--awb-spacing-right-large:7.68%;--awb-margin-bottom-large:30px;--awb-spacing-left-large:7.68%;--awb-width-medium:25%;--awb-order-medium:0;--awb-spacing-right-medium:7.68%;--awb-spacing-left-medium:7.68%;--awb-width-small:100%;--awb-order-small:0;--awb-spacing-right-small:1.92%;--awb-spacing-left-small:1.92%;\" data-scroll-devices=\"small-visibility,medium-visibility,large-visibility\"><div class=\"fusion-column-wrapper fusion-column-has-shadow fusion-flex-justify-content-center fusion-content-layout-column\"><div class=\"fusion-image-element \" style=\"text-align:center;--awb-margin-bottom:10px;--awb-max-width:200px;--awb-caption-title-font-family:var(--h2_typography-font-family);--awb-caption-title-font-weight:var(--h2_typography-font-weight);--awb-caption-title-font-style:var(--h2_typography-font-style);--awb-caption-title-size:var(--h2_typography-font-size);--awb-caption-title-transform:var(--h2_typography-text-transform);--awb-caption-title-line-height:var(--h2_typography-line-height);--awb-caption-title-letter-spacing:var(--h2_typography-letter-spacing);--awb-filter:saturate(0%);--awb-filter-transition:filter 0.3s ease;--awb-filter-hover:saturate(100%);\"><span class=\" fusion-imageframe imageframe-dropshadow imageframe-1 hover-type-zoomin\" style=\"border-radius:50%;-webkit-box-shadow: 3px 3px 7px rgba(67,67,67,0.65);box-shadow: 3px 3px 7px rgba(67,67,67,0.65);\"><a class=\"fusion-no-lightbox\" href=\"https:\/\/defense-cyber.fr\/intervenants-defense-cyber\/gca-denis-mistral\/\" target=\"_blank\" aria-label=\"GCA Denis MISTRAL\" rel=\"noopener noreferrer\"><img decoding=\"async\" width=\"1333\" height=\"1333\" alt=\"GCA Denis MISTRAL - Rencontres D\u00e9fense &amp; Cyber 2024\" src=\"https:\/\/defense-cyber.fr\/rdefensecyber2024\/wp-content\/uploads\/sites\/4\/2024\/05\/photo_gcamistral_carre.jpg\" class=\"img-responsive wp-image-1506\" srcset=\"https:\/\/defense-cyber.fr\/rdefensecyber2024\/wp-content\/uploads\/sites\/4\/2024\/05\/photo_gcamistral_carre-200x200.jpg 200w, https:\/\/defense-cyber.fr\/rdefensecyber2024\/wp-content\/uploads\/sites\/4\/2024\/05\/photo_gcamistral_carre-400x400.jpg 400w, https:\/\/defense-cyber.fr\/rdefensecyber2024\/wp-content\/uploads\/sites\/4\/2024\/05\/photo_gcamistral_carre-600x600.jpg 600w, https:\/\/defense-cyber.fr\/rdefensecyber2024\/wp-content\/uploads\/sites\/4\/2024\/05\/photo_gcamistral_carre-800x800.jpg 800w, https:\/\/defense-cyber.fr\/rdefensecyber2024\/wp-content\/uploads\/sites\/4\/2024\/05\/photo_gcamistral_carre-1200x1200.jpg 1200w, https:\/\/defense-cyber.fr\/rdefensecyber2024\/wp-content\/uploads\/sites\/4\/2024\/05\/photo_gcamistral_carre.jpg 1333w\" sizes=\"(max-width: 640px) 100vw, 400px\" \/><\/a><\/span><\/div><div class=\"fusion-title title fusion-title-2 fusion-sep-none fusion-title-center fusion-title-text fusion-title-size-five\" style=\"--awb-text-color:var(--awb-color6);--awb-margin-bottom:0px;--awb-margin-top-small:10px;--awb-margin-right-small:0px;--awb-margin-bottom-small:10px;--awb-margin-left-small:0px;\"><h5 class=\"fusion-title-heading title-heading-center\" style=\"margin:0;\"><strong>GCA Denis MISTRAL<\/strong><\/h5><\/div><div class=\"fusion-text fusion-text-1 fusion-text-no-margin\" style=\"--awb-content-alignment:center;--awb-margin-top:5px;--awb-margin-bottom:5px;\"><p><strong>Gouverneur Militaire de Lyon<br \/>\n<\/strong>Officier g\u00e9n\u00e9ral de la zone de d\u00e9fense et de s\u00e9curit\u00e9 Sud-Est<\/p>\n<\/div><ul style=\"--awb-size:14px;--awb-margin-left:10%;--awb-line-height:23.8px;--awb-icon-width:23.8px;--awb-icon-height:23.8px;--awb-icon-margin:9.8px;--awb-content-margin:33.6px;\" class=\"fusion-checklist fusion-checklist-1 fusion-checklist-default type-icons\"><li class=\"fusion-li-item\" style=\"\"><span class=\"icon-wrapper circle-no\"><i class=\"fusion-li-icon fa-globe fas\" aria-hidden=\"true\"><\/i><\/span><div class=\"fusion-li-item-content\">\n<p><a href=\"https:\/\/www.defense.gouv.fr\/defense-sud-est\/qui-sommes-nous\/presentation-zone-defense-sud-est\" target=\"_blank\" rel=\"noopener noreferrer\">www.defense.gouv.fr<\/a><\/p>\n<\/div><\/li><li class=\"fusion-li-item\" style=\"\"><span class=\"icon-wrapper circle-no\"><i class=\"fusion-li-icon fa-twitter fab\" aria-hidden=\"true\"><\/i><\/span><div class=\"fusion-li-item-content\">\n<p><a href=\"https:\/\/twitter.com\/Defense_Sud_Est\" target=\"_blank\" rel=\"noopener noreferrer\">@Defense_Sud_Est<\/a><\/p>\n<\/div><\/li><li class=\"fusion-li-item\" style=\"\"><span class=\"icon-wrapper circle-no\"><i class=\"fusion-li-icon fa-file-alt far\" aria-hidden=\"true\"><\/i><\/span><div class=\"fusion-li-item-content\">\n<p><a href=\"https:\/\/defense-cyber.fr\/intervenants-defense-cyber\/gca-denis-mistral\/\" target=\"_blank\" rel=\"noopener\">Biographie<\/a><\/p>\n<\/div><\/li><\/ul><\/div><\/div><div class=\"fusion-layout-column fusion_builder_column fusion-builder-column-2 fusion_builder_column_1_4 1_4 fusion-flex-column\" style=\"--awb-bg-size:cover;--awb-width-large:25%;--awb-margin-top-large:0px;--awb-spacing-right-large:7.68%;--awb-margin-bottom-large:30px;--awb-spacing-left-large:7.68%;--awb-width-medium:25%;--awb-order-medium:0;--awb-spacing-right-medium:7.68%;--awb-spacing-left-medium:7.68%;--awb-width-small:100%;--awb-order-small:0;--awb-spacing-right-small:1.92%;--awb-spacing-left-small:1.92%;\"><div class=\"fusion-column-wrapper fusion-column-has-shadow fusion-flex-justify-content-center fusion-content-layout-column\"><div class=\"fusion-image-element \" style=\"text-align:center;--awb-margin-bottom:10px;--awb-max-width:200px;--awb-caption-title-font-family:var(--h2_typography-font-family);--awb-caption-title-font-weight:var(--h2_typography-font-weight);--awb-caption-title-font-style:var(--h2_typography-font-style);--awb-caption-title-size:var(--h2_typography-font-size);--awb-caption-title-transform:var(--h2_typography-text-transform);--awb-caption-title-line-height:var(--h2_typography-line-height);--awb-caption-title-letter-spacing:var(--h2_typography-letter-spacing);--awb-filter:saturate(0%);--awb-filter-transition:filter 0.3s ease;--awb-filter-hover:saturate(100%);\"><span class=\" fusion-imageframe imageframe-dropshadow imageframe-2 hover-type-zoomin\" style=\"border-radius:50%;-webkit-box-shadow: 3px 3px 7px rgba(67,67,67,0.65);box-shadow: 3px 3px 7px rgba(67,67,67,0.65);\"><a class=\"fusion-no-lightbox\" href=\"https:\/\/defense-cyber.fr\/intervenants-defense-cyber\/benedicte-pilliet\/\" target=\"_blank\" aria-label=\"Benedicte PILLIET\" rel=\"noopener noreferrer\"><img decoding=\"async\" width=\"200\" height=\"200\" alt=\"Benedicte PILLIET, pr\u00e9sidente du CyberCercle - Rencontres D\u00e9fense &amp; Cyber 2023\" src=\"https:\/\/defense-cyber.fr\/rdefensecyber2024\/wp-content\/uploads\/sites\/4\/2022\/12\/Benedicte-PILLIET.jpg\" class=\"img-responsive wp-image-293\" srcset=\"https:\/\/defense-cyber.fr\/rdefensecyber2024\/wp-content\/uploads\/sites\/4\/2022\/12\/Benedicte-PILLIET-66x66.jpg 66w, https:\/\/defense-cyber.fr\/rdefensecyber2024\/wp-content\/uploads\/sites\/4\/2022\/12\/Benedicte-PILLIET-150x150.jpg 150w, https:\/\/defense-cyber.fr\/rdefensecyber2024\/wp-content\/uploads\/sites\/4\/2022\/12\/Benedicte-PILLIET.jpg 200w\" sizes=\"(max-width: 200px) 100vw, 200px\" \/><\/a><\/span><\/div><div class=\"fusion-title title fusion-title-3 fusion-sep-none fusion-title-center fusion-title-text fusion-title-size-five\" style=\"--awb-text-color:var(--awb-color6);--awb-margin-bottom:0px;--awb-margin-top-small:10px;--awb-margin-right-small:0px;--awb-margin-bottom-small:10px;--awb-margin-left-small:0px;\"><h5 class=\"fusion-title-heading title-heading-center\" style=\"margin:0;\"><strong>B\u00e9n\u00e9dicte PILLIET<\/strong><\/h5><\/div><div class=\"fusion-text fusion-text-2 fusion-text-no-margin\" style=\"--awb-content-alignment:center;--awb-margin-top:5px;--awb-margin-bottom:5px;\"><p><strong>Pr\u00e9sidente<\/strong><br \/>\nCyberCercle<\/p>\n<\/div><ul style=\"--awb-size:14px;--awb-margin-left:10%;--awb-line-height:23.8px;--awb-icon-width:23.8px;--awb-icon-height:23.8px;--awb-icon-margin:9.8px;--awb-content-margin:33.6px;\" class=\"fusion-checklist fusion-checklist-2 fusion-checklist-default type-icons\"><li class=\"fusion-li-item\" style=\"\"><span class=\"icon-wrapper circle-no\"><i class=\"fusion-li-icon fa-globe fas\" aria-hidden=\"true\"><\/i><\/span><div class=\"fusion-li-item-content\"><a href=\"https:\/\/cybercercle.com\/\" target=\"_blank\" rel=\"noopener noreferrer\">cybercercle.com<\/a><\/div><\/li><li class=\"fusion-li-item\" style=\"\"><span class=\"icon-wrapper circle-no\"><i class=\"fusion-li-icon fa-twitter fab\" aria-hidden=\"true\"><\/i><\/span><div class=\"fusion-li-item-content\">\n<p><a href=\"https:\/\/twitter.com\/bgpilliet\" target=\"_blank\" rel=\"noopener\">@bgpilliet<\/a><br \/>\n<a href=\"https:\/\/twitter.com\/cybercercle\" target=\"_blank\" rel=\"noopener\">@CyberCercle<\/a><\/p>\n<\/div><\/li><li class=\"fusion-li-item\" style=\"\"><span class=\"icon-wrapper circle-no\"><i class=\"fusion-li-icon fa-file-alt far\" aria-hidden=\"true\"><\/i><\/span><div class=\"fusion-li-item-content\">\n<p><a href=\"https:\/\/defense-cyber.fr\/intervenants-defense-cyber\/benedicte-pilliet\/\" target=\"_blank\" rel=\"noopener\">Biographie<\/a><\/p>\n<\/div><\/li><\/ul><\/div><\/div><div class=\"fusion-layout-column fusion_builder_column fusion-builder-column-3 fusion_builder_column_1_4 1_4 fusion-flex-column\" style=\"--awb-bg-size:cover;--awb-width-large:25%;--awb-margin-top-large:0px;--awb-spacing-right-large:7.68%;--awb-margin-bottom-large:30px;--awb-spacing-left-large:7.68%;--awb-width-medium:25%;--awb-order-medium:0;--awb-spacing-right-medium:7.68%;--awb-spacing-left-medium:7.68%;--awb-width-small:100%;--awb-order-small:0;--awb-spacing-right-small:1.92%;--awb-spacing-left-small:1.92%;\" data-scroll-devices=\"small-visibility,medium-visibility,large-visibility\"><div class=\"fusion-column-wrapper fusion-column-has-shadow fusion-flex-justify-content-center fusion-content-layout-column\"><div class=\"fusion-image-element \" style=\"text-align:center;--awb-margin-bottom:10px;--awb-max-width:200px;--awb-caption-title-font-family:var(--h2_typography-font-family);--awb-caption-title-font-weight:var(--h2_typography-font-weight);--awb-caption-title-font-style:var(--h2_typography-font-style);--awb-caption-title-size:var(--h2_typography-font-size);--awb-caption-title-transform:var(--h2_typography-text-transform);--awb-caption-title-line-height:var(--h2_typography-line-height);--awb-caption-title-letter-spacing:var(--h2_typography-letter-spacing);--awb-filter:saturate(0%);--awb-filter-transition:filter 0.3s ease;--awb-filter-hover:saturate(100%);\"><span class=\" fusion-imageframe imageframe-dropshadow imageframe-3 hover-type-zoomin\" style=\"border-radius:50%;-webkit-box-shadow: 3px 3px 7px rgba(67,67,67,0.65);box-shadow: 3px 3px 7px rgba(67,67,67,0.65);\"><a class=\"fusion-no-lightbox\" href=\"https:\/\/defense-cyber.fr\/intervenants-defense-cyber\/gbr-jean-rene-couanau\/\" target=\"_blank\" aria-label=\"GBR Jean-Ren\u00e9 COUANAU\" rel=\"noopener noreferrer\"><img decoding=\"async\" width=\"550\" height=\"550\" alt=\"GBR Jean-Ren\u00e9 COUANAU - Rencontres D\u00e9fense &amp; Cyber 2024\" src=\"https:\/\/defense-cyber.fr\/rdefensecyber2024\/wp-content\/uploads\/sites\/4\/2024\/05\/photo_couanau_carre.jpg\" class=\"img-responsive wp-image-1507\" srcset=\"https:\/\/defense-cyber.fr\/rdefensecyber2024\/wp-content\/uploads\/sites\/4\/2024\/05\/photo_couanau_carre-200x200.jpg 200w, https:\/\/defense-cyber.fr\/rdefensecyber2024\/wp-content\/uploads\/sites\/4\/2024\/05\/photo_couanau_carre-400x400.jpg 400w, https:\/\/defense-cyber.fr\/rdefensecyber2024\/wp-content\/uploads\/sites\/4\/2024\/05\/photo_couanau_carre.jpg 550w\" sizes=\"(max-width: 640px) 100vw, 400px\" \/><\/a><\/span><\/div><div class=\"fusion-title title fusion-title-4 fusion-sep-none fusion-title-center fusion-title-text fusion-title-size-five\" style=\"--awb-text-color:var(--awb-color6);--awb-margin-bottom:0px;--awb-margin-top-small:10px;--awb-margin-right-small:0px;--awb-margin-bottom-small:10px;--awb-margin-left-small:0px;\"><h5 class=\"fusion-title-heading title-heading-center\" style=\"margin:0;\"><strong>GBR Jean-Ren\u00e9 COUANAU<\/strong><\/h5><\/div><div class=\"fusion-text fusion-text-3 fusion-text-no-margin\" style=\"--awb-content-alignment:center;--awb-margin-top:5px;--awb-margin-bottom:5px;\"><p><strong>Officier G\u00e9n\u00e9ral Num\u00e9rique et Cyber<br \/>\n<\/strong>Arm\u00e9e de Terre<\/p>\n<\/div><ul style=\"--awb-size:14px;--awb-margin-left:10%;--awb-line-height:23.8px;--awb-icon-width:23.8px;--awb-icon-height:23.8px;--awb-icon-margin:9.8px;--awb-content-margin:33.6px;\" class=\"fusion-checklist fusion-checklist-3 fusion-checklist-default type-icons\"><li class=\"fusion-li-item\" style=\"\"><span class=\"icon-wrapper circle-no\"><i class=\"fusion-li-icon fa-globe fas\" aria-hidden=\"true\"><\/i><\/span><div class=\"fusion-li-item-content\">\n<p><a href=\"https:\/\/www.defense.gouv.fr\/terre\" target=\"_blank\" rel=\"noopener noreferrer\">www.defense.gouv.fr<\/a><\/p>\n<\/div><\/li><li class=\"fusion-li-item\" style=\"\"><span class=\"icon-wrapper circle-no\"><i class=\"fusion-li-icon fa-twitter fab\" aria-hidden=\"true\"><\/i><\/span><div class=\"fusion-li-item-content\">\n<p><a href=\"https:\/\/twitter.com\/armeedeterre\" target=\"_blank\" rel=\"noopener noreferrer\">@armeedeterre<\/a><\/p>\n<\/div><\/li><li class=\"fusion-li-item\" style=\"\"><span class=\"icon-wrapper circle-no\"><i class=\"fusion-li-icon fa-file-alt far\" aria-hidden=\"true\"><\/i><\/span><div class=\"fusion-li-item-content\">\n<p><a href=\"https:\/\/defense-cyber.fr\/intervenants-defense-cyber\/gbr-jean-rene-couanau\/\" target=\"_blank\" rel=\"noopener\">Biographie<\/a><\/p>\n<\/div><\/li><\/ul><\/div><\/div><div class=\"fusion-layout-column fusion_builder_column fusion-builder-column-4 fusion_builder_column_1_4 1_4 fusion-flex-column\" style=\"--awb-bg-size:cover;--awb-width-large:25%;--awb-margin-top-large:0px;--awb-spacing-right-large:7.68%;--awb-margin-bottom-large:30px;--awb-spacing-left-large:7.68%;--awb-width-medium:25%;--awb-order-medium:0;--awb-spacing-right-medium:7.68%;--awb-spacing-left-medium:7.68%;--awb-width-small:100%;--awb-order-small:0;--awb-spacing-right-small:1.92%;--awb-spacing-left-small:1.92%;\"><div class=\"fusion-column-wrapper fusion-column-has-shadow fusion-flex-justify-content-center fusion-content-layout-column\"><div class=\"fusion-image-element \" style=\"text-align:center;--awb-margin-bottom:10px;--awb-max-width:200px;--awb-caption-title-font-family:var(--h2_typography-font-family);--awb-caption-title-font-weight:var(--h2_typography-font-weight);--awb-caption-title-font-style:var(--h2_typography-font-style);--awb-caption-title-size:var(--h2_typography-font-size);--awb-caption-title-transform:var(--h2_typography-text-transform);--awb-caption-title-line-height:var(--h2_typography-line-height);--awb-caption-title-letter-spacing:var(--h2_typography-letter-spacing);--awb-filter:saturate(0%);--awb-filter-transition:filter 0.3s ease;--awb-filter-hover:saturate(100%);\"><span class=\" fusion-imageframe imageframe-dropshadow imageframe-4 hover-type-zoomin\" style=\"border-radius:50%;-webkit-box-shadow: 3px 3px 7px rgba(67,67,67,0.65);box-shadow: 3px 3px 7px rgba(67,67,67,0.65);\"><a class=\"fusion-no-lightbox\" href=\"https:\/\/defense-cyber.fr\/intervenants-defense-cyber\/jerome-saiz\/\" target=\"_blank\" aria-label=\"Jerome SAIZ\" rel=\"noopener noreferrer\"><img decoding=\"async\" width=\"200\" height=\"200\" alt=\"J\u00e9r\u00f4me SAIZ - Rencontres D\u00e9fense &amp; Cyber 2024\" src=\"https:\/\/defense-cyber.fr\/rdefensecyber2024\/wp-content\/uploads\/sites\/4\/2022\/12\/Jerome-SAIZ.jpg\" class=\"img-responsive wp-image-424\" srcset=\"https:\/\/defense-cyber.fr\/rdefensecyber2024\/wp-content\/uploads\/sites\/4\/2022\/12\/Jerome-SAIZ-66x66.jpg 66w, https:\/\/defense-cyber.fr\/rdefensecyber2024\/wp-content\/uploads\/sites\/4\/2022\/12\/Jerome-SAIZ-150x150.jpg 150w, https:\/\/defense-cyber.fr\/rdefensecyber2024\/wp-content\/uploads\/sites\/4\/2022\/12\/Jerome-SAIZ.jpg 200w\" sizes=\"(max-width: 200px) 100vw, 200px\" \/><\/a><\/span><\/div><div class=\"fusion-title title fusion-title-5 fusion-sep-none fusion-title-center fusion-title-text fusion-title-size-five\" style=\"--awb-text-color:var(--awb-color6);--awb-margin-bottom:0px;--awb-margin-top-small:10px;--awb-margin-right-small:0px;--awb-margin-bottom-small:10px;--awb-margin-left-small:0px;\"><h5 class=\"fusion-title-heading title-heading-center\" style=\"margin:0;\"><strong>J\u00e9r\u00f4me SAIZ<\/strong><\/h5><\/div><div class=\"fusion-text fusion-text-4 fusion-text-no-margin\" style=\"--awb-content-alignment:center;--awb-margin-top:5px;--awb-margin-bottom:5px;\"><p><strong>Senior advisor<\/strong><br \/>\nCyberCercle<\/p>\n<\/div><ul style=\"--awb-size:14px;--awb-margin-left:10%;--awb-line-height:23.8px;--awb-icon-width:23.8px;--awb-icon-height:23.8px;--awb-icon-margin:9.8px;--awb-content-margin:33.6px;\" class=\"fusion-checklist fusion-checklist-4 fusion-checklist-default type-icons\"><li class=\"fusion-li-item\" style=\"\"><span class=\"icon-wrapper circle-no\"><i class=\"fusion-li-icon fa-globe fas\" aria-hidden=\"true\"><\/i><\/span><div class=\"fusion-li-item-content\">\n<p><a href=\"https:\/\/opforintel.com\/fr\/\" target=\"_blank\" rel=\"noopener noreferrer\">www.opforintel.com<\/a><\/p>\n<\/div><\/li><li class=\"fusion-li-item\" style=\"\"><span class=\"icon-wrapper circle-no\"><i class=\"fusion-li-icon fa-twitter fab\" aria-hidden=\"true\"><\/i><\/span><div class=\"fusion-li-item-content\">\n<p><a href=\"https:\/\/twitter.com\/jeromesaiz\" target=\"_blank\" rel=\"noopener\">@jeromesaiz<\/a><\/p>\n<\/div><\/li><li class=\"fusion-li-item\" style=\"\"><span class=\"icon-wrapper circle-no\"><i class=\"fusion-li-icon fa-file-alt far\" aria-hidden=\"true\"><\/i><\/span><div class=\"fusion-li-item-content\">\n<p><a href=\"https:\/\/defense-cyber.fr\/intervenants-defense-cyber\/jerome-saiz\/\" target=\"_blank\" rel=\"noopener\">Biographie<\/a><\/p>\n<\/div><\/li><\/ul><\/div><\/div><div class=\"fusion-layout-column fusion_builder_column fusion-builder-column-5 fusion_builder_column_1_4 1_4 fusion-flex-column\" style=\"--awb-bg-size:cover;--awb-width-large:25%;--awb-margin-top-large:0px;--awb-spacing-right-large:7.68%;--awb-margin-bottom-large:30px;--awb-spacing-left-large:7.68%;--awb-width-medium:25%;--awb-order-medium:0;--awb-spacing-right-medium:7.68%;--awb-spacing-left-medium:7.68%;--awb-width-small:100%;--awb-order-small:0;--awb-spacing-right-small:1.92%;--awb-spacing-left-small:1.92%;\"><div class=\"fusion-column-wrapper fusion-column-has-shadow fusion-flex-justify-content-center fusion-content-layout-column\"><div class=\"fusion-image-element \" style=\"text-align:center;--awb-margin-bottom:10px;--awb-max-width:200px;--awb-caption-title-font-family:var(--h2_typography-font-family);--awb-caption-title-font-weight:var(--h2_typography-font-weight);--awb-caption-title-font-style:var(--h2_typography-font-style);--awb-caption-title-size:var(--h2_typography-font-size);--awb-caption-title-transform:var(--h2_typography-text-transform);--awb-caption-title-line-height:var(--h2_typography-line-height);--awb-caption-title-letter-spacing:var(--h2_typography-letter-spacing);--awb-filter:saturate(0%);--awb-filter-transition:filter 0.3s ease;--awb-filter-hover:saturate(100%);\"><span class=\" fusion-imageframe imageframe-dropshadow imageframe-5 hover-type-zoomin\" style=\"border-radius:50%;-webkit-box-shadow: 3px 3px 7px rgba(67,67,67,0.65);box-shadow: 3px 3px 7px rgba(67,67,67,0.65);\"><a class=\"fusion-no-lightbox\" href=\"https:\/\/defense-cyber.fr\/intervenants-defense-cyber\/didier-lage\/\" target=\"_blank\" aria-label=\"Didier LAGE\" rel=\"noopener noreferrer\"><img decoding=\"async\" width=\"1818\" height=\"1818\" alt=\"Didier LAGE- Rencontres D\u00e9fense &amp; Cyber 2024\" src=\"https:\/\/defense-cyber.fr\/rdefensecyber2024\/wp-content\/uploads\/sites\/4\/2024\/05\/photo_lage.jpg\" class=\"img-responsive wp-image-1525\" srcset=\"https:\/\/defense-cyber.fr\/rdefensecyber2024\/wp-content\/uploads\/sites\/4\/2024\/05\/photo_lage-200x200.jpg 200w, https:\/\/defense-cyber.fr\/rdefensecyber2024\/wp-content\/uploads\/sites\/4\/2024\/05\/photo_lage-400x400.jpg 400w, https:\/\/defense-cyber.fr\/rdefensecyber2024\/wp-content\/uploads\/sites\/4\/2024\/05\/photo_lage-600x600.jpg 600w, https:\/\/defense-cyber.fr\/rdefensecyber2024\/wp-content\/uploads\/sites\/4\/2024\/05\/photo_lage-800x800.jpg 800w, https:\/\/defense-cyber.fr\/rdefensecyber2024\/wp-content\/uploads\/sites\/4\/2024\/05\/photo_lage-1200x1200.jpg 1200w, https:\/\/defense-cyber.fr\/rdefensecyber2024\/wp-content\/uploads\/sites\/4\/2024\/05\/photo_lage.jpg 1818w\" sizes=\"(max-width: 640px) 100vw, 400px\" \/><\/a><\/span><\/div><div class=\"fusion-title title fusion-title-6 fusion-sep-none fusion-title-center fusion-title-text fusion-title-size-five\" style=\"--awb-text-color:var(--awb-color6);--awb-margin-bottom:0px;--awb-margin-top-small:10px;--awb-margin-right-small:0px;--awb-margin-bottom-small:10px;--awb-margin-left-small:0px;\"><h5 class=\"fusion-title-heading title-heading-center\" style=\"margin:0;\"><strong>Commissaire divisionnaire (H) Didier LAGE<\/strong><\/h5><\/div><div class=\"fusion-text fusion-text-5 fusion-text-no-margin\" style=\"--awb-content-alignment:center;--awb-margin-top:5px;--awb-margin-bottom:5px;\"><p><strong>Coordinateur AURA<\/strong><br \/>\nR\u00e9seau des Experts Cyber Menaces (RECyM)<\/p>\n<\/div><ul style=\"--awb-size:14px;--awb-margin-left:10%;--awb-line-height:23.8px;--awb-icon-width:23.8px;--awb-icon-height:23.8px;--awb-icon-margin:9.8px;--awb-content-margin:33.6px;\" class=\"fusion-checklist fusion-checklist-5 fusion-checklist-default type-icons\"><li class=\"fusion-li-item\" style=\"\"><span class=\"icon-wrapper circle-no\"><i class=\"fusion-li-icon fa-globe fas\" aria-hidden=\"true\"><\/i><\/span><div class=\"fusion-li-item-content\">\n<p><a href=\"https:\/\/www.police-nationale.interieur.gouv.fr\/\" target=\"_blank\" rel=\"noopener noreferrer\">www.police-nationale.interieur.gouv.fr<\/a><\/p>\n<\/div><\/li><li class=\"fusion-li-item\" style=\"\"><span class=\"icon-wrapper circle-no\"><i class=\"fusion-li-icon fa-twitter fab\" aria-hidden=\"true\"><\/i><\/span><div class=\"fusion-li-item-content\">\n<p><a href=\"https:\/\/twitter.com\/PoliceNationale\" target=\"_blank\" rel=\"noopener\">@PoliceNationale<\/a><\/p>\n<\/div><\/li><li class=\"fusion-li-item\" style=\"\"><span class=\"icon-wrapper circle-no\"><i class=\"fusion-li-icon fa-file-alt far\" aria-hidden=\"true\"><\/i><\/span><div class=\"fusion-li-item-content\">\n<p><a href=\"https:\/\/defense-cyber.fr\/intervenants-defense-cyber\/didier-lage\/\" target=\"_blank\" rel=\"noopener\">Biographie<\/a><\/p>\n<\/div><\/li><\/ul><\/div><\/div><\/div><\/div><div class=\"fusion-fullwidth fullwidth-box fusion-builder-row-3 fusion-flex-container has-pattern-background has-mask-background nonhundred-percent-fullwidth non-hundred-percent-height-scrolling\" style=\"--awb-border-radius-top-left:0px;--awb-border-radius-top-right:0px;--awb-border-radius-bottom-right:0px;--awb-border-radius-bottom-left:0px;--awb-padding-top:40px;--awb-padding-bottom:0px;--awb-flex-wrap:wrap;\" ><div class=\"fusion-builder-row fusion-row fusion-flex-align-items-flex-start fusion-flex-content-wrap\" style=\"max-width:1248px;margin-left: calc(-4% \/ 2 );margin-right: calc(-4% \/ 2 );\"><div class=\"fusion-layout-column fusion_builder_column fusion-builder-column-6 fusion_builder_column_1_1 1_1 fusion-flex-column\" style=\"--awb-bg-size:cover;--awb-width-large:100%;--awb-margin-top-large:0px;--awb-spacing-right-large:1.92%;--awb-margin-bottom-large:20px;--awb-spacing-left-large:1.92%;--awb-width-medium:100%;--awb-order-medium:0;--awb-spacing-right-medium:1.92%;--awb-spacing-left-medium:1.92%;--awb-width-small:100%;--awb-order-small:0;--awb-spacing-right-small:1.92%;--awb-spacing-left-small:1.92%;\"><div class=\"fusion-column-wrapper fusion-column-has-shadow fusion-flex-justify-content-flex-start fusion-content-layout-column\"><div class=\"fusion-title title fusion-title-7 fusion-title-text fusion-title-size-three\" style=\"--awb-margin-bottom:30px;--awb-margin-top-small:10px;--awb-margin-right-small:0px;--awb-margin-bottom-small:10px;--awb-margin-left-small:0px;--awb-font-size:24px;\"><div class=\"title-sep-container title-sep-container-left fusion-no-large-visibility fusion-no-medium-visibility fusion-no-small-visibility\"><div class=\"title-sep sep-single sep-solid\" style=\"border-color:var(--awb-color4);\"><\/div><\/div><span class=\"awb-title-spacer fusion-no-large-visibility fusion-no-medium-visibility fusion-no-small-visibility\"><\/span><h3 class=\"fusion-title-heading title-heading-left\" style=\"margin:0;font-size:1em;\"><\/h3><span class=\"awb-title-spacer\"><\/span><div class=\"title-sep-container title-sep-container-right\"><div class=\"title-sep sep-single sep-solid\" style=\"border-color:var(--awb-color4);\"><\/div><\/div><\/div><div class=\"fusion-title title fusion-title-8 fusion-sep-none fusion-title-text fusion-title-size-four\" style=\"--awb-text-color:var(--awb-color6);--awb-margin-bottom:10px;--awb-margin-top-small:10px;--awb-margin-right-small:0px;--awb-margin-bottom-small:10px;--awb-margin-left-small:0px;--awb-font-size:24px;\"><h4 class=\"fusion-title-heading title-heading-left\" style=\"margin:0;font-size:1em;\">Nos partenaires<\/h4><\/div><div class=\"fusion-image-carousel fusion-image-carousel-fixed fusion-image-carousel-1 fusion-carousel-border\"><div class=\"awb-carousel awb-swiper awb-swiper-carousel awb-carousel--carousel awb-swiper-dots-position-bottom\" data-layout=\"carousel\" data-autoplay=\"yes\" data-autoplayspeed=\"2500\" data-autoplaypause=\"no\" data-loop=\"yes\" data-columns=\"5\" data-columnsmedium=\"1\" data-columnssmall=\"1\" data-itemmargin=\"13\" data-itemwidth=\"180\" data-touchscroll=\"no\" data-freemode=\"no\" data-imagesize=\"fixed\" data-scrollitems=\"0\" data-centeredslides=\"no\" data-rotationangle=\"50\" data-depth=\"100\" data-speed=\"500\" data-shadow=\"no\" data-pagination=\"bullets\" style=\"--awb-border-width:1px;--awb-border-color:#e9eaee;\"><div class=\"swiper-wrapper awb-image-carousel-wrapper fusion-flex-align-items-center\"><div class=\"swiper-slide\"><div class=\"fusion-carousel-item-wrapper\"><div class=\"fusion-image-wrapper hover-type-zoomin\"><a href=\"https:\/\/defense-cyber.fr\/partenaires-defense-cyber\/avant-de-cliquer\/\" target=\"_blank\" rel=\"noopener noreferrer\"><img decoding=\"async\" width=\"250\" height=\"100\" src=\"https:\/\/defense-cyber.fr\/rdefensecyber2024\/wp-content\/uploads\/sites\/4\/2022\/12\/AVANT-DE-CLIQUER-Logo.png\" class=\"attachment-blog-medium size-blog-medium\" alt=\"Avant de cliquer, partenaire du cycle D\u00e9fense &amp; Cyber\" srcset=\"https:\/\/defense-cyber.fr\/rdefensecyber2024\/wp-content\/uploads\/sites\/4\/2022\/12\/AVANT-DE-CLIQUER-Logo-200x80.png 200w, https:\/\/defense-cyber.fr\/rdefensecyber2024\/wp-content\/uploads\/sites\/4\/2022\/12\/AVANT-DE-CLIQUER-Logo.png 250w\" sizes=\"(min-width: 2200px) 100vw, (min-width: 928px) 230px, (min-width: 856px) 287px, (min-width: 784px) 383px, (min-width: 712px) 574px, (min-width: 640px) 712px, \" \/><\/a><\/div><\/div><\/div><div class=\"swiper-slide\"><div class=\"fusion-carousel-item-wrapper\"><div class=\"fusion-image-wrapper hover-type-zoomin\"><a href=\"https:\/\/defense-cyber.fr\/partenaires-defense-cyber\/groupelaposte\/\" target=\"_blank\" rel=\"noopener noreferrer\"><img decoding=\"async\" width=\"250\" height=\"100\" src=\"https:\/\/defense-cyber.fr\/rdefensecyber2024\/wp-content\/uploads\/sites\/4\/2022\/12\/GROUPE-LA-POSTE-Logo.png\" class=\"attachment-blog-medium size-blog-medium\" alt=\"Groupe La Poste, partenaire du Cycle D\u00e9fense &amp; Cyber\" srcset=\"https:\/\/defense-cyber.fr\/rdefensecyber2024\/wp-content\/uploads\/sites\/4\/2022\/12\/GROUPE-LA-POSTE-Logo-200x80.png 200w, https:\/\/defense-cyber.fr\/rdefensecyber2024\/wp-content\/uploads\/sites\/4\/2022\/12\/GROUPE-LA-POSTE-Logo.png 250w\" sizes=\"(min-width: 2200px) 100vw, (min-width: 928px) 230px, (min-width: 856px) 287px, (min-width: 784px) 383px, (min-width: 712px) 574px, (min-width: 640px) 712px, \" \/><\/a><\/div><\/div><\/div><div class=\"swiper-slide\"><div class=\"fusion-carousel-item-wrapper\"><div class=\"fusion-image-wrapper hover-type-zoomin\"><a href=\"https:\/\/defense-cyber.fr\/partenaires-defense-cyber\/bluefiles\/\" target=\"_blank\" rel=\"noopener noreferrer\"><img decoding=\"async\" width=\"250\" height=\"100\" src=\"https:\/\/defense-cyber.fr\/rdefensecyber2024\/wp-content\/uploads\/sites\/4\/2023\/03\/Logo_BlueFiles.png\" class=\"attachment-blog-medium size-blog-medium\" alt=\"BlueFiles, partenaire du Cycle D\u00e9fense &amp; Cyber\" srcset=\"https:\/\/defense-cyber.fr\/rdefensecyber2024\/wp-content\/uploads\/sites\/4\/2023\/03\/Logo_BlueFiles-200x80.png 200w, https:\/\/defense-cyber.fr\/rdefensecyber2024\/wp-content\/uploads\/sites\/4\/2023\/03\/Logo_BlueFiles.png 250w\" sizes=\"(min-width: 2200px) 100vw, (min-width: 928px) 230px, (min-width: 856px) 287px, (min-width: 784px) 383px, (min-width: 712px) 574px, (min-width: 640px) 712px, \" \/><\/a><\/div><\/div><\/div><div class=\"swiper-slide\"><div class=\"fusion-carousel-item-wrapper\"><div class=\"fusion-image-wrapper hover-type-zoomin\"><a href=\"https:\/\/defense-cyber.fr\/partenaires-defense-cyber\/certitude-numerique\/\" target=\"_blank\" rel=\"noopener noreferrer\"><img decoding=\"async\" width=\"250\" height=\"100\" src=\"https:\/\/defense-cyber.fr\/rdefensecyber2024\/wp-content\/uploads\/sites\/4\/2022\/12\/CERTITUDE-NUMERIQUE-Logo2.png\" class=\"attachment-blog-medium size-blog-medium\" alt=\"CERTitude NUMERIQUE, partenaire du Cycle D\u00e9fense &amp; Cyber\" srcset=\"https:\/\/defense-cyber.fr\/rdefensecyber2024\/wp-content\/uploads\/sites\/4\/2022\/12\/CERTITUDE-NUMERIQUE-Logo2-200x80.png 200w, https:\/\/defense-cyber.fr\/rdefensecyber2024\/wp-content\/uploads\/sites\/4\/2022\/12\/CERTITUDE-NUMERIQUE-Logo2.png 250w\" sizes=\"(min-width: 2200px) 100vw, (min-width: 928px) 230px, (min-width: 856px) 287px, (min-width: 784px) 383px, (min-width: 712px) 574px, (min-width: 640px) 712px, \" \/><\/a><\/div><\/div><\/div><div class=\"swiper-slide\"><div class=\"fusion-carousel-item-wrapper\"><div class=\"fusion-image-wrapper hover-type-zoomin\"><a href=\"https:\/\/defense-cyber.fr\/partenaires-defense-cyber\/enedis\/\" target=\"_blank\" rel=\"noopener noreferrer\"><img decoding=\"async\" width=\"250\" height=\"100\" src=\"https:\/\/defense-cyber.fr\/rdefensecyber2024\/wp-content\/uploads\/sites\/4\/2023\/09\/Logo_Enedis.png\" class=\"attachment-blog-medium size-blog-medium\" alt=\"ENEDIS, partenaire du Cycle D\u00e9fense &amp; Cyber\" srcset=\"https:\/\/defense-cyber.fr\/rdefensecyber2024\/wp-content\/uploads\/sites\/4\/2023\/09\/Logo_Enedis-200x80.png 200w, https:\/\/defense-cyber.fr\/rdefensecyber2024\/wp-content\/uploads\/sites\/4\/2023\/09\/Logo_Enedis.png 250w\" sizes=\"(min-width: 2200px) 100vw, (min-width: 928px) 230px, (min-width: 856px) 287px, (min-width: 784px) 383px, (min-width: 712px) 574px, (min-width: 640px) 712px, \" \/><\/a><\/div><\/div><\/div><div class=\"swiper-slide\"><div class=\"fusion-carousel-item-wrapper\"><div class=\"fusion-image-wrapper hover-type-zoomin\"><a href=\"https:\/\/defense-cyber.fr\/partenaires-defense-cyber\/nexter\/\" target=\"_blank\" rel=\"noopener noreferrer\"><img decoding=\"async\" width=\"250\" height=\"100\" src=\"https:\/\/defense-cyber.fr\/rdefensecyber2024\/wp-content\/uploads\/sites\/4\/2024\/05\/logo_KNDS.png\" class=\"attachment-blog-medium size-blog-medium\" alt=\"Nexter, partenaire du Cycle D\u00e9fense &amp; Cyber\" srcset=\"https:\/\/defense-cyber.fr\/rdefensecyber2024\/wp-content\/uploads\/sites\/4\/2024\/05\/logo_KNDS-200x80.png 200w, https:\/\/defense-cyber.fr\/rdefensecyber2024\/wp-content\/uploads\/sites\/4\/2024\/05\/logo_KNDS.png 250w\" sizes=\"(min-width: 2200px) 100vw, (min-width: 928px) 230px, (min-width: 856px) 287px, (min-width: 784px) 383px, (min-width: 712px) 574px, (min-width: 640px) 712px, \" \/><\/a><\/div><\/div><\/div><\/div><div class=\"awb-swiper-button awb-swiper-button-prev\"><i class=\"awb-icon-angle-left\" aria-hidden=\"true\"><\/i><\/div><div class=\"awb-swiper-button awb-swiper-button-next\"><i class=\"awb-icon-angle-right\" aria-hidden=\"true\"><\/i><\/div><\/div><\/div><div class=\"fusion-title title fusion-title-9 fusion-sep-none fusion-title-text fusion-title-size-four\" style=\"--awb-text-color:var(--awb-color6);--awb-margin-bottom:10px;--awb-margin-top-small:10px;--awb-margin-right-small:0px;--awb-margin-bottom-small:10px;--awb-margin-left-small:0px;--awb-font-size:24px;\"><h4 class=\"fusion-title-heading title-heading-left\" style=\"margin:0;font-size:1em;\">Nos soutiens<\/h4><\/div><div class=\"fusion-image-carousel fusion-image-carousel-fixed fusion-image-carousel-2 fusion-carousel-border\"><div class=\"awb-carousel awb-swiper awb-swiper-carousel awb-carousel--carousel awb-swiper-dots-position-bottom\" data-layout=\"carousel\" data-autoplay=\"yes\" data-autoplayspeed=\"2500\" data-autoplaypause=\"no\" data-loop=\"yes\" data-columns=\"5\" data-columnsmedium=\"1\" data-columnssmall=\"1\" data-itemmargin=\"13\" data-itemwidth=\"180\" data-touchscroll=\"no\" data-freemode=\"no\" data-imagesize=\"fixed\" data-scrollitems=\"0\" data-centeredslides=\"no\" data-rotationangle=\"50\" data-depth=\"100\" data-speed=\"500\" data-shadow=\"no\" data-pagination=\"bullets\" style=\"--awb-border-width:1px;--awb-border-color:#e9eaee;--awb-dots-align:center;\"><div class=\"swiper-wrapper awb-image-carousel-wrapper fusion-flex-align-items-center\"><div class=\"swiper-slide\"><div class=\"fusion-carousel-item-wrapper\"><div class=\"fusion-image-wrapper hover-type-zoomin\"><a href=\"https:\/\/defense-cyber.fr\/partenaires-defense-cyber\/ministere-des-armees\/\" target=\"_blank\" rel=\"noopener noreferrer\"><img decoding=\"async\" width=\"180\" height=\"180\" src=\"https:\/\/defense-cyber.fr\/rdefensecyber2024\/wp-content\/uploads\/sites\/4\/2023\/01\/MINISTERE-DES-ARMEES-Logo3.png\" class=\"attachment-blog-medium size-blog-medium\" alt=\"Minist\u00e8re des arm\u00e9es, soutien du Cycle D\u00e9fense &amp; Cyber\" \/><\/a><\/div><\/div><\/div><div class=\"swiper-slide\"><div class=\"fusion-carousel-item-wrapper\"><div class=\"fusion-image-wrapper hover-type-zoomin\"><a href=\"https:\/\/defense-cyber.fr\/partenaires-defense-cyber\/etat-major-des-armees\/\" target=\"_blank\" rel=\"noopener noreferrer\"><img decoding=\"async\" width=\"180\" height=\"180\" src=\"https:\/\/defense-cyber.fr\/rdefensecyber2024\/wp-content\/uploads\/sites\/4\/2023\/03\/Logo_EMA_Small.png\" class=\"attachment-blog-medium size-blog-medium\" alt=\"Etat-major des arm\u00e9es, soutien du Cycle D\u00e9fense &amp; Cyber\" \/><\/a><\/div><\/div><\/div><div class=\"swiper-slide\"><div class=\"fusion-carousel-item-wrapper\"><div class=\"fusion-image-wrapper hover-type-zoomin\"><a href=\"https:\/\/defense-cyber.fr\/partenaires-defense-cyber\/ZoneDefSudEst\/\" target=\"_blank\" rel=\"noopener noreferrer\"><img decoding=\"async\" width=\"180\" height=\"190\" src=\"https:\/\/defense-cyber.fr\/rdefensecyber2024\/wp-content\/uploads\/sites\/4\/2023\/03\/Logo_zoneDefenseSudEst_small.png\" class=\"attachment-blog-medium size-blog-medium\" alt=\"La Zone de D\u00e9fense Sud-Est, soutien du Cycle D\u00e9fense &amp; Cyber\" \/><\/a><\/div><\/div><\/div><div class=\"swiper-slide\"><div class=\"fusion-carousel-item-wrapper\"><div class=\"fusion-image-wrapper hover-type-zoomin\"><a href=\"https:\/\/defense-cyber.fr\/partenaires-defense-cyber\/comcyber\/\" target=\"_blank\" rel=\"noopener noreferrer\"><img decoding=\"async\" width=\"180\" height=\"180\" src=\"https:\/\/defense-cyber.fr\/rdefensecyber2024\/wp-content\/uploads\/sites\/4\/2023\/01\/COM-CYBER-Logo2.jpg\" class=\"attachment-blog-medium size-blog-medium\" alt=\"COMCYBER, soutien du Cycle D\u00e9fense &amp; Cyber\" \/><\/a><\/div><\/div><\/div><div class=\"swiper-slide\"><div class=\"fusion-carousel-item-wrapper\"><div class=\"fusion-image-wrapper hover-type-zoomin\"><a href=\"https:\/\/defense-cyber.fr\/partenaires-defense-cyber\/drsd\/\" target=\"_blank\" rel=\"noopener noreferrer\"><img decoding=\"async\" width=\"180\" height=\"180\" src=\"https:\/\/defense-cyber.fr\/rdefensecyber2024\/wp-content\/uploads\/sites\/4\/2023\/01\/DRSD-Logo2.jpg\" class=\"attachment-blog-medium size-blog-medium\" alt=\"La DRSD, soutien du Cycle D\u00e9fense &amp; Cyber\" \/><\/a><\/div><\/div><\/div><div class=\"swiper-slide\"><div class=\"fusion-carousel-item-wrapper\"><div class=\"fusion-image-wrapper hover-type-zoomin\"><a href=\"https:\/\/defense-cyber.fr\/partenaires-defense-cyber\/dga\/\" target=\"_blank\" rel=\"noopener noreferrer\"><img decoding=\"async\" width=\"320\" height=\"202\" src=\"https:\/\/defense-cyber.fr\/rdefensecyber2024\/wp-content\/uploads\/sites\/4\/2023\/07\/Logo_DGA_medaillon-320x202.jpg\" class=\"attachment-blog-medium size-blog-medium\" alt=\"La DGA, soutien du Cycle D\u00e9fense &amp; Cyber\" \/><\/a><\/div><\/div><\/div><div class=\"swiper-slide\"><div class=\"fusion-carousel-item-wrapper\"><div class=\"fusion-image-wrapper hover-type-zoomin\"><a href=\"https:\/\/defense-cyber.fr\/partenaires-defense-cyber\/ihedn-region-lyonnaise\/\" target=\"_blank\" rel=\"noopener noreferrer\"><img decoding=\"async\" width=\"180\" height=\"180\" src=\"https:\/\/defense-cyber.fr\/rdefensecyber2024\/wp-content\/uploads\/sites\/4\/2023\/01\/AUDITEURS-IHEDN-Logo2.png\" class=\"attachment-blog-medium size-blog-medium\" alt=\"Association des auditeurs de l&#039;IHEDN, soutien du Cycle D\u00e9fense &amp; Cyber\" \/><\/a><\/div><\/div><\/div><div class=\"swiper-slide\"><div class=\"fusion-carousel-item-wrapper\"><div class=\"fusion-image-wrapper hover-type-zoomin\"><a href=\"https:\/\/defense-cyber.fr\/partenaires-defense-cyber\/les-jeunes-de-lihedn\/\" target=\"_blank\" rel=\"noopener noreferrer\"><img decoding=\"async\" width=\"250\" height=\"100\" src=\"https:\/\/defense-cyber.fr\/rdefensecyber2024\/wp-content\/uploads\/sites\/4\/2026\/03\/Logo_JEUNES-IHEDN.png\" class=\"attachment-blog-medium size-blog-medium\" alt=\"Les jeunes de l&#039;IHEDN, soutien du Cycle D\u00e9fense &amp; Cyber\" srcset=\"https:\/\/defense-cyber.fr\/rdefensecyber2024\/wp-content\/uploads\/sites\/4\/2026\/03\/Logo_JEUNES-IHEDN-200x80.png 200w, https:\/\/defense-cyber.fr\/rdefensecyber2024\/wp-content\/uploads\/sites\/4\/2026\/03\/Logo_JEUNES-IHEDN.png 250w\" sizes=\"(min-width: 2200px) 100vw, (min-width: 928px) 230px, (min-width: 856px) 287px, (min-width: 784px) 383px, (min-width: 712px) 574px, (min-width: 640px) 712px, \" \/><\/a><\/div><\/div><\/div><div class=\"swiper-slide\"><div class=\"fusion-carousel-item-wrapper\"><div class=\"fusion-image-wrapper hover-type-zoomin\"><a href=\"https:\/\/defense-cyber.fr\/partenaires-defense-cyber\/onacvg-bleuet-de-france\/\" target=\"_blank\" rel=\"noopener noreferrer\"><img decoding=\"async\" width=\"250\" height=\"100\" src=\"https:\/\/defense-cyber.fr\/rdefensecyber2024\/wp-content\/uploads\/sites\/4\/2022\/12\/ONAC-VG-Logo.png\" class=\"attachment-blog-medium size-blog-medium\" alt=\"ONAC VG et le Bleuet de France, soutiens du Cycle D\u00e9fense &amp; Cyber\" srcset=\"https:\/\/defense-cyber.fr\/rdefensecyber2024\/wp-content\/uploads\/sites\/4\/2022\/12\/ONAC-VG-Logo-200x80.png 200w, https:\/\/defense-cyber.fr\/rdefensecyber2024\/wp-content\/uploads\/sites\/4\/2022\/12\/ONAC-VG-Logo.png 250w\" sizes=\"(min-width: 2200px) 100vw, (min-width: 928px) 230px, (min-width: 856px) 287px, (min-width: 784px) 383px, (min-width: 712px) 574px, (min-width: 640px) 712px, \" \/><\/a><\/div><\/div><\/div><div class=\"swiper-slide\"><div class=\"fusion-carousel-item-wrapper\"><div class=\"fusion-image-wrapper hover-type-zoomin\"><a href=\"https:\/\/defense-cyber.fr\/partenaires-defense-cyber\/trinome-academique-de-lyon\/\" target=\"_blank\" rel=\"noopener noreferrer\"><img decoding=\"async\" width=\"250\" height=\"100\" src=\"https:\/\/defense-cyber.fr\/rdefensecyber2024\/wp-content\/uploads\/sites\/4\/2023\/03\/Logo_Trinome.png\" class=\"attachment-blog-medium size-blog-medium\" alt=\"Le trin\u00f4me acad\u00e9mique, soutien du Cycle D\u00e9fense &amp; Cyber\" srcset=\"https:\/\/defense-cyber.fr\/rdefensecyber2024\/wp-content\/uploads\/sites\/4\/2023\/03\/Logo_Trinome-200x80.png 200w, https:\/\/defense-cyber.fr\/rdefensecyber2024\/wp-content\/uploads\/sites\/4\/2023\/03\/Logo_Trinome.png 250w\" sizes=\"(min-width: 2200px) 100vw, (min-width: 928px) 230px, (min-width: 856px) 287px, (min-width: 784px) 383px, (min-width: 712px) 574px, (min-width: 640px) 712px, \" \/><\/a><\/div><\/div><\/div><\/div><div class=\"awb-swiper-button awb-swiper-button-prev\"><i class=\"awb-icon-angle-left\" aria-hidden=\"true\"><\/i><\/div><div class=\"awb-swiper-button awb-swiper-button-next\"><i class=\"awb-icon-angle-right\" aria-hidden=\"true\"><\/i><\/div><\/div><\/div><\/div><\/div><\/div><\/div>\n<div class=\"fusion-fullwidth fullwidth-box fusion-builder-row-4 fusion-flex-container has-pattern-background has-mask-background nonhundred-percent-fullwidth non-hundred-percent-height-scrolling\" style=\"--awb-border-radius-top-left:0px;--awb-border-radius-top-right:0px;--awb-border-radius-bottom-right:0px;--awb-border-radius-bottom-left:0px;--awb-padding-top:30px;--awb-padding-bottom:20px;--awb-background-color:var(--awb-color4);--awb-flex-wrap:wrap;\" ><div class=\"fusion-builder-row fusion-row fusion-flex-align-items-flex-start fusion-flex-content-wrap\" style=\"max-width:1248px;margin-left: calc(-4% \/ 2 );margin-right: calc(-4% \/ 2 );\"><div class=\"fusion-layout-column fusion_builder_column fusion-builder-column-7 fusion_builder_column_1_1 1_1 fusion-flex-column\" style=\"--awb-bg-size:cover;--awb-width-large:100%;--awb-margin-top-large:0px;--awb-spacing-right-large:1.92%;--awb-margin-bottom-large:20px;--awb-spacing-left-large:1.92%;--awb-width-medium:100%;--awb-order-medium:0;--awb-spacing-right-medium:1.92%;--awb-spacing-left-medium:1.92%;--awb-width-small:100%;--awb-order-small:0;--awb-spacing-right-small:1.92%;--awb-spacing-left-small:1.92%;\"><div class=\"fusion-column-wrapper fusion-column-has-shadow fusion-flex-justify-content-flex-start fusion-content-layout-column\"><div class=\"fusion-title title fusion-title-10 fusion-sep-none fusion-title-center fusion-title-text fusion-title-size-three\" style=\"--awb-text-color:var(--awb-color1);--awb-margin-top-small:10px;--awb-margin-right-small:0px;--awb-margin-bottom-small:10px;--awb-margin-left-small:0px;--awb-font-size:24px;\"><h3 class=\"fusion-title-heading title-heading-center\" style=\"margin:0;text-transform:none;font-size:1em;\"><p>Vous avez besoin de plus d\u2019informations ?<br \/>\nVous souhaitez devenir partenaire du Cycle D\u00e9fense &amp; Cyber 2025 ?<\/p><\/h3><\/div><div style=\"text-align:center;\"><a class=\"fusion-button button-flat button-xlarge button-custom fusion-button-default button-1 fusion-button-default-span fusion-button-default-type\" style=\"--button_accent_color:var(--awb-color4);--button_accent_hover_color:var(--awb-color6);--button_border_hover_color:var(--awb-color1);--button_gradient_top_color:var(--awb-color1);--button_gradient_bottom_color:var(--awb-color1);--button_gradient_top_color_hover:var(--awb-color7);--button_gradient_bottom_color_hover:var(--awb-color7);\" target=\"_blank\" rel=\"noopener noreferrer\" href=\"https:\/\/defense-cyber.fr\/contact-defense-cyber\/\"><span class=\"fusion-button-text awb-button__text awb-button__text--default\">Contactez-nous<\/span><\/a><\/div><\/div><\/div><\/div><\/div>\n<\/p>\n","protected":false},"excerpt":{"rendered":"","protected":false},"author":1,"featured_media":0,"parent":0,"menu_order":0,"comment_status":"closed","ping_status":"closed","template":"100-width.php","meta":{"footnotes":""},"class_list":["post-1145","page","type-page","status-publish","hentry"],"yoast_head":"<!-- This site is optimized with the Yoast SEO plugin v27.5 - https:\/\/yoast.com\/product\/yoast-seo-wordpress\/ -->\n<title>Les intervenants des Rencontres D\u00e9fense et Cyber 2024 by CyberCercle<\/title>\n<meta name=\"description\" content=\"Des intervenants experts sur les questions de cybers\u00e9curit\u00e9 et de D\u00e9fense, des \u00e9changes conviviaux\" \/>\n<meta name=\"robots\" content=\"index, follow, max-snippet:-1, max-image-preview:large, max-video-preview:-1\" \/>\n<link rel=\"canonical\" href=\"https:\/\/defense-cyber.fr\/rdefensecyber2024\/les-intervenants\/\" \/>\n<meta property=\"og:locale\" content=\"fr_FR\" \/>\n<meta property=\"og:type\" content=\"article\" \/>\n<meta property=\"og:title\" content=\"Les intervenants des Rencontres D\u00e9fense et Cyber 2024 by CyberCercle\" \/>\n<meta property=\"og:description\" content=\"Des intervenants experts sur les questions de cybers\u00e9curit\u00e9 et de D\u00e9fense, des \u00e9changes conviviaux\" \/>\n<meta property=\"og:url\" content=\"https:\/\/defense-cyber.fr\/rdefensecyber2024\/les-intervenants\/\" \/>\n<meta property=\"og:site_name\" content=\"Rencontres D\u00e9fense et Cyber 2024\" \/>\n<meta property=\"article:modified_time\" content=\"2024-05-13T21:14:48+00:00\" \/>\n<meta name=\"twitter:card\" content=\"summary_large_image\" \/>\n<meta name=\"twitter:label1\" content=\"Dur\u00e9e de lecture estim\u00e9e\" \/>\n\t<meta name=\"twitter:data1\" content=\"5 minutes\" \/>\n<script type=\"application\/ld+json\" class=\"yoast-schema-graph\">{\"@context\":\"https:\\\/\\\/schema.org\",\"@graph\":[{\"@type\":\"WebPage\",\"@id\":\"https:\\\/\\\/defense-cyber.fr\\\/rdefensecyber2024\\\/les-intervenants\\\/\",\"url\":\"https:\\\/\\\/defense-cyber.fr\\\/rdefensecyber2024\\\/les-intervenants\\\/\",\"name\":\"Les intervenants des Rencontres D\u00e9fense et Cyber 2024 by CyberCercle\",\"isPartOf\":{\"@id\":\"https:\\\/\\\/defense-cyber.fr\\\/rdefensecyber2024\\\/#website\"},\"datePublished\":\"2023-08-16T16:00:40+00:00\",\"dateModified\":\"2024-05-13T21:14:48+00:00\",\"description\":\"Des intervenants experts sur les questions de cybers\u00e9curit\u00e9 et de D\u00e9fense, des \u00e9changes conviviaux\",\"breadcrumb\":{\"@id\":\"https:\\\/\\\/defense-cyber.fr\\\/rdefensecyber2024\\\/les-intervenants\\\/#breadcrumb\"},\"inLanguage\":\"fr-FR\",\"potentialAction\":[{\"@type\":\"ReadAction\",\"target\":[\"https:\\\/\\\/defense-cyber.fr\\\/rdefensecyber2024\\\/les-intervenants\\\/\"]}]},{\"@type\":\"BreadcrumbList\",\"@id\":\"https:\\\/\\\/defense-cyber.fr\\\/rdefensecyber2024\\\/les-intervenants\\\/#breadcrumb\",\"itemListElement\":[{\"@type\":\"ListItem\",\"position\":1,\"name\":\"Accueil\",\"item\":\"https:\\\/\\\/defense-cyber.fr\\\/rdefensecyber2024\\\/\"},{\"@type\":\"ListItem\",\"position\":2,\"name\":\"Les intervenants\"}]},{\"@type\":\"WebSite\",\"@id\":\"https:\\\/\\\/defense-cyber.fr\\\/rdefensecyber2024\\\/#website\",\"url\":\"https:\\\/\\\/defense-cyber.fr\\\/rdefensecyber2024\\\/\",\"name\":\"Rencontres D\u00e9fense et Cyber 2024\",\"description\":\"La Cyber au coeur de la D\u00e9fense\",\"potentialAction\":[{\"@type\":\"SearchAction\",\"target\":{\"@type\":\"EntryPoint\",\"urlTemplate\":\"https:\\\/\\\/defense-cyber.fr\\\/rdefensecyber2024\\\/?s={search_term_string}\"},\"query-input\":{\"@type\":\"PropertyValueSpecification\",\"valueRequired\":true,\"valueName\":\"search_term_string\"}}],\"inLanguage\":\"fr-FR\"}]}<\/script>\n<!-- \/ Yoast SEO plugin. -->","yoast_head_json":{"title":"Les intervenants des Rencontres D\u00e9fense et Cyber 2024 by CyberCercle","description":"Des intervenants experts sur les questions de cybers\u00e9curit\u00e9 et de D\u00e9fense, des \u00e9changes conviviaux","robots":{"index":"index","follow":"follow","max-snippet":"max-snippet:-1","max-image-preview":"max-image-preview:large","max-video-preview":"max-video-preview:-1"},"canonical":"https:\/\/defense-cyber.fr\/rdefensecyber2024\/les-intervenants\/","og_locale":"fr_FR","og_type":"article","og_title":"Les intervenants des Rencontres D\u00e9fense et Cyber 2024 by CyberCercle","og_description":"Des intervenants experts sur les questions de cybers\u00e9curit\u00e9 et de D\u00e9fense, des \u00e9changes conviviaux","og_url":"https:\/\/defense-cyber.fr\/rdefensecyber2024\/les-intervenants\/","og_site_name":"Rencontres D\u00e9fense et Cyber 2024","article_modified_time":"2024-05-13T21:14:48+00:00","twitter_card":"summary_large_image","twitter_misc":{"Dur\u00e9e de lecture estim\u00e9e":"5 minutes"},"schema":{"@context":"https:\/\/schema.org","@graph":[{"@type":"WebPage","@id":"https:\/\/defense-cyber.fr\/rdefensecyber2024\/les-intervenants\/","url":"https:\/\/defense-cyber.fr\/rdefensecyber2024\/les-intervenants\/","name":"Les intervenants des Rencontres D\u00e9fense et Cyber 2024 by CyberCercle","isPartOf":{"@id":"https:\/\/defense-cyber.fr\/rdefensecyber2024\/#website"},"datePublished":"2023-08-16T16:00:40+00:00","dateModified":"2024-05-13T21:14:48+00:00","description":"Des intervenants experts sur les questions de cybers\u00e9curit\u00e9 et de D\u00e9fense, des \u00e9changes conviviaux","breadcrumb":{"@id":"https:\/\/defense-cyber.fr\/rdefensecyber2024\/les-intervenants\/#breadcrumb"},"inLanguage":"fr-FR","potentialAction":[{"@type":"ReadAction","target":["https:\/\/defense-cyber.fr\/rdefensecyber2024\/les-intervenants\/"]}]},{"@type":"BreadcrumbList","@id":"https:\/\/defense-cyber.fr\/rdefensecyber2024\/les-intervenants\/#breadcrumb","itemListElement":[{"@type":"ListItem","position":1,"name":"Accueil","item":"https:\/\/defense-cyber.fr\/rdefensecyber2024\/"},{"@type":"ListItem","position":2,"name":"Les intervenants"}]},{"@type":"WebSite","@id":"https:\/\/defense-cyber.fr\/rdefensecyber2024\/#website","url":"https:\/\/defense-cyber.fr\/rdefensecyber2024\/","name":"Rencontres D\u00e9fense et Cyber 2024","description":"La Cyber au coeur de la D\u00e9fense","potentialAction":[{"@type":"SearchAction","target":{"@type":"EntryPoint","urlTemplate":"https:\/\/defense-cyber.fr\/rdefensecyber2024\/?s={search_term_string}"},"query-input":{"@type":"PropertyValueSpecification","valueRequired":true,"valueName":"search_term_string"}}],"inLanguage":"fr-FR"}]}},"_links":{"self":[{"href":"https:\/\/defense-cyber.fr\/rdefensecyber2024\/wp-json\/wp\/v2\/pages\/1145","targetHints":{"allow":["GET"]}}],"collection":[{"href":"https:\/\/defense-cyber.fr\/rdefensecyber2024\/wp-json\/wp\/v2\/pages"}],"about":[{"href":"https:\/\/defense-cyber.fr\/rdefensecyber2024\/wp-json\/wp\/v2\/types\/page"}],"author":[{"embeddable":true,"href":"https:\/\/defense-cyber.fr\/rdefensecyber2024\/wp-json\/wp\/v2\/users\/1"}],"replies":[{"embeddable":true,"href":"https:\/\/defense-cyber.fr\/rdefensecyber2024\/wp-json\/wp\/v2\/comments?post=1145"}],"version-history":[{"count":31,"href":"https:\/\/defense-cyber.fr\/rdefensecyber2024\/wp-json\/wp\/v2\/pages\/1145\/revisions"}],"predecessor-version":[{"id":1527,"href":"https:\/\/defense-cyber.fr\/rdefensecyber2024\/wp-json\/wp\/v2\/pages\/1145\/revisions\/1527"}],"wp:attachment":[{"href":"https:\/\/defense-cyber.fr\/rdefensecyber2024\/wp-json\/wp\/v2\/media?parent=1145"}],"curies":[{"name":"wp","href":"https:\/\/api.w.org\/{rel}","templated":true}]}}