{"id":1124,"date":"2023-03-08T10:43:14","date_gmt":"2023-03-08T09:43:14","guid":{"rendered":"https:\/\/defense-cyber.fr\/rdefensecyber2024\/?page_id=1124"},"modified":"2023-03-22T15:15:22","modified_gmt":"2023-03-22T14:15:22","slug":"programme","status":"publish","type":"page","link":"https:\/\/defense-cyber.fr\/rdefensecyber2024\/programme\/","title":{"rendered":"Programme"},"content":{"rendered":"<p><div class=\"fusion-fullwidth fullwidth-box fusion-builder-row-1 fusion-flex-container has-pattern-background has-mask-background nonhundred-percent-fullwidth non-hundred-percent-height-scrolling\" style=\"--awb-border-radius-top-left:0px;--awb-border-radius-top-right:0px;--awb-border-radius-bottom-right:0px;--awb-border-radius-bottom-left:0px;--awb-padding-top:30px;--awb-padding-bottom:10px;--awb-margin-top:0px;--awb-background-color:var(--awb-color5);--awb-flex-wrap:wrap;\" ><div class=\"fusion-builder-row fusion-row fusion-flex-align-items-flex-start fusion-flex-content-wrap\" style=\"max-width:1248px;margin-left: calc(-4% \/ 2 );margin-right: calc(-4% \/ 2 );\"><div class=\"fusion-layout-column fusion_builder_column fusion-builder-column-0 fusion_builder_column_1_1 1_1 fusion-flex-column\" style=\"--awb-bg-size:cover;--awb-width-large:100%;--awb-margin-top-large:0px;--awb-spacing-right-large:1.92%;--awb-margin-bottom-large:20px;--awb-spacing-left-large:1.92%;--awb-width-medium:100%;--awb-order-medium:0;--awb-spacing-right-medium:1.92%;--awb-spacing-left-medium:1.92%;--awb-width-small:100%;--awb-order-small:0;--awb-spacing-right-small:1.92%;--awb-spacing-left-small:1.92%;\"><div class=\"fusion-column-wrapper fusion-column-has-shadow fusion-flex-justify-content-flex-start fusion-content-layout-column\"><div class=\"fusion-text fusion-text-1\" style=\"--awb-font-size:24px;--awb-text-color:var(--awb-color4);\"><p>Le programme d\u00e9taill\u00e9 est en cours de d\u00e9finition et sera indiqu\u00e9 prochainement.<\/p>\n<\/div><div class=\"fusion-text fusion-text-2\" style=\"--awb-text-color:var(--awb-color3);\"><p>Un rendez-vous privil\u00e9gi\u00e9 pour mieux appr\u00e9hender les enjeux de la cybers\u00e9curit\u00e9 dans le secteur de la D\u00e9fense et pour la D\u00e9fense, \u00e0 destination de la communaut\u00e9 D\u00e9fense \u00e9largie : arm\u00e9es, chercheurs, industriels, \u00e9tudiants en formation D\u00e9fense, RI, s\u00e9curit\u00e9, professeurs\u2026 et \u00e0 la communaut\u00e9 num\u00e9rique et cybers\u00e9curit\u00e9 qui souhaite mieux conna\u00eetre le secteur de la D\u00e9fense.<\/p>\n<\/div><div class=\"fusion-separator fusion-full-width-sep\" style=\"align-self: center;margin-left: auto;margin-right: auto;width:100%;\"><\/div><div class=\"fusion-title title fusion-title-1 fusion-title-text fusion-title-size-three\" style=\"--awb-text-color:var(--awb-color4);--awb-margin-top-small:10px;--awb-margin-right-small:0px;--awb-margin-bottom-small:10px;--awb-margin-left-small:0px;--awb-font-size:24px;\"><div class=\"title-sep-container title-sep-container-left fusion-no-large-visibility fusion-no-medium-visibility fusion-no-small-visibility\"><div class=\"title-sep sep-single sep-solid\" style=\"border-color:var(--awb-color4);\"><\/div><\/div><span class=\"awb-title-spacer fusion-no-large-visibility fusion-no-medium-visibility fusion-no-small-visibility\"><\/span><h3 class=\"fusion-title-heading title-heading-left\" style=\"margin:0;font-size:1em;\">Une journ\u00e9e organis\u00e9e autour de plusieurs axes<\/h3><span class=\"awb-title-spacer\"><\/span><div class=\"title-sep-container title-sep-container-right\"><div class=\"title-sep sep-single sep-solid\" style=\"border-color:var(--awb-color4);\"><\/div><\/div><\/div><ul style=\"--awb-textcolor:var(--awb-color1);--awb-line-height:27.2px;--awb-icon-width:27.2px;--awb-icon-height:27.2px;--awb-icon-margin:11.2px;--awb-content-margin:38.4px;\" class=\"fusion-checklist fusion-checklist-1 fusion-checklist-default type-icons\"><li class=\"fusion-li-item\" style=\"--awb-iconcolor:var(--awb-color4);\"><span class=\"icon-wrapper circle-no\"><i class=\"fusion-li-icon fa-angle-double-right fas\" aria-hidden=\"true\"><\/i><\/span><div class=\"fusion-li-item-content\">\n<p>SESSION PLENIERE : TABLES RONDES &amp; KEYNOTES<\/p>\n<\/div><\/li><li class=\"fusion-li-item\" style=\"--awb-iconcolor:var(--awb-color4);\"><span class=\"icon-wrapper circle-no\"><i class=\"fusion-li-icon fa-angle-double-right fas\" aria-hidden=\"true\"><\/i><\/span><div class=\"fusion-li-item-content\">\n<p>NETWORKING &#8211; DEMONSTRATION<\/p>\n<\/div><\/li><li class=\"fusion-li-item\" style=\"--awb-iconcolor:var(--awb-color4);\"><span class=\"icon-wrapper circle-no\"><i class=\"fusion-li-icon fa-angle-double-right fas\" aria-hidden=\"true\"><\/i><\/span><div class=\"fusion-li-item-content\">\n<p>SESSION d\u2019ATELIERS &amp; de CONFERENCES<\/p>\n<\/div><\/li><\/ul><\/div><\/div><\/div><\/div><div class=\"fusion-fullwidth fullwidth-box fusion-builder-row-2 fusion-flex-container has-pattern-background has-mask-background nonhundred-percent-fullwidth non-hundred-percent-height-scrolling\" style=\"--awb-border-radius-top-left:0px;--awb-border-radius-top-right:0px;--awb-border-radius-bottom-right:0px;--awb-border-radius-bottom-left:0px;--awb-padding-top:30px;--awb-padding-bottom:20px;--awb-background-color:var(--awb-color4);--awb-flex-wrap:wrap;\" ><div class=\"fusion-builder-row fusion-row fusion-flex-align-items-flex-start fusion-flex-content-wrap\" style=\"max-width:1248px;margin-left: calc(-4% \/ 2 );margin-right: calc(-4% \/ 2 );\"><div class=\"fusion-layout-column fusion_builder_column fusion-builder-column-1 fusion_builder_column_1_1 1_1 fusion-flex-column\" style=\"--awb-bg-size:cover;--awb-width-large:100%;--awb-margin-top-large:0px;--awb-spacing-right-large:1.92%;--awb-margin-bottom-large:20px;--awb-spacing-left-large:1.92%;--awb-width-medium:100%;--awb-order-medium:0;--awb-spacing-right-medium:1.92%;--awb-spacing-left-medium:1.92%;--awb-width-small:100%;--awb-order-small:0;--awb-spacing-right-small:1.92%;--awb-spacing-left-small:1.92%;\"><div class=\"fusion-column-wrapper fusion-column-has-shadow fusion-flex-justify-content-flex-start fusion-content-layout-column\"><div class=\"fusion-title title fusion-title-2 fusion-sep-none fusion-title-center fusion-title-text fusion-title-size-three\" style=\"--awb-text-color:var(--awb-color1);--awb-margin-top-small:10px;--awb-margin-right-small:0px;--awb-margin-bottom-small:10px;--awb-margin-left-small:0px;--awb-font-size:24px;\"><h3 class=\"fusion-title-heading title-heading-center\" style=\"margin:0;text-transform:none;font-size:1em;\"><p>Vous avez besoin de plus d\u2019informations ?<br \/>\nVous souhaitez devenir partenaire du Cycle D\u00e9fense &amp; Cyber 2025 ?<\/p><\/h3><\/div><div style=\"text-align:center;\"><a class=\"fusion-button button-flat button-xlarge button-custom fusion-button-default button-1 fusion-button-default-span fusion-button-default-type\" style=\"--button_accent_color:var(--awb-color4);--button_accent_hover_color:var(--awb-color6);--button_border_hover_color:var(--awb-color1);--button_gradient_top_color:var(--awb-color1);--button_gradient_bottom_color:var(--awb-color1);--button_gradient_top_color_hover:var(--awb-color7);--button_gradient_bottom_color_hover:var(--awb-color7);\" target=\"_blank\" rel=\"noopener noreferrer\" href=\"https:\/\/defense-cyber.fr\/contact-defense-cyber\/\"><span class=\"fusion-button-text awb-button__text awb-button__text--default\">Contactez-nous<\/span><\/a><\/div><\/div><\/div><\/div><\/div>\n<div class=\"fusion-fullwidth fullwidth-box fusion-builder-row-3 fusion-flex-container has-pattern-background has-mask-background nonhundred-percent-fullwidth non-hundred-percent-height-scrolling\" style=\"--awb-border-radius-top-left:0px;--awb-border-radius-top-right:0px;--awb-border-radius-bottom-right:0px;--awb-border-radius-bottom-left:0px;--awb-padding-top:40px;--awb-padding-bottom:0px;--awb-flex-wrap:wrap;\" ><div class=\"fusion-builder-row fusion-row fusion-flex-align-items-flex-start fusion-flex-content-wrap\" style=\"max-width:1248px;margin-left: calc(-4% \/ 2 );margin-right: calc(-4% \/ 2 );\"><div class=\"fusion-layout-column fusion_builder_column fusion-builder-column-2 fusion_builder_column_1_1 1_1 fusion-flex-column\" style=\"--awb-bg-size:cover;--awb-width-large:100%;--awb-margin-top-large:0px;--awb-spacing-right-large:1.92%;--awb-margin-bottom-large:20px;--awb-spacing-left-large:1.92%;--awb-width-medium:100%;--awb-order-medium:0;--awb-spacing-right-medium:1.92%;--awb-spacing-left-medium:1.92%;--awb-width-small:100%;--awb-order-small:0;--awb-spacing-right-small:1.92%;--awb-spacing-left-small:1.92%;\"><div class=\"fusion-column-wrapper fusion-column-has-shadow fusion-flex-justify-content-flex-start fusion-content-layout-column\"><div class=\"fusion-title title fusion-title-3 fusion-title-text fusion-title-size-three\" style=\"--awb-margin-bottom:30px;--awb-margin-top-small:10px;--awb-margin-right-small:0px;--awb-margin-bottom-small:10px;--awb-margin-left-small:0px;--awb-font-size:24px;\"><div class=\"title-sep-container title-sep-container-left fusion-no-large-visibility fusion-no-medium-visibility fusion-no-small-visibility\"><div class=\"title-sep sep-single sep-solid\" style=\"border-color:var(--awb-color4);\"><\/div><\/div><span class=\"awb-title-spacer fusion-no-large-visibility fusion-no-medium-visibility fusion-no-small-visibility\"><\/span><h3 class=\"fusion-title-heading title-heading-left\" style=\"margin:0;font-size:1em;\"><\/h3><span class=\"awb-title-spacer\"><\/span><div class=\"title-sep-container title-sep-container-right\"><div class=\"title-sep sep-single sep-solid\" style=\"border-color:var(--awb-color4);\"><\/div><\/div><\/div><div class=\"fusion-title title fusion-title-4 fusion-sep-none fusion-title-text fusion-title-size-four\" style=\"--awb-text-color:var(--awb-color6);--awb-margin-bottom:10px;--awb-margin-top-small:10px;--awb-margin-right-small:0px;--awb-margin-bottom-small:10px;--awb-margin-left-small:0px;--awb-font-size:24px;\"><h4 class=\"fusion-title-heading title-heading-left\" style=\"margin:0;font-size:1em;\">Nos partenaires<\/h4><\/div><div class=\"fusion-image-carousel fusion-image-carousel-fixed fusion-image-carousel-1 fusion-carousel-border\"><div class=\"awb-carousel awb-swiper awb-swiper-carousel awb-carousel--carousel awb-swiper-dots-position-bottom\" data-layout=\"carousel\" data-autoplay=\"yes\" data-autoplayspeed=\"2500\" data-autoplaypause=\"no\" data-loop=\"yes\" data-columns=\"5\" data-columnsmedium=\"1\" data-columnssmall=\"1\" data-itemmargin=\"13\" data-itemwidth=\"180\" data-touchscroll=\"no\" data-freemode=\"no\" data-imagesize=\"fixed\" data-scrollitems=\"0\" data-centeredslides=\"no\" data-rotationangle=\"50\" data-depth=\"100\" data-speed=\"500\" data-shadow=\"no\" data-pagination=\"bullets\" style=\"--awb-border-width:1px;--awb-border-color:#e9eaee;\"><div class=\"swiper-wrapper awb-image-carousel-wrapper fusion-flex-align-items-center\"><div class=\"swiper-slide\"><div class=\"fusion-carousel-item-wrapper\"><div class=\"fusion-image-wrapper hover-type-zoomin\"><a href=\"https:\/\/defense-cyber.fr\/partenaires-defense-cyber\/avant-de-cliquer\/\" target=\"_blank\" rel=\"noopener noreferrer\"><img decoding=\"async\" width=\"250\" height=\"100\" src=\"https:\/\/defense-cyber.fr\/rdefensecyber2024\/wp-content\/uploads\/sites\/4\/2022\/12\/AVANT-DE-CLIQUER-Logo.png\" class=\"attachment-blog-medium size-blog-medium\" alt=\"Avant de cliquer, partenaire du cycle D\u00e9fense &amp; Cyber\" srcset=\"https:\/\/defense-cyber.fr\/rdefensecyber2024\/wp-content\/uploads\/sites\/4\/2022\/12\/AVANT-DE-CLIQUER-Logo-200x80.png 200w, https:\/\/defense-cyber.fr\/rdefensecyber2024\/wp-content\/uploads\/sites\/4\/2022\/12\/AVANT-DE-CLIQUER-Logo.png 250w\" sizes=\"(min-width: 2200px) 100vw, (min-width: 928px) 230px, (min-width: 856px) 287px, (min-width: 784px) 383px, (min-width: 712px) 574px, (min-width: 640px) 712px, \" \/><\/a><\/div><\/div><\/div><div class=\"swiper-slide\"><div class=\"fusion-carousel-item-wrapper\"><div class=\"fusion-image-wrapper hover-type-zoomin\"><a href=\"https:\/\/defense-cyber.fr\/partenaires-defense-cyber\/groupelaposte\/\" target=\"_blank\" rel=\"noopener noreferrer\"><img decoding=\"async\" width=\"250\" height=\"100\" src=\"https:\/\/defense-cyber.fr\/rdefensecyber2024\/wp-content\/uploads\/sites\/4\/2022\/12\/GROUPE-LA-POSTE-Logo.png\" class=\"attachment-blog-medium size-blog-medium\" alt=\"Groupe La Poste, partenaire du Cycle D\u00e9fense &amp; Cyber\" srcset=\"https:\/\/defense-cyber.fr\/rdefensecyber2024\/wp-content\/uploads\/sites\/4\/2022\/12\/GROUPE-LA-POSTE-Logo-200x80.png 200w, https:\/\/defense-cyber.fr\/rdefensecyber2024\/wp-content\/uploads\/sites\/4\/2022\/12\/GROUPE-LA-POSTE-Logo.png 250w\" sizes=\"(min-width: 2200px) 100vw, (min-width: 928px) 230px, (min-width: 856px) 287px, (min-width: 784px) 383px, (min-width: 712px) 574px, (min-width: 640px) 712px, \" \/><\/a><\/div><\/div><\/div><div class=\"swiper-slide\"><div class=\"fusion-carousel-item-wrapper\"><div class=\"fusion-image-wrapper hover-type-zoomin\"><a href=\"https:\/\/defense-cyber.fr\/partenaires-defense-cyber\/bluefiles\/\" target=\"_blank\" rel=\"noopener noreferrer\"><img decoding=\"async\" width=\"250\" height=\"100\" src=\"https:\/\/defense-cyber.fr\/rdefensecyber2024\/wp-content\/uploads\/sites\/4\/2023\/03\/Logo_BlueFiles.png\" class=\"attachment-blog-medium size-blog-medium\" alt=\"BlueFiles, partenaire du Cycle D\u00e9fense &amp; Cyber\" srcset=\"https:\/\/defense-cyber.fr\/rdefensecyber2024\/wp-content\/uploads\/sites\/4\/2023\/03\/Logo_BlueFiles-200x80.png 200w, https:\/\/defense-cyber.fr\/rdefensecyber2024\/wp-content\/uploads\/sites\/4\/2023\/03\/Logo_BlueFiles.png 250w\" sizes=\"(min-width: 2200px) 100vw, (min-width: 928px) 230px, (min-width: 856px) 287px, (min-width: 784px) 383px, (min-width: 712px) 574px, (min-width: 640px) 712px, \" \/><\/a><\/div><\/div><\/div><div class=\"swiper-slide\"><div class=\"fusion-carousel-item-wrapper\"><div class=\"fusion-image-wrapper hover-type-zoomin\"><a href=\"https:\/\/defense-cyber.fr\/partenaires-defense-cyber\/certitude-numerique\/\" target=\"_blank\" rel=\"noopener noreferrer\"><img decoding=\"async\" width=\"250\" height=\"100\" src=\"https:\/\/defense-cyber.fr\/rdefensecyber2024\/wp-content\/uploads\/sites\/4\/2022\/12\/CERTITUDE-NUMERIQUE-Logo2.png\" class=\"attachment-blog-medium size-blog-medium\" alt=\"CERTitude NUMERIQUE, partenaire du Cycle D\u00e9fense &amp; Cyber\" srcset=\"https:\/\/defense-cyber.fr\/rdefensecyber2024\/wp-content\/uploads\/sites\/4\/2022\/12\/CERTITUDE-NUMERIQUE-Logo2-200x80.png 200w, https:\/\/defense-cyber.fr\/rdefensecyber2024\/wp-content\/uploads\/sites\/4\/2022\/12\/CERTITUDE-NUMERIQUE-Logo2.png 250w\" sizes=\"(min-width: 2200px) 100vw, (min-width: 928px) 230px, (min-width: 856px) 287px, (min-width: 784px) 383px, (min-width: 712px) 574px, (min-width: 640px) 712px, \" \/><\/a><\/div><\/div><\/div><div class=\"swiper-slide\"><div class=\"fusion-carousel-item-wrapper\"><div class=\"fusion-image-wrapper hover-type-zoomin\"><a href=\"https:\/\/defense-cyber.fr\/partenaires-defense-cyber\/enedis\/\" target=\"_blank\" rel=\"noopener noreferrer\"><img decoding=\"async\" width=\"250\" height=\"100\" src=\"https:\/\/defense-cyber.fr\/rdefensecyber2024\/wp-content\/uploads\/sites\/4\/2023\/09\/Logo_Enedis.png\" class=\"attachment-blog-medium size-blog-medium\" alt=\"ENEDIS, partenaire du Cycle D\u00e9fense &amp; Cyber\" srcset=\"https:\/\/defense-cyber.fr\/rdefensecyber2024\/wp-content\/uploads\/sites\/4\/2023\/09\/Logo_Enedis-200x80.png 200w, https:\/\/defense-cyber.fr\/rdefensecyber2024\/wp-content\/uploads\/sites\/4\/2023\/09\/Logo_Enedis.png 250w\" sizes=\"(min-width: 2200px) 100vw, (min-width: 928px) 230px, (min-width: 856px) 287px, (min-width: 784px) 383px, (min-width: 712px) 574px, (min-width: 640px) 712px, \" \/><\/a><\/div><\/div><\/div><div class=\"swiper-slide\"><div class=\"fusion-carousel-item-wrapper\"><div class=\"fusion-image-wrapper hover-type-zoomin\"><a href=\"https:\/\/defense-cyber.fr\/partenaires-defense-cyber\/nexter\/\" target=\"_blank\" rel=\"noopener noreferrer\"><img decoding=\"async\" width=\"250\" height=\"100\" src=\"https:\/\/defense-cyber.fr\/rdefensecyber2024\/wp-content\/uploads\/sites\/4\/2024\/05\/logo_KNDS.png\" class=\"attachment-blog-medium size-blog-medium\" alt=\"Nexter, partenaire du Cycle D\u00e9fense &amp; Cyber\" srcset=\"https:\/\/defense-cyber.fr\/rdefensecyber2024\/wp-content\/uploads\/sites\/4\/2024\/05\/logo_KNDS-200x80.png 200w, https:\/\/defense-cyber.fr\/rdefensecyber2024\/wp-content\/uploads\/sites\/4\/2024\/05\/logo_KNDS.png 250w\" sizes=\"(min-width: 2200px) 100vw, (min-width: 928px) 230px, (min-width: 856px) 287px, (min-width: 784px) 383px, (min-width: 712px) 574px, (min-width: 640px) 712px, \" \/><\/a><\/div><\/div><\/div><\/div><div class=\"awb-swiper-button awb-swiper-button-prev\"><i class=\"awb-icon-angle-left\" aria-hidden=\"true\"><\/i><\/div><div class=\"awb-swiper-button awb-swiper-button-next\"><i class=\"awb-icon-angle-right\" aria-hidden=\"true\"><\/i><\/div><\/div><\/div><div class=\"fusion-title title fusion-title-5 fusion-sep-none fusion-title-text fusion-title-size-four\" style=\"--awb-text-color:var(--awb-color6);--awb-margin-bottom:10px;--awb-margin-top-small:10px;--awb-margin-right-small:0px;--awb-margin-bottom-small:10px;--awb-margin-left-small:0px;--awb-font-size:24px;\"><h4 class=\"fusion-title-heading title-heading-left\" style=\"margin:0;font-size:1em;\">Nos soutiens<\/h4><\/div><div class=\"fusion-image-carousel fusion-image-carousel-fixed fusion-image-carousel-2 fusion-carousel-border\"><div class=\"awb-carousel awb-swiper awb-swiper-carousel awb-carousel--carousel awb-swiper-dots-position-bottom\" data-layout=\"carousel\" data-autoplay=\"yes\" data-autoplayspeed=\"2500\" data-autoplaypause=\"no\" data-loop=\"yes\" data-columns=\"5\" data-columnsmedium=\"1\" data-columnssmall=\"1\" data-itemmargin=\"13\" data-itemwidth=\"180\" data-touchscroll=\"no\" data-freemode=\"no\" data-imagesize=\"fixed\" data-scrollitems=\"0\" data-centeredslides=\"no\" data-rotationangle=\"50\" data-depth=\"100\" data-speed=\"500\" data-shadow=\"no\" data-pagination=\"bullets\" style=\"--awb-border-width:1px;--awb-border-color:#e9eaee;--awb-dots-align:center;\"><div class=\"swiper-wrapper awb-image-carousel-wrapper fusion-flex-align-items-center\"><div class=\"swiper-slide\"><div class=\"fusion-carousel-item-wrapper\"><div class=\"fusion-image-wrapper hover-type-zoomin\"><a href=\"https:\/\/defense-cyber.fr\/partenaires-defense-cyber\/ministere-des-armees\/\" target=\"_blank\" rel=\"noopener noreferrer\"><img decoding=\"async\" width=\"180\" height=\"180\" src=\"https:\/\/defense-cyber.fr\/rdefensecyber2024\/wp-content\/uploads\/sites\/4\/2023\/01\/MINISTERE-DES-ARMEES-Logo3.png\" class=\"attachment-blog-medium size-blog-medium\" alt=\"Minist\u00e8re des arm\u00e9es, soutien du Cycle D\u00e9fense &amp; Cyber\" \/><\/a><\/div><\/div><\/div><div class=\"swiper-slide\"><div class=\"fusion-carousel-item-wrapper\"><div class=\"fusion-image-wrapper hover-type-zoomin\"><a href=\"https:\/\/defense-cyber.fr\/partenaires-defense-cyber\/etat-major-des-armees\/\" target=\"_blank\" rel=\"noopener noreferrer\"><img decoding=\"async\" width=\"180\" height=\"180\" src=\"https:\/\/defense-cyber.fr\/rdefensecyber2024\/wp-content\/uploads\/sites\/4\/2023\/03\/Logo_EMA_Small.png\" class=\"attachment-blog-medium size-blog-medium\" alt=\"Etat-major des arm\u00e9es, soutien du Cycle D\u00e9fense &amp; Cyber\" \/><\/a><\/div><\/div><\/div><div class=\"swiper-slide\"><div class=\"fusion-carousel-item-wrapper\"><div class=\"fusion-image-wrapper hover-type-zoomin\"><a href=\"https:\/\/defense-cyber.fr\/partenaires-defense-cyber\/ZoneDefSudEst\/\" target=\"_blank\" rel=\"noopener noreferrer\"><img decoding=\"async\" width=\"180\" height=\"190\" src=\"https:\/\/defense-cyber.fr\/rdefensecyber2024\/wp-content\/uploads\/sites\/4\/2023\/03\/Logo_zoneDefenseSudEst_small.png\" class=\"attachment-blog-medium size-blog-medium\" alt=\"La Zone de D\u00e9fense Sud-Est, soutien du Cycle D\u00e9fense &amp; Cyber\" \/><\/a><\/div><\/div><\/div><div class=\"swiper-slide\"><div class=\"fusion-carousel-item-wrapper\"><div class=\"fusion-image-wrapper hover-type-zoomin\"><a href=\"https:\/\/defense-cyber.fr\/partenaires-defense-cyber\/comcyber\/\" target=\"_blank\" rel=\"noopener noreferrer\"><img decoding=\"async\" width=\"180\" height=\"180\" src=\"https:\/\/defense-cyber.fr\/rdefensecyber2024\/wp-content\/uploads\/sites\/4\/2023\/01\/COM-CYBER-Logo2.jpg\" class=\"attachment-blog-medium size-blog-medium\" alt=\"COMCYBER, soutien du Cycle D\u00e9fense &amp; Cyber\" \/><\/a><\/div><\/div><\/div><div class=\"swiper-slide\"><div class=\"fusion-carousel-item-wrapper\"><div class=\"fusion-image-wrapper hover-type-zoomin\"><a href=\"https:\/\/defense-cyber.fr\/partenaires-defense-cyber\/drsd\/\" target=\"_blank\" rel=\"noopener noreferrer\"><img decoding=\"async\" width=\"180\" height=\"180\" src=\"https:\/\/defense-cyber.fr\/rdefensecyber2024\/wp-content\/uploads\/sites\/4\/2023\/01\/DRSD-Logo2.jpg\" class=\"attachment-blog-medium size-blog-medium\" alt=\"La DRSD, soutien du Cycle D\u00e9fense &amp; Cyber\" \/><\/a><\/div><\/div><\/div><div class=\"swiper-slide\"><div class=\"fusion-carousel-item-wrapper\"><div class=\"fusion-image-wrapper hover-type-zoomin\"><a href=\"https:\/\/defense-cyber.fr\/partenaires-defense-cyber\/dga\/\" target=\"_blank\" rel=\"noopener noreferrer\"><img decoding=\"async\" width=\"320\" height=\"202\" src=\"https:\/\/defense-cyber.fr\/rdefensecyber2024\/wp-content\/uploads\/sites\/4\/2023\/07\/Logo_DGA_medaillon-320x202.jpg\" class=\"attachment-blog-medium size-blog-medium\" alt=\"La DGA, soutien du Cycle D\u00e9fense &amp; Cyber\" \/><\/a><\/div><\/div><\/div><div class=\"swiper-slide\"><div class=\"fusion-carousel-item-wrapper\"><div class=\"fusion-image-wrapper hover-type-zoomin\"><a href=\"https:\/\/defense-cyber.fr\/partenaires-defense-cyber\/ihedn-region-lyonnaise\/\" target=\"_blank\" rel=\"noopener noreferrer\"><img decoding=\"async\" width=\"180\" height=\"180\" src=\"https:\/\/defense-cyber.fr\/rdefensecyber2024\/wp-content\/uploads\/sites\/4\/2023\/01\/AUDITEURS-IHEDN-Logo2.png\" class=\"attachment-blog-medium size-blog-medium\" alt=\"Association des auditeurs de l&#039;IHEDN, soutien du Cycle D\u00e9fense &amp; Cyber\" \/><\/a><\/div><\/div><\/div><div class=\"swiper-slide\"><div class=\"fusion-carousel-item-wrapper\"><div class=\"fusion-image-wrapper hover-type-zoomin\"><a href=\"https:\/\/defense-cyber.fr\/partenaires-defense-cyber\/les-jeunes-de-lihedn\/\" target=\"_blank\" rel=\"noopener noreferrer\"><img decoding=\"async\" width=\"250\" height=\"100\" src=\"https:\/\/defense-cyber.fr\/rdefensecyber2024\/wp-content\/uploads\/sites\/4\/2026\/03\/Logo_JEUNES-IHEDN.png\" class=\"attachment-blog-medium size-blog-medium\" alt=\"Les jeunes de l&#039;IHEDN, soutien du Cycle D\u00e9fense &amp; Cyber\" srcset=\"https:\/\/defense-cyber.fr\/rdefensecyber2024\/wp-content\/uploads\/sites\/4\/2026\/03\/Logo_JEUNES-IHEDN-200x80.png 200w, https:\/\/defense-cyber.fr\/rdefensecyber2024\/wp-content\/uploads\/sites\/4\/2026\/03\/Logo_JEUNES-IHEDN.png 250w\" sizes=\"(min-width: 2200px) 100vw, (min-width: 928px) 230px, (min-width: 856px) 287px, (min-width: 784px) 383px, (min-width: 712px) 574px, (min-width: 640px) 712px, \" \/><\/a><\/div><\/div><\/div><div class=\"swiper-slide\"><div class=\"fusion-carousel-item-wrapper\"><div class=\"fusion-image-wrapper hover-type-zoomin\"><a href=\"https:\/\/defense-cyber.fr\/partenaires-defense-cyber\/onacvg-bleuet-de-france\/\" target=\"_blank\" rel=\"noopener noreferrer\"><img decoding=\"async\" width=\"250\" height=\"100\" src=\"https:\/\/defense-cyber.fr\/rdefensecyber2024\/wp-content\/uploads\/sites\/4\/2022\/12\/ONAC-VG-Logo.png\" class=\"attachment-blog-medium size-blog-medium\" alt=\"ONAC VG et le Bleuet de France, soutiens du Cycle D\u00e9fense &amp; Cyber\" srcset=\"https:\/\/defense-cyber.fr\/rdefensecyber2024\/wp-content\/uploads\/sites\/4\/2022\/12\/ONAC-VG-Logo-200x80.png 200w, https:\/\/defense-cyber.fr\/rdefensecyber2024\/wp-content\/uploads\/sites\/4\/2022\/12\/ONAC-VG-Logo.png 250w\" sizes=\"(min-width: 2200px) 100vw, (min-width: 928px) 230px, (min-width: 856px) 287px, (min-width: 784px) 383px, (min-width: 712px) 574px, (min-width: 640px) 712px, \" \/><\/a><\/div><\/div><\/div><div class=\"swiper-slide\"><div class=\"fusion-carousel-item-wrapper\"><div class=\"fusion-image-wrapper hover-type-zoomin\"><a href=\"https:\/\/defense-cyber.fr\/partenaires-defense-cyber\/trinome-academique-de-lyon\/\" target=\"_blank\" rel=\"noopener noreferrer\"><img decoding=\"async\" width=\"250\" height=\"100\" src=\"https:\/\/defense-cyber.fr\/rdefensecyber2024\/wp-content\/uploads\/sites\/4\/2023\/03\/Logo_Trinome.png\" class=\"attachment-blog-medium size-blog-medium\" alt=\"Le trin\u00f4me acad\u00e9mique, soutien du Cycle D\u00e9fense &amp; Cyber\" srcset=\"https:\/\/defense-cyber.fr\/rdefensecyber2024\/wp-content\/uploads\/sites\/4\/2023\/03\/Logo_Trinome-200x80.png 200w, https:\/\/defense-cyber.fr\/rdefensecyber2024\/wp-content\/uploads\/sites\/4\/2023\/03\/Logo_Trinome.png 250w\" sizes=\"(min-width: 2200px) 100vw, (min-width: 928px) 230px, (min-width: 856px) 287px, (min-width: 784px) 383px, (min-width: 712px) 574px, (min-width: 640px) 712px, \" \/><\/a><\/div><\/div><\/div><\/div><div class=\"awb-swiper-button awb-swiper-button-prev\"><i class=\"awb-icon-angle-left\" aria-hidden=\"true\"><\/i><\/div><div class=\"awb-swiper-button awb-swiper-button-next\"><i class=\"awb-icon-angle-right\" aria-hidden=\"true\"><\/i><\/div><\/div><\/div><\/div><\/div><\/div><\/div>\n<\/p>\n","protected":false},"excerpt":{"rendered":"","protected":false},"author":1,"featured_media":0,"parent":0,"menu_order":0,"comment_status":"closed","ping_status":"closed","template":"100-width.php","meta":{"footnotes":""},"class_list":["post-1124","page","type-page","status-publish","hentry"],"yoast_head":"<!-- This site is optimized with the Yoast SEO plugin v27.5 - https:\/\/yoast.com\/product\/yoast-seo-wordpress\/ -->\n<title>Programme des Rencontres D\u00e9fense et Cyber 2024 by Cybercercle<\/title>\n<meta name=\"description\" content=\"Le programme des Rencontres D\u00e9fense et Cyber 2024 : la cybers\u00e9curit\u00e9 du secteur de la D\u00e9fense, s\u00e9curit\u00e9 num\u00e9rique, strat\u00e9gie cyber ...\" \/>\n<meta name=\"robots\" content=\"index, follow, max-snippet:-1, max-image-preview:large, max-video-preview:-1\" \/>\n<link rel=\"canonical\" href=\"https:\/\/defense-cyber.fr\/rdefensecyber2024\/programme\/\" \/>\n<meta property=\"og:locale\" content=\"fr_FR\" \/>\n<meta property=\"og:type\" content=\"article\" \/>\n<meta property=\"og:title\" content=\"1\u00e8res Rencontres D\u00e9fense et Cyber by CyberCercle\" \/>\n<meta property=\"og:description\" content=\"D\u00e9couvrez le programme de cette 1\u00e8re journ\u00e9e D\u00e9fense et Cyber qui a lieu le 19 octobre 2022 \u00e0 Lyon\" \/>\n<meta property=\"og:url\" content=\"https:\/\/defense-cyber.fr\/rdefensecyber2024\/programme\/\" \/>\n<meta property=\"og:site_name\" content=\"Rencontres D\u00e9fense et Cyber 2024\" \/>\n<meta property=\"article:modified_time\" content=\"2023-03-22T14:15:22+00:00\" \/>\n<meta property=\"og:image\" content=\"https:\/\/defense-cyber.fr\/rdefensecyber2024\/wp-content\/uploads\/sites\/4\/2023\/01\/OP-RC-19102022.jpg\" \/>\n\t<meta property=\"og:image:width\" content=\"1200\" \/>\n\t<meta property=\"og:image:height\" content=\"600\" \/>\n\t<meta property=\"og:image:type\" content=\"image\/jpeg\" \/>\n<meta name=\"twitter:card\" content=\"summary_large_image\" \/>\n<meta name=\"twitter:title\" content=\"1\u00e8res Rencontres D\u00e9fense et Cyber by CyberCercle\" \/>\n<meta name=\"twitter:description\" content=\"D\u00e9couvrez le programme de cette 1\u00e8re journ\u00e9e D\u00e9fense et Cyber qui a lieu le 19 octobre 2022 \u00e0 Lyon\" \/>\n<meta name=\"twitter:image\" content=\"https:\/\/defense-cyber.fr\/rdefensecyber2024\/wp-content\/uploads\/sites\/4\/2023\/01\/OP-RC-19102022.jpg\" \/>\n<meta name=\"twitter:label1\" content=\"Dur\u00e9e de lecture estim\u00e9e\" \/>\n\t<meta name=\"twitter:data1\" content=\"10 minutes\" \/>\n<script type=\"application\/ld+json\" class=\"yoast-schema-graph\">{\"@context\":\"https:\\\/\\\/schema.org\",\"@graph\":[{\"@type\":\"WebPage\",\"@id\":\"https:\\\/\\\/defense-cyber.fr\\\/rdefensecyber2024\\\/programme\\\/\",\"url\":\"https:\\\/\\\/defense-cyber.fr\\\/rdefensecyber2024\\\/programme\\\/\",\"name\":\"Programme des Rencontres D\u00e9fense et Cyber 2024 by Cybercercle\",\"isPartOf\":{\"@id\":\"https:\\\/\\\/defense-cyber.fr\\\/rdefensecyber2024\\\/#website\"},\"datePublished\":\"2023-03-08T09:43:14+00:00\",\"dateModified\":\"2023-03-22T14:15:22+00:00\",\"description\":\"Le programme des Rencontres D\u00e9fense et Cyber 2024 : la cybers\u00e9curit\u00e9 du secteur de la D\u00e9fense, s\u00e9curit\u00e9 num\u00e9rique, strat\u00e9gie cyber ...\",\"breadcrumb\":{\"@id\":\"https:\\\/\\\/defense-cyber.fr\\\/rdefensecyber2024\\\/programme\\\/#breadcrumb\"},\"inLanguage\":\"fr-FR\",\"potentialAction\":[{\"@type\":\"ReadAction\",\"target\":[\"https:\\\/\\\/defense-cyber.fr\\\/rdefensecyber2024\\\/programme\\\/\"]}]},{\"@type\":\"BreadcrumbList\",\"@id\":\"https:\\\/\\\/defense-cyber.fr\\\/rdefensecyber2024\\\/programme\\\/#breadcrumb\",\"itemListElement\":[{\"@type\":\"ListItem\",\"position\":1,\"name\":\"Accueil\",\"item\":\"https:\\\/\\\/defense-cyber.fr\\\/rdefensecyber2024\\\/\"},{\"@type\":\"ListItem\",\"position\":2,\"name\":\"Programme\"}]},{\"@type\":\"WebSite\",\"@id\":\"https:\\\/\\\/defense-cyber.fr\\\/rdefensecyber2024\\\/#website\",\"url\":\"https:\\\/\\\/defense-cyber.fr\\\/rdefensecyber2024\\\/\",\"name\":\"Rencontres D\u00e9fense et Cyber 2024\",\"description\":\"La Cyber au coeur de la D\u00e9fense\",\"potentialAction\":[{\"@type\":\"SearchAction\",\"target\":{\"@type\":\"EntryPoint\",\"urlTemplate\":\"https:\\\/\\\/defense-cyber.fr\\\/rdefensecyber2024\\\/?s={search_term_string}\"},\"query-input\":{\"@type\":\"PropertyValueSpecification\",\"valueRequired\":true,\"valueName\":\"search_term_string\"}}],\"inLanguage\":\"fr-FR\"}]}<\/script>\n<!-- \/ Yoast SEO plugin. -->","yoast_head_json":{"title":"Programme des Rencontres D\u00e9fense et Cyber 2024 by Cybercercle","description":"Le programme des Rencontres D\u00e9fense et Cyber 2024 : la cybers\u00e9curit\u00e9 du secteur de la D\u00e9fense, s\u00e9curit\u00e9 num\u00e9rique, strat\u00e9gie cyber ...","robots":{"index":"index","follow":"follow","max-snippet":"max-snippet:-1","max-image-preview":"max-image-preview:large","max-video-preview":"max-video-preview:-1"},"canonical":"https:\/\/defense-cyber.fr\/rdefensecyber2024\/programme\/","og_locale":"fr_FR","og_type":"article","og_title":"1\u00e8res Rencontres D\u00e9fense et Cyber by CyberCercle","og_description":"D\u00e9couvrez le programme de cette 1\u00e8re journ\u00e9e D\u00e9fense et Cyber qui a lieu le 19 octobre 2022 \u00e0 Lyon","og_url":"https:\/\/defense-cyber.fr\/rdefensecyber2024\/programme\/","og_site_name":"Rencontres D\u00e9fense et Cyber 2024","article_modified_time":"2023-03-22T14:15:22+00:00","og_image":[{"width":1200,"height":600,"url":"https:\/\/defense-cyber.fr\/rdefensecyber2024\/wp-content\/uploads\/sites\/4\/2023\/01\/OP-RC-19102022.jpg","type":"image\/jpeg"}],"twitter_card":"summary_large_image","twitter_title":"1\u00e8res Rencontres D\u00e9fense et Cyber by CyberCercle","twitter_description":"D\u00e9couvrez le programme de cette 1\u00e8re journ\u00e9e D\u00e9fense et Cyber qui a lieu le 19 octobre 2022 \u00e0 Lyon","twitter_image":"https:\/\/defense-cyber.fr\/rdefensecyber2024\/wp-content\/uploads\/sites\/4\/2023\/01\/OP-RC-19102022.jpg","twitter_misc":{"Dur\u00e9e de lecture estim\u00e9e":"10 minutes"},"schema":{"@context":"https:\/\/schema.org","@graph":[{"@type":"WebPage","@id":"https:\/\/defense-cyber.fr\/rdefensecyber2024\/programme\/","url":"https:\/\/defense-cyber.fr\/rdefensecyber2024\/programme\/","name":"Programme des Rencontres D\u00e9fense et Cyber 2024 by Cybercercle","isPartOf":{"@id":"https:\/\/defense-cyber.fr\/rdefensecyber2024\/#website"},"datePublished":"2023-03-08T09:43:14+00:00","dateModified":"2023-03-22T14:15:22+00:00","description":"Le programme des Rencontres D\u00e9fense et Cyber 2024 : la cybers\u00e9curit\u00e9 du secteur de la D\u00e9fense, s\u00e9curit\u00e9 num\u00e9rique, strat\u00e9gie cyber ...","breadcrumb":{"@id":"https:\/\/defense-cyber.fr\/rdefensecyber2024\/programme\/#breadcrumb"},"inLanguage":"fr-FR","potentialAction":[{"@type":"ReadAction","target":["https:\/\/defense-cyber.fr\/rdefensecyber2024\/programme\/"]}]},{"@type":"BreadcrumbList","@id":"https:\/\/defense-cyber.fr\/rdefensecyber2024\/programme\/#breadcrumb","itemListElement":[{"@type":"ListItem","position":1,"name":"Accueil","item":"https:\/\/defense-cyber.fr\/rdefensecyber2024\/"},{"@type":"ListItem","position":2,"name":"Programme"}]},{"@type":"WebSite","@id":"https:\/\/defense-cyber.fr\/rdefensecyber2024\/#website","url":"https:\/\/defense-cyber.fr\/rdefensecyber2024\/","name":"Rencontres D\u00e9fense et Cyber 2024","description":"La Cyber au coeur de la D\u00e9fense","potentialAction":[{"@type":"SearchAction","target":{"@type":"EntryPoint","urlTemplate":"https:\/\/defense-cyber.fr\/rdefensecyber2024\/?s={search_term_string}"},"query-input":{"@type":"PropertyValueSpecification","valueRequired":true,"valueName":"search_term_string"}}],"inLanguage":"fr-FR"}]}},"_links":{"self":[{"href":"https:\/\/defense-cyber.fr\/rdefensecyber2024\/wp-json\/wp\/v2\/pages\/1124","targetHints":{"allow":["GET"]}}],"collection":[{"href":"https:\/\/defense-cyber.fr\/rdefensecyber2024\/wp-json\/wp\/v2\/pages"}],"about":[{"href":"https:\/\/defense-cyber.fr\/rdefensecyber2024\/wp-json\/wp\/v2\/types\/page"}],"author":[{"embeddable":true,"href":"https:\/\/defense-cyber.fr\/rdefensecyber2024\/wp-json\/wp\/v2\/users\/1"}],"replies":[{"embeddable":true,"href":"https:\/\/defense-cyber.fr\/rdefensecyber2024\/wp-json\/wp\/v2\/comments?post=1124"}],"version-history":[{"count":8,"href":"https:\/\/defense-cyber.fr\/rdefensecyber2024\/wp-json\/wp\/v2\/pages\/1124\/revisions"}],"predecessor-version":[{"id":1126,"href":"https:\/\/defense-cyber.fr\/rdefensecyber2024\/wp-json\/wp\/v2\/pages\/1124\/revisions\/1126"}],"wp:attachment":[{"href":"https:\/\/defense-cyber.fr\/rdefensecyber2024\/wp-json\/wp\/v2\/media?parent=1124"}],"curies":[{"name":"wp","href":"https:\/\/api.w.org\/{rel}","templated":true}]}}